{"version":"1.0","provider_name":"Gremio del Caf\u00e9, tostadores de Catalu\u00f1a","provider_url":"https:\/\/gremicafe.cat\/es","author_name":"gremicafe","author_url":"https:\/\/gremicafe.cat\/es\/author\/gremicafe\/","title":"Les c\u00e0psules compostables de Cafes Novell permiades per BASF","type":"rich","width":600,"height":338,"html":"<blockquote class=\"wp-embedded-content\" data-secret=\"PyXRJgDIWn\"><a href=\"https:\/\/gremicafe.cat\/es\/2020\/01\/21\/les-capsules-compostables-cafes-novell-premis-basf-pimes\/\">Las C\u00e1psulas Compostables Residuo 0 de Caf\u00e9s Novell premiadas como mejor pr\u00e1ctica de Econom\u00eda Circular de los I Premios BASF en la categor\u00eda PYMES.<\/a><\/blockquote><iframe sandbox=\"allow-scripts\" security=\"restricted\" src=\"https:\/\/gremicafe.cat\/es\/2020\/01\/21\/les-capsules-compostables-cafes-novell-premis-basf-pimes\/embed\/#?secret=PyXRJgDIWn\" width=\"600\" height=\"338\" title=\"\u00abLes C\u00e0psules Compostables Residu 0 de Caf\u00e8s Novell premiades com a millor pr\u00e0ctica d\u2019Economia Circular dels I Premis BASF en la categoria PIMES.\u00bb \u2014 Gremi del Caf\u00e8, torradors de Catalunya\" data-secret=\"PyXRJgDIWn\" frameborder=\"0\" marginwidth=\"0\" marginheight=\"0\" scrolling=\"no\" class=\"wp-embedded-content\"><\/iframe><script type=\"text\/javascript\">\n\/* <![CDATA[ *\/\n\/*! This file is auto-generated *\/\n!function(d,l){\"use strict\";l.querySelector&&d.addEventListener&&\"undefined\"!=typeof URL&&(d.wp=d.wp||{},d.wp.receiveEmbedMessage||(d.wp.receiveEmbedMessage=function(e){var t=e.data;if((t||t.secret||t.message||t.value)&&!\/[^a-zA-Z0-9]\/.test(t.secret)){for(var s,r,n,a=l.querySelectorAll('iframe[data-secret=\"'+t.secret+'\"]'),o=l.querySelectorAll('blockquote[data-secret=\"'+t.secret+'\"]'),c=new RegExp(\"^https?:$\",\"i\"),i=0;i<o.length;i++)o[i].style.display=\"none\";for(i=0;i<a.length;i++)s=a[i],e.source===s.contentWindow&&(s.removeAttribute(\"style\"),\"height\"===t.message?(1e3<(r=parseInt(t.value,10))?r=1e3:~~r<200&&(r=200),s.height=r):\"link\"===t.message&&(r=new URL(s.getAttribute(\"src\")),n=new URL(t.value),c.test(n.protocol))&&n.host===r.host&&l.activeElement===s&&(d.top.location.href=t.value))}},d.addEventListener(\"message\",d.wp.receiveEmbedMessage,!1),l.addEventListener(\"DOMContentLoaded\",function(){for(var e,t,s=l.querySelectorAll(\"iframe.wp-embedded-content\"),r=0;r<s.length;r++)(t=(e=s[r]).getAttribute(\"data-secret\"))||(t=Math.random().toString(36).substring(2,12),e.src+=\"#?secret=\"+t,e.setAttribute(\"data-secret\",t)),e.contentWindow.postMessage({message:\"ready\",secret:t},\"*\")},!1)))}(window,document);\n\/* ]]> *\/\n<\/script>","thumbnail_url":"https:\/\/gremicafe.cat\/wp-content\/uploads\/2020\/01\/gremicafe-premi-basf-novell-600.jpg","thumbnail_width":600,"thumbnail_height":388,"description":"Les C\u00e0psules Compostables Residu 0, compatible amb Nespresso\u00a0\u00a9, s\u00f3n les primeres del mercat en contenir 100% caf\u00e8 org\u00e0nic i ser 100% compostable."}