{"version":"1.0","provider_name":"Gremio del Caf\u00e9, tostadores de Catalu\u00f1a","provider_url":"https:\/\/gremicafe.cat\/es","author_name":"gremicafe","author_url":"https:\/\/gremicafe.cat\/es\/author\/gremicafe\/","title":"Caf\u00e8s Novell entra al mercat alemany - Gremi del Caf\u00e8, torradors de Catalunya","type":"rich","width":600,"height":338,"html":"<blockquote class=\"wp-embedded-content\" data-secret=\"Vjgak7lTJ6\"><a href=\"https:\/\/gremicafe.cat\/es\/2021\/09\/13\/cafes-novell-entra-al-mercat-alemany\/\">Caf\u00e9s Novell entra en el mercado alem\u00e1n<\/a><\/blockquote><iframe sandbox=\"allow-scripts\" security=\"restricted\" src=\"https:\/\/gremicafe.cat\/es\/2021\/09\/13\/cafes-novell-entra-al-mercat-alemany\/embed\/#?secret=Vjgak7lTJ6\" width=\"600\" height=\"338\" title=\"\u00abCaf\u00e9s Novell entra en el mercado alem\u00e1n\u00bb \u2014 Gremio del Caf\u00e9, tostadores de Catalu\u00f1a\" data-secret=\"Vjgak7lTJ6\" frameborder=\"0\" marginwidth=\"0\" marginheight=\"0\" scrolling=\"no\" class=\"wp-embedded-content\"><\/iframe><script type=\"text\/javascript\">\n\/* <![CDATA[ *\/\n\/*! This file is auto-generated *\/\n!function(d,l){\"use strict\";l.querySelector&&d.addEventListener&&\"undefined\"!=typeof URL&&(d.wp=d.wp||{},d.wp.receiveEmbedMessage||(d.wp.receiveEmbedMessage=function(e){var t=e.data;if((t||t.secret||t.message||t.value)&&!\/[^a-zA-Z0-9]\/.test(t.secret)){for(var s,r,n,a=l.querySelectorAll('iframe[data-secret=\"'+t.secret+'\"]'),o=l.querySelectorAll('blockquote[data-secret=\"'+t.secret+'\"]'),c=new RegExp(\"^https?:$\",\"i\"),i=0;i<o.length;i++)o[i].style.display=\"none\";for(i=0;i<a.length;i++)s=a[i],e.source===s.contentWindow&&(s.removeAttribute(\"style\"),\"height\"===t.message?(1e3<(r=parseInt(t.value,10))?r=1e3:~~r<200&&(r=200),s.height=r):\"link\"===t.message&&(r=new URL(s.getAttribute(\"src\")),n=new URL(t.value),c.test(n.protocol))&&n.host===r.host&&l.activeElement===s&&(d.top.location.href=t.value))}},d.addEventListener(\"message\",d.wp.receiveEmbedMessage,!1),l.addEventListener(\"DOMContentLoaded\",function(){for(var e,t,s=l.querySelectorAll(\"iframe.wp-embedded-content\"),r=0;r<s.length;r++)(t=(e=s[r]).getAttribute(\"data-secret\"))||(t=Math.random().toString(36).substring(2,12),e.src+=\"#?secret=\"+t,e.setAttribute(\"data-secret\",t)),e.contentWindow.postMessage({message:\"ready\",secret:t},\"*\")},!1)))}(window,document);\n\/* ]]> *\/\n<\/script>","thumbnail_url":"https:\/\/gremicafe.cat\/wp-content\/uploads\/2021\/09\/cafes-novell-alemanya-2.jpeg","thumbnail_width":1024,"thumbnail_height":768,"description":"&nbsp; La setmana passada, Caf\u00e8s Novell anunciava al seu perfil de Twitter, la seva entrada al mercat alemany. La marca catalana fundada per Ramon Novell el 1958, va iniciar la seva expansi\u00f3 per territori catal\u00e0 i espanyol als anys 90 cap a Madrid, Barcelona, Saragossa, Val\u00e8ncia, Bilbao, M\u00e0laga, Eivissa i Can\u00e0ries. I en els \u00faltims [&hellip;]"}