{"version":"1.0","provider_name":"Gremio del Caf\u00e9, tostadores de Catalu\u00f1a","provider_url":"https:\/\/gremicafe.cat\/es","author_name":"gremicafe","author_url":"https:\/\/gremicafe.cat\/es\/author\/gremicafe\/","title":"Caf\u00e8s Novell presenta el nou caf\u00e8 \"M\u00e9xico\" - Gremi del Caf\u00e8, torradors de Catalunya","type":"rich","width":600,"height":338,"html":"<blockquote class=\"wp-embedded-content\" data-secret=\"f5SMcmOx7t\"><a href=\"https:\/\/gremicafe.cat\/es\/2021\/09\/20\/cafes-novell-presenta-el-nou-cafe-mexico\/\">Caf\u00e9s Novell presenta el nuevo caf\u00e9 \u201cM\u00e9xico\u201d<\/a><\/blockquote><iframe sandbox=\"allow-scripts\" security=\"restricted\" src=\"https:\/\/gremicafe.cat\/es\/2021\/09\/20\/cafes-novell-presenta-el-nou-cafe-mexico\/embed\/#?secret=f5SMcmOx7t\" width=\"600\" height=\"338\" title=\"\u00abCaf\u00e8s Novell presenta el nou caf\u00e8 &#8220;M\u00e9xico&#8221;\u00bb \u2014 Gremi del Caf\u00e8, torradors de Catalunya\" data-secret=\"f5SMcmOx7t\" frameborder=\"0\" marginwidth=\"0\" marginheight=\"0\" scrolling=\"no\" class=\"wp-embedded-content\"><\/iframe><script type=\"text\/javascript\">\n\/* <![CDATA[ *\/\n\/*! This file is auto-generated *\/\n!function(d,l){\"use strict\";l.querySelector&&d.addEventListener&&\"undefined\"!=typeof URL&&(d.wp=d.wp||{},d.wp.receiveEmbedMessage||(d.wp.receiveEmbedMessage=function(e){var t=e.data;if((t||t.secret||t.message||t.value)&&!\/[^a-zA-Z0-9]\/.test(t.secret)){for(var s,r,n,a=l.querySelectorAll('iframe[data-secret=\"'+t.secret+'\"]'),o=l.querySelectorAll('blockquote[data-secret=\"'+t.secret+'\"]'),c=new RegExp(\"^https?:$\",\"i\"),i=0;i<o.length;i++)o[i].style.display=\"none\";for(i=0;i<a.length;i++)s=a[i],e.source===s.contentWindow&&(s.removeAttribute(\"style\"),\"height\"===t.message?(1e3<(r=parseInt(t.value,10))?r=1e3:~~r<200&&(r=200),s.height=r):\"link\"===t.message&&(r=new URL(s.getAttribute(\"src\")),n=new URL(t.value),c.test(n.protocol))&&n.host===r.host&&l.activeElement===s&&(d.top.location.href=t.value))}},d.addEventListener(\"message\",d.wp.receiveEmbedMessage,!1),l.addEventListener(\"DOMContentLoaded\",function(){for(var e,t,s=l.querySelectorAll(\"iframe.wp-embedded-content\"),r=0;r<s.length;r++)(t=(e=s[r]).getAttribute(\"data-secret\"))||(t=Math.random().toString(36).substring(2,12),e.src+=\"#?secret=\"+t,e.setAttribute(\"data-secret\",t)),e.contentWindow.postMessage({message:\"ready\",secret:t},\"*\")},!1)))}(window,document);\n\/* ]]> *\/\n<\/script>","thumbnail_url":"https:\/\/gremicafe.cat\/wp-content\/uploads\/2021\/09\/cafes-novell-mexico.jpg","thumbnail_width":1200,"thumbnail_height":1200,"description":"&nbsp; Aquest dilluns 20 de setembre, Caf\u00e8s Novell ha llan\u00e7at a la venda la seva nova varietat de caf\u00e8 anomenada &#8220;M\u00e9xico&#8220;. Aquest nou tipus de caf\u00e8 prov\u00e9 de la regi\u00f3 de Bella Vista, un municipi al cor de la serra de Chiapas del sud de M\u00e8xic. El caf\u00e8, produ\u00eft per 38 finques familiars, \u00e9s de [&hellip;]"}