{"version":"1.0","provider_name":"Gremio del Caf\u00e9, tostadores de Catalu\u00f1a","provider_url":"https:\/\/gremicafe.cat\/es","author_name":"gremicafe","author_url":"https:\/\/gremicafe.cat\/es\/author\/gremicafe\/","title":"La Xarxa TV: Entrevista al president del Gremi - Gremi del Caf\u00e8, torradors de Catalunya","type":"rich","width":600,"height":338,"html":"<blockquote class=\"wp-embedded-content\" data-secret=\"eop0kaskQJ\"><a href=\"https:\/\/gremicafe.cat\/es\/2025\/01\/15\/la-xarxa-tv-entrevista-al-president-del-gremi\/\">La Red TV: Entrevista al presidente del Gremio<\/a><\/blockquote><iframe sandbox=\"allow-scripts\" security=\"restricted\" src=\"https:\/\/gremicafe.cat\/es\/2025\/01\/15\/la-xarxa-tv-entrevista-al-president-del-gremi\/embed\/#?secret=eop0kaskQJ\" width=\"600\" height=\"338\" title=\"\u00abLa Red TV: Entrevista al presidente del Gremio\u00bb \u2014 Gremio del Caf\u00e9, tostadores de Catalu\u00f1a\" data-secret=\"eop0kaskQJ\" frameborder=\"0\" marginwidth=\"0\" marginheight=\"0\" scrolling=\"no\" class=\"wp-embedded-content\"><\/iframe><script type=\"text\/javascript\">\n\/* <![CDATA[ *\/\n\/*! This file is auto-generated *\/\n!function(d,l){\"use strict\";l.querySelector&&d.addEventListener&&\"undefined\"!=typeof URL&&(d.wp=d.wp||{},d.wp.receiveEmbedMessage||(d.wp.receiveEmbedMessage=function(e){var t=e.data;if((t||t.secret||t.message||t.value)&&!\/[^a-zA-Z0-9]\/.test(t.secret)){for(var s,r,n,a=l.querySelectorAll('iframe[data-secret=\"'+t.secret+'\"]'),o=l.querySelectorAll('blockquote[data-secret=\"'+t.secret+'\"]'),c=new RegExp(\"^https?:$\",\"i\"),i=0;i<o.length;i++)o[i].style.display=\"none\";for(i=0;i<a.length;i++)s=a[i],e.source===s.contentWindow&&(s.removeAttribute(\"style\"),\"height\"===t.message?(1e3<(r=parseInt(t.value,10))?r=1e3:~~r<200&&(r=200),s.height=r):\"link\"===t.message&&(r=new URL(s.getAttribute(\"src\")),n=new URL(t.value),c.test(n.protocol))&&n.host===r.host&&l.activeElement===s&&(d.top.location.href=t.value))}},d.addEventListener(\"message\",d.wp.receiveEmbedMessage,!1),l.addEventListener(\"DOMContentLoaded\",function(){for(var e,t,s=l.querySelectorAll(\"iframe.wp-embedded-content\"),r=0;r<s.length;r++)(t=(e=s[r]).getAttribute(\"data-secret\"))||(t=Math.random().toString(36).substring(2,12),e.src+=\"#?secret=\"+t,e.setAttribute(\"data-secret\",t)),e.contentWindow.postMessage({message:\"ready\",secret:t},\"*\")},!1)))}(window,document);\n\/* ]]> *\/\n<\/script>","thumbnail_url":"https:\/\/gremicafe.cat\/wp-content\/uploads\/2025\/01\/GremiCafe-Preus2025.jpg","thumbnail_width":1920,"thumbnail_height":1280,"description":"L'increment dels preus del caf\u00e8 verd, a causa de canvis clim\u00e0tics als pa\u00efsos d'origen, entre altres factors econ\u00f2mics, ha provocat un canvi al mercat mundial, en una de les primeres mat\u00e8ries que generen m\u00e9s volum econ\u00f2mic del m\u00f3n: el caf\u00e8."}