{"id":2,"date":"2018-03-26T14:00:23","date_gmt":"2018-03-26T12:00:23","guid":{"rendered":"http:\/\/gremicafe.cat\/?page_id=2"},"modified":"2020-01-08T09:51:26","modified_gmt":"2020-01-08T07:51:26","slug":"pagina-exemple","status":"publish","type":"page","link":"https:\/\/gremicafe.cat\/es\/pagina-exemple\/","title":{"rendered":"_Bienvenidos"},"content":{"rendered":"<section id=\"_benvinguts\" data-vc-full-width=\"true\" data-vc-full-width-init=\"false\" class=\"vc_section vc_section-has-no-fill ut-section-69f5b5ef366f0\"><div id=\"ut-row-69f5b5ef36ad2\" data-vc-full-width=\"true\" data-vc-full-width-init=\"false\" class=\"vc_row wpb_row vc_row-fluid vc_column-gap-0 ut-row-69f5b5ef36ade\" ><div class=\"wpb_column vc_column_container vc_col-sm-3\" ><div id=\"ut_inner_column_69f5b5ef371d1\" class=\"vc_column-inner\"><div class=\"wpb_wrapper\"><\/div><\/div><\/div><div class=\"wpb_column vc_column_container vc_col-sm-6\" ><div id=\"ut_inner_column_69f5b5ef3736c\" class=\"vc_column-inner\"><div class=\"wpb_wrapper\"><div class=\"wpb_content_element\"><style type=\"text\/css\" scoped>#ut_header_69f5b5ef3743f h2 span { color:; }<\/style><header id=\"ut_header_69f5b5ef3743f\" class=\"section-header pt-style-1 header-center\"><h2  class=\"bklyn-divider-styles bklyn-divider-style-1 section-title\"><span>Estamos tomando un excelente caf\u00e9 espresso.<\/span><\/h2><\/header><\/div><style type=\"text\/css\" scoped>#ut_fancy_link_69f5b5ef37477 a { color: #ffffff }#ut_fancy_link_69f5b5ef37477 a:hover { color: #ffffff }#ut_fancy_link_69f5b5ef37477 a::before { background: #ffffff }#ut_fancy_link_69f5b5ef37477 a::after { background: #ffffff }#ut_fancy_link_69f5b5ef37477 a:hover::before { background: #ffffff }#ut_fancy_link_69f5b5ef37477 a:hover::after { background: #ffffff }<\/style><div class=\"wpb_content_element\"><span id=\"ut_fancy_link_69f5b5ef37477\" class=\"cta-btn cl-effect-18\"><a class=\"cl-effect-18\" target=\"_self\" href=\"http:\/\/www.gremicafe.org\">www.gremicafe.org<\/a><\/span><\/div><\/div><\/div><\/div><div class=\"wpb_column vc_column_container vc_col-sm-3\" ><div id=\"ut_inner_column_69f5b5ef375ea\" class=\"vc_column-inner\"><div class=\"wpb_wrapper\"><\/div><\/div><\/div><\/div><div class=\"vc_row-full-width vc_clearfix\"><\/div><\/section><div class=\"vc_row-full-width vc_clearfix\"><\/div>","protected":false},"excerpt":{"rendered":"#ut_header_69f5b5ef387c5 h2 span { color:; }Estem prenent un excel\u00b7lent caf\u00e8 espresso.#ut_fancy_link_69f5b5ef387fc a { color: #ffffff }#ut_fancy_link_69f5b5ef387fc a:hover { color: #ffffff }#ut_fancy_link_69f5b5ef387fc a::before { background: #ffffff }#ut_fancy_link_69f5b5ef387fc a::after { background: #ffffff }#ut_fancy_link_69f5b5ef387fc a:hover::before { background: #ffffff }#ut_fancy_link_69f5b5ef387fc a:hover::after { background: #ffffff }www.gremicafe.org","protected":false},"author":1,"featured_media":0,"parent":0,"menu_order":0,"comment_status":"closed","ping_status":"closed","template":"","meta":{"_acf_changed":false,"inline_featured_image":false,"footnotes":""},"class_list":["post-2","page","type-page","status-publish","hentry"],"acf":[],"yoast_head":"<!-- This site is optimized with the Yoast SEO plugin v25.5 - https:\/\/yoast.com\/wordpress\/plugins\/seo\/ -->\n<title>Gremi del Caf\u00e8, torradors de Catalunya - Lloc web oficial<\/title>\n<meta name=\"description\" content=\"El Gremi del Caf\u00e8, torradors de Catalunya agrupa les empreses del sector cafeter. Els torradors membres ofereixen caf\u00e8 torrat 100% natural i de qualitat.\" \/>\n<meta name=\"robots\" content=\"index, follow, max-snippet:-1, max-image-preview:large, max-video-preview:-1\" \/>\n<link rel=\"canonical\" href=\"https:\/\/gremicafe.cat\/es\/pagina-exemple\/\" \/>\n<meta property=\"og:locale\" content=\"es_ES\" \/>\n<meta property=\"og:type\" content=\"article\" \/>\n<meta property=\"og:title\" content=\"Gremi del Caf\u00e8, torradors de Catalunya - Lloc web oficial\" \/>\n<meta property=\"og:description\" content=\"El Gremi del Caf\u00e8, torradors de Catalunya agrupa les empreses del sector cafeter. Els torradors membres ofereixen caf\u00e8 torrat 100% natural i de qualitat.\" \/>\n<meta property=\"og:url\" content=\"https:\/\/gremicafe.cat\/es\/pagina-exemple\/\" \/>\n<meta property=\"og:site_name\" content=\"Gremi del Caf\u00e8, torradors de Catalunya\" \/>\n<meta property=\"article:publisher\" content=\"https:\/\/www.facebook.com\/gremicafecat\" \/>\n<meta property=\"article:modified_time\" content=\"2020-01-08T07:51:26+00:00\" \/>\n<meta name=\"twitter:card\" content=\"summary_large_image\" \/>\n<meta name=\"twitter:site\" content=\"@gremicafecat\" \/>\n<script type=\"application\/ld+json\" class=\"yoast-schema-graph\">{\"@context\":\"https:\/\/schema.org\",\"@graph\":[{\"@type\":\"WebPage\",\"@id\":\"https:\/\/gremicafe.cat\/pagina-exemple\/\",\"url\":\"https:\/\/gremicafe.cat\/pagina-exemple\/\",\"name\":\"Gremi del Caf\u00e8, torradors de Catalunya - Lloc web oficial\",\"isPartOf\":{\"@id\":\"https:\/\/gremicafe.cat\/#website\"},\"datePublished\":\"2018-03-26T12:00:23+00:00\",\"dateModified\":\"2020-01-08T07:51:26+00:00\",\"description\":\"El Gremi del Caf\u00e8, torradors de Catalunya agrupa les empreses del sector cafeter. Els torradors membres ofereixen caf\u00e8 torrat 100% natural i de qualitat.\",\"breadcrumb\":{\"@id\":\"https:\/\/gremicafe.cat\/pagina-exemple\/#breadcrumb\"},\"inLanguage\":\"es\",\"potentialAction\":[{\"@type\":\"ReadAction\",\"target\":[\"https:\/\/gremicafe.cat\/pagina-exemple\/\"]}]},{\"@type\":\"BreadcrumbList\",\"@id\":\"https:\/\/gremicafe.cat\/pagina-exemple\/#breadcrumb\",\"itemListElement\":[{\"@type\":\"ListItem\",\"position\":1,\"name\":\"Inici\",\"item\":\"https:\/\/gremicafe.cat\/\"},{\"@type\":\"ListItem\",\"position\":2,\"name\":\"_Benvinguts\"}]},{\"@type\":\"WebSite\",\"@id\":\"https:\/\/gremicafe.cat\/#website\",\"url\":\"https:\/\/gremicafe.cat\/\",\"name\":\"Gremi del Caf\u00e8, torradors de Catalunya\",\"description\":\"Web oficial del gremi de torradors de caf\u00e8 de Catalunya\",\"publisher\":{\"@id\":\"https:\/\/gremicafe.cat\/#organization\"},\"potentialAction\":[{\"@type\":\"SearchAction\",\"target\":{\"@type\":\"EntryPoint\",\"urlTemplate\":\"https:\/\/gremicafe.cat\/?s={search_term_string}\"},\"query-input\":{\"@type\":\"PropertyValueSpecification\",\"valueRequired\":true,\"valueName\":\"search_term_string\"}}],\"inLanguage\":\"es\"},{\"@type\":\"Organization\",\"@id\":\"https:\/\/gremicafe.cat\/#organization\",\"name\":\"Gremi del Caf\u00e8, Torradors de Catalunya\",\"url\":\"https:\/\/gremicafe.cat\/\",\"logo\":{\"@type\":\"ImageObject\",\"inLanguage\":\"es\",\"@id\":\"https:\/\/gremicafe.cat\/#\/schema\/logo\/image\/\",\"url\":\"https:\/\/gremicafe.cat\/wp-content\/uploads\/2018\/03\/gremicafe-logo250.png\",\"contentUrl\":\"https:\/\/gremicafe.cat\/wp-content\/uploads\/2018\/03\/gremicafe-logo250.png\",\"width\":250,\"height\":49,\"caption\":\"Gremi del Caf\u00e8, Torradors de Catalunya\"},\"image\":{\"@id\":\"https:\/\/gremicafe.cat\/#\/schema\/logo\/image\/\"},\"sameAs\":[\"https:\/\/www.facebook.com\/gremicafecat\",\"https:\/\/x.com\/gremicafecat\",\"https:\/\/www.instagram.com\/gremicafecat\/\",\"https:\/\/www.pinterest.es\/gremicafecat\/\",\"https:\/\/www.youtube.com\/channel\/UCGLo5Y35vLwLvP4FrPZrCrw\/\"]}]}<\/script>\n<!-- \/ Yoast SEO plugin. -->","yoast_head_json":{"title":"Gremi del Caf\u00e8, torradors de Catalunya - Lloc web oficial","description":"El Gremi del Caf\u00e8, torradors de Catalunya agrupa les empreses del sector cafeter. Els torradors membres ofereixen caf\u00e8 torrat 100% natural i de qualitat.","robots":{"index":"index","follow":"follow","max-snippet":"max-snippet:-1","max-image-preview":"max-image-preview:large","max-video-preview":"max-video-preview:-1"},"canonical":"https:\/\/gremicafe.cat\/es\/pagina-exemple\/","og_locale":"es_ES","og_type":"article","og_title":"Gremi del Caf\u00e8, torradors de Catalunya - Lloc web oficial","og_description":"El Gremi del Caf\u00e8, torradors de Catalunya agrupa les empreses del sector cafeter. Els torradors membres ofereixen caf\u00e8 torrat 100% natural i de qualitat.","og_url":"https:\/\/gremicafe.cat\/es\/pagina-exemple\/","og_site_name":"Gremi del Caf\u00e8, torradors de Catalunya","article_publisher":"https:\/\/www.facebook.com\/gremicafecat","article_modified_time":"2020-01-08T07:51:26+00:00","twitter_card":"summary_large_image","twitter_site":"@gremicafecat","schema":{"@context":"https:\/\/schema.org","@graph":[{"@type":"WebPage","@id":"https:\/\/gremicafe.cat\/pagina-exemple\/","url":"https:\/\/gremicafe.cat\/pagina-exemple\/","name":"Gremi del Caf\u00e8, torradors de Catalunya - Lloc web oficial","isPartOf":{"@id":"https:\/\/gremicafe.cat\/#website"},"datePublished":"2018-03-26T12:00:23+00:00","dateModified":"2020-01-08T07:51:26+00:00","description":"El Gremi del Caf\u00e8, torradors de Catalunya agrupa les empreses del sector cafeter. Els torradors membres ofereixen caf\u00e8 torrat 100% natural i de qualitat.","breadcrumb":{"@id":"https:\/\/gremicafe.cat\/pagina-exemple\/#breadcrumb"},"inLanguage":"es","potentialAction":[{"@type":"ReadAction","target":["https:\/\/gremicafe.cat\/pagina-exemple\/"]}]},{"@type":"BreadcrumbList","@id":"https:\/\/gremicafe.cat\/pagina-exemple\/#breadcrumb","itemListElement":[{"@type":"ListItem","position":1,"name":"Inici","item":"https:\/\/gremicafe.cat\/"},{"@type":"ListItem","position":2,"name":"_Benvinguts"}]},{"@type":"WebSite","@id":"https:\/\/gremicafe.cat\/#website","url":"https:\/\/gremicafe.cat\/","name":"Gremio del Caf\u00e9, tostadores de Catalu\u00f1a","description":"Web oficial del gremio de tostadores de caf\u00e9 de Catalunya","publisher":{"@id":"https:\/\/gremicafe.cat\/#organization"},"potentialAction":[{"@type":"SearchAction","target":{"@type":"EntryPoint","urlTemplate":"https:\/\/gremicafe.cat\/?s={search_term_string}"},"query-input":{"@type":"PropertyValueSpecification","valueRequired":true,"valueName":"search_term_string"}}],"inLanguage":"es"},{"@type":"Organization","@id":"https:\/\/gremicafe.cat\/#organization","name":"Gremio del Caf\u00e9, Tostadores de Catalu\u00f1a","url":"https:\/\/gremicafe.cat\/","logo":{"@type":"ImageObject","inLanguage":"es","@id":"https:\/\/gremicafe.cat\/#\/schema\/logo\/image\/","url":"https:\/\/gremicafe.cat\/wp-content\/uploads\/2018\/03\/gremicafe-logo250.png","contentUrl":"https:\/\/gremicafe.cat\/wp-content\/uploads\/2018\/03\/gremicafe-logo250.png","width":250,"height":49,"caption":"Gremi del Caf\u00e8, Torradors de Catalunya"},"image":{"@id":"https:\/\/gremicafe.cat\/#\/schema\/logo\/image\/"},"sameAs":["https:\/\/www.facebook.com\/gremicafecat","https:\/\/x.com\/gremicafecat","https:\/\/www.instagram.com\/gremicafecat\/","https:\/\/www.pinterest.es\/gremicafecat\/","https:\/\/www.youtube.com\/channel\/UCGLo5Y35vLwLvP4FrPZrCrw\/"]}]}},"_links":{"self":[{"href":"https:\/\/gremicafe.cat\/es\/wp-json\/wp\/v2\/pages\/2"}],"collection":[{"href":"https:\/\/gremicafe.cat\/es\/wp-json\/wp\/v2\/pages"}],"about":[{"href":"https:\/\/gremicafe.cat\/es\/wp-json\/wp\/v2\/types\/page"}],"author":[{"embeddable":true,"href":"https:\/\/gremicafe.cat\/es\/wp-json\/wp\/v2\/users\/1"}],"replies":[{"embeddable":true,"href":"https:\/\/gremicafe.cat\/es\/wp-json\/wp\/v2\/comments?post=2"}],"version-history":[{"count":0,"href":"https:\/\/gremicafe.cat\/es\/wp-json\/wp\/v2\/pages\/2\/revisions"}],"wp:attachment":[{"href":"https:\/\/gremicafe.cat\/es\/wp-json\/wp\/v2\/media?parent=2"}],"curies":[{"name":"wp","href":"https:\/\/api.w.org\/{rel}","templated":true}]}}