{"id":3343,"date":"2018-03-28T12:14:11","date_gmt":"2018-03-28T10:14:11","guid":{"rendered":"http:\/\/gremicafe.cat\/?page_id=3343"},"modified":"2026-04-10T09:41:13","modified_gmt":"2026-04-10T07:41:13","slug":"coffeeexperience","status":"publish","type":"page","link":"https:\/\/gremicafe.cat\/es\/coffeeexperience\/","title":{"rendered":"Coffee Experience"},"content":{"rendered":"<section id=\"ut-section-69f46d44b63a4\" data-vc-full-width=\"true\" data-vc-full-width-init=\"false\" class=\"vc_section vc_section-has-no-fill ut-section-69f46d44b63bd\"><div id=\"ut-row-69f46d44b6b0d\" data-vc-full-width=\"true\" data-vc-full-width-init=\"false\" class=\"vc_row wpb_row vc_row-fluid vc_column-gap-0 ut-row-69f46d44b6b23\" ><div class=\"wpb_column vc_column_container vc_col-sm-6\" ><div id=\"ut_inner_column_69f46d44b7471\" class=\"vc_column-inner\"><div class=\"wpb_wrapper\">\n\t<div class=\"wpb_text_column wpb_content_element\" >\n\t\t<div class=\"wpb_wrapper\">\n\t\t\t<p style=\"text-align: justify;\">El Gremio del Caf\u00e9, tostadores de Catalu\u00f1a, ofrece la posibilidad de realizar visitas tur\u00edsticas <strong>Coffee Experience<\/strong> en varias empresas tostadoras de caf\u00e9 de Catalu\u00f1a.<\/p>\n\n\t\t<\/div>\n\t<\/div>\n<div class=\"wpb_content_element\"><style type=\"text\/css\" scoped>#ut_header_69f46d44b7af1 h2 span { color:; }#ut_header_69f46d44b7af1.pt-style-2 .page-title:after, #ut_header_69f46d44b7af1.pt-style-2 .parallax-title:after, #ut_header_69f46d44b7af1.pt-style-2 .section-title:after {background-color: ;height: ;width: ;}<\/style><header id=\"ut_header_69f46d44b7af1\" class=\"section-header pt-style-2 header-left\"><h2  class=\"section-title\"><span>\u00bfEn qu\u00e9 consiste una sesi\u00f3n Coffee Experience?<\/span><\/h2><\/header><\/div>\n\t<div class=\"wpb_text_column wpb_content_element\" >\n\t\t<div class=\"wpb_wrapper\">\n\t\t\t<p style=\"text-align: justify;\">Una visita Coffee Experience incluye todo el proceso de elaboraci\u00f3n de un buen caf\u00e9; desde los or\u00edgenes del caf\u00e9 verde, importaci\u00f3n, tostado, envasado, hasta la preparaci\u00f3n de un caf\u00e9 espresso y la degustaci\u00f3n de una buena taza de caf\u00e9.<\/p>\n<p style=\"text-align: justify;\">Todo el que est\u00e9 interesado en disfrutar de esta experiencia sensorial y gastron\u00f3mica, puede ponerse en contacto con Xavier de Erausquin y Llu\u00eds Saula.<\/p>\n\n\t\t<\/div>\n\t<\/div>\n<\/div><\/div><\/div><div class=\"wpb_column vc_column_container vc_col-sm-6\" ><div id=\"ut_inner_column_69f46d44b7f20\" class=\"vc_column-inner\"><div class=\"wpb_wrapper\"><div class=\"wpb_content_element ut-gallery-20  clearfix\">            \n            <script type=\"text\/javascript\">\n                \n                (function($){\n                    \n                    $(document).ready(function(){\n                        \n                                                                        \n                        function get_animated_objects( $all_appeared_elements, effect ) {\n                            \n                            var counter = 0;\n                            \n                            $all_appeared_elements.each(function(){\n                                        \n                                if( $(this).hasClass(effect) ) {\n\n                                    counter++;\n\n                                }\n\n                            });\n                            \n                            return counter;\n                            \n                        }\n                        \n                          \n                    });\n                        \n                })(jQuery);\n            \n            <\/script>\n            \n            <style type=\"text\/css\" scoped>#ut_ig_69f46d44b7fe9 .ut-lazy:not(.ut-image-loaded) + .ut-video-module-loading { display:block; }#ut_ig_69f46d44b7fe9 .ut-lazy.ut-image-loaded + .ut-video-module-loading { display:none; }<\/style><div id=\"ut_ig_69f46d44b7fe9\" class=\"ut-image-gallery  ut-image-gallery-20 clearfix\"><div  data-count=\"5\" class=\"ut-image-gallery-item ut-animation-done grid-50 tablet-grid-50 mobile-grid-100\"><a  class=\"ut-vc-images-lightbox\"  data-exthumbimage=\"https:\/\/gremicafe.cat\/wp-content\/uploads\/2018\/04\/IMG_20180205_114740-768x431-150x150.jpg\" href=\"https:\/\/gremicafe.cat\/wp-content\/uploads\/2018\/04\/IMG_20180205_114740-768x431.jpg\"><div class=\"ut-image-gallery-image\"><img loading=\"lazy\" decoding=\"async\"  class=\"\" src=\"https:\/\/gremicafe.cat\/wp-content\/uploads\/2018\/04\/IMG_20180205_114740-768x431-1160x1160.jpg\" width=\"1160\" height=\"1160\"><\/div><\/a><\/div><div  data-count=\"3\" class=\"ut-image-gallery-item ut-animation-done ut-animation-done grid-50 tablet-grid-50 mobile-grid-100 ut-desktop-last\"><a  class=\"ut-vc-images-lightbox\"  data-exthumbimage=\"https:\/\/gremicafe.cat\/wp-content\/uploads\/2018\/03\/creu-roja-barcelones-nord16102017-4-150x150.png\" href=\"https:\/\/gremicafe.cat\/wp-content\/uploads\/2018\/03\/creu-roja-barcelones-nord16102017-4.png\"><div class=\"ut-image-gallery-image\"><img loading=\"lazy\" decoding=\"async\"  class=\"ut-desktop-last\" src=\"https:\/\/gremicafe.cat\/wp-content\/uploads\/2018\/03\/creu-roja-barcelones-nord16102017-4-1160x1160.png\" width=\"1160\" height=\"1160\"><\/div><\/a><\/div><div class=\"clear hide-on-tablet\"><\/div><div  data-count=\"3\" class=\"ut-image-gallery-item ut-animation-done ut-animation-done ut-animation-done grid-50 tablet-grid-50 mobile-grid-100 ut-tablet-last\"><a  class=\"ut-vc-images-lightbox\"  data-exthumbimage=\"https:\/\/gremicafe.cat\/wp-content\/uploads\/2018\/05\/batallaCoffeexperience003-1920-150x150.jpg\" href=\"https:\/\/gremicafe.cat\/wp-content\/uploads\/2018\/05\/batallaCoffeexperience003-1920.jpg\"><div class=\"ut-image-gallery-image\"><img loading=\"lazy\" decoding=\"async\"  class=\"ut-tablet-last\" src=\"https:\/\/gremicafe.cat\/wp-content\/uploads\/2018\/05\/batallaCoffeexperience003-1920-1160x1160.jpg\" width=\"1160\" height=\"1160\"><\/div><\/a><\/div><div class=\"clear hide-on-desktop hide-on-tablet\"><\/div><div  data-count=\"1\" class=\"ut-image-gallery-item ut-animation-done ut-animation-done ut-animation-done ut-animation-done grid-50 tablet-grid-50 mobile-grid-100 ut-desktop-last\"><a  class=\"ut-vc-images-lightbox\"  data-exthumbimage=\"https:\/\/gremicafe.cat\/wp-content\/uploads\/2018\/05\/batallaCoffeexperience002-1920-150x150.jpg\" href=\"https:\/\/gremicafe.cat\/wp-content\/uploads\/2018\/05\/batallaCoffeexperience002-1920.jpg\"><div class=\"ut-image-gallery-image\"><img loading=\"lazy\" decoding=\"async\"  class=\"ut-desktop-last\" src=\"https:\/\/gremicafe.cat\/wp-content\/uploads\/2018\/05\/batallaCoffeexperience002-1920-1160x1160.jpg\" width=\"1160\" height=\"1160\"><\/div><\/a><\/div><div class=\"clear hide-on-tablet\"><\/div><div  data-count=\"1\" class=\"ut-image-gallery-item ut-animation-done ut-animation-done ut-animation-done ut-animation-done ut-animation-done grid-50 tablet-grid-50 mobile-grid-100\"><a  class=\"ut-vc-images-lightbox\" data-sub-html=\"#ut-image-caption-7761\" data-exthumbimage=\"https:\/\/gremicafe.cat\/wp-content\/uploads\/2025\/02\/GRUPO-1-150x150.jpeg\" href=\"https:\/\/gremicafe.cat\/wp-content\/uploads\/2025\/02\/GRUPO-1.jpeg\"><div class=\"ut-image-gallery-image\"><img loading=\"lazy\" decoding=\"async\"  class=\"\" src=\"https:\/\/gremicafe.cat\/wp-content\/uploads\/2025\/02\/GRUPO-1-1160x1126-1160x1160.jpeg\" width=\"1160\" height=\"1160\"><\/div><div id=\"ut-image-caption-7761\" class=\"ut-vc-images-lightbox-caption\">Caf\u00e9s Batalla con la Escuela de Hosteler\u00eda de Lleida<\/div><\/a><\/div><div class=\"clear\"><\/div><\/div><\/div><\/div><\/div><\/div><\/div><div class=\"vc_row-full-width vc_clearfix\"><\/div><div id=\"ut-row-69f46d44bb855\" data-vc-full-width=\"true\" data-vc-full-width-init=\"false\" class=\"vc_row wpb_row vc_row-fluid vc_column-gap-0 ut-row-69f46d44bb868\" ><div class=\"wpb_column vc_column_container vc_col-sm-3\" ><div id=\"ut_inner_column_69f46d44bbde6\" class=\"vc_column-inner\"><div class=\"wpb_wrapper\"><div class=\"wpb_content_element\"><style type=\"text\/css\" scoped>#ut_header_69f46d44bbfd6 h2 span { color:; }#ut_header_69f46d44bbfd6 h2.section-title { font-size: 25px; }#ut_header_69f46d44bbfd6.pt-style-2 .page-title:after, #ut_header_69f46d44bbfd6.pt-style-2 .parallax-title:after, #ut_header_69f46d44bbfd6.pt-style-2 .section-title:after {background-color: ;height: ;width: ;}<\/style><header id=\"ut_header_69f46d44bbfd6\" class=\"section-header pt-style-2 header-right\"><h2  class=\"section-title\"><span>Vive tu Coffee Experience con<\/span><\/h2><\/header><\/div><\/div><\/div><\/div><div class=\"wpb_column vc_column_container vc_col-sm-3\" ><div id=\"ut_inner_column_69f46d44bc1db\" class=\"vc_column-inner\"><div class=\"wpb_wrapper\"><\/div><\/div><\/div><div class=\"wpb_column vc_column_container vc_col-sm-3\" ><div id=\"ut_inner_column_69f46d44bc36b\" class=\"vc_column-inner\"><div class=\"wpb_wrapper\"><\/div><\/div><\/div><div class=\"wpb_column vc_column_container vc_col-sm-3\" ><div id=\"ut_inner_column_69f46d44bc4f6\" class=\"vc_column-inner\"><div class=\"wpb_wrapper\"><\/div><\/div><\/div><\/div><div class=\"vc_row-full-width vc_clearfix\"><\/div><div id=\"ut-row-69f46d44bcabf\" data-vc-full-width=\"true\" data-vc-full-width-init=\"false\" class=\"vc_row wpb_row vc_row-fluid vc_column-gap-0 ut-row-69f46d44bcacc\" ><div class=\"wpb_column vc_column_container vc_col-sm-3\" ><div id=\"ut_inner_column_69f46d44bcf5c\" class=\"vc_column-inner\"><div class=\"wpb_wrapper\"><div class=\"wpb_content_element\"><style type=\"text\/css\" scoped>#ut_tm_69f46d44bd86d .bklyn-team-member-ocupation { font-weight: normal; }#ut_tm_69f46d44bd86d .bklyn-team-member-social-icons a:hover { color: #69A1EE; }#ut_tm_69f46d44bd86d .bklyn-team-member-social-icons a:focus { color: #69A1EE; }#ut_tm_69f46d44bd86d .bklyn-team-member-social-icons a:active { color: #69A1EE; }<\/style><div id=\"ut_tm_69f46d44bd86d\" class=\"bklyn-team-member bklyn-team-member-style-2 bklyn-team-member-style-2-140 bklyn-team-member-center\"><a title=\"Ir a Bracaf\u00e9\" href=\"http:\/\/bracafe.com\/\" target=\" _blank\" ><div class=\"bklyn-team-member-avatar\"><img decoding=\"async\" alt=\"gremicafe-tassa-junta-bracafe\" src=\"https:\/\/gremicafe.cat\/wp-content\/uploads\/2018\/04\/gremicafe-tassa-junta-bracafe-280x280.png\"><\/div><\/a><div class=\"bklyn-team-member-info\"><h3 class=\"bklyn-team-member-name\">BRACAF\u00c9<\/h3><p class=\"bklyn-team-member-ocupation\">Barcelona<\/p><p class=\"bklyn-team-member-description\">Tel\u00e9fonos: 93 425 05 12 - 685 925 269<br \/>\nMail: bracafe@bracafe.com<\/p><\/div><\/div><\/div><\/div><\/div><\/div><div class=\"wpb_column vc_column_container vc_col-sm-3\" ><div id=\"ut_inner_column_69f46d44bdad6\" class=\"vc_column-inner\"><div class=\"wpb_wrapper\"><div class=\"wpb_content_element\"><style type=\"text\/css\" scoped>#ut_tm_69f46d44be35d .bklyn-team-member-ocupation { font-weight: normal; }#ut_tm_69f46d44be35d .bklyn-team-member-social-icons a:hover { color: #69A1EE; }#ut_tm_69f46d44be35d .bklyn-team-member-social-icons a:focus { color: #69A1EE; }#ut_tm_69f46d44be35d .bklyn-team-member-social-icons a:active { color: #69A1EE; }<\/style><div id=\"ut_tm_69f46d44be35d\" class=\"bklyn-team-member bklyn-team-member-style-2 bklyn-team-member-style-2-140 bklyn-team-member-center\"><a title=\"Ir a Caf\u00e9s Saula\" href=\"https:\/\/www.cafesaula.com\/\" target=\" _blank\" ><div class=\"bklyn-team-member-avatar\"><img decoding=\"async\" alt=\"gremicafe-tassa-junta-saula\" src=\"https:\/\/gremicafe.cat\/wp-content\/uploads\/2018\/04\/gremicafe-tassa-junta-saula-280x280.png\"><\/div><\/a><div class=\"bklyn-team-member-info\"><h3 class=\"bklyn-team-member-name\">Caf\u00e9s Saula<\/h3><p class=\"bklyn-team-member-ocupation\">Sant Feliu de Llobregat<\/p><p class=\"bklyn-team-member-description\">Tel\u00e9fono: 936 66 26 98<br \/>\nMail: info@cafesaula.com<\/p><\/div><\/div><\/div><\/div><\/div><\/div><div class=\"wpb_column vc_column_container vc_col-sm-3\" ><div id=\"ut_inner_column_69f46d44be5d3\" class=\"vc_column-inner\"><div class=\"wpb_wrapper\"><div class=\"wpb_content_element\"><style type=\"text\/css\" scoped>#ut_tm_69f46d44bedbf .bklyn-team-member-ocupation { font-weight: normal; }#ut_tm_69f46d44bedbf .bklyn-team-member-social-icons a:hover { color: #69A1EE; }#ut_tm_69f46d44bedbf .bklyn-team-member-social-icons a:focus { color: #69A1EE; }#ut_tm_69f46d44bedbf .bklyn-team-member-social-icons a:active { color: #69A1EE; }<\/style><div id=\"ut_tm_69f46d44bedbf\" class=\"bklyn-team-member bklyn-team-member-style-2 bklyn-team-member-style-2-140 bklyn-team-member-center\"><a title=\"Ir a Caf\u00e9s Batalla\" href=\"http:\/\/www.cafesbatalla.com\/ca\" target=\" _blank\" ><div class=\"bklyn-team-member-avatar\"><img decoding=\"async\" alt=\"gremicafe-tassa-junta-batalla\" src=\"https:\/\/gremicafe.cat\/wp-content\/uploads\/2018\/05\/gremicafe-tassa-junta-batalla-280x280.png\"><\/div><\/a><div class=\"bklyn-team-member-info\"><h3 class=\"bklyn-team-member-name\">Caf\u00e9s Batalla<\/h3><p class=\"bklyn-team-member-ocupation\">Lleida<\/p><p class=\"bklyn-team-member-description\">Tel. 902 21 21 40<br \/>\nMail: info@cafesbatalla.com<\/p><\/div><\/div><\/div><\/div><\/div><\/div><div class=\"wpb_column vc_column_container vc_col-sm-3\" ><div id=\"ut_inner_column_69f46d44bf027\" class=\"vc_column-inner\"><div class=\"wpb_wrapper\"><div class=\"wpb_content_element\"><style type=\"text\/css\" scoped>#ut_tm_69f46d44bf862 .bklyn-team-member-ocupation { font-weight: normal; }#ut_tm_69f46d44bf862 .bklyn-team-member-social-icons a:hover { color: #69A1EE; }#ut_tm_69f46d44bf862 .bklyn-team-member-social-icons a:focus { color: #69A1EE; }#ut_tm_69f46d44bf862 .bklyn-team-member-social-icons a:active { color: #69A1EE; }<\/style><div id=\"ut_tm_69f46d44bf862\" class=\"bklyn-team-member bklyn-team-member-style-2 bklyn-team-member-style-2-140 bklyn-team-member-center\"><a title=\"Ir a Delsams Caf\u00e9s\" href=\"http:\/\/www.delsamscafes.com\/\" target=\" _blank\" ><div class=\"bklyn-team-member-avatar\"><img decoding=\"async\" alt=\"gremicafe-tassa-junta-delsams\" src=\"https:\/\/gremicafe.cat\/wp-content\/uploads\/2018\/06\/gremicafe-tassa-junta-delsams-280x280.png\"><\/div><\/a><div class=\"bklyn-team-member-info\"><h3 class=\"bklyn-team-member-name\">Delsams Caf\u00e9s<\/h3><p class=\"bklyn-team-member-ocupation\">Balaguer<\/p><p class=\"bklyn-team-member-description\">Tel\u00e9fonos: 973 450 045<br \/>\nMail: dtac@delsamscafes.com<\/p><\/div><\/div><\/div><\/div><\/div><\/div><\/div><div class=\"vc_row-full-width vc_clearfix\"><\/div><\/section><div class=\"vc_row-full-width vc_clearfix\"><\/div>","protected":false},"excerpt":{"rendered":"El Gremi del Caf\u00e8, torradors de Catalunya, ofereix la possibilitat de fer visites tur\u00edstiques Coffee Experience a diverses empreses torradores de caf\u00e8 de Catalunya. #ut_header_69f46d44c1d2a h2 span { color:; }#ut_header_69f46d44c1d2a.pt-style-2 .page-title:after, #ut_header_69f46d44c1d2a.pt-style-2 .parallax-title:after, #ut_header_69f46d44c1d2a.pt-style-2 .section-title:after {background-color: ;height: ;width: ;}En qu\u00e8 consisteix una sessi\u00f3 Coffee Experience? Una visita Coffee Experience, inclou tot el proc\u00e9s d\u2019elaboraci\u00f3 d\u2019un [...]","protected":false},"author":1,"featured_media":0,"parent":0,"menu_order":0,"comment_status":"closed","ping_status":"closed","template":"","meta":{"_acf_changed":false,"inline_featured_image":false,"footnotes":""},"class_list":["post-3343","page","type-page","status-publish","hentry"],"acf":[],"yoast_head":"<!-- This site is optimized with the Yoast SEO plugin v25.5 - https:\/\/yoast.com\/wordpress\/plugins\/seo\/ -->\n<title>Coffee Experience - Gremi del Caf\u00e8, torradors de Catalunya<\/title>\n<meta name=\"description\" content=\"El Gremi del Caf\u00e8, torradors de Catalunya, ofereix la possibilitat de fer visites tur\u00edstiques Coffee Experience a diverses empreses torradores de caf\u00e8 de Catalunya.\" \/>\n<meta name=\"robots\" content=\"index, follow, max-snippet:-1, max-image-preview:large, max-video-preview:-1\" \/>\n<link rel=\"canonical\" href=\"https:\/\/gremicafe.cat\/es\/coffeeexperience\/\" \/>\n<meta property=\"og:locale\" content=\"es_ES\" \/>\n<meta property=\"og:type\" content=\"article\" \/>\n<meta property=\"og:title\" content=\"Coffee Experience - Gremi del Caf\u00e8, torradors de Catalunya\" \/>\n<meta property=\"og:description\" content=\"El Gremi del Caf\u00e8, torradors de Catalunya, ofereix la possibilitat de fer visites tur\u00edstiques Coffee Experience a diverses empreses torradores de caf\u00e8 de Catalunya.\" \/>\n<meta property=\"og:url\" content=\"https:\/\/gremicafe.cat\/es\/coffeeexperience\/\" \/>\n<meta property=\"og:site_name\" content=\"Gremi del Caf\u00e8, torradors de Catalunya\" \/>\n<meta property=\"article:publisher\" content=\"https:\/\/www.facebook.com\/gremicafecat\" \/>\n<meta property=\"article:modified_time\" content=\"2026-04-10T07:41:13+00:00\" \/>\n<meta name=\"twitter:card\" content=\"summary_large_image\" \/>\n<meta name=\"twitter:site\" content=\"@gremicafecat\" \/>\n<meta name=\"twitter:label1\" content=\"Tiempo de lectura\" \/>\n\t<meta name=\"twitter:data1\" content=\"1 minuto\" \/>\n<script type=\"application\/ld+json\" class=\"yoast-schema-graph\">{\"@context\":\"https:\/\/schema.org\",\"@graph\":[{\"@type\":\"WebPage\",\"@id\":\"https:\/\/gremicafe.cat\/coffeeexperience\/\",\"url\":\"https:\/\/gremicafe.cat\/coffeeexperience\/\",\"name\":\"Coffee Experience - Gremi del Caf\u00e8, torradors de Catalunya\",\"isPartOf\":{\"@id\":\"https:\/\/gremicafe.cat\/#website\"},\"datePublished\":\"2018-03-28T10:14:11+00:00\",\"dateModified\":\"2026-04-10T07:41:13+00:00\",\"description\":\"El Gremi del Caf\u00e8, torradors de Catalunya, ofereix la possibilitat de fer visites tur\u00edstiques Coffee Experience a diverses empreses torradores de caf\u00e8 de Catalunya.\",\"breadcrumb\":{\"@id\":\"https:\/\/gremicafe.cat\/coffeeexperience\/#breadcrumb\"},\"inLanguage\":\"es\",\"potentialAction\":[{\"@type\":\"ReadAction\",\"target\":[\"https:\/\/gremicafe.cat\/coffeeexperience\/\"]}]},{\"@type\":\"BreadcrumbList\",\"@id\":\"https:\/\/gremicafe.cat\/coffeeexperience\/#breadcrumb\",\"itemListElement\":[{\"@type\":\"ListItem\",\"position\":1,\"name\":\"Inici\",\"item\":\"https:\/\/gremicafe.cat\/\"},{\"@type\":\"ListItem\",\"position\":2,\"name\":\"Coffee Experience\"}]},{\"@type\":\"WebSite\",\"@id\":\"https:\/\/gremicafe.cat\/#website\",\"url\":\"https:\/\/gremicafe.cat\/\",\"name\":\"Gremi del Caf\u00e8, torradors de Catalunya\",\"description\":\"Web oficial del gremi de torradors de caf\u00e8 de Catalunya\",\"publisher\":{\"@id\":\"https:\/\/gremicafe.cat\/#organization\"},\"potentialAction\":[{\"@type\":\"SearchAction\",\"target\":{\"@type\":\"EntryPoint\",\"urlTemplate\":\"https:\/\/gremicafe.cat\/?s={search_term_string}\"},\"query-input\":{\"@type\":\"PropertyValueSpecification\",\"valueRequired\":true,\"valueName\":\"search_term_string\"}}],\"inLanguage\":\"es\"},{\"@type\":\"Organization\",\"@id\":\"https:\/\/gremicafe.cat\/#organization\",\"name\":\"Gremi del Caf\u00e8, Torradors de Catalunya\",\"url\":\"https:\/\/gremicafe.cat\/\",\"logo\":{\"@type\":\"ImageObject\",\"inLanguage\":\"es\",\"@id\":\"https:\/\/gremicafe.cat\/#\/schema\/logo\/image\/\",\"url\":\"https:\/\/gremicafe.cat\/wp-content\/uploads\/2018\/03\/gremicafe-logo250.png\",\"contentUrl\":\"https:\/\/gremicafe.cat\/wp-content\/uploads\/2018\/03\/gremicafe-logo250.png\",\"width\":250,\"height\":49,\"caption\":\"Gremi del Caf\u00e8, Torradors de Catalunya\"},\"image\":{\"@id\":\"https:\/\/gremicafe.cat\/#\/schema\/logo\/image\/\"},\"sameAs\":[\"https:\/\/www.facebook.com\/gremicafecat\",\"https:\/\/x.com\/gremicafecat\",\"https:\/\/www.instagram.com\/gremicafecat\/\",\"https:\/\/www.pinterest.es\/gremicafecat\/\",\"https:\/\/www.youtube.com\/channel\/UCGLo5Y35vLwLvP4FrPZrCrw\/\"]}]}<\/script>\n<!-- \/ Yoast SEO plugin. -->","yoast_head_json":{"title":"Coffee Experience - Gremi del Caf\u00e8, torradors de Catalunya","description":"El Gremi del Caf\u00e8, torradors de Catalunya, ofereix la possibilitat de fer visites tur\u00edstiques Coffee Experience a diverses empreses torradores de caf\u00e8 de Catalunya.","robots":{"index":"index","follow":"follow","max-snippet":"max-snippet:-1","max-image-preview":"max-image-preview:large","max-video-preview":"max-video-preview:-1"},"canonical":"https:\/\/gremicafe.cat\/es\/coffeeexperience\/","og_locale":"es_ES","og_type":"article","og_title":"Coffee Experience - Gremi del Caf\u00e8, torradors de Catalunya","og_description":"El Gremi del Caf\u00e8, torradors de Catalunya, ofereix la possibilitat de fer visites tur\u00edstiques Coffee Experience a diverses empreses torradores de caf\u00e8 de Catalunya.","og_url":"https:\/\/gremicafe.cat\/es\/coffeeexperience\/","og_site_name":"Gremi del Caf\u00e8, torradors de Catalunya","article_publisher":"https:\/\/www.facebook.com\/gremicafecat","article_modified_time":"2026-04-10T07:41:13+00:00","twitter_card":"summary_large_image","twitter_site":"@gremicafecat","twitter_misc":{"Tiempo de lectura":"1 minuto"},"schema":{"@context":"https:\/\/schema.org","@graph":[{"@type":"WebPage","@id":"https:\/\/gremicafe.cat\/coffeeexperience\/","url":"https:\/\/gremicafe.cat\/coffeeexperience\/","name":"Coffee Experience - Gremi del Caf\u00e8, torradors de Catalunya","isPartOf":{"@id":"https:\/\/gremicafe.cat\/#website"},"datePublished":"2018-03-28T10:14:11+00:00","dateModified":"2026-04-10T07:41:13+00:00","description":"El Gremi del Caf\u00e8, torradors de Catalunya, ofereix la possibilitat de fer visites tur\u00edstiques Coffee Experience a diverses empreses torradores de caf\u00e8 de Catalunya.","breadcrumb":{"@id":"https:\/\/gremicafe.cat\/coffeeexperience\/#breadcrumb"},"inLanguage":"es","potentialAction":[{"@type":"ReadAction","target":["https:\/\/gremicafe.cat\/coffeeexperience\/"]}]},{"@type":"BreadcrumbList","@id":"https:\/\/gremicafe.cat\/coffeeexperience\/#breadcrumb","itemListElement":[{"@type":"ListItem","position":1,"name":"Inici","item":"https:\/\/gremicafe.cat\/"},{"@type":"ListItem","position":2,"name":"Coffee Experience"}]},{"@type":"WebSite","@id":"https:\/\/gremicafe.cat\/#website","url":"https:\/\/gremicafe.cat\/","name":"Gremio del Caf\u00e9, tostadores de Catalu\u00f1a","description":"Web oficial del gremio de tostadores de caf\u00e9 de Catalunya","publisher":{"@id":"https:\/\/gremicafe.cat\/#organization"},"potentialAction":[{"@type":"SearchAction","target":{"@type":"EntryPoint","urlTemplate":"https:\/\/gremicafe.cat\/?s={search_term_string}"},"query-input":{"@type":"PropertyValueSpecification","valueRequired":true,"valueName":"search_term_string"}}],"inLanguage":"es"},{"@type":"Organization","@id":"https:\/\/gremicafe.cat\/#organization","name":"Gremio del Caf\u00e9, Tostadores de Catalu\u00f1a","url":"https:\/\/gremicafe.cat\/","logo":{"@type":"ImageObject","inLanguage":"es","@id":"https:\/\/gremicafe.cat\/#\/schema\/logo\/image\/","url":"https:\/\/gremicafe.cat\/wp-content\/uploads\/2018\/03\/gremicafe-logo250.png","contentUrl":"https:\/\/gremicafe.cat\/wp-content\/uploads\/2018\/03\/gremicafe-logo250.png","width":250,"height":49,"caption":"Gremi del Caf\u00e8, Torradors de Catalunya"},"image":{"@id":"https:\/\/gremicafe.cat\/#\/schema\/logo\/image\/"},"sameAs":["https:\/\/www.facebook.com\/gremicafecat","https:\/\/x.com\/gremicafecat","https:\/\/www.instagram.com\/gremicafecat\/","https:\/\/www.pinterest.es\/gremicafecat\/","https:\/\/www.youtube.com\/channel\/UCGLo5Y35vLwLvP4FrPZrCrw\/"]}]}},"_links":{"self":[{"href":"https:\/\/gremicafe.cat\/es\/wp-json\/wp\/v2\/pages\/3343"}],"collection":[{"href":"https:\/\/gremicafe.cat\/es\/wp-json\/wp\/v2\/pages"}],"about":[{"href":"https:\/\/gremicafe.cat\/es\/wp-json\/wp\/v2\/types\/page"}],"author":[{"embeddable":true,"href":"https:\/\/gremicafe.cat\/es\/wp-json\/wp\/v2\/users\/1"}],"replies":[{"embeddable":true,"href":"https:\/\/gremicafe.cat\/es\/wp-json\/wp\/v2\/comments?post=3343"}],"version-history":[{"count":0,"href":"https:\/\/gremicafe.cat\/es\/wp-json\/wp\/v2\/pages\/3343\/revisions"}],"wp:attachment":[{"href":"https:\/\/gremicafe.cat\/es\/wp-json\/wp\/v2\/media?parent=3343"}],"curies":[{"name":"wp","href":"https:\/\/api.w.org\/{rel}","templated":true}]}}