{"id":3345,"date":"2018-03-28T12:14:41","date_gmt":"2018-03-28T10:14:41","guid":{"rendered":"http:\/\/gremicafe.cat\/?page_id=3345"},"modified":"2021-03-18T13:09:54","modified_gmt":"2021-03-18T11:09:54","slug":"campionat-barista","status":"publish","type":"page","link":"https:\/\/gremicafe.cat\/es\/campionat-barista\/","title":{"rendered":"Campeonato Barista de Catalu\u00f1a"},"content":{"rendered":"<section id=\"ut-section-69f46e786b21b\" data-vc-full-width=\"true\" data-vc-full-width-init=\"false\" class=\"vc_section vc_section-has-no-fill ut-section-69f46e786b22f\"><div id=\"ut-row-69f46e786b958\" data-vc-full-width=\"true\" data-vc-full-width-init=\"false\" class=\"vc_row wpb_row vc_row-fluid vc_column-gap-0 ut-row-69f46e786b96c\" ><div class=\"wpb_column vc_column_container vc_col-sm-12\" ><div id=\"ut_inner_column_69f46e786c22a\" class=\"vc_column-inner\"><div class=\"wpb_wrapper\"><div class=\"wpb_content_element\"><style type=\"text\/css\" scoped>#ut_header_69f46e786c5ba h2 span { color:; }#ut_header_69f46e786c5ba.pt-style-2 .page-title:after, #ut_header_69f46e786c5ba.pt-style-2 .parallax-title:after, #ut_header_69f46e786c5ba.pt-style-2 .section-title:after {background-color: ;height: ;width: ;}<\/style><header id=\"ut_header_69f46e786c5ba\" class=\"section-header pt-style-2 header-left\"><h2  class=\"section-title\"><span>Campeonato Barista de Catalu\u00f1a<\/span><\/h2><\/header><\/div><\/div><\/div><\/div><\/div><div class=\"vc_row-full-width vc_clearfix\"><\/div><div id=\"ut-row-69f46e786ca81\" data-vc-full-width=\"true\" data-vc-full-width-init=\"false\" class=\"vc_row wpb_row vc_row-fluid vc_column-gap-0 ut-row-69f46e786ca91\" ><div class=\"wpb_column vc_column_container vc_col-sm-6\" ><div id=\"ut_inner_column_69f46e786cff0\" class=\"vc_column-inner\"><div class=\"wpb_wrapper\">\n\t<div class=\"wpb_text_column wpb_content_element\" >\n\t\t<div class=\"wpb_wrapper\">\n\t\t\t<p style=\"text-align: justify;\">El Gremio del Caf\u00e9 participa activamente en los campeonatos de baristas que organiza en Catalu\u00f1a el F\u00f2rum Cultural del Caf\u00e9. El Campeonato Barista es un evento en formato de competici\u00f3n, en el que seis u ocho baristas debidamente preparados y conocedores del mundo del caf\u00e9, compiten entre ellos por ser el mejor Barista.<\/p>\n<p style=\"text-align: justify;\">Los Campeonatos Barista son un excelente escaparate para fomentar el conocimiento y el consumo de los caf\u00e9s de calidad.<\/p>\n\n\t\t<\/div>\n\t<\/div>\n<div class=\"wpb_content_element\"><style type=\"text\/css\" scoped>#ut_header_69f46e786d454 h2 span { color:; }#ut_header_69f46e786d454 h2.section-title { font-size: 24px; }#ut_header_69f46e786d454.pt-style-2 .page-title:after, #ut_header_69f46e786d454.pt-style-2 .parallax-title:after, #ut_header_69f46e786d454.pt-style-2 .section-title:after {background-color: ;height: ;width: ;}<\/style><header id=\"ut_header_69f46e786d454\" class=\"section-header pt-style-2 header-left\"><h2  class=\"section-title\"><span>El gran espect\u00e1culo del caf\u00e9<\/span><\/h2><\/header><\/div>\n\t<div class=\"wpb_text_column wpb_content_element\" >\n\t\t<div class=\"wpb_wrapper\">\n\t\t\t<p style=\"text-align: justify;\">De gran vistosidad y atractivo, los Campeonatos Barista generan gran expectaci\u00f3n entre profesionales y amantes de esta arom\u00e1tica bebida, que han sabido ver en estos espect\u00e1culos una gran fuente de conocimiento e inspiraci\u00f3n.<\/p>\n<p style=\"text-align: justify;\">La competici\u00f3n exige un alto grado de t\u00e9cnica y conocimiento del caf\u00e9, un producto que adem\u00e1s de en los formatos habituales como el espresso o el cappuccino, los participantes deben presentar en el campeonato como parte de preparaciones de cocteler\u00eda.<\/p>\n\n\t\t<\/div>\n\t<\/div>\n<div class=\"wpb_content_element\"><style type=\"text\/css\" scoped>#ut_header_69f46e786d7a4 h2 span { color:; }#ut_header_69f46e786d7a4 h2.section-title { font-size: 24px; }#ut_header_69f46e786d7a4.pt-style-2 .page-title:after, #ut_header_69f46e786d7a4.pt-style-2 .parallax-title:after, #ut_header_69f46e786d7a4.pt-style-2 .section-title:after {background-color: ;height: ;width: ;}<\/style><header id=\"ut_header_69f46e786d7a4\" class=\"section-header pt-style-2 header-left\"><h2  class=\"section-title\"><span>\u00bfC\u00f3mo funciona el campeonato?<\/span><\/h2><\/header><\/div>\n\t<div class=\"wpb_text_column wpb_content_element\" >\n\t\t<div class=\"wpb_wrapper\">\n\t\t\t<p style=\"text-align: justify;\">El funcionamiento del concurso consiste en que cada uno de los participantes deber\u00e1 elaborar 4 caf\u00e9s espressos perfectos, dos capuccinos y dos bebidas de especialidad con base de caf\u00e9. Todo esto en un tiempo limitado de 16 minutos y bajo el control y valoraci\u00f3n de dos jueces t\u00e9cnicos, dos sensoriales y un juez l\u00edder, que tambi\u00e9n valorar\u00e1n la puesta en escena y la calidad de cada caf\u00e9.<br \/>\nEstas preparaciones van acompa\u00f1adas por todo tipo de explicaciones al p\u00fablico ya los cinco jueces que valoran la actuaci\u00f3n de cada barista.<\/p>\n<p style=\"text-align: justify;\">Los Campeonatos Barista son muy populares en los pa\u00edses n\u00f3rdicos, Estados Unidos y tambi\u00e9n otros puntos del mundo como Australia, donde el arte en la preparaci\u00f3n de caf\u00e9 est\u00e1 ampliamente reconocido. All\u00ed, y tambi\u00e9n como ya ocurre en nuestro pa\u00eds, estos campeonatos han ayudado a incrementar la calidad del caf\u00e9 que se consume y a dar prestigio a la figura del barista, una especializaci\u00f3n dentro del sector de la hosteler\u00eda que se presenta como una nueva y pr\u00f3spera carrera profesional. Y es que ya se ha demostrado que los establecimientos que cuentan con estos profesionales en su plantilla pueden ofrecer un valor diferencial muy importante en el servicio del caf\u00e9, ampliando de forma significativa adem\u00e1s el margen de ganancias sobre este producto.<\/p>\n<p style=\"text-align: justify;\">En Espa\u00f1a, Foro Cultural de Caf\u00e9 convoca desde 2006, el Campeonato Nacional de Baristas y tambi\u00e9n las competiciones auton\u00f3micas y provinciales en busca del mejor barista del pa\u00eds. En la \u00faltima edici\u00f3n, la d\u00e9cima, participaron alrededor de 200 baristas en esta competici\u00f3n, la m\u00e1s importante del sector en nuestro pa\u00eds.<br \/>\nEl Gremio del Caf\u00e9 participa con el Foro Cultural de Caf\u00e9, en la organizaci\u00f3n del Campeonato Barista de Catalunya.<\/p>\n\n\t\t<\/div>\n\t<\/div>\n<\/div><\/div><\/div><div class=\"wpb_column vc_column_container vc_col-sm-6 hide-on-mobile\" ><div id=\"ut_inner_column_69f46e786dab9\" class=\"vc_column-inner\"><div class=\"wpb_wrapper\"><div class=\"wpb_content_element ut-gallery-20  clearfix\">            \n            <script type=\"text\/javascript\">\n                \n                (function($){\n                    \n                    $(document).ready(function(){\n                        \n                                                                        \n                        function get_animated_objects( $all_appeared_elements, effect ) {\n                            \n                            var counter = 0;\n                            \n                            $all_appeared_elements.each(function(){\n                                        \n                                if( $(this).hasClass(effect) ) {\n\n                                    counter++;\n\n                                }\n\n                            });\n                            \n                            return counter;\n                            \n                        }\n                        \n                          \n                    });\n                        \n                })(jQuery);\n            \n            <\/script>\n            \n            <style type=\"text\/css\" scoped>#ut_ig_69f46e786dc26 .ut-lazy:not(.ut-image-loaded) + .ut-video-module-loading { display:block; }#ut_ig_69f46e786dc26 .ut-lazy.ut-image-loaded + .ut-video-module-loading { display:none; }<\/style><div id=\"ut_ig_69f46e786dc26\" class=\"ut-image-gallery  ut-image-gallery-20 clearfix\"><div  data-count=\"6\" class=\"ut-image-gallery-item ut-animation-done grid-50 tablet-grid-50 mobile-grid-100\"><a  class=\"ut-vc-images-lightbox\"  data-exthumbimage=\"https:\/\/gremicafe.cat\/wp-content\/uploads\/2018\/04\/gremi-campionat-barista-logo-vertical-850-150x150.jpg\" href=\"https:\/\/gremicafe.cat\/wp-content\/uploads\/2018\/04\/gremi-campionat-barista-logo-vertical-850.jpg\"><div class=\"ut-image-gallery-image\"><img loading=\"lazy\" decoding=\"async\"  class=\"\" src=\"https:\/\/gremicafe.cat\/wp-content\/uploads\/2018\/04\/gremi-campionat-barista-logo-vertical-850-1160x1160.jpg\" width=\"1160\" height=\"1160\"><\/div><\/a><\/div><div  data-count=\"4\" class=\"ut-image-gallery-item ut-animation-done ut-animation-done grid-50 tablet-grid-50 mobile-grid-100 ut-desktop-last\"><a  class=\"ut-vc-images-lightbox\"  data-exthumbimage=\"https:\/\/gremicafe.cat\/wp-content\/uploads\/2018\/04\/gremicafe-campionat-barista-2017-1-150x150.jpg\" href=\"https:\/\/gremicafe.cat\/wp-content\/uploads\/2018\/04\/gremicafe-campionat-barista-2017-1.jpg\"><div class=\"ut-image-gallery-image\"><img loading=\"lazy\" decoding=\"async\"  class=\"ut-desktop-last\" src=\"https:\/\/gremicafe.cat\/wp-content\/uploads\/2018\/04\/gremicafe-campionat-barista-2017-1-1160x1160.jpg\" width=\"1160\" height=\"1160\"><\/div><\/a><\/div><div class=\"clear hide-on-tablet\"><\/div><div  data-count=\"4\" class=\"ut-image-gallery-item ut-animation-done ut-animation-done ut-animation-done grid-50 tablet-grid-50 mobile-grid-100 ut-tablet-last\"><a  class=\"ut-vc-images-lightbox\"  data-exthumbimage=\"https:\/\/gremicafe.cat\/wp-content\/uploads\/2018\/04\/gremicafe-campionat-barista-2017-2-150x150.jpg\" href=\"https:\/\/gremicafe.cat\/wp-content\/uploads\/2018\/04\/gremicafe-campionat-barista-2017-2.jpg\"><div class=\"ut-image-gallery-image\"><img loading=\"lazy\" decoding=\"async\"  class=\"ut-tablet-last\" src=\"https:\/\/gremicafe.cat\/wp-content\/uploads\/2018\/04\/gremicafe-campionat-barista-2017-2-1160x1160.jpg\" width=\"1160\" height=\"1160\"><\/div><\/a><\/div><div class=\"clear hide-on-desktop hide-on-tablet\"><\/div><div  data-count=\"2\" class=\"ut-image-gallery-item ut-animation-done ut-animation-done ut-animation-done ut-animation-done grid-50 tablet-grid-50 mobile-grid-100 ut-desktop-last\"><a  class=\"ut-vc-images-lightbox\"  data-exthumbimage=\"https:\/\/gremicafe.cat\/wp-content\/uploads\/2018\/04\/gremicafe-campionat-barista-2017-3-150x150.jpg\" href=\"https:\/\/gremicafe.cat\/wp-content\/uploads\/2018\/04\/gremicafe-campionat-barista-2017-3.jpg\"><div class=\"ut-image-gallery-image\"><img loading=\"lazy\" decoding=\"async\"  class=\"ut-desktop-last\" src=\"https:\/\/gremicafe.cat\/wp-content\/uploads\/2018\/04\/gremicafe-campionat-barista-2017-3-1160x1160.jpg\" width=\"1160\" height=\"1160\"><\/div><\/a><\/div><div class=\"clear hide-on-tablet\"><\/div><div  data-count=\"2\" class=\"ut-image-gallery-item ut-animation-done ut-animation-done ut-animation-done ut-animation-done ut-animation-done grid-50 tablet-grid-50 mobile-grid-100\"><a  class=\"ut-vc-images-lightbox\"  data-exthumbimage=\"https:\/\/gremicafe.cat\/wp-content\/uploads\/2018\/04\/gremicafe-campionat-barista-2017-4-150x150.jpg\" href=\"https:\/\/gremicafe.cat\/wp-content\/uploads\/2018\/04\/gremicafe-campionat-barista-2017-4.jpg\"><div class=\"ut-image-gallery-image\"><img loading=\"lazy\" decoding=\"async\"  class=\"\" src=\"https:\/\/gremicafe.cat\/wp-content\/uploads\/2018\/04\/gremicafe-campionat-barista-2017-4-1160x1160.jpg\" width=\"1160\" height=\"1160\"><\/div><\/a><\/div><div  data-count=\"2\" class=\"ut-image-gallery-item ut-animation-done ut-animation-done ut-animation-done ut-animation-done ut-animation-done ut-animation-done grid-50 tablet-grid-50 mobile-grid-100\"><a  class=\"ut-vc-images-lightbox\"  data-exthumbimage=\"https:\/\/gremicafe.cat\/wp-content\/uploads\/2018\/04\/gremicafe-campionat-barista-2017-5-150x150.jpg\" href=\"https:\/\/gremicafe.cat\/wp-content\/uploads\/2018\/04\/gremicafe-campionat-barista-2017-5.jpg\"><div class=\"ut-image-gallery-image\"><img loading=\"lazy\" decoding=\"async\"  class=\"\" src=\"https:\/\/gremicafe.cat\/wp-content\/uploads\/2018\/04\/gremicafe-campionat-barista-2017-5-1160x1160.jpg\" width=\"1160\" height=\"1160\"><\/div><\/a><\/div><div class=\"clear\"><\/div><\/div><\/div><div class=\"wpb_content_element\"><style type=\"text\/css\" scoped>#ut_vs_69f46e7870f1a.ut-shortcode-video-wrap .ut-video-module-caption-text span { font-weight: bold; }<\/style><div id=\"ut_vs_69f46e7870f1a\" class=\"ut-shortcode-video-wrap  clearfix\"><div class=\"ut-video-module\"><div class=\"ut-video-module-caption\"><a class=\"ut-load-video\" data-video=\"https:\/\/youtu.be\/Ux43dRf091M\" href=\"#\"><img decoding=\"async\" src=\"\/\/i.ytimg.com\/vi\/Ux43dRf091M\/maxresdefault.jpg\" alt=\"United Themes Shortcode Plugin\"><div class=\"ut-video-module-caption-text\"><div class=\"ut-video-module-inner-caption-text ut-video-module-empty-caption ut-video-module-caption-position-default\"><div class=\"ut-video-module-play-icon\"><i class=\"Bklyn-Core-Right-6\" aria-hidden=\"true\"><\/i><\/div><\/div><\/div><\/a><\/div><div class=\"ut-video-module-loading\"><div class=\"sk-fading-circle\"><div class=\"sk-circle1 sk-circle\"><\/div><div class=\"sk-circle2 sk-circle\"><\/div><div class=\"sk-circle3 sk-circle\"><\/div><div class=\"sk-circle4 sk-circle\"><\/div><div class=\"sk-circle5 sk-circle\"><\/div><div class=\"sk-circle6 sk-circle\"><\/div><div class=\"sk-circle7 sk-circle\"><\/div><div class=\"sk-circle8 sk-circle\"><\/div><div class=\"sk-circle9 sk-circle\"><\/div><div class=\"sk-circle10 sk-circle\"><\/div><div class=\"sk-circle11 sk-circle\"><\/div><div class=\"sk-circle12 sk-circle\"><\/div><\/div><\/div><\/div><\/div><\/div><\/div><\/div><\/div><\/div><div class=\"vc_row-full-width vc_clearfix\"><\/div><div id=\"ut-row-69f46e78713e2\" data-vc-full-width=\"true\" data-vc-full-width-init=\"false\" class=\"vc_row wpb_row vc_row-fluid vc_column-gap-0 ut-row-69f46e78713f2 hide-on-desktop hide-on-tablet hide-on-mobile\" ><div class=\"wpb_column vc_column_container vc_col-sm-6\" ><div id=\"ut_inner_column_69f46e78718a0\" class=\"vc_column-inner\"><div class=\"wpb_wrapper\"><div class=\"wpb_content_element\"><style type=\"text\/css\" scoped>#ut_header_69f46e7871b72 h2 span { color:; }#ut_header_69f46e7871b72 h2.section-title { font-size: 25px; }#ut_header_69f46e7871b72.pt-style-2 .page-title:after, #ut_header_69f46e7871b72.pt-style-2 .parallax-title:after, #ut_header_69f46e7871b72.pt-style-2 .section-title:after {background-color: ;height: ;width: ;}<\/style><header id=\"ut_header_69f46e7871b72\" class=\"section-header pt-style-2 header-left\"><h2  class=\"section-title\"><span>Contacto de prensa<\/span><\/h2><\/header><\/div><div class=\"wpb_content_element\"><style type=\"text\/css\" scoped>#ut_tm_69f46e78724a3 .bklyn-team-member-ocupation { font-weight: normal; }#ut_tm_69f46e78724a3 .bklyn-team-member-social-icons a:hover { color: #69A1EE; }#ut_tm_69f46e78724a3 .bklyn-team-member-social-icons a:focus { color: #69A1EE; }#ut_tm_69f46e78724a3 .bklyn-team-member-social-icons a:active { color: #69A1EE; }<\/style><div id=\"ut_tm_69f46e78724a3\" class=\"bklyn-team-member bklyn-team-member-style-2 bklyn-team-member-style-2-140 bklyn-team-member-center\"><div class=\"bklyn-team-member-avatar\"><img decoding=\"async\" alt=\"GREMI-GRANS1958\" src=\"https:\/\/gremicafe.cat\/wp-content\/uploads\/2016\/07\/GREMI-GRANS1958-280x280.jpg\"><\/div><div class=\"bklyn-team-member-info\"><h3 class=\"bklyn-team-member-name\">Susanna Cuadras<\/h3><p class=\"bklyn-team-member-ocupation\">F\u00f3rum Caf\u00e9 \u2013 Comunicaci\u00f3n<\/p><p class=\"bklyn-team-member-description\">Tel\u00e9fono: 93 310 38 33<br \/>\nEmails: info@forumdelcafe.com | comunicacion@forumdelcafe.com<br \/>\nDirecci\u00f3n: Callet\u00e1nica, 49 3\u00ba 1\u00aa | 08908 Hospitalet de Llobregat | Espa\u00f1a<\/p><\/div><\/div><\/div><\/div><\/div><\/div><div class=\"wpb_column vc_column_container vc_col-sm-6\" ><div id=\"ut_inner_column_69f46e78726b7\" class=\"vc_column-inner\"><div class=\"wpb_wrapper\"><div class=\"wpb_content_element\"><style type=\"text\/css\" scoped>#ut_header_69f46e7872917 h2 span { color:; }#ut_header_69f46e7872917 h2.section-title { font-size: 25px; }#ut_header_69f46e7872917.pt-style-2 .page-title:after, #ut_header_69f46e7872917.pt-style-2 .parallax-title:after, #ut_header_69f46e7872917.pt-style-2 .section-title:after {background-color: ;height: ;width: ;}<\/style><header id=\"ut_header_69f46e7872917\" class=\"section-header pt-style-2 header-left\"><h2  class=\"section-title\"><span>Contacto Lleida<\/span><\/h2><\/header><\/div><div class=\"wpb_content_element\"><style type=\"text\/css\" scoped>#ut_tm_69f46e7873190 .bklyn-team-member-ocupation { font-weight: normal; }#ut_tm_69f46e7873190 .bklyn-team-member-social-icons a:hover { color: #69A1EE; }#ut_tm_69f46e7873190 .bklyn-team-member-social-icons a:focus { color: #69A1EE; }#ut_tm_69f46e7873190 .bklyn-team-member-social-icons a:active { color: #69A1EE; }<\/style><div id=\"ut_tm_69f46e7873190\" class=\"bklyn-team-member bklyn-team-member-style-2 bklyn-team-member-style-2-140 bklyn-team-member-center\"><div class=\"bklyn-team-member-avatar\"><img decoding=\"async\" alt=\"cofeecapc\u0327al3\" src=\"https:\/\/gremicafe.cat\/wp-content\/uploads\/2016\/07\/cofeecapc\u0327al3-280x280.jpg\"><\/div><div class=\"bklyn-team-member-info\"><h3 class=\"bklyn-team-member-name\">Ana\u00efs Esplandiu<\/h3><p class=\"bklyn-team-member-description\">Tel\u00e9fono: 973 212 130 | 610 751 091<br \/>\nEmails: info@cafesbatalla.com <\/p><\/div><\/div><\/div><\/div><\/div><\/div><\/div><div class=\"vc_row-full-width vc_clearfix\"><\/div><\/section><div class=\"vc_row-full-width vc_clearfix\"><\/div>","protected":false},"excerpt":{"rendered":"#ut_header_69f46e787496a h2 span { color:; }#ut_header_69f46e787496a.pt-style-2 .page-title:after, #ut_header_69f46e787496a.pt-style-2 .parallax-title:after, #ut_header_69f46e787496a.pt-style-2 .section-title:after {background-color: ;height: ;width: ;}Campionat Barista de Catalunya El Gremi del Caf\u00e8 participa activament en els campionats de baristes que organitza a Catalunya el F\u00f2rum Cultural del Caf\u00e8. El Campionat Barista \u00e9s un esdeveniment en format de competici\u00f3, en el que sis o vuit baristes [...]","protected":false},"author":1,"featured_media":0,"parent":0,"menu_order":0,"comment_status":"closed","ping_status":"closed","template":"","meta":{"_acf_changed":false,"inline_featured_image":false,"footnotes":""},"class_list":["post-3345","page","type-page","status-publish","hentry"],"acf":[],"yoast_head":"<!-- This site is optimized with the Yoast SEO plugin v25.5 - https:\/\/yoast.com\/wordpress\/plugins\/seo\/ -->\n<title>Campionat Barista de Catalunya - Gremi del Caf\u00e8, torradors de Catalunya<\/title>\n<meta name=\"robots\" content=\"index, follow, max-snippet:-1, max-image-preview:large, max-video-preview:-1\" \/>\n<link rel=\"canonical\" href=\"https:\/\/gremicafe.cat\/es\/campionat-barista\/\" \/>\n<meta property=\"og:locale\" content=\"es_ES\" \/>\n<meta property=\"og:type\" content=\"article\" \/>\n<meta property=\"og:title\" content=\"Campionat Barista de Catalunya - Gremi del Caf\u00e8, torradors de Catalunya\" \/>\n<meta property=\"og:url\" content=\"https:\/\/gremicafe.cat\/es\/campionat-barista\/\" \/>\n<meta property=\"og:site_name\" content=\"Gremi del Caf\u00e8, torradors de Catalunya\" \/>\n<meta property=\"article:publisher\" content=\"https:\/\/www.facebook.com\/gremicafecat\" \/>\n<meta property=\"article:modified_time\" content=\"2021-03-18T11:09:54+00:00\" \/>\n<meta name=\"twitter:card\" content=\"summary_large_image\" \/>\n<meta name=\"twitter:site\" content=\"@gremicafecat\" \/>\n<meta name=\"twitter:label1\" content=\"Tiempo de lectura\" \/>\n\t<meta name=\"twitter:data1\" content=\"3 minutos\" \/>\n<script type=\"application\/ld+json\" class=\"yoast-schema-graph\">{\"@context\":\"https:\/\/schema.org\",\"@graph\":[{\"@type\":\"WebPage\",\"@id\":\"https:\/\/gremicafe.cat\/campionat-barista\/\",\"url\":\"https:\/\/gremicafe.cat\/campionat-barista\/\",\"name\":\"Campionat Barista de Catalunya - Gremi del Caf\u00e8, torradors de Catalunya\",\"isPartOf\":{\"@id\":\"https:\/\/gremicafe.cat\/#website\"},\"datePublished\":\"2018-03-28T10:14:41+00:00\",\"dateModified\":\"2021-03-18T11:09:54+00:00\",\"breadcrumb\":{\"@id\":\"https:\/\/gremicafe.cat\/campionat-barista\/#breadcrumb\"},\"inLanguage\":\"es\",\"potentialAction\":[{\"@type\":\"ReadAction\",\"target\":[\"https:\/\/gremicafe.cat\/campionat-barista\/\"]}]},{\"@type\":\"BreadcrumbList\",\"@id\":\"https:\/\/gremicafe.cat\/campionat-barista\/#breadcrumb\",\"itemListElement\":[{\"@type\":\"ListItem\",\"position\":1,\"name\":\"Inici\",\"item\":\"https:\/\/gremicafe.cat\/\"},{\"@type\":\"ListItem\",\"position\":2,\"name\":\"Campionat Barista de Catalunya\"}]},{\"@type\":\"WebSite\",\"@id\":\"https:\/\/gremicafe.cat\/#website\",\"url\":\"https:\/\/gremicafe.cat\/\",\"name\":\"Gremi del Caf\u00e8, torradors de Catalunya\",\"description\":\"Web oficial del gremi de torradors de caf\u00e8 de Catalunya\",\"publisher\":{\"@id\":\"https:\/\/gremicafe.cat\/#organization\"},\"potentialAction\":[{\"@type\":\"SearchAction\",\"target\":{\"@type\":\"EntryPoint\",\"urlTemplate\":\"https:\/\/gremicafe.cat\/?s={search_term_string}\"},\"query-input\":{\"@type\":\"PropertyValueSpecification\",\"valueRequired\":true,\"valueName\":\"search_term_string\"}}],\"inLanguage\":\"es\"},{\"@type\":\"Organization\",\"@id\":\"https:\/\/gremicafe.cat\/#organization\",\"name\":\"Gremi del Caf\u00e8, Torradors de Catalunya\",\"url\":\"https:\/\/gremicafe.cat\/\",\"logo\":{\"@type\":\"ImageObject\",\"inLanguage\":\"es\",\"@id\":\"https:\/\/gremicafe.cat\/#\/schema\/logo\/image\/\",\"url\":\"https:\/\/gremicafe.cat\/wp-content\/uploads\/2018\/03\/gremicafe-logo250.png\",\"contentUrl\":\"https:\/\/gremicafe.cat\/wp-content\/uploads\/2018\/03\/gremicafe-logo250.png\",\"width\":250,\"height\":49,\"caption\":\"Gremi del Caf\u00e8, Torradors de Catalunya\"},\"image\":{\"@id\":\"https:\/\/gremicafe.cat\/#\/schema\/logo\/image\/\"},\"sameAs\":[\"https:\/\/www.facebook.com\/gremicafecat\",\"https:\/\/x.com\/gremicafecat\",\"https:\/\/www.instagram.com\/gremicafecat\/\",\"https:\/\/www.pinterest.es\/gremicafecat\/\",\"https:\/\/www.youtube.com\/channel\/UCGLo5Y35vLwLvP4FrPZrCrw\/\"]}]}<\/script>\n<!-- \/ Yoast SEO plugin. -->","yoast_head_json":{"title":"Campionat Barista de Catalunya - Gremi del Caf\u00e8, torradors de Catalunya","robots":{"index":"index","follow":"follow","max-snippet":"max-snippet:-1","max-image-preview":"max-image-preview:large","max-video-preview":"max-video-preview:-1"},"canonical":"https:\/\/gremicafe.cat\/es\/campionat-barista\/","og_locale":"es_ES","og_type":"article","og_title":"Campionat Barista de Catalunya - Gremi del Caf\u00e8, torradors de Catalunya","og_url":"https:\/\/gremicafe.cat\/es\/campionat-barista\/","og_site_name":"Gremi del Caf\u00e8, torradors de Catalunya","article_publisher":"https:\/\/www.facebook.com\/gremicafecat","article_modified_time":"2021-03-18T11:09:54+00:00","twitter_card":"summary_large_image","twitter_site":"@gremicafecat","twitter_misc":{"Tiempo de lectura":"3 minutos"},"schema":{"@context":"https:\/\/schema.org","@graph":[{"@type":"WebPage","@id":"https:\/\/gremicafe.cat\/campionat-barista\/","url":"https:\/\/gremicafe.cat\/campionat-barista\/","name":"Campionat Barista de Catalunya - Gremi del Caf\u00e8, torradors de Catalunya","isPartOf":{"@id":"https:\/\/gremicafe.cat\/#website"},"datePublished":"2018-03-28T10:14:41+00:00","dateModified":"2021-03-18T11:09:54+00:00","breadcrumb":{"@id":"https:\/\/gremicafe.cat\/campionat-barista\/#breadcrumb"},"inLanguage":"es","potentialAction":[{"@type":"ReadAction","target":["https:\/\/gremicafe.cat\/campionat-barista\/"]}]},{"@type":"BreadcrumbList","@id":"https:\/\/gremicafe.cat\/campionat-barista\/#breadcrumb","itemListElement":[{"@type":"ListItem","position":1,"name":"Inici","item":"https:\/\/gremicafe.cat\/"},{"@type":"ListItem","position":2,"name":"Campionat Barista de Catalunya"}]},{"@type":"WebSite","@id":"https:\/\/gremicafe.cat\/#website","url":"https:\/\/gremicafe.cat\/","name":"Gremio del Caf\u00e9, tostadores de Catalu\u00f1a","description":"Web oficial del gremio de tostadores de caf\u00e9 de Catalunya","publisher":{"@id":"https:\/\/gremicafe.cat\/#organization"},"potentialAction":[{"@type":"SearchAction","target":{"@type":"EntryPoint","urlTemplate":"https:\/\/gremicafe.cat\/?s={search_term_string}"},"query-input":{"@type":"PropertyValueSpecification","valueRequired":true,"valueName":"search_term_string"}}],"inLanguage":"es"},{"@type":"Organization","@id":"https:\/\/gremicafe.cat\/#organization","name":"Gremio del Caf\u00e9, Tostadores de Catalu\u00f1a","url":"https:\/\/gremicafe.cat\/","logo":{"@type":"ImageObject","inLanguage":"es","@id":"https:\/\/gremicafe.cat\/#\/schema\/logo\/image\/","url":"https:\/\/gremicafe.cat\/wp-content\/uploads\/2018\/03\/gremicafe-logo250.png","contentUrl":"https:\/\/gremicafe.cat\/wp-content\/uploads\/2018\/03\/gremicafe-logo250.png","width":250,"height":49,"caption":"Gremi del Caf\u00e8, Torradors de Catalunya"},"image":{"@id":"https:\/\/gremicafe.cat\/#\/schema\/logo\/image\/"},"sameAs":["https:\/\/www.facebook.com\/gremicafecat","https:\/\/x.com\/gremicafecat","https:\/\/www.instagram.com\/gremicafecat\/","https:\/\/www.pinterest.es\/gremicafecat\/","https:\/\/www.youtube.com\/channel\/UCGLo5Y35vLwLvP4FrPZrCrw\/"]}]}},"_links":{"self":[{"href":"https:\/\/gremicafe.cat\/es\/wp-json\/wp\/v2\/pages\/3345"}],"collection":[{"href":"https:\/\/gremicafe.cat\/es\/wp-json\/wp\/v2\/pages"}],"about":[{"href":"https:\/\/gremicafe.cat\/es\/wp-json\/wp\/v2\/types\/page"}],"author":[{"embeddable":true,"href":"https:\/\/gremicafe.cat\/es\/wp-json\/wp\/v2\/users\/1"}],"replies":[{"embeddable":true,"href":"https:\/\/gremicafe.cat\/es\/wp-json\/wp\/v2\/comments?post=3345"}],"version-history":[{"count":0,"href":"https:\/\/gremicafe.cat\/es\/wp-json\/wp\/v2\/pages\/3345\/revisions"}],"wp:attachment":[{"href":"https:\/\/gremicafe.cat\/es\/wp-json\/wp\/v2\/media?parent=3345"}],"curies":[{"name":"wp","href":"https:\/\/api.w.org\/{rel}","templated":true}]}}