{"id":3347,"date":"2018-03-28T12:15:56","date_gmt":"2018-03-28T10:15:56","guid":{"rendered":"http:\/\/gremicafe.cat\/?page_id=3347"},"modified":"2022-06-08T16:05:50","modified_gmt":"2022-06-08T14:05:50","slug":"cafe-plaer","status":"publish","type":"page","link":"https:\/\/gremicafe.cat\/es\/cafe-plaer\/","title":{"rendered":"El caf\u00e9, un placer"},"content":{"rendered":"<section id=\"ut-section-69f46e76f20cb\" data-vc-full-width=\"true\" data-vc-full-width-init=\"false\" class=\"vc_section vc_section-has-no-fill ut-section-69f46e76f20dc\"><div id=\"ut-row-69f46e76f26e1\" data-vc-full-width=\"true\" data-vc-full-width-init=\"false\" class=\"vc_row wpb_row vc_row-fluid vc_column-gap-0 ut-row-69f46e76f26ef\" ><div class=\"wpb_column vc_column_container vc_col-sm-2\" ><div id=\"ut_inner_column_69f46e76f2d51\" class=\"vc_column-inner\"><div class=\"wpb_wrapper\"><\/div><\/div><\/div><div class=\"wpb_column vc_column_container vc_col-sm-8\" ><div id=\"ut_inner_column_69f46e76f2f90\" class=\"vc_column-inner\"><div class=\"wpb_wrapper\"><div class=\"wpb_content_element\"><style type=\"text\/css\" scoped>#ut_header_69f46e76f321c h2 span { color:; }#ut_header_69f46e76f321c.pt-style-2 .page-title:after, #ut_header_69f46e76f321c.pt-style-2 .parallax-title:after, #ut_header_69f46e76f321c.pt-style-2 .section-title:after {background-color: ;height: ;width: ;}<\/style><header id=\"ut_header_69f46e76f321c\" class=\"section-header pt-style-2 header-center\"><h2  class=\"section-title\"><span>El caf\u00e9, un placer<\/span><\/h2><\/header><\/div>\n\t<div class=\"wpb_text_column wpb_content_element\" >\n\t\t<div class=\"wpb_wrapper\">\n\t\t\t<p style=\"text-align: center; font-size: 1.2em;\"><em>El primer caf\u00e9 del d\u00eda te ayuda a ponerte en marcha; el de media ma\u00f1ana lo compartes con gente del trabajo mientras comentas las noticias del d\u00eda; a la hora de comer el caf\u00e9 es el momento de la reflexi\u00f3n; a media tarde te gusta algo m\u00e1s sofisticado, quiz\u00e1s con compa\u00f1\u00eda; al anochecer, despu\u00e9s de cenar te lo tomas con calma, con serenidad. Es verdad,\u00a0<\/em><\/p>\n<h3 style=\"text-align: center; font-size: 1.2em;\"><em>tomar un caf\u00e9 es un placer.<\/em><\/h3>\n\n\t\t<\/div>\n\t<\/div>\n<div class=\"vc-zigzag-wrapper wpb_animate_when_almost_visible wpb_fadeIn fadeIn vc-zigzag-align-center\" >\n\t<div class=\"vc-zigzag-inner\"\n\t\t\tstyle=\"width: 100%;min-height: 14px;background: 0 repeat-x url(&#039;data:image\/svg+xml;utf-8,%3C%3Fxml%20version%3D%221.0%22%20encoding%3D%22utf-8%22%3F%3E%3C%21DOCTYPE%20svg%20PUBLIC%20%22-%2F%2FW3C%2F%2FDTD%20SVG%201.1%2F%2FEN%22%20%22http%3A%2F%2Fwww.w3.org%2FGraphics%2FSVG%2F1.1%2FDTD%2Fsvg11.dtd%22%3E%3Csvg%20width%3D%2214px%22%20height%3D%2212px%22%20viewBox%3D%220%200%2018%2015%22%20version%3D%221.1%22%20xmlns%3D%22http%3A%2F%2Fwww.w3.org%2F2000%2Fsvg%22%20xmlns%3Axlink%3D%22http%3A%2F%2Fwww.w3.org%2F1999%2Fxlink%22%3E%3Cpolygon%20id%3D%22Combined-Shape%22%20fill%3D%22%23ebebeb%22%20points%3D%228.98762301%200%200%209.12771969%200%2014.519983%209%205.40479869%2018%2014.519983%2018%209.12771969%22%3E%3C%2Fpolygon%3E%3C%2Fsvg%3E&#039;);\">\n\t<\/div>\n<\/div>\n<\/div><\/div><\/div><div class=\"wpb_column vc_column_container vc_col-sm-2\" ><div id=\"ut_inner_column_69f46e76f3831\" class=\"vc_column-inner\"><div class=\"wpb_wrapper\"><\/div><\/div><\/div><\/div><div class=\"vc_row-full-width vc_clearfix\"><\/div><div id=\"ut-row-69f46e76f3bfe\" data-vc-full-width=\"true\" data-vc-full-width-init=\"false\" class=\"vc_row wpb_row vc_row-fluid vc_column-gap-0 ut-row-69f46e76f3c09\" ><div class=\"wpb_column vc_column_container vc_col-sm-6\" ><div id=\"ut_inner_column_69f46e76f3fa8\" class=\"vc_column-inner\"><div class=\"wpb_wrapper\"><div class=\"wpb_content_element\"><style type=\"text\/css\" scoped>#ut_header_69f46e76f414d h2 span { color:; }#ut_header_69f46e76f414d h2.section-title { font-size: 30px; }#ut_header_69f46e76f414d.pt-style-2 .page-title:after, #ut_header_69f46e76f414d.pt-style-2 .parallax-title:after, #ut_header_69f46e76f414d.pt-style-2 .section-title:after {background-color: ;height: ;width: ;}<\/style><header id=\"ut_header_69f46e76f414d\" class=\"section-header pt-style-2 header-right\"><h2  class=\"section-title\"><span>El caf\u00e9 de cada d\u00eda<\/span><\/h2><\/header><\/div>\n\t<div class=\"wpb_text_column wpb_content_element\" >\n\t\t<div class=\"wpb_wrapper\">\n\t\t\t<p style=\"text-align: justify;\">Si t\u00fa quieres, cada d\u00eda puedes tomarte un buen caf\u00e9. Estamos hablando de un caf\u00e9 bien hecho, de calidad, que sea 100% natural y que est\u00e9 reci\u00e9n tostado, por una empresa certificada. \u00bfC\u00f3mo lo sabes? Solo tienes que escoger un bar, una cafeter\u00eda o un restaurante que tengan una marca de caf\u00e9 de una de las empresas asociadas al Gremio de Tostadores de Caf\u00e9 de Catalunya y que est\u00e9n identificadas al efecto.<\/p>\n\n\t\t<\/div>\n\t<\/div>\n<\/div><\/div><\/div><div class=\"wpb_column vc_column_container vc_col-sm-6\" ><div id=\"ut_inner_column_69f46e770025c\" class=\"vc_column-inner\"><div class=\"wpb_wrapper\"><div class=\"wpb_content_element   clearfix\">            \n            <script type=\"text\/javascript\">\n                \n                (function($){\n                    \n                    $(document).ready(function(){\n                        \n                                                                        \n                        function get_animated_objects( $all_appeared_elements, effect ) {\n                            \n                            var counter = 0;\n                            \n                            $all_appeared_elements.each(function(){\n                                        \n                                if( $(this).hasClass(effect) ) {\n\n                                    counter++;\n\n                                }\n\n                            });\n                            \n                            return counter;\n                            \n                        }\n                        \n                          \n                    });\n                        \n                })(jQuery);\n            \n            <\/script>\n            \n            <style type=\"text\/css\" scoped>#ut_ig_69f46e77002ee .ut-lazy:not(.ut-image-loaded) + .ut-video-module-loading { display:block; }#ut_ig_69f46e77002ee .ut-lazy.ut-image-loaded + .ut-video-module-loading { display:none; }<\/style><div id=\"ut_ig_69f46e77002ee\" class=\"ut-image-gallery  clearfix\"><div  data-count=\"1\" class=\"ut-image-gallery-item ut-animation-done grid-100 tablet-grid-100 mobile-grid-100\"><a title=\"\" class=\"ut-vc-images-lightbox\"  data-exthumbimage=\"https:\/\/gremicafe.cat\/wp-content\/uploads\/2018\/03\/1banner_primer_plaer_torradors-150x150.jpg\" href=\"https:\/\/gremicafe.cat\/wp-content\/uploads\/2018\/03\/1banner_primer_plaer_torradors.jpg\"><div class=\"ut-image-gallery-image\"><img loading=\"lazy\" decoding=\"async\" alt=\"B\u00e0nner campanya El caf\u00e8, un plaer. El primer plaer del dia.\" class=\"\" src=\"https:\/\/gremicafe.cat\/wp-content\/uploads\/2018\/03\/1banner_primer_plaer_torradors.jpg\" width=\"646\" height=\"646\"><\/div><\/a><\/div><div class=\"clear\"><\/div><\/div><\/div><\/div><\/div><\/div><\/div><div class=\"vc_row-full-width vc_clearfix\"><\/div><div id=\"ut-row-69f46e77011b1\" data-vc-full-width=\"true\" data-vc-full-width-init=\"false\" class=\"vc_row wpb_row vc_row-fluid vc_column-gap-0 ut-row-69f46e77011bd\" ><div class=\"wpb_column vc_column_container vc_col-sm-6\" ><div id=\"ut_inner_column_69f46e77014ef\" class=\"vc_column-inner\"><div class=\"wpb_wrapper\"><div class=\"wpb_content_element   clearfix\">            \n            <script type=\"text\/javascript\">\n                \n                (function($){\n                    \n                    $(document).ready(function(){\n                        \n                                                                        \n                        function get_animated_objects( $all_appeared_elements, effect ) {\n                            \n                            var counter = 0;\n                            \n                            $all_appeared_elements.each(function(){\n                                        \n                                if( $(this).hasClass(effect) ) {\n\n                                    counter++;\n\n                                }\n\n                            });\n                            \n                            return counter;\n                            \n                        }\n                        \n                          \n                    });\n                        \n                })(jQuery);\n            \n            <\/script>\n            \n            <style type=\"text\/css\" scoped>#ut_ig_69f46e770159b .ut-lazy:not(.ut-image-loaded) + .ut-video-module-loading { display:block; }#ut_ig_69f46e770159b .ut-lazy.ut-image-loaded + .ut-video-module-loading { display:none; }<\/style><div id=\"ut_ig_69f46e770159b\" class=\"ut-image-gallery  clearfix\"><div  data-count=\"1\" class=\"ut-image-gallery-item ut-animation-done grid-100 tablet-grid-100 mobile-grid-100\"><a title=\"\" class=\"ut-vc-images-lightbox\"  data-exthumbimage=\"https:\/\/gremicafe.cat\/wp-content\/uploads\/2018\/03\/2banner_cafe_plaer_torradors-150x150.jpg\" href=\"https:\/\/gremicafe.cat\/wp-content\/uploads\/2018\/03\/2banner_cafe_plaer_torradors.jpg\"><div class=\"ut-image-gallery-image\"><img loading=\"lazy\" decoding=\"async\" alt=\"B\u00e0nner El caf\u00e8, un plaer. El caf\u00e8, un plaer gastron\u00f2mic.\" class=\"\" src=\"https:\/\/gremicafe.cat\/wp-content\/uploads\/2018\/03\/2banner_cafe_plaer_torradors.jpg\" width=\"646\" height=\"646\"><\/div><\/a><\/div><div class=\"clear\"><\/div><\/div><\/div><\/div><\/div><\/div><div class=\"wpb_column vc_column_container vc_col-sm-6\" ><div id=\"ut_inner_column_69f46e7701e7a\" class=\"vc_column-inner\"><div class=\"wpb_wrapper\"><div class=\"wpb_content_element\"><style type=\"text\/css\" scoped>#ut_header_69f46e77020e0 h2 span { color:; }#ut_header_69f46e77020e0 h2.section-title { font-size: 30px; }#ut_header_69f46e77020e0.pt-style-2 .page-title:after, #ut_header_69f46e77020e0.pt-style-2 .parallax-title:after, #ut_header_69f46e77020e0.pt-style-2 .section-title:after {background-color: ;height: ;width: ;}<\/style><header id=\"ut_header_69f46e77020e0\" class=\"section-header pt-style-2 header-left\"><h2  class=\"section-title\"><span>Hacer un buen caf\u00e9<\/span><\/h2><\/header><\/div>\n\t<div class=\"wpb_text_column wpb_content_element\" >\n\t\t<div class=\"wpb_wrapper\">\n\t\t\t<p style=\"text-align: justify;\">El caf\u00e9 y las diferentes formas de prepararlo nos seducen cada d\u00eda m\u00e1s y cada d\u00eda somos m\u00e1s exigentes. Conocemos palabras como ristretto, capuccino, macchiato, se han hecho tan populares como cortado, caf\u00e9 con gotas o caf\u00e9 con leche. Pero es necesario saber prepararlo bien y servirlo adecuadamente. \u00bfQuieres conocer m\u00e1s cosas del caf\u00e9? Preg\u00fantalo en tu establecimiento. Te ense\u00f1ar\u00e1n, al menos, las veinte formas m\u00e1s habituales de tomar un buen caf\u00e9 en Catalunya. Seguro que encuentras lo que m\u00e1s te gusta.<\/p>\n\n\t\t<\/div>\n\t<\/div>\n<\/div><\/div><\/div><\/div><div class=\"vc_row-full-width vc_clearfix\"><\/div><div id=\"ut-row-69f46e77025be\" data-vc-full-width=\"true\" data-vc-full-width-init=\"false\" class=\"vc_row wpb_row vc_row-fluid vc_column-gap-0 ut-row-69f46e77025c9\" ><div class=\"wpb_column vc_column_container vc_col-sm-6\" ><div id=\"ut_inner_column_69f46e77028c3\" class=\"vc_column-inner\"><div class=\"wpb_wrapper\"><div class=\"wpb_content_element\"><style type=\"text\/css\" scoped>#ut_header_69f46e7702a08 h2 span { color:; }#ut_header_69f46e7702a08 h2.section-title { font-size: 30px; }#ut_header_69f46e7702a08.pt-style-2 .page-title:after, #ut_header_69f46e7702a08.pt-style-2 .parallax-title:after, #ut_header_69f46e7702a08.pt-style-2 .section-title:after {background-color: ;height: ;width: ;}<\/style><header id=\"ut_header_69f46e7702a08\" class=\"section-header pt-style-2 header-right\"><h2  class=\"section-title\"><span>El mejor caf\u00e9<\/span><\/h2><\/header><\/div>\n\t<div class=\"wpb_text_column wpb_content_element\" >\n\t\t<div class=\"wpb_wrapper\">\n\t\t\t<p style=\"text-align: justify;\">El caf\u00e9 es un producto que se compra verde, en origen, en los pa\u00edses productores situados entre los tr\u00f3picos. Llega a Europa, por varios puertos autorizados, entre ellos el Puerto de Barcelona. El caf\u00e9 verde no se consume, podr\u00eda decirse que no tiene ning\u00fan gusto. Todas las cualidades, sabores y aromas que le conocemos, vienen del tostado del caf\u00e9. El tostador es, por tanto, el experto en caf\u00e9, aquel que sabe hacer los mejores blends, con las diferentes variedades y or\u00edgenes; lo que conoce el paladar m\u00e1s fino y el m\u00e1s exigente. Los hosteleros y restauradores de Catalu\u00f1a lo saben, y por eso tienen un caf\u00e9, 100% natural y tostado cerca de casa por un tostador certificado.<\/p>\n\n\t\t<\/div>\n\t<\/div>\n<\/div><\/div><\/div><div class=\"wpb_column vc_column_container vc_col-sm-6\" ><div id=\"ut_inner_column_69f46e7702c6b\" class=\"vc_column-inner\"><div class=\"wpb_wrapper\"><div class=\"wpb_content_element   clearfix\">            \n            <script type=\"text\/javascript\">\n                \n                (function($){\n                    \n                    $(document).ready(function(){\n                        \n                                                                        \n                        function get_animated_objects( $all_appeared_elements, effect ) {\n                            \n                            var counter = 0;\n                            \n                            $all_appeared_elements.each(function(){\n                                        \n                                if( $(this).hasClass(effect) ) {\n\n                                    counter++;\n\n                                }\n\n                            });\n                            \n                            return counter;\n                            \n                        }\n                        \n                          \n                    });\n                        \n                })(jQuery);\n            \n            <\/script>\n            \n            <style type=\"text\/css\" scoped>#ut_ig_69f46e7702ce2 .ut-lazy:not(.ut-image-loaded) + .ut-video-module-loading { display:block; }#ut_ig_69f46e7702ce2 .ut-lazy.ut-image-loaded + .ut-video-module-loading { display:none; }<\/style><div id=\"ut_ig_69f46e7702ce2\" class=\"ut-image-gallery  clearfix\"><div  data-count=\"1\" class=\"ut-image-gallery-item ut-animation-done grid-100 tablet-grid-100 mobile-grid-100\"><a title=\"\" class=\"ut-vc-images-lightbox\"  data-exthumbimage=\"https:\/\/gremicafe.cat\/wp-content\/uploads\/2018\/03\/3banner_plaer_desitjat_torradors-150x150.jpg\" href=\"https:\/\/gremicafe.cat\/wp-content\/uploads\/2018\/03\/3banner_plaer_desitjat_torradors.jpg\"><div class=\"ut-image-gallery-image\"><img loading=\"lazy\" decoding=\"async\" alt=\"Banner El caf\u00e8, un plaer. El caf\u00e8 de la tarda, el plaer desitjat.\" class=\"\" src=\"https:\/\/gremicafe.cat\/wp-content\/uploads\/2018\/03\/3banner_plaer_desitjat_torradors.jpg\" width=\"646\" height=\"646\"><\/div><\/a><\/div><div class=\"clear\"><\/div><\/div><\/div><\/div><\/div><\/div><\/div><div class=\"vc_row-full-width vc_clearfix\"><\/div><div id=\"ut-row-69f46e7703808\" data-vc-full-width=\"true\" data-vc-full-width-init=\"false\" class=\"vc_row wpb_row vc_row-fluid vc_column-gap-0 ut-row-69f46e7703817\" ><div class=\"wpb_column vc_column_container vc_col-sm-6\" ><div id=\"ut_inner_column_69f46e7703ba6\" class=\"vc_column-inner\"><div class=\"wpb_wrapper\"><div class=\"wpb_content_element   clearfix\">            \n            <script type=\"text\/javascript\">\n                \n                (function($){\n                    \n                    $(document).ready(function(){\n                        \n                                                                        \n                        function get_animated_objects( $all_appeared_elements, effect ) {\n                            \n                            var counter = 0;\n                            \n                            $all_appeared_elements.each(function(){\n                                        \n                                if( $(this).hasClass(effect) ) {\n\n                                    counter++;\n\n                                }\n\n                            });\n                            \n                            return counter;\n                            \n                        }\n                        \n                          \n                    });\n                        \n                })(jQuery);\n            \n            <\/script>\n            \n            <style type=\"text\/css\" scoped>#ut_ig_69f46e7703c2b .ut-lazy:not(.ut-image-loaded) + .ut-video-module-loading { display:block; }#ut_ig_69f46e7703c2b .ut-lazy.ut-image-loaded + .ut-video-module-loading { display:none; }<\/style><div id=\"ut_ig_69f46e7703c2b\" class=\"ut-image-gallery  clearfix\"><div  data-count=\"1\" class=\"ut-image-gallery-item ut-animation-done grid-100 tablet-grid-100 mobile-grid-100\"><a title=\"\" class=\"ut-vc-images-lightbox\"  data-exthumbimage=\"https:\/\/gremicafe.cat\/wp-content\/uploads\/2018\/03\/6banner_ultim_plaer_torradors-150x150.jpg\" href=\"https:\/\/gremicafe.cat\/wp-content\/uploads\/2018\/03\/6banner_ultim_plaer_torradors.jpg\"><div class=\"ut-image-gallery-image\"><img loading=\"lazy\" decoding=\"async\" alt=\"Banner El caf\u00e8, un plaer. L&#039;\u00faltim plaer del millor sopar.\" class=\"\" src=\"https:\/\/gremicafe.cat\/wp-content\/uploads\/2018\/03\/6banner_ultim_plaer_torradors.jpg\" width=\"646\" height=\"646\"><\/div><\/a><\/div><div class=\"clear\"><\/div><\/div><\/div><\/div><\/div><\/div><div class=\"wpb_column vc_column_container vc_col-sm-6\" ><div id=\"ut_inner_column_69f46e77044ad\" class=\"vc_column-inner\"><div class=\"wpb_wrapper\"><div class=\"wpb_content_element\"><style type=\"text\/css\" scoped>#ut_header_69f46e77046ec h2 span { color:; }#ut_header_69f46e77046ec h2.section-title { font-size: 30px; }#ut_header_69f46e77046ec.pt-style-2 .page-title:after, #ut_header_69f46e77046ec.pt-style-2 .parallax-title:after, #ut_header_69f46e77046ec.pt-style-2 .section-title:after {background-color: ;height: ;width: ;}<\/style><header id=\"ut_header_69f46e77046ec\" class=\"section-header pt-style-2 header-left\"><h2  class=\"section-title\"><span>El caf\u00e9 mejor hecho<\/span><\/h2><\/header><\/div>\n\t<div class=\"wpb_text_column wpb_content_element\" >\n\t\t<div class=\"wpb_wrapper\">\n\t\t\t<p style=\"text-align: justify;\">El tostador de caf\u00e9 del Gremio de Tostadores de Caf\u00e9 de Catalunya suministra los granos de caf\u00e9 tostado a los establecimientos de hosteler\u00eda identificado con su marca. Aqu\u00ed empieza el arte de tomar un buen caf\u00e9: con manos expertas el barista pondr\u00e1 los granos de caf\u00e9 en un molino preparado para molerlo, justo antes de ponerlo en la cafetera para hacer un excelente espresso. T\u00fa eliges si lo quieres, corto, cortado o con gotas. Seguro que el caf\u00e9 estar\u00e1 bien hecho.<\/p>\n\n\t\t<\/div>\n\t<\/div>\n<\/div><\/div><\/div><\/div><div class=\"vc_row-full-width vc_clearfix\"><\/div><\/section><div class=\"vc_row-full-width vc_clearfix\"><\/div><section id=\"ut-section-69f46e7704f84\" data-vc-full-width=\"true\" data-vc-full-width-init=\"false\" class=\"vc_section vc_section-has-fill ut-section-69f46e7704f8e ut-parallax-section\"><div id=\"ut-parallax-69f46e7704f91\" data-parallax-bottom data-parallax-factor=\"8\" class=\"parallax-scroll-container parallax-scroll-container-hide\"><\/div><div id=\"ut-row-69f46e7705351\" data-vc-full-width=\"true\" data-vc-full-width-init=\"false\" class=\"vc_row wpb_row vc_row-fluid vc_column-gap-0 ut-row-69f46e770535c\" ><div class=\"wpb_column vc_column_container vc_col-sm-3\" ><div id=\"ut_inner_column_69f46e7705688\" class=\"vc_column-inner\"><div class=\"wpb_wrapper\"><\/div><\/div><\/div><div class=\"wpb_column vc_column_container vc_col-sm-6\" ><div id=\"ut_inner_column_69f46e77057b0\" class=\"vc_column-inner\"><div class=\"wpb_wrapper\"><div class=\"wpb_content_element\"><style type=\"text\/css\" scoped>#ut_header_69f46e7705b21 h2 span { color:#ffffff; }#ut_header_69f46e7705b21.pt-style-2 .page-title:after, #ut_header_69f46e7705b21.pt-style-2 .parallax-title:after, #ut_header_69f46e7705b21.pt-style-2 .section-title:after {background-color: #ffffff;height: ;width: ;}<\/style><header id=\"ut_header_69f46e7705b21\" class=\"section-header pt-style-2 header-center\"><h2  class=\"section-title\"><span>El caf\u00e9, un placer<\/span><\/h2><\/header><\/div>\n\t<div class=\"wpb_text_column wpb_content_element\" >\n\t\t<div class=\"wpb_wrapper\">\n\t\t\t<p style=\"text-align: center; color: #ffffff;\">Que tomar caf\u00e9 sea un placer, tambi\u00e9n depende de ti. Est\u00e9s donde est\u00e9s, exige que el caf\u00e9 sea 100% natural y que est\u00e9 reci\u00e9n tostado por una empresa certificada por el Gremio de Tostadores de Caf\u00e9 de Catalunya.<\/p>\n\n\t\t<\/div>\n\t<\/div>\n<style type=\"text\/css\" scoped><\/style><div id=\"bklyn_btn_69f46e7705d06\" class=\"bklyn-btn-holder  bklyn-btn-center\"><a title=\"\u00bfQu\u00e9 es un establecimiento certificado?\"   href=\"http:\/\/gremicafe.cat\/es\/establiments-certificats\/\" target=\"_self\" class=\"bklyn-btn  bklyn-btn-normal\" >\u00bfQu\u00e9 es un establecimiento certificado?<\/a><\/div><\/div><style type=\"text\/css\" scoped>#ut_inner_column_69f46e77057b0{padding-top: 50px !important;padding-bottom: 50px !important;}<\/style><\/div><\/div><div class=\"wpb_column vc_column_container vc_col-sm-3\" ><div id=\"ut_inner_column_69f46e7705e72\" class=\"vc_column-inner\"><div class=\"wpb_wrapper\"><\/div><\/div><\/div><\/div><div class=\"vc_row-full-width vc_clearfix\"><\/div><style type=\"text\/css\" scoped> #ut-parallax-69f46e7704f91{ background-image: url( https:\/\/gremicafe.cat\/wp-content\/uploads\/2018\/03\/gremi-campanya-el-cafe-un-plaer-1958.png?id=3454 ); }<\/style><\/section><div class=\"vc_row-full-width vc_clearfix\"><\/div>","protected":false},"excerpt":{"rendered":"#ut_header_69f46e770737c h2 span { color:; }#ut_header_69f46e770737c.pt-style-2 .page-title:after, #ut_header_69f46e770737c.pt-style-2 .parallax-title:after, #ut_header_69f46e770737c.pt-style-2 .section-title:after {background-color: ;height: ;width: ;}El caf\u00e8, un plaer El primer caf\u00e8 del dia t\u2019ajuda a posar-te en marxa; el de mig mat\u00ed el comparteixes amb gent de la feina mentre comentes les not\u00edcies del dia; a l\u2019hora de dinar el caf\u00e8 \u00e9s el moment de [...]","protected":false},"author":1,"featured_media":0,"parent":0,"menu_order":0,"comment_status":"closed","ping_status":"closed","template":"","meta":{"_acf_changed":false,"inline_featured_image":false,"footnotes":""},"class_list":["post-3347","page","type-page","status-publish","hentry"],"acf":[],"yoast_head":"<!-- This site is optimized with the Yoast SEO plugin v25.5 - https:\/\/yoast.com\/wordpress\/plugins\/seo\/ -->\n<title>El caf\u00e8, un plaer | Gremi del Caf\u00e8, torradors de Catalunya<\/title>\n<meta name=\"description\" content=\"Que prendre caf\u00e8 sigui un plaer, tamb\u00e9 dep\u00e8n de tu. Siguis on siguis, exigeix que el caf\u00e8 sigui 100% natural i que estigui acabat de torrar.\" \/>\n<meta name=\"robots\" content=\"index, follow, max-snippet:-1, max-image-preview:large, max-video-preview:-1\" \/>\n<link rel=\"canonical\" href=\"https:\/\/gremicafe.cat\/es\/cafe-plaer\/\" \/>\n<meta property=\"og:locale\" content=\"es_ES\" \/>\n<meta property=\"og:type\" content=\"article\" \/>\n<meta property=\"og:title\" content=\"El caf\u00e8, un plaer | Gremi del Caf\u00e8, torradors de Catalunya\" \/>\n<meta property=\"og:description\" content=\"Que prendre caf\u00e8 sigui un plaer, tamb\u00e9 dep\u00e8n de tu. Siguis on siguis, exigeix que el caf\u00e8 sigui 100% natural i que estigui acabat de torrar.\" \/>\n<meta property=\"og:url\" content=\"https:\/\/gremicafe.cat\/es\/cafe-plaer\/\" \/>\n<meta property=\"og:site_name\" content=\"Gremi del Caf\u00e8, torradors de Catalunya\" \/>\n<meta property=\"article:publisher\" content=\"https:\/\/www.facebook.com\/gremicafecat\" \/>\n<meta property=\"article:modified_time\" content=\"2022-06-08T14:05:50+00:00\" \/>\n<meta name=\"twitter:card\" content=\"summary_large_image\" \/>\n<meta name=\"twitter:site\" content=\"@gremicafecat\" \/>\n<meta name=\"twitter:label1\" content=\"Tiempo de lectura\" \/>\n\t<meta name=\"twitter:data1\" content=\"4 minutos\" \/>\n<script type=\"application\/ld+json\" class=\"yoast-schema-graph\">{\"@context\":\"https:\/\/schema.org\",\"@graph\":[{\"@type\":\"WebPage\",\"@id\":\"https:\/\/gremicafe.cat\/cafe-plaer\/\",\"url\":\"https:\/\/gremicafe.cat\/cafe-plaer\/\",\"name\":\"El caf\u00e8, un plaer | Gremi del Caf\u00e8, torradors de Catalunya\",\"isPartOf\":{\"@id\":\"https:\/\/gremicafe.cat\/#website\"},\"datePublished\":\"2018-03-28T10:15:56+00:00\",\"dateModified\":\"2022-06-08T14:05:50+00:00\",\"description\":\"Que prendre caf\u00e8 sigui un plaer, tamb\u00e9 dep\u00e8n de tu. Siguis on siguis, exigeix que el caf\u00e8 sigui 100% natural i que estigui acabat de torrar.\",\"breadcrumb\":{\"@id\":\"https:\/\/gremicafe.cat\/cafe-plaer\/#breadcrumb\"},\"inLanguage\":\"es\",\"potentialAction\":[{\"@type\":\"ReadAction\",\"target\":[\"https:\/\/gremicafe.cat\/cafe-plaer\/\"]}]},{\"@type\":\"BreadcrumbList\",\"@id\":\"https:\/\/gremicafe.cat\/cafe-plaer\/#breadcrumb\",\"itemListElement\":[{\"@type\":\"ListItem\",\"position\":1,\"name\":\"Inici\",\"item\":\"https:\/\/gremicafe.cat\/\"},{\"@type\":\"ListItem\",\"position\":2,\"name\":\"El caf\u00e8, un plaer\"}]},{\"@type\":\"WebSite\",\"@id\":\"https:\/\/gremicafe.cat\/#website\",\"url\":\"https:\/\/gremicafe.cat\/\",\"name\":\"Gremi del Caf\u00e8, torradors de Catalunya\",\"description\":\"Web oficial del gremi de torradors de caf\u00e8 de Catalunya\",\"publisher\":{\"@id\":\"https:\/\/gremicafe.cat\/#organization\"},\"potentialAction\":[{\"@type\":\"SearchAction\",\"target\":{\"@type\":\"EntryPoint\",\"urlTemplate\":\"https:\/\/gremicafe.cat\/?s={search_term_string}\"},\"query-input\":{\"@type\":\"PropertyValueSpecification\",\"valueRequired\":true,\"valueName\":\"search_term_string\"}}],\"inLanguage\":\"es\"},{\"@type\":\"Organization\",\"@id\":\"https:\/\/gremicafe.cat\/#organization\",\"name\":\"Gremi del Caf\u00e8, Torradors de Catalunya\",\"url\":\"https:\/\/gremicafe.cat\/\",\"logo\":{\"@type\":\"ImageObject\",\"inLanguage\":\"es\",\"@id\":\"https:\/\/gremicafe.cat\/#\/schema\/logo\/image\/\",\"url\":\"https:\/\/gremicafe.cat\/wp-content\/uploads\/2018\/03\/gremicafe-logo250.png\",\"contentUrl\":\"https:\/\/gremicafe.cat\/wp-content\/uploads\/2018\/03\/gremicafe-logo250.png\",\"width\":250,\"height\":49,\"caption\":\"Gremi del Caf\u00e8, Torradors de Catalunya\"},\"image\":{\"@id\":\"https:\/\/gremicafe.cat\/#\/schema\/logo\/image\/\"},\"sameAs\":[\"https:\/\/www.facebook.com\/gremicafecat\",\"https:\/\/x.com\/gremicafecat\",\"https:\/\/www.instagram.com\/gremicafecat\/\",\"https:\/\/www.pinterest.es\/gremicafecat\/\",\"https:\/\/www.youtube.com\/channel\/UCGLo5Y35vLwLvP4FrPZrCrw\/\"]}]}<\/script>\n<!-- \/ Yoast SEO plugin. -->","yoast_head_json":{"title":"El caf\u00e8, un plaer | Gremi del Caf\u00e8, torradors de Catalunya","description":"Que prendre caf\u00e8 sigui un plaer, tamb\u00e9 dep\u00e8n de tu. Siguis on siguis, exigeix que el caf\u00e8 sigui 100% natural i que estigui acabat de torrar.","robots":{"index":"index","follow":"follow","max-snippet":"max-snippet:-1","max-image-preview":"max-image-preview:large","max-video-preview":"max-video-preview:-1"},"canonical":"https:\/\/gremicafe.cat\/es\/cafe-plaer\/","og_locale":"es_ES","og_type":"article","og_title":"El caf\u00e8, un plaer | Gremi del Caf\u00e8, torradors de Catalunya","og_description":"Que prendre caf\u00e8 sigui un plaer, tamb\u00e9 dep\u00e8n de tu. Siguis on siguis, exigeix que el caf\u00e8 sigui 100% natural i que estigui acabat de torrar.","og_url":"https:\/\/gremicafe.cat\/es\/cafe-plaer\/","og_site_name":"Gremi del Caf\u00e8, torradors de Catalunya","article_publisher":"https:\/\/www.facebook.com\/gremicafecat","article_modified_time":"2022-06-08T14:05:50+00:00","twitter_card":"summary_large_image","twitter_site":"@gremicafecat","twitter_misc":{"Tiempo de lectura":"4 minutos"},"schema":{"@context":"https:\/\/schema.org","@graph":[{"@type":"WebPage","@id":"https:\/\/gremicafe.cat\/cafe-plaer\/","url":"https:\/\/gremicafe.cat\/cafe-plaer\/","name":"El caf\u00e8, un plaer | Gremi del Caf\u00e8, torradors de Catalunya","isPartOf":{"@id":"https:\/\/gremicafe.cat\/#website"},"datePublished":"2018-03-28T10:15:56+00:00","dateModified":"2022-06-08T14:05:50+00:00","description":"Que prendre caf\u00e8 sigui un plaer, tamb\u00e9 dep\u00e8n de tu. Siguis on siguis, exigeix que el caf\u00e8 sigui 100% natural i que estigui acabat de torrar.","breadcrumb":{"@id":"https:\/\/gremicafe.cat\/cafe-plaer\/#breadcrumb"},"inLanguage":"es","potentialAction":[{"@type":"ReadAction","target":["https:\/\/gremicafe.cat\/cafe-plaer\/"]}]},{"@type":"BreadcrumbList","@id":"https:\/\/gremicafe.cat\/cafe-plaer\/#breadcrumb","itemListElement":[{"@type":"ListItem","position":1,"name":"Inici","item":"https:\/\/gremicafe.cat\/"},{"@type":"ListItem","position":2,"name":"El caf\u00e8, un plaer"}]},{"@type":"WebSite","@id":"https:\/\/gremicafe.cat\/#website","url":"https:\/\/gremicafe.cat\/","name":"Gremio del Caf\u00e9, tostadores de Catalu\u00f1a","description":"Web oficial del gremio de tostadores de caf\u00e9 de Catalunya","publisher":{"@id":"https:\/\/gremicafe.cat\/#organization"},"potentialAction":[{"@type":"SearchAction","target":{"@type":"EntryPoint","urlTemplate":"https:\/\/gremicafe.cat\/?s={search_term_string}"},"query-input":{"@type":"PropertyValueSpecification","valueRequired":true,"valueName":"search_term_string"}}],"inLanguage":"es"},{"@type":"Organization","@id":"https:\/\/gremicafe.cat\/#organization","name":"Gremio del Caf\u00e9, Tostadores de Catalu\u00f1a","url":"https:\/\/gremicafe.cat\/","logo":{"@type":"ImageObject","inLanguage":"es","@id":"https:\/\/gremicafe.cat\/#\/schema\/logo\/image\/","url":"https:\/\/gremicafe.cat\/wp-content\/uploads\/2018\/03\/gremicafe-logo250.png","contentUrl":"https:\/\/gremicafe.cat\/wp-content\/uploads\/2018\/03\/gremicafe-logo250.png","width":250,"height":49,"caption":"Gremi del Caf\u00e8, Torradors de Catalunya"},"image":{"@id":"https:\/\/gremicafe.cat\/#\/schema\/logo\/image\/"},"sameAs":["https:\/\/www.facebook.com\/gremicafecat","https:\/\/x.com\/gremicafecat","https:\/\/www.instagram.com\/gremicafecat\/","https:\/\/www.pinterest.es\/gremicafecat\/","https:\/\/www.youtube.com\/channel\/UCGLo5Y35vLwLvP4FrPZrCrw\/"]}]}},"_links":{"self":[{"href":"https:\/\/gremicafe.cat\/es\/wp-json\/wp\/v2\/pages\/3347"}],"collection":[{"href":"https:\/\/gremicafe.cat\/es\/wp-json\/wp\/v2\/pages"}],"about":[{"href":"https:\/\/gremicafe.cat\/es\/wp-json\/wp\/v2\/types\/page"}],"author":[{"embeddable":true,"href":"https:\/\/gremicafe.cat\/es\/wp-json\/wp\/v2\/users\/1"}],"replies":[{"embeddable":true,"href":"https:\/\/gremicafe.cat\/es\/wp-json\/wp\/v2\/comments?post=3347"}],"version-history":[{"count":0,"href":"https:\/\/gremicafe.cat\/es\/wp-json\/wp\/v2\/pages\/3347\/revisions"}],"wp:attachment":[{"href":"https:\/\/gremicafe.cat\/es\/wp-json\/wp\/v2\/media?parent=3347"}],"curies":[{"name":"wp","href":"https:\/\/api.w.org\/{rel}","templated":true}]}}