{"id":3527,"date":"2018-04-03T10:51:06","date_gmt":"2018-04-03T08:51:06","guid":{"rendered":"http:\/\/gremicafe.cat\/?page_id=3527"},"modified":"2026-04-15T12:54:40","modified_gmt":"2026-04-15T10:54:40","slug":"museu-cafe","status":"publish","type":"page","link":"https:\/\/gremicafe.cat\/es\/museu-cafe\/","title":{"rendered":"Museo del caf\u00e9"},"content":{"rendered":"<section id=\"ut-section-69f46d44ab59e\" data-vc-full-width=\"true\" data-vc-full-width-init=\"false\" class=\"vc_section vc_section-has-no-fill ut-section-69f46d44ab5b7\"><div id=\"ut-row-69f46d44abf89\" data-vc-full-width=\"true\" data-vc-full-width-init=\"false\" class=\"vc_row wpb_row vc_row-fluid vc_column-gap-0 ut-row-69f46d44abfa3\" ><div class=\"wpb_column vc_column_container vc_col-sm-12\" ><div id=\"ut_inner_column_69f46d44ac982\" class=\"vc_column-inner \"><div class=\"wpb_wrapper\"><div class=\"wpb_content_element \"><style type=\"text\/css\" scoped>#ut_header_69f46d44acc17 h2 span { color:; }#ut_header_69f46d44acc17.pt-style-2 .page-title:after, #ut_header_69f46d44acc17.pt-style-2 .parallax-title:after, #ut_header_69f46d44acc17.pt-style-2 .section-title:after {background-color: ;height: ;width: ;}<\/style><header id=\"ut_header_69f46d44acc17\" class=\"section-header pt-style-2 header-center\"><h2  class=\"section-title \"><span>Museu virtual del caf\u00e8 del Gremi del Caf\u00e8,<br \/>\ntorradors de Catalunya<\/span><\/h2><div data-delay=\"0\" class=\"lead \"><p>Anuncis, fotografies i antiga publicitat de marques de caf\u00e8 de Catalunya<\/p>\n<\/div><\/header><\/div><div class=\"wpb_content_element \"><script type=\"text\/javascript\">(function($){$(document).ready(function($){ \"use strict\";var inc = \"0\";function calculate_portfolio_item_width( $container, columns, guttersize, increament){var step = increament ? increament : 0.1,size = ( $container[0].getBoundingClientRect().width- guttersize)\/ columns - ( guttersize * ( columns - 1)\/ columns)- step;if( ( ( size + guttersize)* columns)< $container[0].getBoundingClientRect().width){inc = 0;return size;} else {inc = inc + 0.2;return calculate_portfolio_item_width( $container, columns, guttersize, inc);}}var $win = $(window),$container = $(\"#ut-portfolio-items-2883\"),columns = 3,gutter = \"on\",gutterwidth = \"\",guttersize = \"1\",$sortedItems = \"\";function ut_call_isotope( update){if( $(window).width()> 1024){columns = 3;guttersize = \"1\";} if( $(window).width()<= 1024){columns = 2;guttersize = \"1\";} if( $(window).width()<= 767){columns = 1;guttersize = 1.5;} if( $(window).width()<= 400){guttersize = 1;}if( gutter === \"on\"){$container.children().width( calculate_portfolio_item_width( $container, columns, ( 20 * guttersize), false)).addClass(\"show\");gutterwidth = 20 * guttersize;} else {$container.children().width( Math.floor( $container.width()\/ columns)).addClass(\"show\");gutterwidth = 0;}$container.addClass(\"animated\").isotope({itemSelector : \".ut-masonry\",animationEngine : \"best-available\",resizable: false,layoutMode: \"fitRows\",masonry: { columnWidth: Math.floor( $container[0].getBoundingClientRect().width)\/ columns - gutterwidth },itemPositionDataEnabled: true}).isotope(\"layout\");$container.on( \"arrangeComplete\", function(){$win.trigger(\"scroll\");});}$(window).utresize(function(){ut_call_isotope();}); $(window).load(function(){ut_call_isotope();$sortedItems = $container.data(\"isotope\").$filteredAtoms; $(\"#ut-portfolio-menu-2883 a\").each(function( index){var searchforclass = $(this).attr(\"data-filter\");if( !$(searchforclass).length){$(this).hide();}});$(\"#ut-portfolio-menu-2883 a\").click(function(){var selector = $(this).attr(\"data-filter\");$container.isotope({ filter: selector });if ( !$(this).hasClass(\"selected\")){$(this).parents(\"#ut-portfolio-menu-2883\").find(\".selected\").removeClass(\"selected\");$(this).addClass(\"selected\");}return false;});});});}(jQuery));<\/script><style id=\"ut-portfolio-custom-css-2883\" type=\"text\/css\" scoped>.ut-portfolio-2883 .ut-portfolio-info-c h3{font-family:Helvetica, sans-serif; font-size:14px; font-weight:bold; text-transform:uppercase;}.ut-portfolio-2883 .portfolio-title { font-family: ralewayregular;}\n.ut-portfolio-2883 .ut-portfolio-info-c span{font-family:Helvetica, sans-serif; font-size:11px; font-weight:bold; text-transform:uppercase;}.ut-portfolio-2883 .ut-portfolio-info-c h3 { color: #000000 ; }.ut-portfolio-2883 .portfolio-title { color: #000000; }.ut-portfolio-2883 .ut-portfolio-title-wrap, .ut-portfolio-2883 .portfolio-title { background: #f5ab35 ; }.ut-portfolio-2883 .ut-portfolio-info-c, .ut-portfolio-2883 .ut-portfolio-info-c span { color: #f5ab35 ; }.ut-portfolio-2883 .ut-hover-layer .ut-portfolio-info { -webkit-justify-content: center !important; justify-content: center !important; }.ut-portfolio-2883 .ut-hover-layer .ut-portfolio-info-c { align-self: center !important; text-align: center; }.ut-portfolio-2883 .portfolio-style-two .ut-portfolio-info i { text-align: center ;}.ut-portfolio-2883 .ut-portfolio-menu li a { font-weight: normal ; }<\/style><div id=\"ut-loader-2883\" class=\"ut-portfolio-detail-loader\"><i class=\"Bklyn-Core-Rotate-2\"><\/i><\/div><div id=\"ut-portfolio-details-navigation-2883\" class=\"ut-portfolio-details-navigation grid-container\"><a class=\"prev-portfolio-details\" data-wrap=\"2883\" href=\"#\"><\/a><a class=\"close-portfolio-details\" data-wrap=\"2883\" href=\"#\"><\/a><a class=\"next-portfolio-details\" data-wrap=\"2883\" href=\"#\"><\/a><\/div><div id=\"ut-portfolio-details-wrap-2883\" class=\"ut-portfolio-details-wrap clearfix\"><div id=\"ut-portfolio-details-2883\" class=\"inner ut-portfolio-details\"><\/div><\/div><div class=\"clear\"><\/div><div id=\"ut-portfolio-wrap\" class=\"ut-portfolio-wrap ut-portfolio-2883\" data-slideup-title=\"on\" data-slideup-width=\"centered\" data-textcolor=\"#000000\" data-opacity=\"0.8\" data-hovercolor=\"21,21,21\"><a class=\"ut-portfolio-offset-anchor\" style=\"top:-120px;\" id=\"ut-portfolio-items-2883-anchor\"><\/a><div id=\"ut-portfolio-items-2883\" class=\"ut-portfolio-item-container has-gutter guttersize-1\"><article class=\"museu-filt  ut-masonry gutter gutter-1 gutter-shadow portfolio-style-two\"><div class=\"ut-portfolio-item ut-hover\"><a id=\"ut-portfolio-trigger-link-2883-6006\" class=\"ut-square gutter-shadow\" rel=\"bookmark\" title=\"BRACAF\u00c9 &#8211; 1934\" href=\"https:\/\/gremicafe.cat\/es\/portfolio-item\/6006\/\" target=\"_self\"><figure><img loading=\"lazy\" decoding=\"async\" data-no-retina alt=\"BRACAF\u00c9 &#8211; 1934\" width=\"600\" height=\"400\" src=\"https:\/\/gremicafe.cat\/wp-content\/plugins\/ut-portfolio\/i\/index.php?w=600&amp;h=400\" class=\"portfolio-lazy\"  data-original=\"https:\/\/gremicafe.cat\/wp-content\/uploads\/2021\/06\/BRACAFE-Campeonato-Fu\u0301tbol-Brasil-Catalunha-17-4-1934-scaled-600x400.jpg\" \/><\/figure><div class=\"ut-hover-layer\"><div class=\"ut-portfolio-info\"><div class=\"ut-portfolio-info-c\"><span>Entra al museu<\/span><\/div><\/div><\/div><\/a><div><a class=\"ut-square gutter-shadow\" rel=\"bookmark\" title=\"BRACAF\u00c9 &#8211; 1934\" href=\"https:\/\/gremicafe.cat\/es\/portfolio-item\/6006\/\" target=\"_self\"><h3 class=\"portfolio-title\">BRACAF\u00c9 &#8211; 1934<\/h3><\/a><\/div><\/div><\/article><article class=\"museu-filt  ut-masonry gutter gutter-1 gutter-shadow portfolio-style-two\"><div class=\"ut-portfolio-item ut-hover\"><a id=\"ut-portfolio-trigger-link-2883-4973\" class=\"ut-square gutter-shadow\" rel=\"bookmark\" title=\"BRACAF\u00c9 &#8211; 1932 \/ 1933\" href=\"https:\/\/gremicafe.cat\/es\/portfolio-item\/anuncis-de-bracafe-a-la-revista-daci-dalla-de-la-tardor-de-1932-i-primavera-de-1933\/\" target=\"_self\"><figure><img loading=\"lazy\" decoding=\"async\" data-no-retina alt=\"BRACAF\u00c9 &#8211; 1932 \/ 1933\" width=\"600\" height=\"400\" src=\"https:\/\/gremicafe.cat\/wp-content\/plugins\/ut-portfolio\/i\/index.php?w=600&amp;h=400\" class=\"portfolio-lazy\"  data-original=\"https:\/\/gremicafe.cat\/wp-content\/uploads\/2019\/12\/D-ACI-D-ALLA-TARDOR-1932-PORTADA-750-600x400.jpg\" \/><\/figure><div class=\"ut-hover-layer\"><div class=\"ut-portfolio-info\"><div class=\"ut-portfolio-info-c\"><span>Entra al museu<\/span><\/div><\/div><\/div><\/a><div><a class=\"ut-square gutter-shadow\" rel=\"bookmark\" title=\"BRACAF\u00c9 &#8211; 1932 \/ 1933\" href=\"https:\/\/gremicafe.cat\/es\/portfolio-item\/anuncis-de-bracafe-a-la-revista-daci-dalla-de-la-tardor-de-1932-i-primavera-de-1933\/\" target=\"_self\"><h3 class=\"portfolio-title\">BRACAF\u00c9 &#8211; 1932 \/ 1933<\/h3><\/a><\/div><\/div><\/article><article class=\"museu-filt  ut-masonry gutter gutter-1 gutter-shadow portfolio-style-two\"><div class=\"ut-portfolio-item ut-hover\"><a id=\"ut-portfolio-trigger-link-2883-4970\" class=\"ut-square gutter-shadow\" rel=\"bookmark\" title=\"BRACAF\u00c9 &#8211; 1929\" href=\"https:\/\/gremicafe.cat\/es\/portfolio-item\/bracafe\/\" target=\"_self\"><figure><img loading=\"lazy\" decoding=\"async\" data-no-retina alt=\"BRACAF\u00c9 &#8211; 1929\" width=\"600\" height=\"400\" src=\"https:\/\/gremicafe.cat\/wp-content\/plugins\/ut-portfolio\/i\/index.php?w=600&amp;h=400\" class=\"portfolio-lazy\"  data-original=\"https:\/\/gremicafe.cat\/wp-content\/uploads\/2019\/12\/BRACAFEDiplomaExpo1929-1024-600x400.jpg\" \/><\/figure><div class=\"ut-hover-layer\"><div class=\"ut-portfolio-info\"><div class=\"ut-portfolio-info-c\"><span>Entra al museu<\/span><\/div><\/div><\/div><\/a><div><a class=\"ut-square gutter-shadow\" rel=\"bookmark\" title=\"BRACAF\u00c9 &#8211; 1929\" href=\"https:\/\/gremicafe.cat\/es\/portfolio-item\/bracafe\/\" target=\"_self\"><h3 class=\"portfolio-title\">BRACAF\u00c9 &#8211; 1929<\/h3><\/a><\/div><\/div><\/article><article class=\"museu-filt  ut-masonry gutter gutter-1 gutter-shadow portfolio-style-two\"><div class=\"ut-portfolio-item ut-hover\"><a id=\"ut-portfolio-trigger-link-2883-4519\" class=\"ut-square gutter-shadow\" rel=\"bookmark\" title=\"Caf\u00e8s Ros\" href=\"https:\/\/gremicafe.cat\/es\/portfolio-item\/cafes-ros-2\/\" target=\"_self\"><figure><img loading=\"lazy\" decoding=\"async\" data-no-retina alt=\"Caf\u00e8s Ros\" width=\"600\" height=\"400\" src=\"https:\/\/gremicafe.cat\/wp-content\/plugins\/ut-portfolio\/i\/index.php?w=600&amp;h=400\" class=\"portfolio-lazy\"  data-original=\"https:\/\/gremicafe.cat\/wp-content\/uploads\/2019\/01\/gremicafe-museu-ros-garantia-003-600.png\" \/><\/figure><div class=\"ut-hover-layer\"><div class=\"ut-portfolio-info\"><div class=\"ut-portfolio-info-c\"><span>Entra al museu<\/span><\/div><\/div><\/div><\/a><div><a class=\"ut-square gutter-shadow\" rel=\"bookmark\" title=\"Caf\u00e8s Ros\" href=\"https:\/\/gremicafe.cat\/es\/portfolio-item\/cafes-ros-2\/\" target=\"_self\"><h3 class=\"portfolio-title\">Caf\u00e8s Ros<\/h3><\/a><\/div><\/div><\/article><article class=\"museu-filt  ut-masonry gutter gutter-1 gutter-shadow portfolio-style-two\"><div class=\"ut-portfolio-item ut-hover\"><a id=\"ut-portfolio-trigger-link-2883-4489\" class=\"ut-square gutter-shadow\" rel=\"bookmark\" title=\"Caf\u00e8s Catalunya (Caf\u00e8s Ros)\" href=\"https:\/\/gremicafe.cat\/es\/portfolio-item\/cafes-catalunya-cafes-ros\/\" target=\"_self\"><figure><img loading=\"lazy\" decoding=\"async\" data-no-retina alt=\"Caf\u00e8s Catalunya (Caf\u00e8s Ros)\" width=\"600\" height=\"400\" src=\"https:\/\/gremicafe.cat\/wp-content\/plugins\/ut-portfolio\/i\/index.php?w=600&amp;h=400\" class=\"portfolio-lazy\"  data-original=\"https:\/\/gremicafe.cat\/wp-content\/uploads\/2018\/11\/CafesCatalunya-001-600-600x400.jpg\" \/><\/figure><div class=\"ut-hover-layer\"><div class=\"ut-portfolio-info\"><div class=\"ut-portfolio-info-c\"><span>Entra al museu<\/span><\/div><\/div><\/div><\/a><div><a class=\"ut-square gutter-shadow\" rel=\"bookmark\" title=\"Caf\u00e8s Catalunya (Caf\u00e8s Ros)\" href=\"https:\/\/gremicafe.cat\/es\/portfolio-item\/cafes-catalunya-cafes-ros\/\" target=\"_self\"><h3 class=\"portfolio-title\">Caf\u00e8s Catalunya (Caf\u00e8s Ros)<\/h3><\/a><\/div><\/div><\/article><article class=\"museu-filt  ut-masonry gutter gutter-1 gutter-shadow portfolio-style-two\"><div class=\"ut-portfolio-item ut-hover\"><a id=\"ut-portfolio-trigger-link-2883-4482\" class=\"ut-square gutter-shadow\" rel=\"bookmark\" title=\"Cafes Ros\" href=\"https:\/\/gremicafe.cat\/es\/portfolio-item\/cafes-ros\/\" target=\"_self\"><figure><img loading=\"lazy\" decoding=\"async\" data-no-retina alt=\"Cafes Ros\" width=\"600\" height=\"400\" src=\"https:\/\/gremicafe.cat\/wp-content\/plugins\/ut-portfolio\/i\/index.php?w=600&amp;h=400\" class=\"portfolio-lazy\"  data-original=\"https:\/\/gremicafe.cat\/wp-content\/uploads\/2018\/11\/CafesRos-004-600-600x400.jpg\" \/><\/figure><div class=\"ut-hover-layer\"><div class=\"ut-portfolio-info\"><div class=\"ut-portfolio-info-c\"><span>Entra al museu<\/span><\/div><\/div><\/div><\/a><div><a class=\"ut-square gutter-shadow\" rel=\"bookmark\" title=\"Cafes Ros\" href=\"https:\/\/gremicafe.cat\/es\/portfolio-item\/cafes-ros\/\" target=\"_self\"><h3 class=\"portfolio-title\">Cafes Ros<\/h3><\/a><\/div><\/div><\/article><article class=\"museu-filt  ut-masonry gutter gutter-1 gutter-shadow portfolio-style-two\"><div class=\"ut-portfolio-item ut-hover\"><a id=\"ut-portfolio-trigger-link-2883-4206\" class=\"ut-square gutter-shadow\" rel=\"bookmark\" title=\"Colombia cafetera &#8211; 1926\" href=\"https:\/\/gremicafe.cat\/es\/portfolio-item\/colombia-cafetera-1926\/\" target=\"_self\"><figure><img loading=\"lazy\" decoding=\"async\" data-no-retina alt=\"Colombia cafetera &#8211; 1926\" width=\"600\" height=\"400\" src=\"https:\/\/gremicafe.cat\/wp-content\/plugins\/ut-portfolio\/i\/index.php?w=600&amp;h=400\" class=\"portfolio-lazy\"  data-original=\"https:\/\/gremicafe.cat\/wp-content\/uploads\/2018\/05\/gremicafe-museu-vitoria_colombia_3-464x634-1-600x400.jpg\" \/><\/figure><div class=\"ut-hover-layer\"><div class=\"ut-portfolio-info\"><div class=\"ut-portfolio-info-c\"><span>Entra al museu<\/span><\/div><\/div><\/div><\/a><div><a class=\"ut-square gutter-shadow\" rel=\"bookmark\" title=\"Colombia cafetera &#8211; 1926\" href=\"https:\/\/gremicafe.cat\/es\/portfolio-item\/colombia-cafetera-1926\/\" target=\"_self\"><h3 class=\"portfolio-title\">Colombia cafetera &#8211; 1926<\/h3><\/a><\/div><\/div><\/article><article class=\"museu-filt  ut-masonry gutter gutter-1 gutter-shadow portfolio-style-two\"><div class=\"ut-portfolio-item ut-hover\"><a id=\"ut-portfolio-trigger-link-2883-4204\" class=\"ut-square gutter-shadow\" rel=\"bookmark\" title=\"Caf\u00e9s Vitoria\" href=\"https:\/\/gremicafe.cat\/es\/portfolio-item\/sucre-cafes-vitoria\/\" target=\"_self\"><figure><img loading=\"lazy\" decoding=\"async\" data-no-retina alt=\"Caf\u00e9s Vitoria\" width=\"600\" height=\"400\" src=\"https:\/\/gremicafe.cat\/wp-content\/plugins\/ut-portfolio\/i\/index.php?w=600&amp;h=400\" class=\"portfolio-lazy\"  data-original=\"https:\/\/gremicafe.cat\/wp-content\/uploads\/2018\/05\/gremicafe-museu-vitoria-sucre-600x600-600x400.jpg\" \/><\/figure><div class=\"ut-hover-layer\"><div class=\"ut-portfolio-info\"><div class=\"ut-portfolio-info-c\"><span>Entra al museu<\/span><\/div><\/div><\/div><\/a><div><a class=\"ut-square gutter-shadow\" rel=\"bookmark\" title=\"Caf\u00e9s Vitoria\" href=\"https:\/\/gremicafe.cat\/es\/portfolio-item\/sucre-cafes-vitoria\/\" target=\"_self\"><h3 class=\"portfolio-title\">Caf\u00e9s Vitoria<\/h3><\/a><\/div><\/div><\/article><article class=\"museu-filt  ut-masonry gutter gutter-1 gutter-shadow portfolio-style-two\"><div class=\"ut-portfolio-item ut-hover\"><a id=\"ut-portfolio-trigger-link-2883-3714\" class=\"ut-square gutter-shadow\" rel=\"bookmark\" title=\"Campanya Caf\u00e8s Tupinamba &#8211; 1899\" href=\"https:\/\/gremicafe.cat\/es\/portfolio-item\/cafes-tupinamba\/\" target=\"_self\"><figure><img loading=\"lazy\" decoding=\"async\" data-no-retina alt=\"Campanya Caf\u00e8s Tupinamba &#8211; 1899\" width=\"600\" height=\"400\" src=\"https:\/\/gremicafe.cat\/wp-content\/plugins\/ut-portfolio\/i\/index.php?w=600&amp;h=400\" class=\"portfolio-lazy\"  data-original=\"https:\/\/gremicafe.cat\/wp-content\/uploads\/2018\/04\/casas-tupinamba-600x400.jpg\" \/><\/figure><div class=\"ut-hover-layer\"><div class=\"ut-portfolio-info\"><div class=\"ut-portfolio-info-c\"><span>Entra al museu<\/span><\/div><\/div><\/div><\/a><div><a class=\"ut-square gutter-shadow\" rel=\"bookmark\" title=\"Campanya Caf\u00e8s Tupinamba &#8211; 1899\" href=\"https:\/\/gremicafe.cat\/es\/portfolio-item\/cafes-tupinamba\/\" target=\"_self\"><h3 class=\"portfolio-title\">Campanya Caf\u00e8s Tupinamba &#8211; 1899<\/h3><\/a><\/div><\/div><\/article><article class=\"museu-filt  ut-masonry gutter gutter-1 gutter-shadow portfolio-style-two\"><div class=\"ut-portfolio-item ut-hover\"><a id=\"ut-portfolio-trigger-link-2883-4159\" class=\"ut-square gutter-shadow\" rel=\"bookmark\" title=\"Caf\u00e8s Saula &#8211; 1966-1970\" href=\"https:\/\/gremicafe.cat\/es\/portfolio-item\/campanyes-cafes-saula\/\" target=\"_self\"><figure><img loading=\"lazy\" decoding=\"async\" data-no-retina alt=\"Caf\u00e8s Saula &#8211; 1966-1970\" width=\"600\" height=\"400\" src=\"https:\/\/gremicafe.cat\/wp-content\/plugins\/ut-portfolio\/i\/index.php?w=600&amp;h=400\" class=\"portfolio-lazy\"  data-original=\"https:\/\/gremicafe.cat\/wp-content\/uploads\/2018\/05\/gremicafe-museu-saula-bus-RET-1958-600x400.jpg\" \/><\/figure><div class=\"ut-hover-layer\"><div class=\"ut-portfolio-info\"><div class=\"ut-portfolio-info-c\"><span>Entra al museu<\/span><\/div><\/div><\/div><\/a><div><a class=\"ut-square gutter-shadow\" rel=\"bookmark\" title=\"Caf\u00e8s Saula &#8211; 1966-1970\" href=\"https:\/\/gremicafe.cat\/es\/portfolio-item\/campanyes-cafes-saula\/\" target=\"_self\"><h3 class=\"portfolio-title\">Caf\u00e8s Saula &#8211; 1966-1970<\/h3><\/a><\/div><\/div><\/article><article class=\"museu-filt  ut-masonry gutter gutter-1 gutter-shadow portfolio-style-two\"><div class=\"ut-portfolio-item ut-hover\"><a id=\"ut-portfolio-trigger-link-2883-3720\" class=\"ut-square gutter-shadow\" rel=\"bookmark\" title=\"Caf\u00e8s Saula\" href=\"https:\/\/gremicafe.cat\/es\/portfolio-item\/botiga-inicial-cafes-saula\/\" target=\"_self\"><figure><img loading=\"lazy\" decoding=\"async\" data-no-retina alt=\"Caf\u00e8s Saula\" width=\"600\" height=\"400\" src=\"https:\/\/gremicafe.cat\/wp-content\/plugins\/ut-portfolio\/i\/index.php?w=600&amp;h=400\" class=\"portfolio-lazy\"  data-original=\"https:\/\/gremicafe.cat\/wp-content\/uploads\/2018\/04\/cafessaula-600x400.jpg\" \/><\/figure><div class=\"ut-hover-layer\"><div class=\"ut-portfolio-info\"><div class=\"ut-portfolio-info-c\"><span>Entra al museu<\/span><\/div><\/div><\/div><\/a><div><a class=\"ut-square gutter-shadow\" rel=\"bookmark\" title=\"Caf\u00e8s Saula\" href=\"https:\/\/gremicafe.cat\/es\/portfolio-item\/botiga-inicial-cafes-saula\/\" target=\"_self\"><h3 class=\"portfolio-title\">Caf\u00e8s Saula<\/h3><\/a><\/div><\/div><\/article><article class=\"museu-filt  ut-masonry gutter gutter-1 gutter-shadow portfolio-style-two\"><div class=\"ut-portfolio-item ut-hover\"><a id=\"ut-portfolio-trigger-link-2883-3871\" class=\"ut-square gutter-shadow\" rel=\"bookmark\" title=\"Caf\u00e8s Tupinamba &#8211; 1920-1940\" href=\"https:\/\/gremicafe.cat\/es\/portfolio-item\/cafes-tupinamba-1920-40\/\" target=\"_self\"><figure><img loading=\"lazy\" decoding=\"async\" data-no-retina alt=\"Caf\u00e8s Tupinamba &#8211; 1920-1940\" width=\"600\" height=\"400\" src=\"https:\/\/gremicafe.cat\/wp-content\/plugins\/ut-portfolio\/i\/index.php?w=600&amp;h=400\" class=\"portfolio-lazy\"  data-original=\"https:\/\/gremicafe.cat\/wp-content\/uploads\/2018\/04\/gremicafe-museu-cartells-antics-tupinamba-6-600x400.jpg\" \/><\/figure><div class=\"ut-hover-layer\"><div class=\"ut-portfolio-info\"><div class=\"ut-portfolio-info-c\"><span>Entra al museu<\/span><\/div><\/div><\/div><\/a><div><a class=\"ut-square gutter-shadow\" rel=\"bookmark\" title=\"Caf\u00e8s Tupinamba &#8211; 1920-1940\" href=\"https:\/\/gremicafe.cat\/es\/portfolio-item\/cafes-tupinamba-1920-40\/\" target=\"_self\"><h3 class=\"portfolio-title\">Caf\u00e8s Tupinamba &#8211; 1920-1940<\/h3><\/a><\/div><\/div><\/article><article class=\"museu-filt  ut-masonry gutter gutter-1 gutter-shadow portfolio-style-two\"><div class=\"ut-portfolio-item ut-hover\"><a id=\"ut-portfolio-trigger-link-2883-3877\" class=\"ut-square gutter-shadow\" rel=\"bookmark\" title=\"Bracaf\u00e9 &#8211; 1929\" href=\"https:\/\/gremicafe.cat\/es\/portfolio-item\/bracafe-1929\/\" target=\"_self\"><figure><img loading=\"lazy\" decoding=\"async\" data-no-retina alt=\"Bracaf\u00e9 &#8211; 1929\" width=\"600\" height=\"400\" src=\"https:\/\/gremicafe.cat\/wp-content\/plugins\/ut-portfolio\/i\/index.php?w=600&amp;h=400\" class=\"portfolio-lazy\"  data-original=\"https:\/\/gremicafe.cat\/wp-content\/uploads\/2018\/04\/gremicafe-publictat-bracafe-1929-mini-600x400.jpg\" \/><\/figure><div class=\"ut-hover-layer\"><div class=\"ut-portfolio-info\"><div class=\"ut-portfolio-info-c\"><span>Entra al museu<\/span><\/div><\/div><\/div><\/a><div><a class=\"ut-square gutter-shadow\" rel=\"bookmark\" title=\"Bracaf\u00e9 &#8211; 1929\" href=\"https:\/\/gremicafe.cat\/es\/portfolio-item\/bracafe-1929\/\" target=\"_self\"><h3 class=\"portfolio-title\">Bracaf\u00e9 &#8211; 1929<\/h3><\/a><\/div><\/div><\/article><article class=\"museu-filt  ut-masonry gutter gutter-1 gutter-shadow portfolio-style-two\"><div class=\"ut-portfolio-item ut-hover\"><a id=\"ut-portfolio-trigger-link-2883-3893\" class=\"ut-square gutter-shadow\" rel=\"bookmark\" title=\"Caf\u00e8s Cornell\u00e1 &#8211; 1920\" href=\"https:\/\/gremicafe.cat\/es\/portfolio-item\/cafes-cornella\/\" target=\"_self\"><figure><img loading=\"lazy\" decoding=\"async\" data-no-retina alt=\"Caf\u00e8s Cornell\u00e1 &#8211; 1920\" width=\"600\" height=\"400\" src=\"https:\/\/gremicafe.cat\/wp-content\/plugins\/ut-portfolio\/i\/index.php?w=600&amp;h=400\" class=\"portfolio-lazy\"  data-original=\"https:\/\/gremicafe.cat\/wp-content\/uploads\/2018\/04\/Cafe\u0300s-Cornella\u0300-fabrica-antiga-600x400.jpg\" \/><\/figure><div class=\"ut-hover-layer\"><div class=\"ut-portfolio-info\"><div class=\"ut-portfolio-info-c\"><span>Entra al museu<\/span><\/div><\/div><\/div><\/a><div><a class=\"ut-square gutter-shadow\" rel=\"bookmark\" title=\"Caf\u00e8s Cornell\u00e1 &#8211; 1920\" href=\"https:\/\/gremicafe.cat\/es\/portfolio-item\/cafes-cornella\/\" target=\"_self\"><h3 class=\"portfolio-title\">Caf\u00e8s Cornell\u00e1 &#8211; 1920<\/h3><\/a><\/div><\/div><\/article><article class=\"museu-filt  ut-masonry gutter gutter-1 gutter-shadow portfolio-style-two\"><div class=\"ut-portfolio-item ut-hover\"><a id=\"ut-portfolio-trigger-link-2883-3891\" class=\"ut-square gutter-shadow\" rel=\"bookmark\" title=\"Caf\u00e8s Novell &#8211; 1958\" href=\"https:\/\/gremicafe.cat\/es\/portfolio-item\/cafes-novell-1958\/\" target=\"_self\"><figure><img loading=\"lazy\" decoding=\"async\" data-no-retina alt=\"Caf\u00e8s Novell &#8211; 1958\" width=\"600\" height=\"400\" src=\"https:\/\/gremicafe.cat\/wp-content\/plugins\/ut-portfolio\/i\/index.php?w=600&amp;h=400\" class=\"portfolio-lazy\"  data-original=\"https:\/\/gremicafe.cat\/wp-content\/uploads\/2018\/04\/CafesNovell-logo-antic-600x400.png\" \/><\/figure><div class=\"ut-hover-layer\"><div class=\"ut-portfolio-info\"><div class=\"ut-portfolio-info-c\"><span>Entra al museu<\/span><\/div><\/div><\/div><\/a><div><a class=\"ut-square gutter-shadow\" rel=\"bookmark\" title=\"Caf\u00e8s Novell &#8211; 1958\" href=\"https:\/\/gremicafe.cat\/es\/portfolio-item\/cafes-novell-1958\/\" target=\"_self\"><h3 class=\"portfolio-title\">Caf\u00e8s Novell &#8211; 1958<\/h3><\/a><\/div><\/div><\/article><article class=\"museu-filt  ut-masonry gutter gutter-1 gutter-shadow portfolio-style-two\"><div class=\"ut-portfolio-item ut-hover\"><a id=\"ut-portfolio-trigger-link-2883-3873\" class=\"ut-square gutter-shadow\" rel=\"bookmark\" title=\"Caf\u00e8s Brasil &#8211; 1909\" href=\"https:\/\/gremicafe.cat\/es\/portfolio-item\/cafes-brasil-1909\/\" target=\"_self\"><figure><img loading=\"lazy\" decoding=\"async\" data-no-retina alt=\"Caf\u00e8s Brasil &#8211; 1909\" width=\"600\" height=\"400\" src=\"https:\/\/gremicafe.cat\/wp-content\/plugins\/ut-portfolio\/i\/index.php?w=600&amp;h=400\" class=\"portfolio-lazy\"  data-original=\"https:\/\/gremicafe.cat\/wp-content\/uploads\/2018\/04\/cafesBrasil-527-ok-600x400.jpg\" \/><\/figure><div class=\"ut-hover-layer\"><div class=\"ut-portfolio-info\"><div class=\"ut-portfolio-info-c\"><span>Entra al museu<\/span><\/div><\/div><\/div><\/a><div><a class=\"ut-square gutter-shadow\" rel=\"bookmark\" title=\"Caf\u00e8s Brasil &#8211; 1909\" href=\"https:\/\/gremicafe.cat\/es\/portfolio-item\/cafes-brasil-1909\/\" target=\"_self\"><h3 class=\"portfolio-title\">Caf\u00e8s Brasil &#8211; 1909<\/h3><\/a><\/div><\/div><\/article><article class=\"museu-filt  ut-masonry gutter gutter-1 gutter-shadow portfolio-style-two\"><div class=\"ut-portfolio-item ut-hover\"><a id=\"ut-portfolio-trigger-link-2883-4110\" class=\"ut-square gutter-shadow\" rel=\"bookmark\" title=\"Cafes Tupinamba &#8211; 1940-1950\" href=\"https:\/\/gremicafe.cat\/es\/portfolio-item\/cafes-tupinamba-1940-1950\/\" target=\"_self\"><figure><img loading=\"lazy\" decoding=\"async\" data-no-retina alt=\"Cafes Tupinamba &#8211; 1940-1950\" width=\"600\" height=\"400\" src=\"https:\/\/gremicafe.cat\/wp-content\/plugins\/ut-portfolio\/i\/index.php?w=600&amp;h=400\" class=\"portfolio-lazy\"  data-original=\"https:\/\/gremicafe.cat\/wp-content\/uploads\/2018\/04\/gremicafe-museu-cartells-antics-tupinamba-10-1000_-600x400.jpg\" \/><\/figure><div class=\"ut-hover-layer\"><div class=\"ut-portfolio-info\"><div class=\"ut-portfolio-info-c\"><span>Entra al museu<\/span><\/div><\/div><\/div><\/a><div><a class=\"ut-square gutter-shadow\" rel=\"bookmark\" title=\"Cafes Tupinamba &#8211; 1940-1950\" href=\"https:\/\/gremicafe.cat\/es\/portfolio-item\/cafes-tupinamba-1940-1950\/\" target=\"_self\"><h3 class=\"portfolio-title\">Cafes Tupinamba &#8211; 1940-1950<\/h3><\/a><\/div><\/div><\/article><article class=\"museu-filt  ut-masonry gutter gutter-1 gutter-shadow portfolio-style-two\"><div class=\"ut-portfolio-item ut-hover\"><a id=\"ut-portfolio-trigger-link-2883-4120\" class=\"ut-square gutter-shadow\" rel=\"bookmark\" title=\"Caf\u00e8s Tupinamba &#8211; 1989\" href=\"https:\/\/gremicafe.cat\/es\/portfolio-item\/cafes-tupinamba-1989\/\" target=\"_self\"><figure><img loading=\"lazy\" decoding=\"async\" data-no-retina alt=\"Caf\u00e8s Tupinamba &#8211; 1989\" width=\"600\" height=\"400\" src=\"https:\/\/gremicafe.cat\/wp-content\/plugins\/ut-portfolio\/i\/index.php?w=600&amp;h=400\" class=\"portfolio-lazy\"  data-original=\"https:\/\/gremicafe.cat\/wp-content\/uploads\/2018\/04\/gremicafe-museu-cartells-1989-1000_-600x400.jpg\" \/><\/figure><div class=\"ut-hover-layer\"><div class=\"ut-portfolio-info\"><div class=\"ut-portfolio-info-c\"><span>Entra al museu<\/span><\/div><\/div><\/div><\/a><div><a class=\"ut-square gutter-shadow\" rel=\"bookmark\" title=\"Caf\u00e8s Tupinamba &#8211; 1989\" href=\"https:\/\/gremicafe.cat\/es\/portfolio-item\/cafes-tupinamba-1989\/\" target=\"_self\"><h3 class=\"portfolio-title\">Caf\u00e8s Tupinamba &#8211; 1989<\/h3><\/a><\/div><\/div><\/article><article class=\"museu-filt  ut-masonry gutter gutter-1 gutter-shadow portfolio-style-two\"><div class=\"ut-portfolio-item ut-hover\"><a id=\"ut-portfolio-trigger-link-2883-4124\" class=\"ut-square gutter-shadow\" rel=\"bookmark\" title=\"Cafes Monta\u00f1\u00e0 &#8211; 1920\" href=\"https:\/\/gremicafe.cat\/es\/portfolio-item\/cafes-montana\/\" target=\"_self\"><figure><img loading=\"lazy\" decoding=\"async\" data-no-retina alt=\"Cafes Monta\u00f1\u00e0 &#8211; 1920\" width=\"600\" height=\"400\" src=\"https:\/\/gremicafe.cat\/wp-content\/plugins\/ut-portfolio\/i\/index.php?w=600&amp;h=400\" class=\"portfolio-lazy\"  data-original=\"https:\/\/gremicafe.cat\/wp-content\/uploads\/2018\/01\/Montanya1920CafesalaMel-600x400.jpg\" \/><\/figure><div class=\"ut-hover-layer\"><div class=\"ut-portfolio-info\"><div class=\"ut-portfolio-info-c\"><span>Entra al museu<\/span><\/div><\/div><\/div><\/a><div><a class=\"ut-square gutter-shadow\" rel=\"bookmark\" title=\"Cafes Monta\u00f1\u00e0 &#8211; 1920\" href=\"https:\/\/gremicafe.cat\/es\/portfolio-item\/cafes-montana\/\" target=\"_self\"><h3 class=\"portfolio-title\">Cafes Monta\u00f1\u00e0 &#8211; 1920<\/h3><\/a><\/div><\/div><\/article><article class=\"museu-filt  ut-masonry gutter gutter-1 gutter-shadow portfolio-style-two\"><div class=\"ut-portfolio-item ut-hover\"><a id=\"ut-portfolio-trigger-link-2883-3719\" class=\"ut-square gutter-shadow\" rel=\"bookmark\" title=\"Caf\u00e8s a la crema, J. Marcilla\" href=\"https:\/\/gremicafe.cat\/es\/portfolio-item\/cafes-a-la-crema-j-marcilla\/\" target=\"_self\"><figure><img loading=\"lazy\" decoding=\"async\" data-no-retina alt=\"Caf\u00e8s a la crema, J. Marcilla\" width=\"600\" height=\"400\" src=\"https:\/\/gremicafe.cat\/wp-content\/plugins\/ut-portfolio\/i\/index.php?w=600&amp;h=400\" class=\"portfolio-lazy\"  data-original=\"https:\/\/gremicafe.cat\/wp-content\/uploads\/2018\/04\/j-marcilla-mini-600x400.jpg\" \/><\/figure><div class=\"ut-hover-layer\"><div class=\"ut-portfolio-info\"><div class=\"ut-portfolio-info-c\"><span>Entra al museu<\/span><\/div><\/div><\/div><\/a><div><a class=\"ut-square gutter-shadow\" rel=\"bookmark\" title=\"Caf\u00e8s a la crema, J. Marcilla\" href=\"https:\/\/gremicafe.cat\/es\/portfolio-item\/cafes-a-la-crema-j-marcilla\/\" target=\"_self\"><h3 class=\"portfolio-title\">Caf\u00e8s a la crema, J. Marcilla<\/h3><\/a><\/div><\/div><\/article><article class=\"museu-filt  ut-masonry gutter gutter-1 gutter-shadow portfolio-style-two\"><div class=\"ut-portfolio-item ut-hover\"><a id=\"ut-portfolio-trigger-link-2883-3717\" class=\"ut-square gutter-shadow\" rel=\"bookmark\" title=\"Caf\u00e9s La Garza\" href=\"https:\/\/gremicafe.cat\/es\/portfolio-item\/3717\/\" target=\"_self\"><figure><img loading=\"lazy\" decoding=\"async\" data-no-retina alt=\"Caf\u00e9s La Garza\" width=\"600\" height=\"400\" src=\"https:\/\/gremicafe.cat\/wp-content\/plugins\/ut-portfolio\/i\/index.php?w=600&amp;h=400\" class=\"portfolio-lazy\"  data-original=\"https:\/\/gremicafe.cat\/wp-content\/uploads\/2018\/04\/lagarza2-600x400.jpg\" \/><\/figure><div class=\"ut-hover-layer\"><div class=\"ut-portfolio-info\"><div class=\"ut-portfolio-info-c\"><span>Entra al museu<\/span><\/div><\/div><\/div><\/a><div><a class=\"ut-square gutter-shadow\" rel=\"bookmark\" title=\"Caf\u00e9s La Garza\" href=\"https:\/\/gremicafe.cat\/es\/portfolio-item\/3717\/\" target=\"_self\"><h3 class=\"portfolio-title\">Caf\u00e9s La Garza<\/h3><\/a><\/div><\/div><\/article><\/div><\/div><\/div><\/div><\/div><\/div><\/div><div class=\"vc_row-full-width vc_clearfix\"><\/div><\/section><div class=\"vc_row-full-width vc_clearfix\"><\/div>\n","protected":false},"excerpt":{"rendered":"Placa publicit\u00e0ria de Caf\u00e9s La Garza #ut_am_69f46d44dc221 { opacity: 1; }","protected":false},"author":1,"featured_media":0,"parent":0,"menu_order":0,"comment_status":"closed","ping_status":"closed","template":"","meta":{"_acf_changed":false,"inline_featured_image":false,"footnotes":""},"class_list":["post-3527","page","type-page","status-publish","hentry"],"acf":[],"yoast_head":"<!-- This site is optimized with the Yoast SEO plugin v25.5 - https:\/\/yoast.com\/wordpress\/plugins\/seo\/ -->\n<title>Museu del Caf\u00e8 | Gremi del Caf\u00e8, torradors de Catalunya<\/title>\n<meta name=\"description\" content=\"Museu virtual del caf\u00e8 del Gremi del Caf\u00e8, torradors de Catalunya. Anuncis, fotografies i antiga publicitat de marques de caf\u00e8 de Catalunya.\" \/>\n<meta name=\"robots\" content=\"index, follow, max-snippet:-1, max-image-preview:large, max-video-preview:-1\" \/>\n<link rel=\"canonical\" href=\"https:\/\/gremicafe.cat\/es\/museu-cafe\/\" \/>\n<meta property=\"og:locale\" content=\"es_ES\" \/>\n<meta property=\"og:type\" content=\"article\" \/>\n<meta property=\"og:title\" content=\"Museu del Caf\u00e8 | Gremi del Caf\u00e8, torradors de Catalunya\" \/>\n<meta property=\"og:description\" content=\"Museu virtual del caf\u00e8 del Gremi del Caf\u00e8, torradors de Catalunya. Anuncis, fotografies i antiga publicitat de marques de caf\u00e8 de Catalunya.\" \/>\n<meta property=\"og:url\" content=\"https:\/\/gremicafe.cat\/es\/museu-cafe\/\" \/>\n<meta property=\"og:site_name\" content=\"Gremi del Caf\u00e8, torradors de Catalunya\" \/>\n<meta property=\"article:publisher\" content=\"https:\/\/www.facebook.com\/gremicafecat\" \/>\n<meta property=\"article:modified_time\" content=\"2026-04-15T10:54:40+00:00\" \/>\n<meta name=\"twitter:card\" content=\"summary_large_image\" \/>\n<meta name=\"twitter:site\" content=\"@gremicafecat\" \/>\n<meta name=\"twitter:label1\" content=\"Tiempo de lectura\" \/>\n\t<meta name=\"twitter:data1\" content=\"1 minuto\" \/>\n<script type=\"application\/ld+json\" class=\"yoast-schema-graph\">{\"@context\":\"https:\/\/schema.org\",\"@graph\":[{\"@type\":\"WebPage\",\"@id\":\"https:\/\/gremicafe.cat\/museu-cafe\/\",\"url\":\"https:\/\/gremicafe.cat\/museu-cafe\/\",\"name\":\"Museu del Caf\u00e8 | Gremi del Caf\u00e8, torradors de Catalunya\",\"isPartOf\":{\"@id\":\"https:\/\/gremicafe.cat\/#website\"},\"datePublished\":\"2018-04-03T08:51:06+00:00\",\"dateModified\":\"2026-04-15T10:54:40+00:00\",\"description\":\"Museu virtual del caf\u00e8 del Gremi del Caf\u00e8, torradors de Catalunya. Anuncis, fotografies i antiga publicitat de marques de caf\u00e8 de Catalunya.\",\"breadcrumb\":{\"@id\":\"https:\/\/gremicafe.cat\/museu-cafe\/#breadcrumb\"},\"inLanguage\":\"es\",\"potentialAction\":[{\"@type\":\"ReadAction\",\"target\":[\"https:\/\/gremicafe.cat\/museu-cafe\/\"]}]},{\"@type\":\"BreadcrumbList\",\"@id\":\"https:\/\/gremicafe.cat\/museu-cafe\/#breadcrumb\",\"itemListElement\":[{\"@type\":\"ListItem\",\"position\":1,\"name\":\"Inici\",\"item\":\"https:\/\/gremicafe.cat\/\"},{\"@type\":\"ListItem\",\"position\":2,\"name\":\"Museu del caf\u00e8\"}]},{\"@type\":\"WebSite\",\"@id\":\"https:\/\/gremicafe.cat\/#website\",\"url\":\"https:\/\/gremicafe.cat\/\",\"name\":\"Gremi del Caf\u00e8, torradors de Catalunya\",\"description\":\"Web oficial del gremi de torradors de caf\u00e8 de Catalunya\",\"publisher\":{\"@id\":\"https:\/\/gremicafe.cat\/#organization\"},\"potentialAction\":[{\"@type\":\"SearchAction\",\"target\":{\"@type\":\"EntryPoint\",\"urlTemplate\":\"https:\/\/gremicafe.cat\/?s={search_term_string}\"},\"query-input\":{\"@type\":\"PropertyValueSpecification\",\"valueRequired\":true,\"valueName\":\"search_term_string\"}}],\"inLanguage\":\"es\"},{\"@type\":\"Organization\",\"@id\":\"https:\/\/gremicafe.cat\/#organization\",\"name\":\"Gremi del Caf\u00e8, Torradors de Catalunya\",\"url\":\"https:\/\/gremicafe.cat\/\",\"logo\":{\"@type\":\"ImageObject\",\"inLanguage\":\"es\",\"@id\":\"https:\/\/gremicafe.cat\/#\/schema\/logo\/image\/\",\"url\":\"https:\/\/gremicafe.cat\/wp-content\/uploads\/2018\/03\/gremicafe-logo250.png\",\"contentUrl\":\"https:\/\/gremicafe.cat\/wp-content\/uploads\/2018\/03\/gremicafe-logo250.png\",\"width\":250,\"height\":49,\"caption\":\"Gremi del Caf\u00e8, Torradors de Catalunya\"},\"image\":{\"@id\":\"https:\/\/gremicafe.cat\/#\/schema\/logo\/image\/\"},\"sameAs\":[\"https:\/\/www.facebook.com\/gremicafecat\",\"https:\/\/x.com\/gremicafecat\",\"https:\/\/www.instagram.com\/gremicafecat\/\",\"https:\/\/www.pinterest.es\/gremicafecat\/\",\"https:\/\/www.youtube.com\/channel\/UCGLo5Y35vLwLvP4FrPZrCrw\/\"]}]}<\/script>\n<!-- \/ Yoast SEO plugin. -->","yoast_head_json":{"title":"Museu del Caf\u00e8 | Gremi del Caf\u00e8, torradors de Catalunya","description":"Museu virtual del caf\u00e8 del Gremi del Caf\u00e8, torradors de Catalunya. Anuncis, fotografies i antiga publicitat de marques de caf\u00e8 de Catalunya.","robots":{"index":"index","follow":"follow","max-snippet":"max-snippet:-1","max-image-preview":"max-image-preview:large","max-video-preview":"max-video-preview:-1"},"canonical":"https:\/\/gremicafe.cat\/es\/museu-cafe\/","og_locale":"es_ES","og_type":"article","og_title":"Museu del Caf\u00e8 | Gremi del Caf\u00e8, torradors de Catalunya","og_description":"Museu virtual del caf\u00e8 del Gremi del Caf\u00e8, torradors de Catalunya. Anuncis, fotografies i antiga publicitat de marques de caf\u00e8 de Catalunya.","og_url":"https:\/\/gremicafe.cat\/es\/museu-cafe\/","og_site_name":"Gremi del Caf\u00e8, torradors de Catalunya","article_publisher":"https:\/\/www.facebook.com\/gremicafecat","article_modified_time":"2026-04-15T10:54:40+00:00","twitter_card":"summary_large_image","twitter_site":"@gremicafecat","twitter_misc":{"Tiempo de lectura":"1 minuto"},"schema":{"@context":"https:\/\/schema.org","@graph":[{"@type":"WebPage","@id":"https:\/\/gremicafe.cat\/museu-cafe\/","url":"https:\/\/gremicafe.cat\/museu-cafe\/","name":"Museu del Caf\u00e8 | Gremi del Caf\u00e8, torradors de Catalunya","isPartOf":{"@id":"https:\/\/gremicafe.cat\/#website"},"datePublished":"2018-04-03T08:51:06+00:00","dateModified":"2026-04-15T10:54:40+00:00","description":"Museu virtual del caf\u00e8 del Gremi del Caf\u00e8, torradors de Catalunya. Anuncis, fotografies i antiga publicitat de marques de caf\u00e8 de Catalunya.","breadcrumb":{"@id":"https:\/\/gremicafe.cat\/museu-cafe\/#breadcrumb"},"inLanguage":"es","potentialAction":[{"@type":"ReadAction","target":["https:\/\/gremicafe.cat\/museu-cafe\/"]}]},{"@type":"BreadcrumbList","@id":"https:\/\/gremicafe.cat\/museu-cafe\/#breadcrumb","itemListElement":[{"@type":"ListItem","position":1,"name":"Inici","item":"https:\/\/gremicafe.cat\/"},{"@type":"ListItem","position":2,"name":"Museu del caf\u00e8"}]},{"@type":"WebSite","@id":"https:\/\/gremicafe.cat\/#website","url":"https:\/\/gremicafe.cat\/","name":"Gremio del Caf\u00e9, tostadores de Catalu\u00f1a","description":"Web oficial del gremio de tostadores de caf\u00e9 de Catalunya","publisher":{"@id":"https:\/\/gremicafe.cat\/#organization"},"potentialAction":[{"@type":"SearchAction","target":{"@type":"EntryPoint","urlTemplate":"https:\/\/gremicafe.cat\/?s={search_term_string}"},"query-input":{"@type":"PropertyValueSpecification","valueRequired":true,"valueName":"search_term_string"}}],"inLanguage":"es"},{"@type":"Organization","@id":"https:\/\/gremicafe.cat\/#organization","name":"Gremio del Caf\u00e9, Tostadores de Catalu\u00f1a","url":"https:\/\/gremicafe.cat\/","logo":{"@type":"ImageObject","inLanguage":"es","@id":"https:\/\/gremicafe.cat\/#\/schema\/logo\/image\/","url":"https:\/\/gremicafe.cat\/wp-content\/uploads\/2018\/03\/gremicafe-logo250.png","contentUrl":"https:\/\/gremicafe.cat\/wp-content\/uploads\/2018\/03\/gremicafe-logo250.png","width":250,"height":49,"caption":"Gremi del Caf\u00e8, Torradors de Catalunya"},"image":{"@id":"https:\/\/gremicafe.cat\/#\/schema\/logo\/image\/"},"sameAs":["https:\/\/www.facebook.com\/gremicafecat","https:\/\/x.com\/gremicafecat","https:\/\/www.instagram.com\/gremicafecat\/","https:\/\/www.pinterest.es\/gremicafecat\/","https:\/\/www.youtube.com\/channel\/UCGLo5Y35vLwLvP4FrPZrCrw\/"]}]}},"_links":{"self":[{"href":"https:\/\/gremicafe.cat\/es\/wp-json\/wp\/v2\/pages\/3527"}],"collection":[{"href":"https:\/\/gremicafe.cat\/es\/wp-json\/wp\/v2\/pages"}],"about":[{"href":"https:\/\/gremicafe.cat\/es\/wp-json\/wp\/v2\/types\/page"}],"author":[{"embeddable":true,"href":"https:\/\/gremicafe.cat\/es\/wp-json\/wp\/v2\/users\/1"}],"replies":[{"embeddable":true,"href":"https:\/\/gremicafe.cat\/es\/wp-json\/wp\/v2\/comments?post=3527"}],"version-history":[{"count":0,"href":"https:\/\/gremicafe.cat\/es\/wp-json\/wp\/v2\/pages\/3527\/revisions"}],"wp:attachment":[{"href":"https:\/\/gremicafe.cat\/es\/wp-json\/wp\/v2\/media?parent=3527"}],"curies":[{"name":"wp","href":"https:\/\/api.w.org\/{rel}","templated":true}]}}