{"id":3609,"date":"2018-04-03T16:06:31","date_gmt":"2018-04-03T14:06:31","guid":{"rendered":"http:\/\/gremicafe.cat\/?page_id=3609"},"modified":"2026-04-15T12:24:45","modified_gmt":"2026-04-15T10:24:45","slug":"origens","status":"publish","type":"page","link":"https:\/\/gremicafe.cat\/es\/origens\/","title":{"rendered":"Or\u00edgenes y tostado del caf\u00e9"},"content":{"rendered":"<section id=\"ut-section-69f47dc076666\" data-vc-full-width=\"true\" data-vc-full-width-init=\"false\" class=\"vc_section vc_section-has-no-fill ut-section-69f47dc076675\"><div id=\"ut-row-69f47dc076aaf\" data-vc-full-width=\"true\" data-vc-full-width-init=\"false\" class=\"vc_row wpb_row vc_row-fluid vc_column-gap-0 ut-row-69f47dc076abb\" ><div class=\"wpb_column vc_column_container vc_col-sm-12\" ><div id=\"ut_inner_column_69f47dc07707a\" class=\"vc_column-inner\"><div class=\"wpb_wrapper\"><div class=\"wpb_content_element\"><style type=\"text\/css\" scoped>#ut_header_69f47dc0772a3 h2 span { color:; }#ut_header_69f47dc0772a3.pt-style-2 .page-title:after, #ut_header_69f47dc0772a3.pt-style-2 .parallax-title:after, #ut_header_69f47dc0772a3.pt-style-2 .section-title:after {background-color: ;height: ;width: ;}<\/style><header id=\"ut_header_69f47dc0772a3\" class=\"section-header pt-style-2 header-left\"><h2  class=\"section-title\"><span>El caf\u00e9<\/span><\/h2><\/header><\/div>\n\t<div class=\"wpb_text_column wpb_content_element\" >\n\t\t<div class=\"wpb_wrapper\">\n\t\t\t<p style=\"text-align: justify;\">El caf\u00e9 es uno de los primeros productos de consumo en todo el mundo y sobre todo en los pa\u00edses occidentales. Se cree que el caf\u00e9 es originario de Yemen, en Arabia o del noreste de Etiop\u00eda. El cultivo de caf\u00e9 se expandi\u00f3 por el mundo \u00e1rabe, a mediados del siglo XV. Desde el mundo musulm\u00e1n, el caf\u00e9 se extendi\u00f3 a Italia, despu\u00e9s al resto de Europa, a Indonesia, y a Am\u00e9rica.<\/p>\n\n\t\t<\/div>\n\t<\/div>\n<\/div><\/div><\/div><\/div><div class=\"vc_row-full-width vc_clearfix\"><\/div><div id=\"ut-row-69f47dc0776d3\" data-vc-full-width=\"true\" data-vc-full-width-init=\"false\" class=\"vc_row wpb_row vc_row-fluid vc_column-gap-0 ut-row-69f47dc0776dc\" ><div class=\"wpb_column vc_column_container vc_col-sm-6\" ><div id=\"ut_inner_column_69f47dc0779b4\" class=\"vc_column-inner\"><div class=\"wpb_wrapper\"><div class=\"wpb_content_element\"><style type=\"text\/css\" scoped>#ut_header_69f47dc077ad0 h2 span { color:; }#ut_header_69f47dc077ad0 h2.section-title { font-size: 24px; }#ut_header_69f47dc077ad0.pt-style-2 .page-title:after, #ut_header_69f47dc077ad0.pt-style-2 .parallax-title:after, #ut_header_69f47dc077ad0.pt-style-2 .section-title:after {background-color: ;height: ;width: ;}<\/style><header id=\"ut_header_69f47dc077ad0\" class=\"section-header pt-style-2 header-left\"><h2  class=\"section-title\"><span>El caf\u00e9 verde<\/span><\/h2><\/header><\/div>\n\t<div class=\"wpb_text_column wpb_content_element\" >\n\t\t<div class=\"wpb_wrapper\">\n\t\t\t<p style=\"text-align: justify;\">La calidad de una taza de caf\u00e9 depende, en gran medida, de la adecuada proporci\u00f3n de las variedades y or\u00edgenes que compongan la mezcla (blend). Ambas especies m\u00e1s cultivadas son: ar\u00e1biga \u2013representa el 70% de la producci\u00f3n mundial\u2013 y robusta.<\/p>\n\n\t\t<\/div>\n\t<\/div>\n\n\t<div class=\"wpb_text_column wpb_content_element\" >\n\t\t<div class=\"wpb_wrapper\">\n\t\t\t<h4><strong>Ar\u00e1biga<\/strong> (Coffea arabica)<\/h4>\n<p style=\"text-align: justify;\">Especie nativa de los altiplanos de Etiop\u00eda, todas sus variedades producen caf\u00e9s delicados y arom\u00e1ticos con una amplia gama de aromas y sabores.<\/p>\n\n\t\t<\/div>\n\t<\/div>\n\n\t<div class=\"wpb_text_column wpb_content_element\" >\n\t\t<div class=\"wpb_wrapper\">\n\t\t\t<h4><strong>Robusta<\/strong> (Coffea canefora)<\/h4>\n<p style=\"text-align: justify;\">Especie nativa de \u00c1frica Occidental; ofrece una bebida rica en cafe\u00edna, fuerte y m\u00e1s \u00e1cida. Aporta cuerpo a la taza.<\/p>\n\n\t\t<\/div>\n\t<\/div>\n<\/div><\/div><\/div><div class=\"wpb_column vc_column_container vc_col-sm-6\" ><div id=\"ut_inner_column_69f47dc077e56\" class=\"vc_column-inner\"><div class=\"wpb_wrapper\"><div class=\"wpb_content_element ut-gallery-15  clearfix\">            \n            <script type=\"text\/javascript\">\n                \n                (function($){\n                    \n                    $(document).ready(function(){\n                        \n                                                                        \n                        function get_animated_objects( $all_appeared_elements, effect ) {\n                            \n                            var counter = 0;\n                            \n                            $all_appeared_elements.each(function(){\n                                        \n                                if( $(this).hasClass(effect) ) {\n\n                                    counter++;\n\n                                }\n\n                            });\n                            \n                            return counter;\n                            \n                        }\n                        \n                          \n                    });\n                        \n                })(jQuery);\n            \n            <\/script>\n            \n            <style type=\"text\/css\" scoped>#ut_ig_69f47dc077f01 .ut-lazy:not(.ut-image-loaded) + .ut-video-module-loading { display:block; }#ut_ig_69f47dc077f01 .ut-lazy.ut-image-loaded + .ut-video-module-loading { display:none; }<\/style><div id=\"ut_ig_69f47dc077f01\" class=\"ut-image-gallery  ut-image-gallery-15 clearfix\"><div  data-count=\"1\" class=\"ut-image-gallery-item ut-animation-done grid-100 tablet-grid-100 mobile-grid-100 ut-desktop-last\"><div class=\"ut-image-gallery-image\"><img loading=\"lazy\" decoding=\"async\"  class=\"ut-desktop-last\" src=\"https:\/\/gremicafe.cat\/wp-content\/uploads\/2018\/04\/gremicafe-cafe_verd-arabiga-300x300.jpg\" width=\"300\" height=\"300\"><\/div><\/div><div class=\"clear hide-on-tablet\"><\/div><div  data-count=\"1\" class=\"ut-image-gallery-item ut-animation-done ut-animation-done grid-100 tablet-grid-100 mobile-grid-100\"><div class=\"ut-image-gallery-image\"><img loading=\"lazy\" decoding=\"async\"  class=\"\" src=\"https:\/\/gremicafe.cat\/wp-content\/uploads\/2016\/07\/grain-2075001-300x300.jpg\" width=\"300\" height=\"300\"><\/div><\/div><div class=\"clear\"><\/div><\/div><\/div><\/div><\/div><\/div><\/div><div class=\"vc_row-full-width vc_clearfix\"><\/div><\/section><div class=\"vc_row-full-width vc_clearfix\"><\/div><section id=\"ut-section-69f47dc07932e\" data-vc-full-width=\"true\" data-vc-full-width-init=\"false\" class=\"vc_section vc_section-has-no-fill ut-section-69f47dc079337\"><div id=\"bannerOrigens\" data-vc-full-width=\"true\" data-vc-full-width-init=\"false\" data-vc-stretch-content=\"true\" class=\"vc_row wpb_row vc_row-fluid fotoFons vc_custom_1775819584470 vc_row-has-fill vc_column-gap-0 vc_row-no-padding ut-row-69f47dc0796f6 bklyn-row-with-overlay ut-parallax-section\" ><div id=\"ut-parallax-69f47dc0796fc\" data-parallax-bottom data-parallax-factor=\"8\" class=\"parallax-scroll-container parallax-scroll-container-hide\"><\/div><div class=\"wpb_column vc_column_container vc_col-sm-3\" ><div id=\"ut_inner_column_69f47dc079ad3\" class=\"vc_column-inner\"><div class=\"wpb_wrapper\"><\/div><\/div><\/div><div class=\"wpb_column vc_column_container vc_col-sm-6\" ><div id=\"ut_inner_column_69f47dc079c2d\" class=\"vc_column-inner\"><div class=\"wpb_wrapper\"><div class=\"wpb_content_element\"><style type=\"text\/css\" scoped>#ut_header_69f47dc079d81 h2 span { color:#ffffff; }#ut_header_69f47dc079d81.pt-style-2 .page-title:after, #ut_header_69f47dc079d81.pt-style-2 .parallax-title:after, #ut_header_69f47dc079d81.pt-style-2 .section-title:after {background-color: #ffffff;height: ;width: ;}<\/style><header id=\"ut_header_69f47dc079d81\" class=\"section-header pt-style-2 header-center\"><h2  class=\"section-title\"><span>Or\u00edgenes y cultivo del caf\u00e9<\/span><\/h2><\/header><\/div>\n\t<div class=\"wpb_text_column wpb_content_element\" >\n\t\t<div class=\"wpb_wrapper\">\n\t\t\t<p style=\"text-align: left;\">El caf\u00e9 es cultivado en unos ochenta pa\u00edses situados entre los tr\u00f3picos de C\u00e1ncer y Capricornio.<\/p>\n<p style=\"text-align: left;\">El cultivo de ar\u00e1biga es menos productivo y est\u00e1 reservado a tierras altas de monta\u00f1a, aproximadamente entre 700 y 2.000 metros. Actualmente se produce en pa\u00edses como: Brasil, Camer\u00fan, Colombia, Costa Rica, Cuba, Ecuador, Guatemala, Hait\u00ed, Jamaica, Java, Kenia, M\u00e9xico, Per\u00fa, Puerto Rico, Rep\u00fablica Dominicana, El Salvador, Tanzania y Venezuela.<\/p>\n<p style=\"text-align: left;\">El cultivo de robusta se adapta a terrenos planos con mayores rendimientos. Originario del Congo Belga (actualmente Zaire) se cultiva en \u00c1frica (Costa de Marfil, Angola y Zaire), India, Indonesia, Vietnam, Madagascar, Brasil y Filipinas.<\/p>\n\n\t\t<\/div>\n\t<\/div>\n<\/div><\/div><\/div><div class=\"wpb_column vc_column_container vc_col-sm-3\" ><div id=\"ut_inner_column_69f47dc07a078\" class=\"vc_column-inner\"><div class=\"wpb_wrapper\"><\/div><\/div><\/div><style type=\"text\/css\" scoped>#ut_row_overlay_69f47dc0796f7{ background-color: rgba(0, 0, 0, 0.2);} #ut-parallax-69f47dc0796fc{ background-image: url( https:\/\/gremicafe.cat\/wp-content\/uploads\/2026\/04\/2026-GREMICAFE-005.jpg?id=8280 ); }<\/style><div id=\"ut_row_overlay_69f47dc0796f7\" class=\"bklyn-overlay\"><\/div><\/div><div class=\"vc_row-full-width vc_clearfix\"><\/div><\/section><div class=\"vc_row-full-width vc_clearfix\"><\/div><section id=\"ut-section-69f47dc07a831\" data-vc-full-width=\"true\" data-vc-full-width-init=\"false\" class=\"vc_section vc_section-has-no-fill ut-section-69f47dc07a83c\"><div id=\"ut-row-69f47dc07abe8\" data-vc-full-width=\"true\" data-vc-full-width-init=\"false\" class=\"vc_row wpb_row vc_row-fluid vc_column-gap-0 ut-row-69f47dc07abf4\" ><div class=\"wpb_column vc_column_container vc_col-sm-6\" ><div id=\"ut_inner_column_69f47dc07afd2\" class=\"vc_column-inner\"><div class=\"wpb_wrapper\"><div  class=\"wpb_content_element   clearfix\"><style type=\"text\/css\" scoped>#ut_am_69f47dc07b7bc { opacity: 1; }<\/style><div id=\"ut_am_wrap_69f47dc07b7bd\" class=\"ut-image-gallery-image\" style=\"text-align:center;\"><div class=\"ut-animated-image-item ut-image-gallery-item ut-animation-done\"><a class=\"ut-deactivated-link\" href=\"#\"><img loading=\"lazy\" decoding=\"async\" title=\"2025-TUPINANBA_1644\" id=\"ut_am_69f47dc07b7bc\" style=\"\" src=\"https:\/\/gremicafe.cat\/wp-content\/uploads\/2026\/04\/2025-TUPINANBA_1644.jpg\" width=\"1920\" height=\"1280\" alt=\"\"\/><\/a><\/div><\/div><\/div><\/div><\/div><\/div><div class=\"wpb_column vc_column_container vc_col-sm-6\" ><div id=\"ut_inner_column_69f47dc07b93b\" class=\"vc_column-inner\"><div class=\"wpb_wrapper\"><div class=\"wpb_content_element\"><style type=\"text\/css\" scoped>#ut_header_69f47dc07bb59 h2 span { color:; }#ut_header_69f47dc07bb59.pt-style-2 .page-title:after, #ut_header_69f47dc07bb59.pt-style-2 .parallax-title:after, #ut_header_69f47dc07bb59.pt-style-2 .section-title:after {background-color: ;height: ;width: ;}<\/style><header id=\"ut_header_69f47dc07bb59\" class=\"section-header pt-style-2 header-left\"><h2  class=\"section-title\"><span>El mercado del caf\u00e9<\/span><\/h2><\/header><\/div>\n\t<div class=\"wpb_text_column wpb_content_element\" >\n\t\t<div class=\"wpb_wrapper\">\n\t\t\t<p style=\"text-align: justify;\">El caf\u00e9 es uno de los principales productos de origen agr\u00edcola que se comercializan en los mercados internacionales, y una de las bebidas estimulantes m\u00e1s consumidas en todo el mundo, despu\u00e9s del t\u00e9. Los factores que determinan el precio que tiene el kilo de caf\u00e9 son su calidad, las condiciones meteorol\u00f3gicas en los pa\u00edses productores y la negociaci\u00f3n en las bolsas de Nueva York y Londres, que son las que fijan el precio.<\/p>\n<p style=\"text-align: justify;\">Los precios indicativos del caf\u00e9, publicados a diario por la Organizaci\u00f3n Internacional del Caf\u00e9 en Londres, representan y siguen los cuatro tipos principales de caf\u00e9 disponibles en el mercado internacional: ar\u00e1bigas suaves colombianos, otras ar\u00e1bigas suaves, brasile\u00f1os y otras ar\u00e1bigas naturales, y robustas.<\/p>\n\n\t\t<\/div>\n\t<\/div>\n<\/div><\/div><\/div><\/div><div class=\"vc_row-full-width vc_clearfix\"><\/div><\/section><div class=\"vc_row-full-width vc_clearfix\"><\/div><section id=\"ut-section-69f47dc07c39a\" data-vc-full-width=\"true\" data-vc-full-width-init=\"false\" class=\"vc_section vc_section-has-no-fill ut-section-69f47dc07c3a4\"><div id=\"ut-row-69f47dc07c80d\" data-vc-full-width=\"true\" data-vc-full-width-init=\"false\" class=\"vc_row wpb_row vc_row-fluid vc_column-gap-0 ut-row-69f47dc07c817\" ><div class=\"wpb_column vc_column_container vc_col-sm-6\" ><div id=\"ut_inner_column_69f47dc07cb0b\" class=\"vc_column-inner\"><div class=\"wpb_wrapper\"><div class=\"wpb_content_element\"><style type=\"text\/css\" scoped>#ut_header_69f47dc07cc8d h2 span { color:; }#ut_header_69f47dc07cc8d.pt-style-2 .page-title:after, #ut_header_69f47dc07cc8d.pt-style-2 .parallax-title:after, #ut_header_69f47dc07cc8d.pt-style-2 .section-title:after {background-color: ;height: ;width: ;}<\/style><header id=\"ut_header_69f47dc07cc8d\" class=\"section-header pt-style-2 header-right\"><h2  class=\"section-title\"><span>Tostado de caf\u00e9<\/span><\/h2><\/header><\/div>\n\t<div class=\"wpb_text_column wpb_content_element\" >\n\t\t<div class=\"wpb_wrapper\">\n\t\t\t<p style=\"text-align: justify;\">El caf\u00e9 se compra verde, en origen mediante agentes especialidados. Una vez llega a Catalu\u00f1a, por el Port de Barcelona, comienza el trabajo del tostador de caf\u00e9.<\/p>\n<p style=\"text-align: justify;\">La torrefacci\u00f3n es una operaci\u00f3n fundamental a trav\u00e9s de la cual, se desarrolla todo el aroma y sabor de un producto natural, como el caf\u00e9 que no contiene ning\u00fan aditivo. S\u00f3lo un tostador experto y profesional, permite obtener un adecuado producto para una excelente taza de caf\u00e9. El industrial torrefactor probar\u00e1 \u2013la cata\u2013 los diferentes or\u00edgenes, para elaborar la mezcla apropiada \u2013el blend\u2013 y conseguir la mejor relaci\u00f3n calidad-precio. \u00danicamente el industrial torrefactor es el perfecto conocedor del tipo de tostado que precisa cada variedad.<\/p>\n<p style=\"text-align: justify;\">Una vez entregado el caf\u00e9 tostado, debidamente embolsado y con la garant\u00eda del torrefactor, al profesional de hosteler\u00eda, el trabajo del primero termina y comienza la aventura de transformar unos granos de caf\u00e9 expertamente tostados, en una agradable, arom\u00e1tica y sabrosa taza de caf\u00e9.<\/p>\n\n\t\t<\/div>\n\t<\/div>\n<\/div><\/div><\/div><div class=\"wpb_column vc_column_container vc_col-sm-6\" ><div id=\"ut_inner_column_69f47dc07cf4f\" class=\"vc_column-inner\"><div class=\"wpb_wrapper\"><div  class=\"wpb_content_element   clearfix\"><style type=\"text\/css\" scoped>#ut_am_69f47dc07d62a { opacity: 1; }<\/style><div id=\"ut_am_wrap_69f47dc07d62b\" class=\"ut-image-gallery-image\" style=\"text-align:center;\"><div class=\"ut-animated-image-item ut-image-gallery-item ut-animation-done\"><a class=\"ut-deactivated-link\" href=\"#\"><img loading=\"lazy\" decoding=\"async\" title=\"torratacatalunya\" id=\"ut_am_69f47dc07d62a\" style=\"\" src=\"https:\/\/gremicafe.cat\/wp-content\/uploads\/2025\/02\/torratacatalunya.jpeg\" width=\"1959\" height=\"1306\" alt=\"Fotografia \u00a9 Caf\u00e8s Novell\"\/><\/a><\/div><\/div><\/div><\/div><\/div><\/div><\/div><div class=\"vc_row-full-width vc_clearfix\"><\/div><\/section><div class=\"vc_row-full-width vc_clearfix\"><\/div><section id=\"ut-section-69f47dc07ded7\" data-vc-full-width=\"true\" data-vc-full-width-init=\"false\" class=\"vc_section vc_section-has-no-fill ut-section-69f47dc07dee3\"><div id=\"bannerFinal\" data-vc-full-width=\"true\" data-vc-full-width-init=\"false\" data-vc-stretch-content=\"true\" class=\"vc_row wpb_row vc_row-fluid fotoFons vc_custom_1524733397316 vc_row-has-fill vc_column-gap-0 vc_row-no-padding ut-row-69f47dc07e217 bklyn-row-with-overlay ut-parallax-section\" ><div id=\"ut-parallax-69f47dc07e21f\" data-parallax-bottom data-parallax-factor=\"8\" class=\"parallax-scroll-container parallax-scroll-container-hide\"><\/div><div class=\"wpb_column vc_column_container vc_col-sm-3\" ><div id=\"ut_inner_column_69f47dc07e674\" class=\"vc_column-inner\"><div class=\"wpb_wrapper\"><\/div><\/div><\/div><div class=\"wpb_column vc_column_container vc_col-sm-6\" ><div id=\"ut_inner_column_69f47dc07e79a\" class=\"vc_column-inner\"><div class=\"wpb_wrapper\"><div class=\"wpb_content_element\"><style type=\"text\/css\" scoped>#ut_header_69f47dc07e98d h2 span { color:#ffffff; }#ut_header_69f47dc07e98d.pt-style-2 .page-title:after, #ut_header_69f47dc07e98d.pt-style-2 .parallax-title:after, #ut_header_69f47dc07e98d.pt-style-2 .section-title:after {background-color: #ffffff;height: ;width: ;}<\/style><header id=\"ut_header_69f47dc07e98d\" class=\"section-header pt-style-2 header-center\"><h2  class=\"section-title\"><span>Consejos para tomar un buen caf\u00e9<\/span><\/h2><\/header><\/div><\/div><\/div><\/div><div class=\"wpb_column vc_column_container vc_col-sm-3\" ><div id=\"ut_inner_column_69f47dc07eae3\" class=\"vc_column-inner\"><div class=\"wpb_wrapper\"><\/div><\/div><\/div><style type=\"text\/css\" scoped>#ut_row_overlay_69f47dc07e219{ background-color: rgba(0, 0, 0, 0.2);} #ut-parallax-69f47dc07e21f{ background-image: url( https:\/\/gremicafe.cat\/wp-content\/uploads\/2018\/04\/gremi-origens-tassa-2-1958.jpeg?id=3750 ); }<\/style><div id=\"ut_row_overlay_69f47dc07e219\" class=\"bklyn-overlay\"><\/div><\/div><div class=\"vc_row-full-width vc_clearfix\"><\/div><div id=\"ut-row-69f47dc07ee47\" data-vc-full-width=\"true\" data-vc-full-width-init=\"false\" class=\"vc_row wpb_row vc_row-fluid vc_column-gap-0 ut-row-69f47dc07ee53\" ><div class=\"wpb_column vc_column_container vc_col-sm-3\" ><div id=\"ut_inner_column_69f47dc07f1f4\" class=\"vc_column-inner\"><div class=\"wpb_wrapper\"><\/div><\/div><\/div><div class=\"wpb_column vc_column_container vc_col-sm-9\" ><div id=\"ut_inner_column_69f47dc07f364\" class=\"vc_column-inner\"><div class=\"wpb_wrapper\">\n\t<div class=\"wpb_text_column wpb_content_element\" >\n\t\t<div class=\"wpb_wrapper\">\n\t\t\t<p style=\"text-align: justify;\">El <strong>Gremio del Caf\u00e9<\/strong>\u00a0le brinda una serie de consejos que le ayudar\u00e1n a hacer el mejor espresso a partir de la gran campa\u00f1a del Gremio: Caf\u00e9 100% natural; Reci\u00e9n tostado; con la garant\u00eda de un tostador del Gremio del Caf\u00e9 de Catalunya<\/p>\n\n\t\t<\/div>\n\t<\/div>\n<\/div><\/div><\/div><\/div><div class=\"vc_row-full-width vc_clearfix\"><\/div><div id=\"ut-row-69f47dc07f8a5\" data-vc-full-width=\"true\" data-vc-full-width-init=\"false\" class=\"vc_row wpb_row vc_row-fluid vc_column-gap-0 ut-row-69f47dc07f8b0\" ><div class=\"wpb_column vc_column_container vc_col-sm-3\" ><div id=\"ut_inner_column_69f47dc07fbb6\" class=\"vc_column-inner\"><div class=\"wpb_wrapper\"><div class=\"wpb_content_element\"><style type=\"text\/css\" scoped>#ut_header_69f47dc07fd1d h2 span { color:; }#ut_header_69f47dc07fd1d h2.section-title { font-size: 24px; }#ut_header_69f47dc07fd1d.pt-style-2 .page-title:after, #ut_header_69f47dc07fd1d.pt-style-2 .parallax-title:after, #ut_header_69f47dc07fd1d.pt-style-2 .section-title:after {background-color: ;height: ;width: ;}<\/style><header id=\"ut_header_69f47dc07fd1d\" class=\"section-header pt-style-2 header-right\"><h2  class=\"section-title\"><span>Tratamiento y conservaci\u00f3n<\/span><\/h2><\/header><\/div><\/div><\/div><\/div><div class=\"wpb_column vc_column_container vc_col-sm-9\" ><div id=\"ut_inner_column_69f47dc07fe6f\" class=\"vc_column-inner\"><div class=\"wpb_wrapper\">\n\t<div class=\"wpb_text_column wpb_content_element\" >\n\t\t<div class=\"wpb_wrapper\">\n\t\t\t<p style=\"text-align: justify;\">Conserve las bolsas de caf\u00e9 en un sitio fresco y seco. Recuerde que el caf\u00e9 molido, se deteriora r\u00e1pidamente. Los factores ambientales afectan a la estructura del grano, por lo que hay que tener en cuenta el punto de molido. Una molienda defectuosa, altera el aspecto y sabor del caf\u00e9.<\/p>\n<p style=\"text-align: justify;\"><em><strong>Idea:<\/strong> El caf\u00e9 no lleva agua, por tanto, si no debe consumirlo inmediatamente puede guardarlo en el congelador.<\/em><\/p>\n\n\t\t<\/div>\n\t<\/div>\n<\/div><\/div><\/div><\/div><div class=\"vc_row-full-width vc_clearfix\"><\/div><div id=\"ut-row-69f47dc08039d\" data-vc-full-width=\"true\" data-vc-full-width-init=\"false\" class=\"vc_row wpb_row vc_row-fluid vc_column-gap-0 ut-row-69f47dc0803a8\" ><div class=\"wpb_column vc_column_container vc_col-sm-3\" ><div id=\"ut_inner_column_69f47dc080663\" class=\"vc_column-inner\"><div class=\"wpb_wrapper\"><div class=\"wpb_content_element\"><style type=\"text\/css\" scoped>#ut_header_69f47dc080790 h2 span { color:; }#ut_header_69f47dc080790 h2.section-title { font-size: 24px; }#ut_header_69f47dc080790.pt-style-2 .page-title:after, #ut_header_69f47dc080790.pt-style-2 .parallax-title:after, #ut_header_69f47dc080790.pt-style-2 .section-title:after {background-color: ;height: ;width: ;}<\/style><header id=\"ut_header_69f47dc080790\" class=\"section-header pt-style-2 header-right\"><h2  class=\"section-title\"><span>Dosificaci\u00f3n<\/span><\/h2><\/header><\/div><\/div><\/div><\/div><div class=\"wpb_column vc_column_container vc_col-sm-9\" ><div id=\"ut_inner_column_69f47dc08090f\" class=\"vc_column-inner\"><div class=\"wpb_wrapper\">\n\t<div class=\"wpb_text_column wpb_content_element\" >\n\t\t<div class=\"wpb_wrapper\">\n\t\t\t<p style=\"text-align: justify;\">Para hacer un buen espresso se necesitan unos 7\/8 gramos de caf\u00e9, en su justo punto de molido. Es la cantidad id\u00f3nea para la mejor taza.<\/p>\n\n\t\t<\/div>\n\t<\/div>\n<\/div><\/div><\/div><\/div><div class=\"vc_row-full-width vc_clearfix\"><\/div><div id=\"ut-row-69f47dc080e20\" data-vc-full-width=\"true\" data-vc-full-width-init=\"false\" class=\"vc_row wpb_row vc_row-fluid vc_column-gap-0 ut-row-69f47dc080e29\" ><div class=\"wpb_column vc_column_container vc_col-sm-3\" ><div id=\"ut_inner_column_69f47dc08111b\" class=\"vc_column-inner\"><div class=\"wpb_wrapper\"><div class=\"wpb_content_element\"><style type=\"text\/css\" scoped>#ut_header_69f47dc081228 h2 span { color:; }#ut_header_69f47dc081228 h2.section-title { font-size: 24px; }#ut_header_69f47dc081228.pt-style-2 .page-title:after, #ut_header_69f47dc081228.pt-style-2 .parallax-title:after, #ut_header_69f47dc081228.pt-style-2 .section-title:after {background-color: ;height: ;width: ;}<\/style><header id=\"ut_header_69f47dc081228\" class=\"section-header pt-style-2 header-right\"><h2  class=\"section-title\"><span>El molinillo<\/span><\/h2><\/header><\/div><\/div><\/div><\/div><div class=\"wpb_column vc_column_container vc_col-sm-9\" ><div id=\"ut_inner_column_69f47dc081390\" class=\"vc_column-inner\"><div class=\"wpb_wrapper\">\n\t<div class=\"wpb_text_column wpb_content_element\" >\n\t\t<div class=\"wpb_wrapper\">\n\t\t\t<p style=\"text-align: justify;\">Compruebe peri\u00f3dicamente el buen estado de las fresas. Se recomienda el cambio cada 200\/300 kilogramos. Controle la dosificaci\u00f3n. Si tiene alguna duda consulte a su tostador de caf\u00e9.<\/p>\n\n\t\t<\/div>\n\t<\/div>\n<\/div><\/div><\/div><\/div><div class=\"vc_row-full-width vc_clearfix\"><\/div><div id=\"ut-row-69f47dc08179a\" data-vc-full-width=\"true\" data-vc-full-width-init=\"false\" class=\"vc_row wpb_row vc_row-fluid vc_column-gap-0 ut-row-69f47dc0817a3\" ><div class=\"wpb_column vc_column_container vc_col-sm-3\" ><div id=\"ut_inner_column_69f47dc081ab8\" class=\"vc_column-inner\"><div class=\"wpb_wrapper\"><div class=\"wpb_content_element\"><style type=\"text\/css\" scoped>#ut_header_69f47dc081bd5 h2 span { color:; }#ut_header_69f47dc081bd5 h2.section-title { font-size: 24px; }#ut_header_69f47dc081bd5.pt-style-2 .page-title:after, #ut_header_69f47dc081bd5.pt-style-2 .parallax-title:after, #ut_header_69f47dc081bd5.pt-style-2 .section-title:after {background-color: ;height: ;width: ;}<\/style><header id=\"ut_header_69f47dc081bd5\" class=\"section-header pt-style-2 header-right\"><h2  class=\"section-title\"><span>La cafetera<\/span><\/h2><\/header><\/div><\/div><\/div><\/div><div class=\"wpb_column vc_column_container vc_col-sm-9\" ><div id=\"ut_inner_column_69f47dc081d1b\" class=\"vc_column-inner\"><div class=\"wpb_wrapper\">\n\t<div class=\"wpb_text_column wpb_content_element\" >\n\t\t<div class=\"wpb_wrapper\">\n\t\t\t<p style=\"text-align: justify;\">La temperatura ideal de agua es de 90\u00b0. La presi\u00f3n adecuada, de 9 a 10 bar. Limpie peri\u00f3dicamente las duchas. Utilice agua descalcificada. Semanalmente, regenere las resinas de su aparato descalcificador. Observe a diario el estado de los filtros y lleva filtros.<\/p>\n\n\t\t<\/div>\n\t<\/div>\n<\/div><\/div><\/div><\/div><div class=\"vc_row-full-width vc_clearfix\"><\/div><div id=\"ut-row-69f47dc082172\" data-vc-full-width=\"true\" data-vc-full-width-init=\"false\" class=\"vc_row wpb_row vc_row-fluid vc_column-gap-0 ut-row-69f47dc08217e\" ><div class=\"wpb_column vc_column_container vc_col-sm-3\" ><div id=\"ut_inner_column_69f47dc082416\" class=\"vc_column-inner\"><div class=\"wpb_wrapper\"><div class=\"wpb_content_element\"><style type=\"text\/css\" scoped>#ut_header_69f47dc082533 h2 span { color:; }#ut_header_69f47dc082533 h2.section-title { font-size: 24px; }#ut_header_69f47dc082533.pt-style-2 .page-title:after, #ut_header_69f47dc082533.pt-style-2 .parallax-title:after, #ut_header_69f47dc082533.pt-style-2 .section-title:after {background-color: ;height: ;width: ;}<\/style><header id=\"ut_header_69f47dc082533\" class=\"section-header pt-style-2 header-right\"><h2  class=\"section-title\"><span>El caf\u00e9, un placer<\/span><\/h2><\/header><\/div><\/div><\/div><\/div><div class=\"wpb_column vc_column_container vc_col-sm-9\" ><div id=\"ut_inner_column_69f47dc08266b\" class=\"vc_column-inner\"><div class=\"wpb_wrapper\">\n\t<div class=\"wpb_text_column wpb_content_element\" >\n\t\t<div class=\"wpb_wrapper\">\n\t\t\t<p style=\"text-align: justify;\">Si las sugerencias anteriores han sido debidamente atendidas, observar\u00e1n que, en el momento de elaborar el caf\u00e9, \u00e9ste caer\u00e1 en la taza de manera continua, ni demasiado r\u00e1pido (molida excesivamente gruesa) ni gota a gota (molida excesivamente fina u obstrucci\u00f3n en los filtros).<\/p>\n<p>Es el momento de disfrutar de una excelente taza de caf\u00e9.<\/p>\n<p><a href=\"\/es\/campanya-el-cafe-un-plaer\/\">El caf\u00e9, un placer, es una campa\u00f1a del Gremi del Caf\u00e9, tostadores de Catalunya.<\/a><\/p>\n\n\t\t<\/div>\n\t<\/div>\n<\/div><\/div><\/div><\/div><div class=\"vc_row-full-width vc_clearfix\"><\/div><\/section><div class=\"vc_row-full-width vc_clearfix\"><\/div>","protected":false},"excerpt":{"rendered":"#ut_header_69f47dc083ea2 h2 span { color:; }#ut_header_69f47dc083ea2.pt-style-2 .page-title:after, #ut_header_69f47dc083ea2.pt-style-2 .parallax-title:after, #ut_header_69f47dc083ea2.pt-style-2 .section-title:after {background-color: ;height: ;width: ;}El caf\u00e8 El caf\u00e8 \u00e9s un dels primers productes de consum arreu del m\u00f3n i sobretot als pa\u00efsos occidentals. Es creu que el caf\u00e8 \u00e9s originari del Iemen, a Ar\u00e0bia o del nord-est d'Eti\u00f2pia. El cultiu de caf\u00e8 es va expandir [...]","protected":false},"author":1,"featured_media":0,"parent":0,"menu_order":0,"comment_status":"closed","ping_status":"closed","template":"","meta":{"_acf_changed":false,"inline_featured_image":false,"footnotes":""},"class_list":["post-3609","page","type-page","status-publish","hentry"],"acf":[],"yoast_head":"<!-- This site is optimized with the Yoast SEO plugin v25.5 - https:\/\/yoast.com\/wordpress\/plugins\/seo\/ -->\n<title>Or\u00edgens i torrat | Gremi del Caf\u00e8, torradors de Catalunya<\/title>\n<meta name=\"description\" content=\"El Gremi del Caf\u00e8 li brinda una s\u00e8rie de consells que l\u2019ajudaran a con\u00e8ixer una mica m\u00e9s el m\u00f3n de caf\u00e8 i saber apreciar les seves qualitats.\" \/>\n<meta name=\"robots\" content=\"index, follow, max-snippet:-1, max-image-preview:large, max-video-preview:-1\" \/>\n<link rel=\"canonical\" href=\"https:\/\/gremicafe.cat\/es\/origens\/\" \/>\n<meta property=\"og:locale\" content=\"es_ES\" \/>\n<meta property=\"og:type\" content=\"article\" \/>\n<meta property=\"og:title\" content=\"Or\u00edgens i torrat | Gremi del Caf\u00e8, torradors de Catalunya\" \/>\n<meta property=\"og:description\" content=\"El Gremi del Caf\u00e8 li brinda una s\u00e8rie de consells que l\u2019ajudaran a con\u00e8ixer una mica m\u00e9s el m\u00f3n de caf\u00e8 i saber apreciar les seves qualitats.\" \/>\n<meta property=\"og:url\" content=\"https:\/\/gremicafe.cat\/es\/origens\/\" \/>\n<meta property=\"og:site_name\" content=\"Gremi del Caf\u00e8, torradors de Catalunya\" \/>\n<meta property=\"article:publisher\" content=\"https:\/\/www.facebook.com\/gremicafecat\" \/>\n<meta property=\"article:modified_time\" content=\"2026-04-15T10:24:45+00:00\" \/>\n<meta name=\"twitter:card\" content=\"summary_large_image\" \/>\n<meta name=\"twitter:site\" content=\"@gremicafecat\" \/>\n<meta name=\"twitter:label1\" content=\"Tiempo de lectura\" \/>\n\t<meta name=\"twitter:data1\" content=\"6 minutos\" \/>\n<script type=\"application\/ld+json\" class=\"yoast-schema-graph\">{\"@context\":\"https:\/\/schema.org\",\"@graph\":[{\"@type\":\"WebPage\",\"@id\":\"https:\/\/gremicafe.cat\/origens\/\",\"url\":\"https:\/\/gremicafe.cat\/origens\/\",\"name\":\"Or\u00edgens i torrat | Gremi del Caf\u00e8, torradors de Catalunya\",\"isPartOf\":{\"@id\":\"https:\/\/gremicafe.cat\/#website\"},\"datePublished\":\"2018-04-03T14:06:31+00:00\",\"dateModified\":\"2026-04-15T10:24:45+00:00\",\"description\":\"El Gremi del Caf\u00e8 li brinda una s\u00e8rie de consells que l\u2019ajudaran a con\u00e8ixer una mica m\u00e9s el m\u00f3n de caf\u00e8 i saber apreciar les seves qualitats.\",\"breadcrumb\":{\"@id\":\"https:\/\/gremicafe.cat\/origens\/#breadcrumb\"},\"inLanguage\":\"es\",\"potentialAction\":[{\"@type\":\"ReadAction\",\"target\":[\"https:\/\/gremicafe.cat\/origens\/\"]}]},{\"@type\":\"BreadcrumbList\",\"@id\":\"https:\/\/gremicafe.cat\/origens\/#breadcrumb\",\"itemListElement\":[{\"@type\":\"ListItem\",\"position\":1,\"name\":\"Inici\",\"item\":\"https:\/\/gremicafe.cat\/\"},{\"@type\":\"ListItem\",\"position\":2,\"name\":\"Or\u00edgens i torrat del caf\u00e8\"}]},{\"@type\":\"WebSite\",\"@id\":\"https:\/\/gremicafe.cat\/#website\",\"url\":\"https:\/\/gremicafe.cat\/\",\"name\":\"Gremi del Caf\u00e8, torradors de Catalunya\",\"description\":\"Web oficial del gremi de torradors de caf\u00e8 de Catalunya\",\"publisher\":{\"@id\":\"https:\/\/gremicafe.cat\/#organization\"},\"potentialAction\":[{\"@type\":\"SearchAction\",\"target\":{\"@type\":\"EntryPoint\",\"urlTemplate\":\"https:\/\/gremicafe.cat\/?s={search_term_string}\"},\"query-input\":{\"@type\":\"PropertyValueSpecification\",\"valueRequired\":true,\"valueName\":\"search_term_string\"}}],\"inLanguage\":\"es\"},{\"@type\":\"Organization\",\"@id\":\"https:\/\/gremicafe.cat\/#organization\",\"name\":\"Gremi del Caf\u00e8, Torradors de Catalunya\",\"url\":\"https:\/\/gremicafe.cat\/\",\"logo\":{\"@type\":\"ImageObject\",\"inLanguage\":\"es\",\"@id\":\"https:\/\/gremicafe.cat\/#\/schema\/logo\/image\/\",\"url\":\"https:\/\/gremicafe.cat\/wp-content\/uploads\/2018\/03\/gremicafe-logo250.png\",\"contentUrl\":\"https:\/\/gremicafe.cat\/wp-content\/uploads\/2018\/03\/gremicafe-logo250.png\",\"width\":250,\"height\":49,\"caption\":\"Gremi del Caf\u00e8, Torradors de Catalunya\"},\"image\":{\"@id\":\"https:\/\/gremicafe.cat\/#\/schema\/logo\/image\/\"},\"sameAs\":[\"https:\/\/www.facebook.com\/gremicafecat\",\"https:\/\/x.com\/gremicafecat\",\"https:\/\/www.instagram.com\/gremicafecat\/\",\"https:\/\/www.pinterest.es\/gremicafecat\/\",\"https:\/\/www.youtube.com\/channel\/UCGLo5Y35vLwLvP4FrPZrCrw\/\"]}]}<\/script>\n<!-- \/ Yoast SEO plugin. -->","yoast_head_json":{"title":"Or\u00edgens i torrat | Gremi del Caf\u00e8, torradors de Catalunya","description":"El Gremi del Caf\u00e8 li brinda una s\u00e8rie de consells que l\u2019ajudaran a con\u00e8ixer una mica m\u00e9s el m\u00f3n de caf\u00e8 i saber apreciar les seves qualitats.","robots":{"index":"index","follow":"follow","max-snippet":"max-snippet:-1","max-image-preview":"max-image-preview:large","max-video-preview":"max-video-preview:-1"},"canonical":"https:\/\/gremicafe.cat\/es\/origens\/","og_locale":"es_ES","og_type":"article","og_title":"Or\u00edgens i torrat | Gremi del Caf\u00e8, torradors de Catalunya","og_description":"El Gremi del Caf\u00e8 li brinda una s\u00e8rie de consells que l\u2019ajudaran a con\u00e8ixer una mica m\u00e9s el m\u00f3n de caf\u00e8 i saber apreciar les seves qualitats.","og_url":"https:\/\/gremicafe.cat\/es\/origens\/","og_site_name":"Gremi del Caf\u00e8, torradors de Catalunya","article_publisher":"https:\/\/www.facebook.com\/gremicafecat","article_modified_time":"2026-04-15T10:24:45+00:00","twitter_card":"summary_large_image","twitter_site":"@gremicafecat","twitter_misc":{"Tiempo de lectura":"6 minutos"},"schema":{"@context":"https:\/\/schema.org","@graph":[{"@type":"WebPage","@id":"https:\/\/gremicafe.cat\/origens\/","url":"https:\/\/gremicafe.cat\/origens\/","name":"Or\u00edgens i torrat | Gremi del Caf\u00e8, torradors de Catalunya","isPartOf":{"@id":"https:\/\/gremicafe.cat\/#website"},"datePublished":"2018-04-03T14:06:31+00:00","dateModified":"2026-04-15T10:24:45+00:00","description":"El Gremi del Caf\u00e8 li brinda una s\u00e8rie de consells que l\u2019ajudaran a con\u00e8ixer una mica m\u00e9s el m\u00f3n de caf\u00e8 i saber apreciar les seves qualitats.","breadcrumb":{"@id":"https:\/\/gremicafe.cat\/origens\/#breadcrumb"},"inLanguage":"es","potentialAction":[{"@type":"ReadAction","target":["https:\/\/gremicafe.cat\/origens\/"]}]},{"@type":"BreadcrumbList","@id":"https:\/\/gremicafe.cat\/origens\/#breadcrumb","itemListElement":[{"@type":"ListItem","position":1,"name":"Inici","item":"https:\/\/gremicafe.cat\/"},{"@type":"ListItem","position":2,"name":"Or\u00edgens i torrat del caf\u00e8"}]},{"@type":"WebSite","@id":"https:\/\/gremicafe.cat\/#website","url":"https:\/\/gremicafe.cat\/","name":"Gremio del Caf\u00e9, tostadores de Catalu\u00f1a","description":"Web oficial del gremio de tostadores de caf\u00e9 de Catalunya","publisher":{"@id":"https:\/\/gremicafe.cat\/#organization"},"potentialAction":[{"@type":"SearchAction","target":{"@type":"EntryPoint","urlTemplate":"https:\/\/gremicafe.cat\/?s={search_term_string}"},"query-input":{"@type":"PropertyValueSpecification","valueRequired":true,"valueName":"search_term_string"}}],"inLanguage":"es"},{"@type":"Organization","@id":"https:\/\/gremicafe.cat\/#organization","name":"Gremio del Caf\u00e9, Tostadores de Catalu\u00f1a","url":"https:\/\/gremicafe.cat\/","logo":{"@type":"ImageObject","inLanguage":"es","@id":"https:\/\/gremicafe.cat\/#\/schema\/logo\/image\/","url":"https:\/\/gremicafe.cat\/wp-content\/uploads\/2018\/03\/gremicafe-logo250.png","contentUrl":"https:\/\/gremicafe.cat\/wp-content\/uploads\/2018\/03\/gremicafe-logo250.png","width":250,"height":49,"caption":"Gremi del Caf\u00e8, Torradors de Catalunya"},"image":{"@id":"https:\/\/gremicafe.cat\/#\/schema\/logo\/image\/"},"sameAs":["https:\/\/www.facebook.com\/gremicafecat","https:\/\/x.com\/gremicafecat","https:\/\/www.instagram.com\/gremicafecat\/","https:\/\/www.pinterest.es\/gremicafecat\/","https:\/\/www.youtube.com\/channel\/UCGLo5Y35vLwLvP4FrPZrCrw\/"]}]}},"_links":{"self":[{"href":"https:\/\/gremicafe.cat\/es\/wp-json\/wp\/v2\/pages\/3609"}],"collection":[{"href":"https:\/\/gremicafe.cat\/es\/wp-json\/wp\/v2\/pages"}],"about":[{"href":"https:\/\/gremicafe.cat\/es\/wp-json\/wp\/v2\/types\/page"}],"author":[{"embeddable":true,"href":"https:\/\/gremicafe.cat\/es\/wp-json\/wp\/v2\/users\/1"}],"replies":[{"embeddable":true,"href":"https:\/\/gremicafe.cat\/es\/wp-json\/wp\/v2\/comments?post=3609"}],"version-history":[{"count":0,"href":"https:\/\/gremicafe.cat\/es\/wp-json\/wp\/v2\/pages\/3609\/revisions"}],"wp:attachment":[{"href":"https:\/\/gremicafe.cat\/es\/wp-json\/wp\/v2\/media?parent=3609"}],"curies":[{"name":"wp","href":"https:\/\/api.w.org\/{rel}","templated":true}]}}