{"id":3611,"date":"2018-04-03T16:07:37","date_gmt":"2018-04-03T14:07:37","guid":{"rendered":"http:\/\/gremicafe.cat\/?page_id=3611"},"modified":"2026-04-15T13:05:44","modified_gmt":"2026-04-15T11:05:44","slug":"establiments-certificats","status":"publish","type":"page","link":"https:\/\/gremicafe.cat\/es\/establiments-certificats\/","title":{"rendered":"Establecimientos certificados"},"content":{"rendered":"<section id=\"ut-section-69f4737631a7a\" data-vc-full-width=\"true\" data-vc-full-width-init=\"false\" class=\"vc_section vc_section-has-no-fill ut-section-69f4737631a9b\"><div id=\"ut-row-69f47376321de\" data-vc-full-width=\"true\" data-vc-full-width-init=\"false\" class=\"vc_row wpb_row vc_row-fluid vc_row-has-fill vc_column-gap-0 ut-row-69f47376321f0 ut-parallax-section\" ><div id=\"ut-parallax-69f47376321f2\" data-parallax-bottom data-parallax-factor=\"8\" class=\"parallax-scroll-container parallax-scroll-container-hide\"><\/div><div class=\"wpb_column vc_column_container vc_col-sm-6\" ><div id=\"ut_inner_column_69f4737632b0e\" class=\"vc_column-inner\"><div class=\"wpb_wrapper\"><div class=\"wpb_content_element\"><style type=\"text\/css\" scoped>#ut_header_69f4737632df8 h2 span { color:; }#ut_header_69f4737632df8 h2.section-title { font-size: 30px; }#ut_header_69f4737632df8.pt-style-2 .page-title:after, #ut_header_69f4737632df8.pt-style-2 .parallax-title:after, #ut_header_69f4737632df8.pt-style-2 .section-title:after {background-color: ;height: ;width: ;}<\/style><header id=\"ut_header_69f4737632df8\" class=\"section-header pt-style-2 header-right\"><h2  class=\"section-title\"><span>\u00bfQu\u00e9 es un establecimiento certificado?<\/span><\/h2><\/header><\/div>\n\t<div class=\"wpb_text_column wpb_content_element\" >\n\t\t<div class=\"wpb_wrapper\">\n\t\t\t<p class=\"p1\"><span class=\"s1\">Un establecimiento certificado es aquel que luce el distintivo del <b>Gremio del Caf\u00e9 de Catalu\u00f1a<\/b>, que le ha entregado un tostador de caf\u00e9 asociado al Gremio.<\/span><\/p>\n<p class=\"p1\"><span class=\"s1\">Es, por tanto, un establecimiento que sirve un caf\u00e9, 100% natural, reci\u00e9n tostado, por un tostador del Gremio del Caf\u00e9, tostadores de Catalu\u00f1a; un producto km 0, de proximidad, fresco y natural.<\/span><\/p>\n\n\t\t<\/div>\n\t<\/div>\n<div class=\"wpb_content_element\"><style type=\"text\/css\" scoped>#ut_header_69f473763330f h2 span { color:; }#ut_header_69f473763330f h2.section-title { font-size: 30px; }#ut_header_69f473763330f.pt-style-2 .page-title:after, #ut_header_69f473763330f.pt-style-2 .parallax-title:after, #ut_header_69f473763330f.pt-style-2 .section-title:after {background-color: ;height: ;width: ;}<\/style><header id=\"ut_header_69f473763330f\" class=\"section-header pt-style-2 header-right\"><h2  class=\"section-title\"><span>\u00bfQuiere ser un establecimiento certificado por el Gremio?<\/span><\/h2><\/header><\/div>\n\t<div class=\"wpb_text_column wpb_content_element\" >\n\t\t<div class=\"wpb_wrapper\">\n\t\t\t<p class=\"p1\"><span class=\"s1\">Para ser un establecimiento certificado, es necesario que sea cliente de una de las empresas asociadas al <b>Gremio del Caf\u00e9<\/b>, tostadores de Catalu\u00f1a. P\u00f3ngase en contacto y ellos le explicar\u00e1n c\u00f3mo puede obtener el distintivo de certificaci\u00f3n.<\/span><\/p>\n<p class=\"p1\"><span class=\"s1\">Este distintivo le compromete a comprar caf\u00e9 100% natural, reci\u00e9n tostado, por un tostador asociado al Gremi del Caf\u00e9, tostadores de Catalu\u00f1a.<\/span><\/p>\n<p class=\"p1\"><span class=\"s1\"><b>\u00bfQuiere conocer m\u00e1s cosas del caf\u00e9?<\/b> <\/span><\/p>\n<p class=\"p1\"><span class=\"s1\">Preg\u00fantele a un tostador del Gremio del Caf\u00e9. Le ense\u00f1ar\u00e1n, al menos, las veinte formas m\u00e1s habituales de tomar un buen caf\u00e9 en Catalunya.<\/span><\/p>\n\n\t\t<\/div>\n\t<\/div>\n<div class=\"wpb_content_element\"><style type=\"text\/css\" scoped>#ut_header_69f47376336a9 h2 span { color:; }#ut_header_69f47376336a9 h2.section-title { font-size: 30px; }#ut_header_69f47376336a9.pt-style-2 .page-title:after, #ut_header_69f47376336a9.pt-style-2 .parallax-title:after, #ut_header_69f47376336a9.pt-style-2 .section-title:after {background-color: ;height: ;width: ;}<\/style><header id=\"ut_header_69f47376336a9\" class=\"section-header pt-style-2 header-right\"><h2  class=\"section-title\"><span>Soy un consumidor, \u00bfc\u00f3mo puedo saber si un establecimiento est\u00e1 certificado?<\/span><\/h2><\/header><\/div>\n\t<div class=\"wpb_text_column wpb_content_element\" >\n\t\t<div class=\"wpb_wrapper\">\n\t\t\t<p class=\"p1\"><span class=\"s1\">Todos los establecimientos certificados deben exponer el distintivo que lo acredita en un lugar visible. Para mayor seguridad, puede consultar la lista de marcas y empresas asociadas al <b>Gremio del Caf\u00e9<\/b>, tostadores de Catalu\u00f1a, en su p\u00e1gina web: https:\/\/gremicafe.cat<\/span><\/p>\n<p class=\"p1\"><span class=\"s1\">Este distintivo acredita que el establecimiento donde usted se encuentra, compra caf\u00e9 100% natural, reci\u00e9n tostado, por un tostador asociado al Gremi del Caf\u00e9, tostadores de Catalu\u00f1a.<\/span><\/p>\n<p class=\"p1\"><span class=\"s1\">El Gremio del Caf\u00e9 impulsa desde 2016 la campa\u00f1a &quot;El caf\u00e9, un placer&quot; con el \u00fanico objetivo de garantizar la calidad del caf\u00e9 en las cafeter\u00edas de Catalu\u00f1a.<\/span><\/p>\n\n\t\t<\/div>\n\t<\/div>\n<style type=\"text\/css\" scoped>#bklyn_btn_69f47376338f3 .bklyn-btn { color:#ffffff; background-color:#ffc000; }#bklyn_btn_69f47376338f3 .bklyn-btn:hover{ color:#000000; background-color:#ffc000; }#bklyn_btn_69f47376338f3 .bklyn-btn:focus{ color:#000000; background-color:#ffc000; }#bklyn_btn_69f47376338f3 .bklyn-btn:active { color:#000000; background-color:#ffc000; }<\/style><div id=\"bklyn_btn_69f47376338f3\" class=\"bklyn-btn-holder  bklyn-btn-left\"><a title=\"VER LA CAMPA\u00d1A\"   href=\"https:\/\/gremicafe.cat\/es\/sala-premsa\/#elcafeunplaer\" target=\"_self\" class=\"bklyn-btn  bklyn-btn-normal\" >VER LA CAMPA\u00d1A<\/a><\/div><\/div><\/div><\/div><div class=\"wpb_column vc_column_container vc_col-sm-6\" ><div id=\"ut_inner_column_69f4737633b60\" class=\"vc_column-inner\"><div class=\"wpb_wrapper\"><div class=\"wpb_content_element   clearfix\">            \n            <script type=\"text\/javascript\">\n                \n                (function($){\n                    \n                    $(document).ready(function(){\n                        \n                                                                        \n                        function get_animated_objects( $all_appeared_elements, effect ) {\n                            \n                            var counter = 0;\n                            \n                            $all_appeared_elements.each(function(){\n                                        \n                                if( $(this).hasClass(effect) ) {\n\n                                    counter++;\n\n                                }\n\n                            });\n                            \n                            return counter;\n                            \n                        }\n                        \n                          \n                    });\n                        \n                })(jQuery);\n            \n            <\/script>\n            \n            <style type=\"text\/css\" scoped>#ut_ig_69f4737633ca4 .ut-lazy:not(.ut-image-loaded) + .ut-video-module-loading { display:block; }#ut_ig_69f4737633ca4 .ut-lazy.ut-image-loaded + .ut-video-module-loading { display:none; }<\/style><div id=\"ut_ig_69f4737633ca4\" class=\"ut-image-gallery placa-gremi-2023 clearfix\"><div  data-count=\"1\" class=\"ut-image-gallery-item ut-animation-done grid-100 tablet-grid-100 mobile-grid-100\"><a title=\"\" class=\"ut-vc-images-lightbox\"  data-exthumbimage=\"https:\/\/gremicafe.cat\/wp-content\/uploads\/2026\/04\/placa2026_botigues_gremi_cafe_800-150x150.jpg\" href=\"https:\/\/gremicafe.cat\/wp-content\/uploads\/2026\/04\/placa2026_botigues_gremi_cafe_800-483x720.jpg\"><div class=\"ut-image-gallery-image\"><img loading=\"lazy\" decoding=\"async\" alt=\"\" class=\"\" src=\"https:\/\/gremicafe.cat\/wp-content\/uploads\/2026\/04\/placa2026_botigues_gremi_cafe_800.jpg\" width=\"800\" height=\"1193\"><\/div><\/a><\/div><div class=\"clear\"><\/div><\/div><\/div>\n\t<div class=\"wpb_text_column wpb_content_element\" >\n\t\t<div class=\"wpb_wrapper\">\n\t\t\t<p style=\"font-size: 0.75em; color: #666666; margin: 0px !important; text-align: center;\">Distintivo de establecimiento certificado por el Gremio del Caf\u00e9<\/p>\n\n\t\t<\/div>\n\t<\/div>\n<\/div><\/div><\/div><style type=\"text\/css\" scoped> #ut-parallax-69f47376321f2{ background-image: url(  ); }<\/style><\/div><div class=\"vc_row-full-width vc_clearfix\"><\/div><div id=\"ut-row-69f4737635018\" data-vc-full-width=\"true\" data-vc-full-width-init=\"false\" class=\"vc_row wpb_row vc_row-fluid vc_custom_1524734905676 vc_column-gap-0 ut-row-69f473763502a\" ><div class=\"wpb_column vc_column_container vc_col-sm-12\" ><div id=\"ut_inner_column_69f47376358e5\" class=\"vc_column-inner\"><div class=\"wpb_wrapper\"><div class=\"wpb_content_element\"><style type=\"text\/css\" scoped>#ut_header_69f4737635e44 h2 span { color:; }#ut_header_69f4737635e44.pt-style-2 .page-title:after, #ut_header_69f4737635e44.pt-style-2 .parallax-title:after, #ut_header_69f4737635e44.pt-style-2 .section-title:after {background-color: ;height: ;width: ;}<\/style><header id=\"ut_header_69f4737635e44\" class=\"section-header pt-style-2 header-center\"><h2  class=\"section-title\"><span>Usted tendr\u00e1 un buen caf\u00e9!<\/span><\/h2><div data-delay=\"0\" class=\"lead\"><p>Miembros del Gremio del Caf\u00e9<\/p>\n<\/div><\/header><\/div><div class=\"wpb_content_element ut-gallery-25  clearfix\">            \n            <script type=\"text\/javascript\">\n                \n                (function($){\n                    \n                    $(document).ready(function(){\n                        \n                                                                        \n                        function get_animated_objects( $all_appeared_elements, effect ) {\n                            \n                            var counter = 0;\n                            \n                            $all_appeared_elements.each(function(){\n                                        \n                                if( $(this).hasClass(effect) ) {\n\n                                    counter++;\n\n                                }\n\n                            });\n                            \n                            return counter;\n                            \n                        }\n                        \n                          \n                    });\n                        \n                })(jQuery);\n            \n            <\/script>\n            \n            <style type=\"text\/css\" scoped>#ut_ig_69f4737635ee8 .ut-lazy:not(.ut-image-loaded) + .ut-video-module-loading { display:block; }#ut_ig_69f4737635ee8 .ut-lazy.ut-image-loaded + .ut-video-module-loading { display:none; }<\/style><div id=\"ut_ig_69f4737635ee8\" class=\"ut-image-gallery  ut-image-gallery-25 clearfix\"><div  data-count=\"19\" class=\"ut-image-gallery-item ut-animation-done grid-20 tablet-grid-33 mobile-grid-100\"><a title=\"BRACAF\u00c9\" href=\"http:\/\/bracafe.com\/\" target=\"_blank\"><div class=\"ut-image-gallery-image\"><img loading=\"lazy\" decoding=\"async\" alt=\"BRACAF\u00c9\" class=\"\" src=\"https:\/\/gremicafe.cat\/wp-content\/uploads\/2018\/04\/gremicafe-logos-clients-bracafe.png\" width=\"226\" height=\"150\"><\/div><div id=\"ut-image-caption-3902\" class=\"ut-vc-images-lightbox-caption\">BRACAF\u00c9<\/div><\/a><\/div><div  data-count=\"19\" class=\"ut-image-gallery-item ut-animation-done ut-animation-done grid-20 tablet-grid-33 mobile-grid-100\"><a title=\"CAF\u00c9S ROMA,SCP\" href=\"http:\/\/www.cafesroma.com\/\" target=\"_blank\"><div class=\"ut-image-gallery-image\"><img loading=\"lazy\" decoding=\"async\" alt=\"CAF\u00c9S ROMA,S.C.P.\" class=\"\" src=\"https:\/\/gremicafe.cat\/wp-content\/uploads\/2018\/04\/roma.png\" width=\"226\" height=\"150\"><\/div><div id=\"ut-image-caption-3957\" class=\"ut-vc-images-lightbox-caption\">CAF\u00c9S ROMA,SCP<\/div><\/a><\/div><div  data-count=\"19\" class=\"ut-image-gallery-item ut-animation-done ut-animation-done ut-animation-done grid-20 tablet-grid-33 mobile-grid-100 ut-tablet-last\"><a title=\"CAF\u00c9S TUPINAMBA,SA\" href=\"http:\/\/www.tupinamba.com\/?lang=ca\" target=\"_blank\"><div class=\"ut-image-gallery-image\"><img loading=\"lazy\" decoding=\"async\" alt=\"CAF\u00c9S TUPINAMBA,S.A.\" class=\"ut-tablet-last\" src=\"https:\/\/gremicafe.cat\/wp-content\/uploads\/2018\/04\/gremicafe-logos-clients-tupinamba.png\" width=\"226\" height=\"150\"><\/div><div id=\"ut-image-caption-4035\" class=\"ut-vc-images-lightbox-caption\">CAF\u00c9S TUPINAMBA,SA<\/div><\/a><\/div><div class=\"clear hide-on-desktop hide-on-tablet\"><\/div><div  data-count=\"19\" class=\"ut-image-gallery-item ut-animation-done ut-animation-done ut-animation-done ut-animation-done grid-20 tablet-grid-33 mobile-grid-100\"><a title=\"\" href=\"https:\/\/cafescornella.coffee\/\" target=\"_blank\"><div class=\"ut-image-gallery-image\"><img loading=\"lazy\" decoding=\"async\" alt=\"\" class=\"\" src=\"https:\/\/gremicafe.cat\/wp-content\/uploads\/2020\/05\/gremicafe-logos-clients-cornella-2.png\" width=\"228\" height=\"150\"><\/div><\/a><\/div><div  data-count=\"14\" class=\"ut-image-gallery-item ut-animation-done ut-animation-done ut-animation-done ut-animation-done ut-animation-done grid-20 tablet-grid-33 mobile-grid-100 ut-desktop-last\"><a title=\"INCAFHISA\/CAF\u00c9S BUEY\" href=\"http:\/\/www.cafesbou.com\" target=\"_blank\"><div class=\"ut-image-gallery-image\"><img loading=\"lazy\" decoding=\"async\" alt=\"INCAFHISA\/CAF\u00c9S BOU\" class=\"ut-desktop-last\" src=\"https:\/\/gremicafe.cat\/wp-content\/uploads\/2018\/04\/gremicafe-logos-clients-bou.png\" width=\"226\" height=\"150\"><\/div><div id=\"ut-image-caption-3901\" class=\"ut-vc-images-lightbox-caption\">INCAFHISA\/CAF\u00c9S BUEY<\/div><\/a><\/div><div class=\"clear hide-on-tablet\"><\/div><div  data-count=\"14\" class=\"ut-image-gallery-item ut-animation-done ut-animation-done ut-animation-done ut-animation-done ut-animation-done ut-animation-done grid-20 tablet-grid-33 mobile-grid-100 ut-tablet-last\"><a title=\"CAF\u00c9 SAM.SAL\" href=\"https:\/\/www.cafesmamasame.com\/\" target=\"_blank\"><div class=\"ut-image-gallery-image\"><img loading=\"lazy\" decoding=\"async\" alt=\"CAF\u00c9 SAM.S.A.L.\" class=\"ut-tablet-last\" src=\"https:\/\/gremicafe.cat\/wp-content\/uploads\/2018\/04\/gremicafe-logos-clients-sam.png\" width=\"226\" height=\"150\"><\/div><div id=\"ut-image-caption-4076\" class=\"ut-vc-images-lightbox-caption\">CAF\u00c9 SAM.SAL<\/div><\/a><\/div><div class=\"clear hide-on-desktop hide-on-tablet\"><\/div><div  data-count=\"14\" class=\"ut-image-gallery-item ut-animation-done ut-animation-done ut-animation-done ut-animation-done ut-animation-done ut-animation-done ut-animation-done grid-20 tablet-grid-33 mobile-grid-100\"><a title=\"CAF\u00c9S SAULA,SA\" href=\"https:\/\/www.cafesaula.com\/\" target=\"_blank\"><div class=\"ut-image-gallery-image\"><img loading=\"lazy\" decoding=\"async\" alt=\"CAF\u00c9S SAULA,S.A.\" class=\"\" src=\"https:\/\/gremicafe.cat\/wp-content\/uploads\/2018\/04\/gremicafe-logos-clients-saula.png\" width=\"226\" height=\"150\"><\/div><div id=\"ut-image-caption-3961\" class=\"ut-vc-images-lightbox-caption\">CAF\u00c9S SAULA,SA<\/div><\/a><\/div><div  data-count=\"14\" class=\"ut-image-gallery-item ut-animation-done ut-animation-done ut-animation-done ut-animation-done ut-animation-done ut-animation-done ut-animation-done ut-animation-done grid-20 tablet-grid-33 mobile-grid-100\"><a title=\"TORREFACCI\u00d3N ARTESANA DE CAF\u00c9S,SL\" href=\"http:\/\/www.delsamscafes.com\/\" target=\"_blank\"><div class=\"ut-image-gallery-image\"><img loading=\"lazy\" decoding=\"async\" alt=\"TORREFACCI\u00d3 ARTESANA DE CAF\u00c8S,S.L.\" class=\"\" src=\"https:\/\/gremicafe.cat\/wp-content\/uploads\/2018\/04\/gremicafe-logos-clients-delsams.png\" width=\"226\" height=\"150\"><\/div><div id=\"ut-image-caption-4073\" class=\"ut-vc-images-lightbox-caption\">TORREFACCI\u00d3N ARTESANA DE CAF\u00c9S,SL<\/div><\/a><\/div><div  data-count=\"14\" class=\"ut-image-gallery-item ut-animation-done ut-animation-done ut-animation-done ut-animation-done ut-animation-done ut-animation-done ut-animation-done ut-animation-done ut-animation-done grid-20 tablet-grid-33 mobile-grid-100 ut-tablet-last\"><a title=\"CAF\u00c9S NOVEL,SA\" href=\"http:\/\/cafesnovell.com\/ca\/\" target=\"_blank\"><div class=\"ut-image-gallery-image\"><img loading=\"lazy\" decoding=\"async\" alt=\"CAF\u00c9S NOVELL,S.A.\" class=\"ut-tablet-last\" src=\"https:\/\/gremicafe.cat\/wp-content\/uploads\/2018\/04\/gremicafe-logos-clients-novell.png\" width=\"226\" height=\"150\"><\/div><div id=\"ut-image-caption-3960\" class=\"ut-vc-images-lightbox-caption\">CAF\u00c9S NOVEL,SA<\/div><\/a><\/div><div class=\"clear hide-on-desktop hide-on-tablet\"><\/div><div  data-count=\"9\" class=\"ut-image-gallery-item ut-animation-done ut-animation-done ut-animation-done ut-animation-done ut-animation-done ut-animation-done ut-animation-done ut-animation-done ut-animation-done ut-animation-done grid-20 tablet-grid-33 mobile-grid-100 ut-desktop-last\"><a title=\"CAF\u00c9S L\u00cdDER\" href=\"http:\/\/www.cafeslider.com\/\" target=\"_blank\"><div class=\"ut-image-gallery-image\"><img loading=\"lazy\" decoding=\"async\" alt=\"CAF\u00c9S L\u00cdDER\" class=\"ut-desktop-last\" src=\"https:\/\/gremicafe.cat\/wp-content\/uploads\/2018\/04\/gremicafe-logos-clients-lider_.png\" width=\"226\" height=\"150\"><\/div><div id=\"ut-image-caption-4070\" class=\"ut-vc-images-lightbox-caption\">CAF\u00c9S L\u00cdDER<\/div><\/a><\/div><div class=\"clear hide-on-tablet\"><\/div><div  data-count=\"9\" class=\"ut-image-gallery-item ut-animation-done ut-animation-done ut-animation-done ut-animation-done ut-animation-done ut-animation-done ut-animation-done ut-animation-done ut-animation-done ut-animation-done ut-animation-done grid-20 tablet-grid-33 mobile-grid-100\"><a title=\"\" href=\"https:\/\/tienda.cafesbatalla.com\/es\/43-port-moka-specialty-coffee\" target=\"_blank\"><div class=\"ut-image-gallery-image\"><img loading=\"lazy\" decoding=\"async\" alt=\"\" class=\"\" src=\"https:\/\/gremicafe.cat\/wp-content\/uploads\/2020\/05\/gremicafe-logos-clients-batalla-2.png\" width=\"226\" height=\"150\"><\/div><\/a><\/div><div  data-count=\"9\" class=\"ut-image-gallery-item ut-animation-done ut-animation-done ut-animation-done ut-animation-done ut-animation-done ut-animation-done ut-animation-done ut-animation-done ut-animation-done ut-animation-done ut-animation-done ut-animation-done grid-20 tablet-grid-33 mobile-grid-100 ut-tablet-last\"><a title=\"\" href=\"http:\/\/www.cafesros.com\/\" target=\"_blank\"><div class=\"ut-image-gallery-image\"><img loading=\"lazy\" decoding=\"async\" alt=\"Logo Cafes Ros\" class=\"ut-tablet-last\" src=\"https:\/\/gremicafe.cat\/wp-content\/uploads\/2020\/06\/gremicafe-logos-clients-ros-B.png\" width=\"226\" height=\"150\"><\/div><\/a><\/div><div class=\"clear hide-on-desktop hide-on-tablet\"><\/div><div  data-count=\"9\" class=\"ut-image-gallery-item ut-animation-done ut-animation-done ut-animation-done ut-animation-done ut-animation-done ut-animation-done ut-animation-done ut-animation-done ut-animation-done ut-animation-done ut-animation-done ut-animation-done ut-animation-done grid-20 tablet-grid-33 mobile-grid-100\"><a title=\"CAF\u00c9S ENERO,SL\" href=\"http:\/\/www.cafesgener.com\/\" target=\"_blank\"><div class=\"ut-image-gallery-image\"><img loading=\"lazy\" decoding=\"async\" alt=\"CAF\u00c9S GENER,S.L.\" class=\"\" src=\"https:\/\/gremicafe.cat\/wp-content\/uploads\/2018\/04\/gremicafe-logos-clients-gener.png\" width=\"226\" height=\"150\"><\/div><div id=\"ut-image-caption-4075\" class=\"ut-vc-images-lightbox-caption\">CAF\u00c9S ENERO,SL<\/div><\/a><\/div><div  data-count=\"9\" class=\"ut-image-gallery-item ut-animation-done ut-animation-done ut-animation-done ut-animation-done ut-animation-done ut-animation-done ut-animation-done ut-animation-done ut-animation-done ut-animation-done ut-animation-done ut-animation-done ut-animation-done ut-animation-done grid-20 tablet-grid-33 mobile-grid-100\"><a title=\"CAFAS PONT SL\" href=\"http:\/\/cafespont.com\/\" target=\"_blank\"><div class=\"ut-image-gallery-image\"><img loading=\"lazy\" decoding=\"async\" alt=\"CAFES PONT  SL\" class=\"\" src=\"https:\/\/gremicafe.cat\/wp-content\/uploads\/2018\/04\/gremicafe-logos-clients-pont.png\" width=\"226\" height=\"150\"><\/div><div id=\"ut-image-caption-3904\" class=\"ut-vc-images-lightbox-caption\">CAFAS PONT SL<\/div><\/a><\/div><div  data-count=\"4\" class=\"ut-image-gallery-item ut-animation-done ut-animation-done ut-animation-done ut-animation-done ut-animation-done ut-animation-done ut-animation-done ut-animation-done ut-animation-done ut-animation-done ut-animation-done ut-animation-done ut-animation-done ut-animation-done ut-animation-done grid-20 tablet-grid-33 mobile-grid-100 ut-tablet-last ut-desktop-last\"><a title=\"\" href=\"https:\/\/www.dibarcafe.com\/\" target=\"_blank\"><div class=\"ut-image-gallery-image\"><img loading=\"lazy\" decoding=\"async\" alt=\"\" class=\"ut-tablet-last ut-desktop-last\" src=\"https:\/\/gremicafe.cat\/wp-content\/uploads\/2023\/02\/gremicafe-logos-clients-dibarcafe-nou.png\" width=\"226\" height=\"150\"><\/div><\/a><\/div><div class=\"clear hide-on-tablet\"><\/div><div  data-count=\"4\" class=\"ut-image-gallery-item ut-animation-done ut-animation-done ut-animation-done ut-animation-done ut-animation-done ut-animation-done ut-animation-done ut-animation-done ut-animation-done ut-animation-done ut-animation-done ut-animation-done ut-animation-done ut-animation-done ut-animation-done ut-animation-done grid-20 tablet-grid-33 mobile-grid-100\"><a title=\"\" href=\"http:\/\/www.coffee-center.es\/\" target=\"_blank\"><div class=\"ut-image-gallery-image\"><img loading=\"lazy\" decoding=\"async\" alt=\"\" class=\"\" src=\"https:\/\/gremicafe.cat\/wp-content\/uploads\/2020\/05\/gremicafe-logos-clients-coffecenter-2.jpg\" width=\"226\" height=\"150\"><\/div><\/a><\/div><div  data-count=\"4\" class=\"ut-image-gallery-item ut-animation-done ut-animation-done ut-animation-done ut-animation-done ut-animation-done ut-animation-done ut-animation-done ut-animation-done ut-animation-done ut-animation-done ut-animation-done ut-animation-done ut-animation-done ut-animation-done ut-animation-done ut-animation-done ut-animation-done grid-20 tablet-grid-33 mobile-grid-100\"><a title=\"CIANO COFFEE\" href=\"https:\/\/www.ciano.coffee\/\" target=\"_blank\"><div class=\"ut-image-gallery-image\"><img loading=\"lazy\" decoding=\"async\" alt=\"CIANO COFFEE\" class=\"\" src=\"https:\/\/gremicafe.cat\/wp-content\/uploads\/2025\/02\/CIANO226X150.png\" width=\"226\" height=\"150\"><\/div><div id=\"ut-image-caption-7756\" class=\"ut-vc-images-lightbox-caption\">CIANO COFFEE<\/div><\/a><\/div><div  data-count=\"4\" class=\"ut-image-gallery-item ut-animation-done ut-animation-done ut-animation-done ut-animation-done ut-animation-done ut-animation-done ut-animation-done ut-animation-done ut-animation-done ut-animation-done ut-animation-done ut-animation-done ut-animation-done ut-animation-done ut-animation-done ut-animation-done ut-animation-done ut-animation-done grid-20 tablet-grid-33 mobile-grid-100 ut-tablet-last\"><a title=\"\" href=\"http:\/\/www.cafescallis.com\/\" target=\"_blank\"><div class=\"ut-image-gallery-image\"><img loading=\"lazy\" decoding=\"async\" alt=\"Logo Cafes Ros\" class=\"ut-tablet-last\" src=\"https:\/\/gremicafe.cat\/wp-content\/uploads\/2021\/02\/gremicafe-logos-clients-callis.png\" width=\"226\" height=\"150\"><\/div><\/a><\/div><div class=\"clear hide-on-desktop hide-on-tablet\"><\/div><div  data-count=\"4\" class=\"ut-image-gallery-item ut-animation-done ut-animation-done ut-animation-done ut-animation-done ut-animation-done ut-animation-done ut-animation-done ut-animation-done ut-animation-done ut-animation-done ut-animation-done ut-animation-done ut-animation-done ut-animation-done ut-animation-done ut-animation-done ut-animation-done ut-animation-done ut-animation-done grid-20 tablet-grid-33 mobile-grid-100\"><a title=\"\" href=\"https:\/\/www.qualityblends.coffee\/\" target=\"_blank\"><div class=\"ut-image-gallery-image\"><img loading=\"lazy\" decoding=\"async\" alt=\"Logo Quality Blends\" class=\"\" src=\"https:\/\/gremicafe.cat\/wp-content\/uploads\/2023\/04\/gremicafe-logos-clients-qualityblends_2.jpg\" width=\"226\" height=\"150\"><\/div><\/a><\/div><div class=\"clear\"><\/div><\/div><\/div><\/div><style type=\"text\/css\" scoped>#ut_inner_column_69f47376358e5{margin-bottom: 50px !important;}<\/style><\/div><\/div><style type=\"text\/css\" scoped>#ut-row-69f4737635018{margin-top: 0px !important;} <\/style><\/div><div class=\"vc_row-full-width vc_clearfix\"><\/div><\/section><div class=\"vc_row-full-width vc_clearfix\"><\/div>","protected":false},"excerpt":{"rendered":"#ut_header_69f4737640632 h2 span { color:; }#ut_header_69f4737640632 h2.section-title { font-size: 30px; }#ut_header_69f4737640632.pt-style-2 .page-title:after, #ut_header_69f4737640632.pt-style-2 .parallax-title:after, #ut_header_69f4737640632.pt-style-2 .section-title:after {background-color: ;height: ;width: ;}Qu\u00e8 \u00e9s un establiment certificat? Un establiment certificat \u00e9s aquell que llueix el distintiu del Gremi del Caf\u00e8 de Catalunya, que li ha lliurat un torrador de caf\u00e8 associat al Gremi. \u00c9s, per tant, un establiment [...]","protected":false},"author":1,"featured_media":0,"parent":0,"menu_order":0,"comment_status":"closed","ping_status":"closed","template":"","meta":{"_acf_changed":false,"inline_featured_image":false,"footnotes":""},"class_list":["post-3611","page","type-page","status-publish","hentry"],"acf":[],"yoast_head":"<!-- This site is optimized with the Yoast SEO plugin v25.5 - https:\/\/yoast.com\/wordpress\/plugins\/seo\/ -->\n<title>Establiments certificats | Gremi del Caf\u00e8, torradors de Catalunya<\/title>\n<meta name=\"description\" content=\"Un establiment certificat ofereix caf\u00e8 100% natural, acabat de torrar, per un torrador associat al Gremi del Caf\u00e8, torradors de Catalunya.\" \/>\n<meta name=\"robots\" content=\"index, follow, max-snippet:-1, max-image-preview:large, max-video-preview:-1\" \/>\n<link rel=\"canonical\" href=\"https:\/\/gremicafe.cat\/es\/establiments-certificats\/\" \/>\n<meta property=\"og:locale\" content=\"es_ES\" \/>\n<meta property=\"og:type\" content=\"article\" \/>\n<meta property=\"og:title\" content=\"Establiments certificats | Gremi del Caf\u00e8, torradors de Catalunya\" \/>\n<meta property=\"og:description\" content=\"Un establiment certificat ofereix caf\u00e8 100% natural, acabat de torrar, per un torrador associat al Gremi del Caf\u00e8, torradors de Catalunya.\" \/>\n<meta property=\"og:url\" content=\"https:\/\/gremicafe.cat\/es\/establiments-certificats\/\" \/>\n<meta property=\"og:site_name\" content=\"Gremi del Caf\u00e8, torradors de Catalunya\" \/>\n<meta property=\"article:publisher\" content=\"https:\/\/www.facebook.com\/gremicafecat\" \/>\n<meta property=\"article:modified_time\" content=\"2026-04-15T11:05:44+00:00\" \/>\n<meta name=\"twitter:card\" content=\"summary_large_image\" \/>\n<meta name=\"twitter:site\" content=\"@gremicafecat\" \/>\n<meta name=\"twitter:label1\" content=\"Tiempo de lectura\" \/>\n\t<meta name=\"twitter:data1\" content=\"2 minutos\" \/>\n<script type=\"application\/ld+json\" class=\"yoast-schema-graph\">{\"@context\":\"https:\/\/schema.org\",\"@graph\":[{\"@type\":\"WebPage\",\"@id\":\"https:\/\/gremicafe.cat\/establiments-certificats\/\",\"url\":\"https:\/\/gremicafe.cat\/establiments-certificats\/\",\"name\":\"Establiments certificats | Gremi del Caf\u00e8, torradors de Catalunya\",\"isPartOf\":{\"@id\":\"https:\/\/gremicafe.cat\/#website\"},\"datePublished\":\"2018-04-03T14:07:37+00:00\",\"dateModified\":\"2026-04-15T11:05:44+00:00\",\"description\":\"Un establiment certificat ofereix caf\u00e8 100% natural, acabat de torrar, per un torrador associat al Gremi del Caf\u00e8, torradors de Catalunya.\",\"breadcrumb\":{\"@id\":\"https:\/\/gremicafe.cat\/establiments-certificats\/#breadcrumb\"},\"inLanguage\":\"es\",\"potentialAction\":[{\"@type\":\"ReadAction\",\"target\":[\"https:\/\/gremicafe.cat\/establiments-certificats\/\"]}]},{\"@type\":\"BreadcrumbList\",\"@id\":\"https:\/\/gremicafe.cat\/establiments-certificats\/#breadcrumb\",\"itemListElement\":[{\"@type\":\"ListItem\",\"position\":1,\"name\":\"Inici\",\"item\":\"https:\/\/gremicafe.cat\/\"},{\"@type\":\"ListItem\",\"position\":2,\"name\":\"Establiments certificats\"}]},{\"@type\":\"WebSite\",\"@id\":\"https:\/\/gremicafe.cat\/#website\",\"url\":\"https:\/\/gremicafe.cat\/\",\"name\":\"Gremi del Caf\u00e8, torradors de Catalunya\",\"description\":\"Web oficial del gremi de torradors de caf\u00e8 de Catalunya\",\"publisher\":{\"@id\":\"https:\/\/gremicafe.cat\/#organization\"},\"potentialAction\":[{\"@type\":\"SearchAction\",\"target\":{\"@type\":\"EntryPoint\",\"urlTemplate\":\"https:\/\/gremicafe.cat\/?s={search_term_string}\"},\"query-input\":{\"@type\":\"PropertyValueSpecification\",\"valueRequired\":true,\"valueName\":\"search_term_string\"}}],\"inLanguage\":\"es\"},{\"@type\":\"Organization\",\"@id\":\"https:\/\/gremicafe.cat\/#organization\",\"name\":\"Gremi del Caf\u00e8, Torradors de Catalunya\",\"url\":\"https:\/\/gremicafe.cat\/\",\"logo\":{\"@type\":\"ImageObject\",\"inLanguage\":\"es\",\"@id\":\"https:\/\/gremicafe.cat\/#\/schema\/logo\/image\/\",\"url\":\"https:\/\/gremicafe.cat\/wp-content\/uploads\/2018\/03\/gremicafe-logo250.png\",\"contentUrl\":\"https:\/\/gremicafe.cat\/wp-content\/uploads\/2018\/03\/gremicafe-logo250.png\",\"width\":250,\"height\":49,\"caption\":\"Gremi del Caf\u00e8, Torradors de Catalunya\"},\"image\":{\"@id\":\"https:\/\/gremicafe.cat\/#\/schema\/logo\/image\/\"},\"sameAs\":[\"https:\/\/www.facebook.com\/gremicafecat\",\"https:\/\/x.com\/gremicafecat\",\"https:\/\/www.instagram.com\/gremicafecat\/\",\"https:\/\/www.pinterest.es\/gremicafecat\/\",\"https:\/\/www.youtube.com\/channel\/UCGLo5Y35vLwLvP4FrPZrCrw\/\"]}]}<\/script>\n<!-- \/ Yoast SEO plugin. -->","yoast_head_json":{"title":"Establiments certificats | Gremi del Caf\u00e8, torradors de Catalunya","description":"Un establiment certificat ofereix caf\u00e8 100% natural, acabat de torrar, per un torrador associat al Gremi del Caf\u00e8, torradors de Catalunya.","robots":{"index":"index","follow":"follow","max-snippet":"max-snippet:-1","max-image-preview":"max-image-preview:large","max-video-preview":"max-video-preview:-1"},"canonical":"https:\/\/gremicafe.cat\/es\/establiments-certificats\/","og_locale":"es_ES","og_type":"article","og_title":"Establiments certificats | Gremi del Caf\u00e8, torradors de Catalunya","og_description":"Un establiment certificat ofereix caf\u00e8 100% natural, acabat de torrar, per un torrador associat al Gremi del Caf\u00e8, torradors de Catalunya.","og_url":"https:\/\/gremicafe.cat\/es\/establiments-certificats\/","og_site_name":"Gremi del Caf\u00e8, torradors de Catalunya","article_publisher":"https:\/\/www.facebook.com\/gremicafecat","article_modified_time":"2026-04-15T11:05:44+00:00","twitter_card":"summary_large_image","twitter_site":"@gremicafecat","twitter_misc":{"Tiempo de lectura":"2 minutos"},"schema":{"@context":"https:\/\/schema.org","@graph":[{"@type":"WebPage","@id":"https:\/\/gremicafe.cat\/establiments-certificats\/","url":"https:\/\/gremicafe.cat\/establiments-certificats\/","name":"Establiments certificats | Gremi del Caf\u00e8, torradors de Catalunya","isPartOf":{"@id":"https:\/\/gremicafe.cat\/#website"},"datePublished":"2018-04-03T14:07:37+00:00","dateModified":"2026-04-15T11:05:44+00:00","description":"Un establiment certificat ofereix caf\u00e8 100% natural, acabat de torrar, per un torrador associat al Gremi del Caf\u00e8, torradors de Catalunya.","breadcrumb":{"@id":"https:\/\/gremicafe.cat\/establiments-certificats\/#breadcrumb"},"inLanguage":"es","potentialAction":[{"@type":"ReadAction","target":["https:\/\/gremicafe.cat\/establiments-certificats\/"]}]},{"@type":"BreadcrumbList","@id":"https:\/\/gremicafe.cat\/establiments-certificats\/#breadcrumb","itemListElement":[{"@type":"ListItem","position":1,"name":"Inici","item":"https:\/\/gremicafe.cat\/"},{"@type":"ListItem","position":2,"name":"Establiments certificats"}]},{"@type":"WebSite","@id":"https:\/\/gremicafe.cat\/#website","url":"https:\/\/gremicafe.cat\/","name":"Gremio del Caf\u00e9, tostadores de Catalu\u00f1a","description":"Web oficial del gremio de tostadores de caf\u00e9 de Catalunya","publisher":{"@id":"https:\/\/gremicafe.cat\/#organization"},"potentialAction":[{"@type":"SearchAction","target":{"@type":"EntryPoint","urlTemplate":"https:\/\/gremicafe.cat\/?s={search_term_string}"},"query-input":{"@type":"PropertyValueSpecification","valueRequired":true,"valueName":"search_term_string"}}],"inLanguage":"es"},{"@type":"Organization","@id":"https:\/\/gremicafe.cat\/#organization","name":"Gremio del Caf\u00e9, Tostadores de Catalu\u00f1a","url":"https:\/\/gremicafe.cat\/","logo":{"@type":"ImageObject","inLanguage":"es","@id":"https:\/\/gremicafe.cat\/#\/schema\/logo\/image\/","url":"https:\/\/gremicafe.cat\/wp-content\/uploads\/2018\/03\/gremicafe-logo250.png","contentUrl":"https:\/\/gremicafe.cat\/wp-content\/uploads\/2018\/03\/gremicafe-logo250.png","width":250,"height":49,"caption":"Gremi del Caf\u00e8, Torradors de Catalunya"},"image":{"@id":"https:\/\/gremicafe.cat\/#\/schema\/logo\/image\/"},"sameAs":["https:\/\/www.facebook.com\/gremicafecat","https:\/\/x.com\/gremicafecat","https:\/\/www.instagram.com\/gremicafecat\/","https:\/\/www.pinterest.es\/gremicafecat\/","https:\/\/www.youtube.com\/channel\/UCGLo5Y35vLwLvP4FrPZrCrw\/"]}]}},"_links":{"self":[{"href":"https:\/\/gremicafe.cat\/es\/wp-json\/wp\/v2\/pages\/3611"}],"collection":[{"href":"https:\/\/gremicafe.cat\/es\/wp-json\/wp\/v2\/pages"}],"about":[{"href":"https:\/\/gremicafe.cat\/es\/wp-json\/wp\/v2\/types\/page"}],"author":[{"embeddable":true,"href":"https:\/\/gremicafe.cat\/es\/wp-json\/wp\/v2\/users\/1"}],"replies":[{"embeddable":true,"href":"https:\/\/gremicafe.cat\/es\/wp-json\/wp\/v2\/comments?post=3611"}],"version-history":[{"count":0,"href":"https:\/\/gremicafe.cat\/es\/wp-json\/wp\/v2\/pages\/3611\/revisions"}],"wp:attachment":[{"href":"https:\/\/gremicafe.cat\/es\/wp-json\/wp\/v2\/media?parent=3611"}],"curies":[{"name":"wp","href":"https:\/\/api.w.org\/{rel}","templated":true}]}}