{"id":4231,"date":"2018-05-30T11:42:52","date_gmt":"2018-05-30T09:42:52","guid":{"rendered":"http:\/\/gremicafe.cat\/?page_id=4231"},"modified":"2020-01-08T10:15:15","modified_gmt":"2020-01-08T08:15:15","slug":"avis-legal","status":"publish","type":"page","link":"https:\/\/gremicafe.cat\/es\/avis-legal\/","title":{"rendered":"Aviso legal"},"content":{"rendered":"<div id=\"ut-row-69f5b61beb687\" data-vc-full-width=\"true\" data-vc-full-width-init=\"false\" class=\"vc_row wpb_row vc_row-fluid vc_column-gap-0 ut-row-69f5b61beb698\" ><div class=\"wpb_column vc_column_container vc_col-sm-12\" ><div id=\"ut_inner_column_69f5b61bebc7a\" class=\"vc_column-inner\"><div class=\"wpb_wrapper\">\n\t<div class=\"wpb_text_column wpb_content_element\" >\n\t\t<div class=\"wpb_wrapper\">\n\t\t\t<p style=\"display: none;\">Aviso legal<\/p>\n\n\t\t<\/div>\n\t<\/div>\n<\/div><\/div><\/div><\/div><div class=\"vc_row-full-width vc_clearfix\"><\/div><section id=\"ut-section-69f5b61bec34d\" data-vc-full-width=\"true\" data-vc-full-width-init=\"false\" class=\"vc_section vc_section-has-no-fill ut-section-69f5b61bec355\"><div id=\"ut-row-69f5b61bec700\" data-vc-full-width=\"true\" data-vc-full-width-init=\"false\" class=\"vc_row wpb_row vc_row-fluid vc_column-gap-0 ut-row-69f5b61bec716\" ><div class=\"wpb_column vc_column_container vc_col-sm-12\" ><div id=\"ut_inner_column_69f5b61beca41\" class=\"vc_column-inner\"><div class=\"wpb_wrapper\"><div class=\"wpb_content_element\"><style type=\"text\/css\" scoped>#ut_header_69f5b61becc72 h2 span { color:; }#ut_header_69f5b61becc72.pt-style-2 .page-title:after, #ut_header_69f5b61becc72.pt-style-2 .parallax-title:after, #ut_header_69f5b61becc72.pt-style-2 .section-title:after {background-color: ;height: ;width: ;}<\/style><header id=\"ut_header_69f5b61becc72\" class=\"section-header pt-style-2 header-left\"><h2  class=\"section-title\"><span>Aviso legal<\/span><\/h2><\/header><\/div>\n\t<div class=\"wpb_text_column wpb_content_element\" >\n\t\t<div class=\"wpb_wrapper\">\n\t\t\t<p>Esta p\u00e1gina Web es propiedad de GREMIO DE CAFE con NIF n\u00ba G58893041 y domicilio en c\/ VILADOMAT, 174 5\u00ba 08015 Barcelona ( BARCELONA ) e Inscrita en la Generalidad de Catalu\u00f1a \u2013 Departamento de trabajo, con el n\u00famero 08\/892-C.<\/p>\n<p>Para cualquier pregunta o propuesta, contacten en el e-mail: info@gremicafe.cat<\/p>\n<p>Esta p\u00e1gina Web se rige por la normativa exclusivamente aplicable a Espa\u00f1a. Se someten a ella, tanto usuarios nacionales como extranjeros que utilicen esta Web.<\/p>\n<p>El acceso a nuestra p\u00e1gina Web por parte del USUARIO es gratuito. El acceso est\u00e1 condicionado a la previa lectura y aceptaci\u00f3n \u00edntegra, expresa y sin reservas de las presentes CONDICIONES GENERALES DE USO vigentes en el momento del acceso. Rogamos que lea estas condiciones detalladamente. En el momento en que el usuario utiliza nuestro portal, contenidos o servicios, acepta y se somete expresamente a las citadas condiciones. Si el usuario no estuviera de acuerdo con estas condiciones de uso, deber\u00e1 abstenerse de utilizar este portal y operar por medio del mismo.<\/p>\n<p>En cualquier momento podemos modificar la presentaci\u00f3n y configuraci\u00f3n de nuestro Web, ampliar o reducir servicios, o incluso suprimirlo de la Red, as\u00ed como los servicios y contenidos prestados, de forma unilateral y sin previo aviso.<\/p>\n\n\t\t<\/div>\n\t<\/div>\n<div class=\"vc_empty_space\"   style=\"height: 40px\" ><span class=\"vc_empty_space_inner\"><\/span><\/div>\n\n\t<div class=\"wpb_text_column wpb_content_element\" >\n\t\t<div class=\"wpb_wrapper\">\n\t\t\t<h3 style=\"text-align: left;\">A. PROPIEDAD INTELECTUAL<\/h3>\n<p style=\"text-align: justify;\">Todos los contenidos, textos, im\u00e1genes, marcas y c\u00f3digos fuente, son de nuestra propiedad o de terceros a quienes se les han adquirido sus derechos de explotaci\u00f3n, y est\u00e1n protegidos por los derechos de Propiedad Intelectual e Industrial.<\/p>\n<p style=\"text-align: justify;\">El usuario \u00fanicamente tiene derecho a un uso privado de \u00e9stos, sin \u00e1nimo de lucro, y necesita autorizaci\u00f3n expresa para modificarlos, reproducirlos, explotarlos, distribuirlos o ejercer cualquier derecho propiedad de su titular.<\/p>\n\n\t\t<\/div>\n\t<\/div>\n<div class=\"vc_empty_space\"   style=\"height: 40px\" ><span class=\"vc_empty_space_inner\"><\/span><\/div>\n\n\t<div class=\"wpb_text_column wpb_content_element\" >\n\t\t<div class=\"wpb_wrapper\">\n\t\t\t<h3 style=\"text-align: left;\">B. CONDICIONES DE ACCESO<\/h3>\n<p style=\"text-align: justify;\">El acceso a nuestra p\u00e1gina Web es gratuito y no exige previa suscripci\u00f3n o registro.<\/p>\n<p style=\"text-align: justify;\">El env\u00edo de datos personales, implica la aceptaci\u00f3n expresa por parte del USUARIO de nuestra pol\u00edtica de privacidad.<\/p>\n<p style=\"text-align: justify;\">El usuario debe acceder a nuestra p\u00e1gina Web conforme a la buena fe, las normas de orden p\u00fablico y las presentes Condiciones Generales de uso. El acceso a nuestro sitio Web se realiza con la propia y exclusiva responsabilidad del usuario, que responder\u00e1 en todo caso de los da\u00f1os y perjuicios que pueda causar a terceros, oa nosotros mismos.<\/p>\n<p style=\"text-align: justify;\">Teniendo en cuenta la imposibilidad de control respecto a la informaci\u00f3n, contenidos y servicios que contengan otras p\u00e1ginas web a los que se pueda acceder a trav\u00e9s de los enlaces de nuestra p\u00e1gina web ponga a su disposici\u00f3n, le comunicamos que quedamos eximidos de cualquier responsabilidad por los da\u00f1os y perjuicios de toda clase que pudieran derivarse por utilizaci\u00f3n de estas p\u00e1ginas web, ajenas a nuestra empresa, por parte del usuario.<\/p>\n\n\t\t<\/div>\n\t<\/div>\n<\/div><\/div><\/div><\/div><div class=\"vc_row-full-width vc_clearfix\"><\/div><div id=\"ut-row-69f5b61bed4e4\" data-vc-full-width=\"true\" data-vc-full-width-init=\"false\" class=\"vc_row wpb_row vc_row-fluid vc_column-gap-0 ut-row-69f5b61bed4ed\" ><div class=\"wpb_column vc_column_container vc_col-sm-12\" ><div id=\"ut_inner_column_69f5b61bed7aa\" class=\"vc_column-inner\"><div class=\"wpb_wrapper\">\n\t<div class=\"wpb_text_column wpb_content_element\" id=\"politica-privacitat\">\n\t\t<div class=\"wpb_wrapper\">\n\t\t\t<h3 style=\"text-align: left;\">C. POL\u00cdTICA DE PRIVACIDAD<\/h3>\n<p style=\"text-align: justify;\">La confidencialidad y la seguridad son valores primordiales del GREMIO DE CAFE y, en consecuencia, asumimos el compromiso de garantizar la privacidad del Usuario en todo momento y de no recabar informaci\u00f3n innecesaria. A continuaci\u00f3n, le proporcionamos toda la informaci\u00f3n necesaria sobre nuestra Pol\u00edtica de Privacidad en relaci\u00f3n con los datos personales que recopilamos, explic\u00e1ndole:<\/p>\n<ul>\n<li>Quien es el responsable del tratamiento de sus datos.<\/li>\n<li>Por qu\u00e9 finalidades recogemos los datos que le solicitamos.<\/li>\n<li>\u00bfCu\u00e1l es la legitimaci\u00f3n para su tratamiento.<\/li>\n<li>Durante qu\u00e9 tiempo los conservamos.<\/li>\n<li>A qu\u00e9 destinatarios se le comunican sus datos.<\/li>\n<li>\u00bfCu\u00e1les son sus derechos?<\/li>\n<\/ul>\n\n\t\t<\/div>\n\t<\/div>\n\n\t<div class=\"wpb_text_column wpb_content_element\" >\n\t\t<div class=\"wpb_wrapper\">\n\t\t\t<ol>\n<li><strong>RESPONSABLE<\/strong>: ver datos en el encabezamiento.<\/li>\n<\/ol>\n\n\t\t<\/div>\n\t<\/div>\n\n\t<div class=\"wpb_text_column wpb_content_element\" >\n\t\t<div class=\"wpb_wrapper\">\n\t\t\t<ol start=\"2\">\n<li><strong>FINALIDADES, LEGITIMACI\u00d3N Y CONSERVACI\u00d3N<\/strong>\u00a0 del tratamiento de los datos enviados a trav\u00e9s de:<\/li>\n<\/ol>\n\n\t\t<\/div>\n\t<\/div>\n\n\t<div class=\"wpb_text_column wpb_content_element\" >\n\t\t<div class=\"wpb_wrapper\">\n\t\t\t<ul>\n<li><u>Formulario de Contacto<\/u>.<\/li>\n<\/ul>\n<p style=\"text-align: justify;\">Finalidad: Facilitarle un medio para que pueda ponerse en contacto con nosotros y contestar a sus solicitudes de informaci\u00f3n, tambi\u00e9n enviarle comunicaciones de nuestros productos, servicios y actividades, por medios electr\u00f3nicos (correo electr\u00f3nico, SMS, whatsApp), si marca la casilla de aceptaci\u00f3n.<\/p>\n<p style=\"text-align: justify;\">Legitimaci\u00f3n: El consentimiento del usuario al solicitarnos informaci\u00f3n a trav\u00e9s de nuestro formulario de contactos y al marcar la casilla de aceptaci\u00f3n del env\u00edo de informaci\u00f3n.<\/p>\n<p style=\"text-align: justify;\">Conservaci\u00f3n: Una vez resuelta su solicitud por medio de nuestro formulario o contestada por correo electr\u00f3nico, si no ha generado un nuevo tratamiento, y en caso de haber aceptado recibir env\u00edo comerciales, hasta que solicite la Baja de \u00e9stos .<\/p>\n\n\t\t<\/div>\n\t<\/div>\n\n\t<div class=\"wpb_text_column wpb_content_element\" >\n\t\t<div class=\"wpb_wrapper\">\n\t\t\t<ul>\n<li><u>Env\u00edo de correos electr\u00f3nicos.<\/u><\/li>\n<\/ul>\n<p>Finalidad: Contestar a sus solicitudes de informaci\u00f3n, atender sus peticiones y responder a sus consultas o dudas.  En caso de recibir su Curr\u00edculum Vitae, sus datos personales y curriculares podr\u00e1n formar parte de nuestras bases de datos para participar en nuestros procesos de selecci\u00f3n presentes y futuros.<\/p>\n<p>Legitimaci\u00f3n: El consentimiento del usuario al solicitarnos informaci\u00f3n a trav\u00e9s de la direcci\u00f3n de correo electr\u00f3nico o enviarnos sus datos y CV para participar en procesos de selecci\u00f3n.<\/p>\n<p>Conservaci\u00f3n: Una vez contestada su petici\u00f3n por correo electr\u00f3nico, si no ha generado un nuevo tratamiento. En caso de recibir su CV, los datos podr\u00e1n conservarse durante un a\u00f1o m\u00e1ximo para futuros procesos de selecci\u00f3n.<\/p>\n\n\t\t<\/div>\n\t<\/div>\n\n\t<div class=\"wpb_text_column wpb_content_element\" >\n\t\t<div class=\"wpb_wrapper\">\n\t\t\t<p style=\"text-align: justify;\"><strong>Obligaci\u00f3n de facilitarnos los datos personales y las consecuencias de no hacerlo.<\/strong><\/p>\n<p style=\"text-align: justify;\">El suministro de datos personales requiere una edad m\u00ednima de 14 a\u00f1os, o en su caso, disponer de capacidad jur\u00eddica suficiente para contratar.<\/p>\n<p style=\"text-align: justify;\">Los datos personales solicitados son necesarios para gestionar sus solicitudes, darle de alta como usuario y\/o prestarle los servicios que pueda contratar, por lo que, si no nos los facilita, no podremos atender correctamente ni darle el servicio que ha solicitado.<\/p>\n<p style=\"text-align: justify;\">En cualquier caso, nos reservamos el derecho de decidir sobre la incorporaci\u00f3n o no de sus datos personales y otra informaci\u00f3n en nuestras bases de datos.<\/p>\n\n\t\t<\/div>\n\t<\/div>\n\n\t<div class=\"wpb_text_column wpb_content_element\" >\n\t\t<div class=\"wpb_wrapper\">\n\t\t\t<ol start=\"3\">\n<li>DESTINATARIOS DE SUS DATOS.<\/li>\n<\/ol>\n<p style=\"text-align: left;\">Sus datos son confidenciales y no se ceder\u00e1n a terceros, salvo que exista obligaci\u00f3n legal.<\/p>\n\n\t\t<\/div>\n\t<\/div>\n\n\t<div class=\"wpb_text_column wpb_content_element\" >\n\t\t<div class=\"wpb_wrapper\">\n\t\t\t<ol start=\"4\">\n<li>DERECHOS EN RELACI\u00d3N CON SUS DATOS PERSONALES.<\/li>\n<\/ol>\n<p style=\"text-align: justify;\">Cualquier persona puede retirar su consentimiento en cualquier momento, cuando se haya otorgado para el tratamiento de sus datos. En ning\u00fan caso, la retirada del consentimiento condiciona la ejecuci\u00f3n del contrato de suscripci\u00f3n o las relaciones generadas con anterioridad.<\/p>\n<p style=\"text-align: justify;\">Igualmente, puede ejercer los siguientes derechos:<\/p>\n<ul style=\"text-align: justify;\">\n<li>Solicitar el acceso a sus datos personales oa la rectificaci\u00f3n cuando sean inexactos.<\/li>\n<li>Solicitar la supresi\u00f3n cuando, entre otros motivos, cuando los datos ya no sean necesarios para la finalidad en la que fueron recogidos.<\/li>\n<li>Solicitar la limitaci\u00f3n del tratamiento en determinadas circunstancias.<\/li>\n<li>Solicitar a la oposici\u00f3n al tratamiento de sus datos por motivos relacionados con su situaci\u00f3n particular.<\/li>\n<li>Solicitar la portabilidad de los datos en los casos previstos en la normativa.<\/li>\n<li>Otros derechos reconocidos en las normativas aplicables.<\/li>\n<\/ul>\n<p style=\"text-align: justify;\"><u>D\u00f3nde y c\u00f3mo solicitar sus Derechos<\/u>: Mediante escrito dirigido al responsable en su direcci\u00f3n postal o electr\u00f3nica (indicada en el apartado A), indicando la referencia \u201cDatos Personales\u201d, especificando el derecho que se requiere ejercer y respecto a qu\u00e9 datos personales.<\/p>\n<p style=\"text-align: justify;\">En caso de divergencias con la empresa en relaci\u00f3n al tratamiento de sus datos, puede presentar una reclamaci\u00f3n ante la Agencia de Protecci\u00f3n de Datos (www.agpd.es).<\/p>\n\n\t\t<\/div>\n\t<\/div>\n\n\t<div class=\"wpb_text_column wpb_content_element\" >\n\t\t<div class=\"wpb_wrapper\">\n\t\t\t<ol start=\"5\">\n<li>SEGURIDAD DE SUS DATOS PERSONALES<\/li>\n<\/ol>\n<p style=\"text-align: left;\">Con el objetivo de salvaguardar la seguridad de sus datos personales, le informamos que hemos adoptado todas las medidas de \u00edndole t\u00e9cnica y organizativa necesarias para garantizar la seguridad de los datos personales suministrados de su alteraci\u00f3n, p\u00e9rdida y tratamientos o accesos no autorizados.<\/p>\n\n\t\t<\/div>\n\t<\/div>\n\n\t<div class=\"wpb_text_column wpb_content_element\" >\n\t\t<div class=\"wpb_wrapper\">\n\t\t\t<ol start=\"6\">\n<li>ACTUALIZACI\u00d3N DE DATOS<\/li>\n<\/ol>\n<p style=\"text-align: left;\">Es importante que para que podamos mantener los datos personales actualizados, nos informe siempre que haya alguna modificaci\u00f3n en ellos, de lo contrario, no respondemos de la veracidad de \u00e9stos.<br \/>\nNo nos hacemos responsables de la pol\u00edtica de privacidad respecto a datos personales que pueda facilitar a terceros por medio de los enlaces disponibles en nuestra p\u00e1gina web.<br \/>\nLa presente Pol\u00edtica de Privacidad puede ser modificada para adaptarla a los cambios que se produzcan en nuestra web, as\u00ed como modificaciones legislativas o jurisprudenciales sobre datos personales que vayan apareciendo, por lo que exige su lectura, cada vez que nos facilite sus datos a trav\u00e9s de esta Web.<\/p>\n\n\t\t<\/div>\n\t<\/div>\n<\/div><\/div><\/div><\/div><div class=\"vc_row-full-width vc_clearfix\"><\/div><div id=\"ut-row-69f5b61bee8b7\" data-vc-full-width=\"true\" data-vc-full-width-init=\"false\" class=\"vc_row wpb_row vc_row-fluid vc_column-gap-0 ut-row-69f5b61bee8c6\" ><div class=\"wpb_column vc_column_container vc_col-sm-12\" ><div id=\"ut_inner_column_69f5b61beece7\" class=\"vc_column-inner\"><div class=\"wpb_wrapper\">\n\t<div class=\"wpb_text_column wpb_content_element\" >\n\t\t<div class=\"wpb_wrapper\">\n\t\t\t<h3 style=\"text-align: left;\">D. RESPONSABILIDADES<\/h3>\n<p style=\"text-align: left;\">Al poner a disposici\u00f3n del usuario esta p\u00e1gina Web queremos ofrecerle un servicio de calidad, utilizando la m\u00e1xima diligencia en la prestaci\u00f3n del mismo, as\u00ed como en los medios tecnol\u00f3gicos empleados. Sin embargo, no respondemos de la presencia de virus y otros elementos que de alg\u00fan modo puedan da\u00f1ar el sistema inform\u00e1tico del usuario.<\/p>\n<p style=\"text-align: left;\">No garantizamos que la disponibilidad del servicio sea continua e ininterrumpida.<\/p>\n<p style=\"text-align: left;\">El USUARIO tiene prohibido cualquier tipo de acci\u00f3n sobre nuestro portal que origine una excesiva sobrecarga de funcionamiento en nuestros sistemas inform\u00e1ticos, as\u00ed como la introducci\u00f3n de virus, o instalaciones de robots, o software que altere el normal funcionamiento de nuestra web , o en definitiva pueda causar da\u00f1os a nuestros sistemas inform\u00e1ticos.<\/p>\n<p style=\"text-align: left;\">El USUARIO asume toda la responsabilidad derivada del uso de nuestra p\u00e1gina web.<\/p>\n<p style=\"text-align: left;\">El USUARIO reconoce que ha entendido toda la informaci\u00f3n respecto a las condiciones de uso de nuestro portal, y reconoce que son suficientes para la exclusi\u00f3n del error en las mismas, y por tanto, las acepta \u00edntegra y expresamente.<\/p>\n\n\t\t<\/div>\n\t<\/div>\n<\/div><\/div><\/div><\/div><div class=\"vc_row-full-width vc_clearfix\"><\/div><div id=\"ut-row-69f5b61bef24f\" data-vc-full-width=\"true\" data-vc-full-width-init=\"false\" class=\"vc_row wpb_row vc_row-fluid vc_column-gap-0 ut-row-69f5b61bef25c\" ><div class=\"wpb_column vc_column_container vc_col-sm-12\" ><div id=\"ut_inner_column_69f5b61bef6a3\" class=\"vc_column-inner\"><div class=\"wpb_wrapper\"><div  class=\"wpb_content_element   clearfix\"><style type=\"text\/css\" scoped>#ut_am_69f5b61beffaf { opacity: 1; }<\/style><div id=\"ut_am_wrap_69f5b61beffb1\" class=\"ut-image-gallery-image\" style=\"text-align:center;\"><div class=\"ut-animated-image-item ut-image-gallery-item ut-animation-done\"><a target=\"_self\" href=\"\/es\/\" ><img loading=\"lazy\" decoding=\"async\" title=\"gremicafe-logo250\" id=\"ut_am_69f5b61beffaf\" style=\"\" src=\"https:\/\/gremicafe.cat\/wp-content\/uploads\/2018\/03\/gremicafe-logo250.png\" width=\"250\" height=\"49\" alt=\"Logotip Gremi del Caf\u00e8, Torradors de Catalunya\"\/><\/a><\/div><\/div><\/div><\/div><\/div><\/div><\/div><div class=\"vc_row-full-width vc_clearfix\"><\/div><\/section><div class=\"vc_row-full-width vc_clearfix\"><\/div>","protected":false},"excerpt":{"rendered":"Av\u00eds legal #ut_header_69f5b61bf1a71 h2 span { color:; }#ut_header_69f5b61bf1a71.pt-style-2 .page-title:after, #ut_header_69f5b61bf1a71.pt-style-2 .parallax-title:after, #ut_header_69f5b61bf1a71.pt-style-2 .section-title:after {background-color: ;height: ;width: ;}Av\u00eds legal Aquesta p\u00e0gina Web \u00e9s propietat de GREMI DE CAFE amb NIF n\u00ba G58893041 i domicili a c\/ VILADOMAT, 174 5\u00ba 08015 Barcelona ( BARCELONA ) i Inscrita a la Generalitat de Catalunya \u2013 Departament de treball, amb [...]","protected":false},"author":1,"featured_media":0,"parent":0,"menu_order":0,"comment_status":"closed","ping_status":"closed","template":"","meta":{"_acf_changed":false,"inline_featured_image":false,"footnotes":""},"class_list":["post-4231","page","type-page","status-publish","hentry"],"acf":[],"yoast_head":"<!-- This site is optimized with the Yoast SEO plugin v25.5 - https:\/\/yoast.com\/wordpress\/plugins\/seo\/ -->\n<title>Avis legal - Gremi del Caf\u00e8, torradors de Catalunya<\/title>\n<meta name=\"description\" content=\"Av\u00eds legal i pol\u00edtica de privacitat i gesti\u00f3 de privacitat de dades dels usuaris de la web d&#039;El Gremi del Caf\u00e8, Torradors de Catalunya.\" \/>\n<meta name=\"robots\" content=\"index, follow, max-snippet:-1, max-image-preview:large, max-video-preview:-1\" \/>\n<link rel=\"canonical\" href=\"https:\/\/gremicafe.cat\/es\/avis-legal\/\" \/>\n<meta property=\"og:locale\" content=\"es_ES\" \/>\n<meta property=\"og:type\" content=\"article\" \/>\n<meta property=\"og:title\" content=\"Avis legal - Gremi del Caf\u00e8, torradors de Catalunya\" \/>\n<meta property=\"og:description\" content=\"Av\u00eds legal i pol\u00edtica de privacitat i gesti\u00f3 de privacitat de dades dels usuaris de la web d&#039;El Gremi del Caf\u00e8, Torradors de Catalunya.\" \/>\n<meta property=\"og:url\" content=\"https:\/\/gremicafe.cat\/es\/avis-legal\/\" \/>\n<meta property=\"og:site_name\" content=\"Gremi del Caf\u00e8, torradors de Catalunya\" \/>\n<meta property=\"article:publisher\" content=\"https:\/\/www.facebook.com\/gremicafecat\" \/>\n<meta property=\"article:modified_time\" content=\"2020-01-08T08:15:15+00:00\" \/>\n<meta name=\"twitter:card\" content=\"summary_large_image\" \/>\n<meta name=\"twitter:site\" content=\"@gremicafecat\" \/>\n<meta name=\"twitter:label1\" content=\"Tiempo de lectura\" \/>\n\t<meta name=\"twitter:data1\" content=\"9 minutos\" \/>\n<script type=\"application\/ld+json\" class=\"yoast-schema-graph\">{\"@context\":\"https:\/\/schema.org\",\"@graph\":[{\"@type\":\"WebPage\",\"@id\":\"https:\/\/gremicafe.cat\/avis-legal\/\",\"url\":\"https:\/\/gremicafe.cat\/avis-legal\/\",\"name\":\"Avis legal - Gremi del Caf\u00e8, torradors de Catalunya\",\"isPartOf\":{\"@id\":\"https:\/\/gremicafe.cat\/#website\"},\"datePublished\":\"2018-05-30T09:42:52+00:00\",\"dateModified\":\"2020-01-08T08:15:15+00:00\",\"description\":\"Av\u00eds legal i pol\u00edtica de privacitat i gesti\u00f3 de privacitat de dades dels usuaris de la web d'El Gremi del Caf\u00e8, Torradors de Catalunya.\",\"breadcrumb\":{\"@id\":\"https:\/\/gremicafe.cat\/avis-legal\/#breadcrumb\"},\"inLanguage\":\"es\",\"potentialAction\":[{\"@type\":\"ReadAction\",\"target\":[\"https:\/\/gremicafe.cat\/avis-legal\/\"]}]},{\"@type\":\"BreadcrumbList\",\"@id\":\"https:\/\/gremicafe.cat\/avis-legal\/#breadcrumb\",\"itemListElement\":[{\"@type\":\"ListItem\",\"position\":1,\"name\":\"Inici\",\"item\":\"https:\/\/gremicafe.cat\/\"},{\"@type\":\"ListItem\",\"position\":2,\"name\":\"Avis legal\"}]},{\"@type\":\"WebSite\",\"@id\":\"https:\/\/gremicafe.cat\/#website\",\"url\":\"https:\/\/gremicafe.cat\/\",\"name\":\"Gremi del Caf\u00e8, torradors de Catalunya\",\"description\":\"Web oficial del gremi de torradors de caf\u00e8 de Catalunya\",\"publisher\":{\"@id\":\"https:\/\/gremicafe.cat\/#organization\"},\"potentialAction\":[{\"@type\":\"SearchAction\",\"target\":{\"@type\":\"EntryPoint\",\"urlTemplate\":\"https:\/\/gremicafe.cat\/?s={search_term_string}\"},\"query-input\":{\"@type\":\"PropertyValueSpecification\",\"valueRequired\":true,\"valueName\":\"search_term_string\"}}],\"inLanguage\":\"es\"},{\"@type\":\"Organization\",\"@id\":\"https:\/\/gremicafe.cat\/#organization\",\"name\":\"Gremi del Caf\u00e8, Torradors de Catalunya\",\"url\":\"https:\/\/gremicafe.cat\/\",\"logo\":{\"@type\":\"ImageObject\",\"inLanguage\":\"es\",\"@id\":\"https:\/\/gremicafe.cat\/#\/schema\/logo\/image\/\",\"url\":\"https:\/\/gremicafe.cat\/wp-content\/uploads\/2018\/03\/gremicafe-logo250.png\",\"contentUrl\":\"https:\/\/gremicafe.cat\/wp-content\/uploads\/2018\/03\/gremicafe-logo250.png\",\"width\":250,\"height\":49,\"caption\":\"Gremi del Caf\u00e8, Torradors de Catalunya\"},\"image\":{\"@id\":\"https:\/\/gremicafe.cat\/#\/schema\/logo\/image\/\"},\"sameAs\":[\"https:\/\/www.facebook.com\/gremicafecat\",\"https:\/\/x.com\/gremicafecat\",\"https:\/\/www.instagram.com\/gremicafecat\/\",\"https:\/\/www.pinterest.es\/gremicafecat\/\",\"https:\/\/www.youtube.com\/channel\/UCGLo5Y35vLwLvP4FrPZrCrw\/\"]}]}<\/script>\n<!-- \/ Yoast SEO plugin. -->","yoast_head_json":{"title":"Avis legal - Gremi del Caf\u00e8, torradors de Catalunya","description":"Av\u00eds legal i pol\u00edtica de privacitat i gesti\u00f3 de privacitat de dades dels usuaris de la web d'El Gremi del Caf\u00e8, Torradors de Catalunya.","robots":{"index":"index","follow":"follow","max-snippet":"max-snippet:-1","max-image-preview":"max-image-preview:large","max-video-preview":"max-video-preview:-1"},"canonical":"https:\/\/gremicafe.cat\/es\/avis-legal\/","og_locale":"es_ES","og_type":"article","og_title":"Avis legal - Gremi del Caf\u00e8, torradors de Catalunya","og_description":"Av\u00eds legal i pol\u00edtica de privacitat i gesti\u00f3 de privacitat de dades dels usuaris de la web d'El Gremi del Caf\u00e8, Torradors de Catalunya.","og_url":"https:\/\/gremicafe.cat\/es\/avis-legal\/","og_site_name":"Gremi del Caf\u00e8, torradors de Catalunya","article_publisher":"https:\/\/www.facebook.com\/gremicafecat","article_modified_time":"2020-01-08T08:15:15+00:00","twitter_card":"summary_large_image","twitter_site":"@gremicafecat","twitter_misc":{"Tiempo de lectura":"9 minutos"},"schema":{"@context":"https:\/\/schema.org","@graph":[{"@type":"WebPage","@id":"https:\/\/gremicafe.cat\/avis-legal\/","url":"https:\/\/gremicafe.cat\/avis-legal\/","name":"Avis legal - Gremi del Caf\u00e8, torradors de Catalunya","isPartOf":{"@id":"https:\/\/gremicafe.cat\/#website"},"datePublished":"2018-05-30T09:42:52+00:00","dateModified":"2020-01-08T08:15:15+00:00","description":"Av\u00eds legal i pol\u00edtica de privacitat i gesti\u00f3 de privacitat de dades dels usuaris de la web d'El Gremi del Caf\u00e8, Torradors de Catalunya.","breadcrumb":{"@id":"https:\/\/gremicafe.cat\/avis-legal\/#breadcrumb"},"inLanguage":"es","potentialAction":[{"@type":"ReadAction","target":["https:\/\/gremicafe.cat\/avis-legal\/"]}]},{"@type":"BreadcrumbList","@id":"https:\/\/gremicafe.cat\/avis-legal\/#breadcrumb","itemListElement":[{"@type":"ListItem","position":1,"name":"Inici","item":"https:\/\/gremicafe.cat\/"},{"@type":"ListItem","position":2,"name":"Avis legal"}]},{"@type":"WebSite","@id":"https:\/\/gremicafe.cat\/#website","url":"https:\/\/gremicafe.cat\/","name":"Gremio del Caf\u00e9, tostadores de Catalu\u00f1a","description":"Web oficial del gremio de tostadores de caf\u00e9 de Catalunya","publisher":{"@id":"https:\/\/gremicafe.cat\/#organization"},"potentialAction":[{"@type":"SearchAction","target":{"@type":"EntryPoint","urlTemplate":"https:\/\/gremicafe.cat\/?s={search_term_string}"},"query-input":{"@type":"PropertyValueSpecification","valueRequired":true,"valueName":"search_term_string"}}],"inLanguage":"es"},{"@type":"Organization","@id":"https:\/\/gremicafe.cat\/#organization","name":"Gremio del Caf\u00e9, Tostadores de Catalu\u00f1a","url":"https:\/\/gremicafe.cat\/","logo":{"@type":"ImageObject","inLanguage":"es","@id":"https:\/\/gremicafe.cat\/#\/schema\/logo\/image\/","url":"https:\/\/gremicafe.cat\/wp-content\/uploads\/2018\/03\/gremicafe-logo250.png","contentUrl":"https:\/\/gremicafe.cat\/wp-content\/uploads\/2018\/03\/gremicafe-logo250.png","width":250,"height":49,"caption":"Gremi del Caf\u00e8, Torradors de Catalunya"},"image":{"@id":"https:\/\/gremicafe.cat\/#\/schema\/logo\/image\/"},"sameAs":["https:\/\/www.facebook.com\/gremicafecat","https:\/\/x.com\/gremicafecat","https:\/\/www.instagram.com\/gremicafecat\/","https:\/\/www.pinterest.es\/gremicafecat\/","https:\/\/www.youtube.com\/channel\/UCGLo5Y35vLwLvP4FrPZrCrw\/"]}]}},"_links":{"self":[{"href":"https:\/\/gremicafe.cat\/es\/wp-json\/wp\/v2\/pages\/4231"}],"collection":[{"href":"https:\/\/gremicafe.cat\/es\/wp-json\/wp\/v2\/pages"}],"about":[{"href":"https:\/\/gremicafe.cat\/es\/wp-json\/wp\/v2\/types\/page"}],"author":[{"embeddable":true,"href":"https:\/\/gremicafe.cat\/es\/wp-json\/wp\/v2\/users\/1"}],"replies":[{"embeddable":true,"href":"https:\/\/gremicafe.cat\/es\/wp-json\/wp\/v2\/comments?post=4231"}],"version-history":[{"count":0,"href":"https:\/\/gremicafe.cat\/es\/wp-json\/wp\/v2\/pages\/4231\/revisions"}],"wp:attachment":[{"href":"https:\/\/gremicafe.cat\/es\/wp-json\/wp\/v2\/media?parent=4231"}],"curies":[{"name":"wp","href":"https:\/\/api.w.org\/{rel}","templated":true}]}}