{"id":4724,"date":"2019-07-05T09:09:48","date_gmt":"2019-07-05T07:09:48","guid":{"rendered":"https:\/\/gremicafe.cat\/?page_id=4724"},"modified":"2026-04-15T13:01:15","modified_gmt":"2026-04-15T11:01:15","slug":"cafe-preferit-catalans","status":"publish","type":"page","link":"https:\/\/gremicafe.cat\/es\/cafe-preferit-catalans\/","title":{"rendered":"El caf\u00e9 preferido de los catalan@s"},"content":{"rendered":"<section id=\"ut-section-69f46e83e43ed\" data-vc-full-width=\"true\" data-vc-full-width-init=\"false\" class=\"vc_section vc_section-has-no-fill ut-section-69f46e83e43fc\"><div id=\"ut-row-69f46e83e4877\" data-vc-full-width=\"true\" data-vc-full-width-init=\"false\" class=\"vc_row wpb_row vc_row-fluid vc_column-gap-0 ut-row-69f46e83e4885\" ><div class=\"wpb_column vc_column_container vc_col-sm-4\" ><div id=\"ut_inner_column_69f46e83e4ed3\" class=\"vc_column-inner \"><div class=\"wpb_wrapper\"><div class=\"wpb_content_element \"><style type=\"text\/css\" scoped>#ut_header_69f46e83e519c h2 span { color:; }#ut_header_69f46e83e519c.pt-style-2 .page-title:after, #ut_header_69f46e83e519c.pt-style-2 .parallax-title:after, #ut_header_69f46e83e519c.pt-style-2 .section-title:after {background-color: ;height: ;width: ;}<\/style><header id=\"ut_header_69f46e83e519c\" class=\"section-header pt-style-2 header-left\"><h2  class=\"section-title \"><span>Ja sabem quin \u00e9s \u201cEl caf\u00e8 preferit dels cataln@s\u201d!<\/span><\/h2><\/header><\/div>\n\t<div class=\"wpb_text_column wpb_content_element \" >\n\t\t<div class=\"wpb_wrapper\">\n\t\t\t<p>Despr\u00e9s de deu setmanes de campanya a les xarxes socials del Gremi del Caf\u00e8 de Catalunya i de m\u00e9s de 1000 vots, ja sabem quin \u00e9s el r\u00e0nquing d\u2019\u201cEl caf\u00e8 preferit dels catalan@s\u201d.<\/p>\n\n\t\t<\/div>\n\t<\/div>\n<\/div><\/div><\/div><div class=\"wpb_column vc_column_container vc_col-sm-4\" ><div id=\"ut_inner_column_69f46e83e553a\" class=\"vc_column-inner \"><div class=\"wpb_wrapper\">\n\t<div class=\"wpb_text_column wpb_content_element \" >\n\t\t<div class=\"wpb_wrapper\">\n\t\t\t<p>Una vegada comptabilitzat tots els vots, sabem que els catalans i catalanes prefereixen els seg\u00fcents tipus de caf\u00e8, amb el corresponent ordre:<\/p>\n\n\t\t<\/div>\n\t<\/div>\n\n\t<div class=\"wpb_text_column wpb_content_element \" >\n\t\t<div class=\"wpb_wrapper\">\n\t\t\t<table id=\"taula-ranking\" style=\"text-align: center; margin: auto;\">\n<tbody>\n<tr>\n<th style=\"background-color: orange; color: black;\" colspan=\"2\">R\u00e0nquing<\/th>\n<\/tr>\n<tr>\n<td>1<\/td>\n<td>Espresso<\/td>\n<\/tr>\n<tr>\n<td>2<\/td>\n<td>Caf\u00e8 amb Llet<\/td>\n<\/tr>\n<tr>\n<td>3<\/td>\n<td>Ristretto<\/td>\n<\/tr>\n<tr>\n<td>4<\/td>\n<td>Tallat<\/td>\n<\/tr>\n<tr>\n<td>5<\/td>\n<td>Capuccino<\/td>\n<\/tr>\n<\/tbody>\n<\/table>\n\n\t\t<\/div>\n\t<\/div>\n\n\t<div class=\"wpb_text_column wpb_content_element \" >\n\t\t<div class=\"wpb_wrapper\">\n\t\t\t<p>A m\u00e9s, tamb\u00e9 podem afirmar que el 48% dels catalans i catalanes prefereixen prendre\u2019s el caf\u00e8 sol, mentre que el 50% prefereixen fer-ho amb llet. Finalment, n\u2019hi un 3% que s\u2019estimen m\u00e9s fer-ho acompanyat de quelcom que no sigui llet, com ara destil\u00b7lats.<\/p>\n<p>Amb tot, moltes gr\u00e0cies per ajudar-nos a fer d\u2019aquesta campanya una realitat!<\/p>\n\n\t\t<\/div>\n\t<\/div>\n<\/div><\/div><\/div><div class=\"wpb_column vc_column_container vc_col-sm-4\" ><div id=\"ut_inner_column_69f46e83e5a70\" class=\"vc_column-inner \"><div class=\"wpb_wrapper\"><div class=\"wpb_content_element \"><style type=\"text\/css\" scoped>#ut_pie_chart_wrap_69f46e83e5aff .ut-pie-chart-container { max-width: 100%; }#ut_pie_chart_legend_69f46e83e5b01{ font-size: 12px; }<\/style>            \n            <script type=\"text\/javascript\">    \n            \n                (function($){\n                                                \n                    $(document).ready(function(){\n                        \n                        $('#ut_pie_chart_69f46e83e5b00').appear();\n                        \n                                                \n                        var ut_pie_chart = document.getElementById(\"ut_pie_chart_69f46e83e5b00\").getContext('2d');\n                            \n                        var ut_pie = new Chart( ut_pie_chart, {\n                            type: 'pie', \/\/ pie or doughnut\n                            data: {\n\n                                labels: [\"Sol\",\"Amb llet\",\"Altres\"],      \n                                datasets: [{ \n                                    data: [\"291\",\"305\",\"16\"],\n                                    backgroundColor: [\"#9b6d01\",\"#d6c084\",\"#dd9933\"],\n                                    borderColor: [\"rgba(105,161,238, 1 )\",\"rgba(105,161,238, 1 )\",\"rgba(105,161,238, 1 )\"],\n                                    borderWidth: 1 \n                                }]                                  \n\n                            },\n                            options: {\n                                legend: {\n                                    display: false,\n                                    position : 'top',\n                                    labels: {\n                                        padding: 20,\n                                        boxWidth: 30,\n                                        fontSize: 12,\n                                        fontColor: '#000000'\n                                    },\n                                },\n                                \/*legendCallback : function(chart) {\n                                    \n                                    var custom_legend = '<ul>';\n                            \n                                    for( var i=0; i < chart.legend.legendItems.length; i++ ) {\n                                        \n                                        custom_legend += '<li>' + chart.legend.legendItems[i].text + '<\/li>'\n                                        \n                                    }\n                            \n                                    custom_legend += '<\/ul>';\n                            \n                                    return custom_legend;\n                            \n                                },*\/\n                                tooltips: {\n                                    enabled: true,\n                                    xPadding: 8,\n                                    yPadding: 8,\n                                    caretPadding: 20,\n                                    \/\/caretSize: 0,\n                                    displayColors: false,\n                                    bodyFontColor: '#FFF',\n                                    backgroundColor: 'rgba(0,0,0,0.8)',\n                                    bodyFontSize: 12,\n                                    bodyFontStyle: 'normal',\n                                    callbacks: {\n                                        label : function(tooltipItem, chart) {\n                                            return chart.datasets[0].data[tooltipItem.index] + ' ' + chart.labels[tooltipItem.index];\n                                        }    \n                                    }           \n                                               \n                                },\n                                  \n                                pieceLabel: {\n                                    render: 'percentage', \/\/ percentage,  value or label\n                                    fontColor: [\"#FFF\",\"#FFF\",\"#FFF\"],\n                                    fontStyle: 'normal',\n                                    fontSize: 12,\n                                },  \n                                                                 plugins: {\n                                    deferred: {\n                                        yOffset: '25%', \n                                        delay: 500\n                                    }\n                                }\n                                  \n                            }\n\n                        });\n                        \n                            \n                    \n                            \/\/ $(\"#ut_pie_chart_legend_69f46e83e5b01\").html( ut_pie.generateLegend() );\n                        \n                            \n                        \n                    });                        \n                            \n                })(jQuery);\n                        \n            <\/script>\n            \n            <div id=\"ut_pie_chart_wrap_69f46e83e5aff\" class=\"ut-pie-chart-wrap  ut-pie-chart-wrap-align-center ut-pie-chart-with-legend-top ut-pie-chart-legend-top-left\"><div id=\"ut_pie_chart_legend_69f46e83e5b01\" class=\"ut-pie-chart-legend\"><ul><li class=\"ut-pie-chart-legend-item ut-pie-chart-legend-item-0\"><span style=\"background-color: #9b6d01;\"><\/span>Sol<\/li><li class=\"ut-pie-chart-legend-item ut-pie-chart-legend-item-1\"><span style=\"background-color: #d6c084;\"><\/span>Amb llet<\/li><li class=\"ut-pie-chart-legend-item ut-pie-chart-legend-item-2\"><span style=\"background-color: #dd9933;\"><\/span>Altres<\/li><\/ul><\/div><div class=\"ut-pie-chart-container\"><canvas id=\"ut_pie_chart_69f46e83e5b00\" class=\"ut-pie-chart\" width=\"400\" height=\"400\"><\/canvas><\/div><\/div><\/div><\/div><\/div><\/div><\/div><div class=\"vc_row-full-width vc_clearfix\"><\/div><\/section><div class=\"vc_row-full-width vc_clearfix\"><\/div><section id=\"ut-section-69f46e83e6395\" data-vc-full-width=\"true\" data-vc-full-width-init=\"false\" class=\"vc_section vc_section-has-no-fill ut-section-69f46e83e63a1\"><div id=\"ut-row-69f46e83e6707\" data-vc-full-width=\"true\" data-vc-full-width-init=\"false\" class=\"vc_row wpb_row vc_row-fluid vc_column-gap-0 ut-row-69f46e83e6712\" ><div class=\"wpb_column vc_column_container vc_col-sm-12\" ><div id=\"ut_inner_column_69f46e83e6a48\" class=\"vc_column-inner \"><div class=\"wpb_wrapper\"><div class=\"wpb_content_element \"><style type=\"text\/css\" scoped>#ut_header_69f46e83e6c5c h2 span { color:; }#ut_header_69f46e83e6c5c h2.section-title { font-size: 22px; }#ut_header_69f46e83e6c5c.pt-style-2 .page-title:after, #ut_header_69f46e83e6c5c.pt-style-2 .parallax-title:after, #ut_header_69f46e83e6c5c.pt-style-2 .section-title:after {background-color: ;height: ;width: ;}<\/style><header id=\"ut_header_69f46e83e6c5c\" class=\"section-header pt-style-2 header-left\"><h2  class=\"section-title \"><span>Descarrega't el cartell<\/span><\/h2><\/header><\/div><\/div><\/div><\/div><\/div><div class=\"vc_row-full-width vc_clearfix\"><\/div><div id=\"ut-row-69f46e83e6f40\" data-vc-full-width=\"true\" data-vc-full-width-init=\"false\" class=\"vc_row wpb_row vc_row-fluid descarrega_cartell vc_column-gap-0 ut-row-69f46e83e6f4b\" ><div class=\"wpb_column vc_column_container vc_col-sm-1\" ><div id=\"ut_inner_column_69f46e83e723f\" class=\"vc_column-inner \"><div class=\"wpb_wrapper\">\n\t<div class=\"wpb_text_column wpb_content_element \" >\n\t\t<div class=\"wpb_wrapper\">\n\t\t\t\n\t\t<\/div>\n\t<\/div>\n<\/div><\/div><\/div><div class=\"wpb_column vc_column_container vc_col-sm-6\" ><div id=\"ut_inner_column_69f46e83e74f5\" class=\"vc_column-inner \"><div class=\"wpb_wrapper\"><div  class=\"wpb_content_element   clearfix\"><style type=\"text\/css\" scoped>#ut_am_69f46e83e88dc { opacity: 1; }<\/style><div id=\"ut_am_wrap_69f46e83e88dd\" class=\"ut-image-gallery-image \" style=\"text-align:center;\"><div class=\"ut-animated-image-item ut-image-gallery-item ut-animation-done\"><a target=\" _blank\" href=\"https:\/\/gremicafe.cat\/wp-content\/uploads\/2018\/12\/10727-CARTELL-HORIZ-GTC.pdf\" ><img loading=\"lazy\" decoding=\"async\" title=\"10072 &#8211; CARTELL H TORRADORS CAFE-01\" id=\"ut_am_69f46e83e88dc\" style=\"\" src=\"https:\/\/gremicafe.cat\/wp-content\/uploads\/2018\/04\/10072-CARTELL-H-TORRADORS-CAFE-01.png\" width=\"5740\" height=\"3347\" alt=\"Cartell recopilatori dels caf\u00e8s m\u00e9s populars a Catalunya\"\/><\/a><\/div><\/div><\/div><\/div><\/div><\/div><div class=\"wpb_column vc_column_container vc_col-sm-4\" ><div id=\"ut_inner_column_69f46e83e8b2e\" class=\"vc_column-inner \"><div class=\"wpb_wrapper\"><div class=\"wpb_content_element\"><style type=\"text\/css\" scoped><\/style><div id=\"ut_bi_69f46e83e8bc5\" class=\"bklyn-big-icon-wrap\"><a title=\"Descarrega&#039;t el cartell\" class=\"bklyn-big-icon-link\" target=\" _blank\" href=\"https:\/\/gremicafe.cat\/wp-content\/uploads\/2018\/12\/10727-CARTELL-HORIZ-GTC.pdf\" ><div class=\"bklyn-big-icon bklyn-big-icon-round\"><div class=\"bklyn-big-icon-inner\"><i class=\"fa fa-download\"><\/i><\/div><\/div><h3 class=\"bklyn-big-icon-title\">Descarrega't el cartell del Gremi del Caf\u00e8<\/h3><\/a><\/div><\/div><div class=\"wpb_content_element\"><style type=\"text\/css\" scoped><\/style><div id=\"ut_bi_69f46e83e8c0d\" class=\"bklyn-big-icon-wrap\"><a title=\"Descarrega&#039;t el cartell\" class=\"bklyn-big-icon-link\" target=\" _blank\" href=\"https:\/\/gremicafe.cat\/wp-content\/uploads\/2018\/12\/10727-CARTELL-HORIZ-GTC.pdf\" ><div class=\"bklyn-big-icon bklyn-big-icon-round\"><div class=\"bklyn-big-icon-inner\"><i class=\"fa fa-mobile\"><\/i><\/div><\/div><h3 class=\"bklyn-big-icon-title\">Porta'l amb tu al teu smartphone<\/h3><\/a><\/div><\/div><\/div><\/div><\/div><div class=\"wpb_column vc_column_container vc_col-sm-1\" ><div id=\"ut_inner_column_69f46e83e8d7c\" class=\"vc_column-inner \"><div class=\"wpb_wrapper\"><\/div><\/div><\/div><\/div><div class=\"vc_row-full-width vc_clearfix\"><\/div><\/section><div class=\"vc_row-full-width vc_clearfix\"><\/div>\n","protected":false},"excerpt":{"rendered":"#ut_header_69f46e83ea913 h2 span { color:; }#ut_header_69f46e83ea913.pt-style-2 .page-title:after, #ut_header_69f46e83ea913.pt-style-2 .parallax-title:after, #ut_header_69f46e83ea913.pt-style-2 .section-title:after {background-color: ;height: ;width: ;}Ja sabem quin \u00e9s \u201cEl caf\u00e8 preferit dels cataln@s\u201d! Despr\u00e9s de deu setmanes de campanya a les xarxes socials del Gremi del Caf\u00e8 de Catalunya i de m\u00e9s de 1000 vots, ja sabem quin \u00e9s el r\u00e0nquing d\u2019\u201cEl caf\u00e8 preferit dels [...]","protected":false},"author":1,"featured_media":0,"parent":0,"menu_order":0,"comment_status":"closed","ping_status":"closed","template":"","meta":{"_acf_changed":false,"inline_featured_image":false,"footnotes":""},"class_list":["post-4724","page","type-page","status-publish","hentry"],"acf":[],"yoast_head":"<!-- This site is optimized with the Yoast SEO plugin v25.5 - https:\/\/yoast.com\/wordpress\/plugins\/seo\/ -->\n<title>El caf\u00e8 preferit dels catalan@s - Gremi del Caf\u00e8, torradors de Catalunya<\/title>\n<meta name=\"robots\" content=\"index, follow, max-snippet:-1, max-image-preview:large, max-video-preview:-1\" \/>\n<link rel=\"canonical\" href=\"https:\/\/gremicafe.cat\/es\/cafe-preferit-catalans\/\" \/>\n<meta property=\"og:locale\" content=\"es_ES\" \/>\n<meta property=\"og:type\" content=\"article\" \/>\n<meta property=\"og:title\" content=\"El caf\u00e8 preferit dels catalan@s - Gremi del Caf\u00e8, torradors de Catalunya\" \/>\n<meta property=\"og:url\" content=\"https:\/\/gremicafe.cat\/es\/cafe-preferit-catalans\/\" \/>\n<meta property=\"og:site_name\" content=\"Gremi del Caf\u00e8, torradors de Catalunya\" \/>\n<meta property=\"article:publisher\" content=\"https:\/\/www.facebook.com\/gremicafecat\" \/>\n<meta property=\"article:modified_time\" content=\"2026-04-15T11:01:15+00:00\" \/>\n<meta name=\"twitter:card\" content=\"summary_large_image\" \/>\n<meta name=\"twitter:site\" content=\"@gremicafecat\" \/>\n<meta name=\"twitter:label1\" content=\"Tiempo de lectura\" \/>\n\t<meta name=\"twitter:data1\" content=\"2 minutos\" \/>\n<script type=\"application\/ld+json\" class=\"yoast-schema-graph\">{\"@context\":\"https:\/\/schema.org\",\"@graph\":[{\"@type\":\"WebPage\",\"@id\":\"https:\/\/gremicafe.cat\/cafe-preferit-catalans\/\",\"url\":\"https:\/\/gremicafe.cat\/cafe-preferit-catalans\/\",\"name\":\"El caf\u00e8 preferit dels catalan@s - Gremi del Caf\u00e8, torradors de Catalunya\",\"isPartOf\":{\"@id\":\"https:\/\/gremicafe.cat\/#website\"},\"datePublished\":\"2019-07-05T07:09:48+00:00\",\"dateModified\":\"2026-04-15T11:01:15+00:00\",\"breadcrumb\":{\"@id\":\"https:\/\/gremicafe.cat\/cafe-preferit-catalans\/#breadcrumb\"},\"inLanguage\":\"es\",\"potentialAction\":[{\"@type\":\"ReadAction\",\"target\":[\"https:\/\/gremicafe.cat\/cafe-preferit-catalans\/\"]}]},{\"@type\":\"BreadcrumbList\",\"@id\":\"https:\/\/gremicafe.cat\/cafe-preferit-catalans\/#breadcrumb\",\"itemListElement\":[{\"@type\":\"ListItem\",\"position\":1,\"name\":\"Inici\",\"item\":\"https:\/\/gremicafe.cat\/\"},{\"@type\":\"ListItem\",\"position\":2,\"name\":\"El caf\u00e8 preferit dels catalan@s\"}]},{\"@type\":\"WebSite\",\"@id\":\"https:\/\/gremicafe.cat\/#website\",\"url\":\"https:\/\/gremicafe.cat\/\",\"name\":\"Gremi del Caf\u00e8, torradors de Catalunya\",\"description\":\"Web oficial del gremi de torradors de caf\u00e8 de Catalunya\",\"publisher\":{\"@id\":\"https:\/\/gremicafe.cat\/#organization\"},\"potentialAction\":[{\"@type\":\"SearchAction\",\"target\":{\"@type\":\"EntryPoint\",\"urlTemplate\":\"https:\/\/gremicafe.cat\/?s={search_term_string}\"},\"query-input\":{\"@type\":\"PropertyValueSpecification\",\"valueRequired\":true,\"valueName\":\"search_term_string\"}}],\"inLanguage\":\"es\"},{\"@type\":\"Organization\",\"@id\":\"https:\/\/gremicafe.cat\/#organization\",\"name\":\"Gremi del Caf\u00e8, Torradors de Catalunya\",\"url\":\"https:\/\/gremicafe.cat\/\",\"logo\":{\"@type\":\"ImageObject\",\"inLanguage\":\"es\",\"@id\":\"https:\/\/gremicafe.cat\/#\/schema\/logo\/image\/\",\"url\":\"https:\/\/gremicafe.cat\/wp-content\/uploads\/2018\/03\/gremicafe-logo250.png\",\"contentUrl\":\"https:\/\/gremicafe.cat\/wp-content\/uploads\/2018\/03\/gremicafe-logo250.png\",\"width\":250,\"height\":49,\"caption\":\"Gremi del Caf\u00e8, Torradors de Catalunya\"},\"image\":{\"@id\":\"https:\/\/gremicafe.cat\/#\/schema\/logo\/image\/\"},\"sameAs\":[\"https:\/\/www.facebook.com\/gremicafecat\",\"https:\/\/x.com\/gremicafecat\",\"https:\/\/www.instagram.com\/gremicafecat\/\",\"https:\/\/www.pinterest.es\/gremicafecat\/\",\"https:\/\/www.youtube.com\/channel\/UCGLo5Y35vLwLvP4FrPZrCrw\/\"]}]}<\/script>\n<!-- \/ Yoast SEO plugin. -->","yoast_head_json":{"title":"El caf\u00e8 preferit dels catalan@s - Gremi del Caf\u00e8, torradors de Catalunya","robots":{"index":"index","follow":"follow","max-snippet":"max-snippet:-1","max-image-preview":"max-image-preview:large","max-video-preview":"max-video-preview:-1"},"canonical":"https:\/\/gremicafe.cat\/es\/cafe-preferit-catalans\/","og_locale":"es_ES","og_type":"article","og_title":"El caf\u00e8 preferit dels catalan@s - Gremi del Caf\u00e8, torradors de Catalunya","og_url":"https:\/\/gremicafe.cat\/es\/cafe-preferit-catalans\/","og_site_name":"Gremi del Caf\u00e8, torradors de Catalunya","article_publisher":"https:\/\/www.facebook.com\/gremicafecat","article_modified_time":"2026-04-15T11:01:15+00:00","twitter_card":"summary_large_image","twitter_site":"@gremicafecat","twitter_misc":{"Tiempo de lectura":"2 minutos"},"schema":{"@context":"https:\/\/schema.org","@graph":[{"@type":"WebPage","@id":"https:\/\/gremicafe.cat\/cafe-preferit-catalans\/","url":"https:\/\/gremicafe.cat\/cafe-preferit-catalans\/","name":"El caf\u00e8 preferit dels catalan@s - Gremi del Caf\u00e8, torradors de Catalunya","isPartOf":{"@id":"https:\/\/gremicafe.cat\/#website"},"datePublished":"2019-07-05T07:09:48+00:00","dateModified":"2026-04-15T11:01:15+00:00","breadcrumb":{"@id":"https:\/\/gremicafe.cat\/cafe-preferit-catalans\/#breadcrumb"},"inLanguage":"es","potentialAction":[{"@type":"ReadAction","target":["https:\/\/gremicafe.cat\/cafe-preferit-catalans\/"]}]},{"@type":"BreadcrumbList","@id":"https:\/\/gremicafe.cat\/cafe-preferit-catalans\/#breadcrumb","itemListElement":[{"@type":"ListItem","position":1,"name":"Inici","item":"https:\/\/gremicafe.cat\/"},{"@type":"ListItem","position":2,"name":"El caf\u00e8 preferit dels catalan@s"}]},{"@type":"WebSite","@id":"https:\/\/gremicafe.cat\/#website","url":"https:\/\/gremicafe.cat\/","name":"Gremio del Caf\u00e9, tostadores de Catalu\u00f1a","description":"Web oficial del gremio de tostadores de caf\u00e9 de Catalunya","publisher":{"@id":"https:\/\/gremicafe.cat\/#organization"},"potentialAction":[{"@type":"SearchAction","target":{"@type":"EntryPoint","urlTemplate":"https:\/\/gremicafe.cat\/?s={search_term_string}"},"query-input":{"@type":"PropertyValueSpecification","valueRequired":true,"valueName":"search_term_string"}}],"inLanguage":"es"},{"@type":"Organization","@id":"https:\/\/gremicafe.cat\/#organization","name":"Gremio del Caf\u00e9, Tostadores de Catalu\u00f1a","url":"https:\/\/gremicafe.cat\/","logo":{"@type":"ImageObject","inLanguage":"es","@id":"https:\/\/gremicafe.cat\/#\/schema\/logo\/image\/","url":"https:\/\/gremicafe.cat\/wp-content\/uploads\/2018\/03\/gremicafe-logo250.png","contentUrl":"https:\/\/gremicafe.cat\/wp-content\/uploads\/2018\/03\/gremicafe-logo250.png","width":250,"height":49,"caption":"Gremi del Caf\u00e8, Torradors de Catalunya"},"image":{"@id":"https:\/\/gremicafe.cat\/#\/schema\/logo\/image\/"},"sameAs":["https:\/\/www.facebook.com\/gremicafecat","https:\/\/x.com\/gremicafecat","https:\/\/www.instagram.com\/gremicafecat\/","https:\/\/www.pinterest.es\/gremicafecat\/","https:\/\/www.youtube.com\/channel\/UCGLo5Y35vLwLvP4FrPZrCrw\/"]}]}},"_links":{"self":[{"href":"https:\/\/gremicafe.cat\/es\/wp-json\/wp\/v2\/pages\/4724"}],"collection":[{"href":"https:\/\/gremicafe.cat\/es\/wp-json\/wp\/v2\/pages"}],"about":[{"href":"https:\/\/gremicafe.cat\/es\/wp-json\/wp\/v2\/types\/page"}],"author":[{"embeddable":true,"href":"https:\/\/gremicafe.cat\/es\/wp-json\/wp\/v2\/users\/1"}],"replies":[{"embeddable":true,"href":"https:\/\/gremicafe.cat\/es\/wp-json\/wp\/v2\/comments?post=4724"}],"version-history":[{"count":0,"href":"https:\/\/gremicafe.cat\/es\/wp-json\/wp\/v2\/pages\/4724\/revisions"}],"wp:attachment":[{"href":"https:\/\/gremicafe.cat\/es\/wp-json\/wp\/v2\/media?parent=4724"}],"curies":[{"name":"wp","href":"https:\/\/api.w.org\/{rel}","templated":true}]}}