{"id":4757,"date":"2019-07-05T14:36:41","date_gmt":"2019-07-05T12:36:41","guid":{"rendered":"https:\/\/gremicafe.cat\/?page_id=4757"},"modified":"2019-12-05T11:25:07","modified_gmt":"2019-12-05T09:25:07","slug":"bases","status":"publish","type":"page","link":"https:\/\/gremicafe.cat\/es\/bases\/","title":{"rendered":"Bases"},"content":{"rendered":"<section id=\"ut-section-69f45e057563a\" data-vc-full-width=\"true\" data-vc-full-width-init=\"false\" class=\"vc_section vc_section-has-fill ut-section-69f45e057564a\"><div id=\"ut-row-69f45e0575b9e\" data-vc-full-width=\"true\" data-vc-full-width-init=\"false\" class=\"vc_row wpb_row vc_row-fluid titol_gran vc_column-gap-0 ut-row-69f45e0575bac\" ><div class=\"wpb_column vc_column_container vc_col-sm-12\" ><div id=\"ut_inner_column_69f45e05760fb\" class=\"vc_column-inner\"><div class=\"wpb_wrapper\"><div class=\"wpb_content_element\"><style type=\"text\/css\" scoped>#ut_header_69f45e0576225 h2 span { color:#ffffff; }#ut_header_69f45e0576225.pt-style-2 .page-title:after, #ut_header_69f45e0576225.pt-style-2 .parallax-title:after, #ut_header_69f45e0576225.pt-style-2 .section-title:after {background-color: #ffffff;height: ;width: ;}<\/style><header id=\"ut_header_69f45e0576225\" class=\"section-header pt-style-2 header-center\"><h2  class=\"section-title\"><span>El caf\u00e9 preferido de los catalanes<\/span><\/h2><\/header><\/div><\/div><\/div><\/div><\/div><div class=\"vc_row-full-width vc_clearfix\"><\/div><style type=\"text\/css\" scoped>#ut-section-69f45e057563a{background: #402e20 url(https:\/\/gremicafe.cat\/wp-content\/uploads\/2019\/11\/ATMmontserrat-ret2-1024.jpg?id=4906) !important;background-position: center !important;background-repeat: no-repeat !important;background-size: cover !important;} <\/style><\/section><div class=\"vc_row-full-width vc_clearfix\"><\/div><section id=\"ut-section-69f45e05767d6\" data-vc-full-width=\"true\" data-vc-full-width-init=\"false\" class=\"vc_section vc_section-has-no-fill ut-section-69f45e05767df\"><div id=\"ut-row-69f45e0576be5\" data-vc-full-width=\"true\" data-vc-full-width-init=\"false\" class=\"vc_row wpb_row vc_row-fluid custom_container vc_column-gap-0 ut-row-69f45e0576bee\" ><div class=\"wpb_column vc_column_container vc_col-sm-12\" ><div id=\"ut_inner_column_69f45e0576e7e\" class=\"vc_column-inner\"><div class=\"wpb_wrapper\">\n\t<div class=\"wpb_text_column wpb_content_element  vc_custom_1573731468216\" >\n\t\t<div class=\"wpb_wrapper\">\n\t\t\t<table id=\"menu_cafe_preferit\">\n<tbody>\n<tr>\n<td><a href=\"\/es\/cafe-preferit-catalans\/\">\u00a1Participa!<\/a><\/td>\n<td><a href=\"\/es\/el-cafe-a-catalunya\/\" target=\"_blank\" rel=\"noopener noreferrer\">El caf\u00e9 en Catalu\u00f1a<\/a><\/td>\n<td><a href=\"#\">Bases<\/a><\/td>\n<td><a href=\"\/es\/bases\/#premis\">Premios<\/a><\/td>\n<\/tr>\n<\/tbody>\n<\/table>\n\n\t\t<\/div>\n\t<\/div>\n<\/div><\/div><\/div><\/div><div class=\"vc_row-full-width vc_clearfix\"><\/div><style type=\"text\/css\" scoped>#ut-section-69f45e05767d6{padding-top: 0px !important;} <\/style><\/section><div class=\"vc_row-full-width vc_clearfix\"><\/div><section id=\"ut-section-69f45e0577591\" data-vc-full-width=\"true\" data-vc-full-width-init=\"false\" class=\"vc_section vc_section-has-no-fill ut-section-69f45e057759b\"><div id=\"ut-row-69f45e05778be\" data-vc-full-width=\"true\" data-vc-full-width-init=\"false\" class=\"vc_row wpb_row vc_row-fluid vc_column-gap-0 ut-row-69f45e05778c7\" ><div class=\"wpb_column vc_column_container vc_col-sm-12\" ><div id=\"ut_inner_column_69f45e0577b62\" class=\"vc_column-inner\"><div class=\"wpb_wrapper\"><div class=\"vc_empty_space\"   style=\"height: 20px\" ><span class=\"vc_empty_space_inner\"><\/span><\/div>\n<\/div><\/div><\/div><\/div><div class=\"vc_row-full-width vc_clearfix\"><\/div><div id=\"ut-row-69f45e0577f1a\" data-vc-full-width=\"true\" data-vc-full-width-init=\"false\" class=\"vc_row wpb_row vc_row-fluid vc_column-gap-0 ut-row-69f45e0577f22\" ><div class=\"wpb_column vc_column_container vc_col-sm-12\" ><div id=\"ut_inner_column_69f45e05781e2\" class=\"vc_column-inner\"><div class=\"wpb_wrapper\"><div class=\"wpb_content_element\"><style type=\"text\/css\" scoped>#ut_header_69f45e0578363 h2 span { color:; }#ut_header_69f45e0578363.pt-style-2 .page-title:after, #ut_header_69f45e0578363.pt-style-2 .parallax-title:after, #ut_header_69f45e0578363.pt-style-2 .section-title:after {background-color: ;height: ;width: ;}<\/style><header id=\"ut_header_69f45e0578363\" class=\"section-header pt-style-2 header-left\"><h2  class=\"section-title\"><span>El sorteo<\/span><\/h2><\/header><\/div>\n\t<div class=\"wpb_text_column wpb_content_element\" >\n\t\t<div class=\"wpb_wrapper\">\n\t\t\t<p class=\"p1\">Estas Navidades, desde el GREMIO DEL CAF\u00c9 DE CATALU\u00d1A, nos proponemos conocer cu\u00e1l es el caf\u00e9 preferido de los catalanes y las catalanas. Adem\u00e1s, respondiendo a la encuesta propuesta, tienes la oportunidad de entrar en el sorteo de uno de los lotes de caf\u00e9s proporcionados por las empresas del gremio.<\/p>\n<p class=\"p1\"><strong>1. DIN\u00c1MICA DEL SORTEO<\/strong><\/p>\n<p class=\"p1\">El concurso para escoger el caf\u00e9 preferido de los catalanes y catalanas se har\u00e1 durante los meses de diciembre de 2019 y enero de 2020. Los ganadores del sorteo, los cuales habr\u00e1n sido escogidos al azar, se har\u00e1n p\u00fablicos antes del d\u00eda 25 de febrero de 2020, en esta misma web.<\/p>\n<p class=\"p1\"><strong>2. \u00bfQU\u00c9 PREMIOS PUEDES GANAR?<\/strong><\/p>\n<p class=\"p1\">Los premios son lotes de caf\u00e9 proporcionados por las empresas del Gremio del Caf\u00e9 de Catalu\u00f1a: Bracaf\u00e9, Caf\u00e9s Roma, Caf\u00e9s Tupinamba, Caf\u00e9s Monta\u00f1\u00e1, Caf\u00e9s Cornell\u00e0, Caf\u00e9s Bou, Caf\u00e9s Mama Same, Caf\u00e9s Saula, Caf\u00e9s Dalsams, Caf\u00e9s Novell, Caf\u00e9s Moreno, Vitoria Rubio, Caf\u00e9s Enero, Caf\u00e9s Puente, Dibarcaf\u00e9, VP Caf\u00e9s, Caf\u00e9s Balanzo, Ital caf\u00e9, Caf\u00e9s Caribe y Caf\u00e9s Ciano.<\/p>\n<p class=\"p1\">El n\u00famero de premios, superior a tres premios e inferior a veinte, se publicar\u00e1 con la lista de ganadores antes del 25 de febrero de 2020.<\/p>\n<p class=\"p1\"><strong>3. PARTICIPACI\u00d3N<\/strong><\/p>\n<p class=\"p1\">Para participar en el concurso debes responder a las preguntas del cuestionario. S\u00f3lo puede responderse una vez por persona. La participaci\u00f3n en este concurso es voluntaria. Los datos personales que nos facilites se tratar\u00e1n como se indica en la pol\u00edtica de protecci\u00f3n de datos.<\/p>\n<p class=\"p1\">En cuanto a la resoluci\u00f3n de cualquier cuesti\u00f3n derivada del concurso y de la elecci\u00f3n de los ganadores puede enviar un correo electr\u00f3nico a <a href=\"mailto:info@gremidelcafe.cat\">info@gremidelcafe.cat <\/a><\/p>\n<p class=\"p1\">La participaci\u00f3n en el concurso implica la aceptaci\u00f3n de estas bases.<\/p>\n<p class=\"p1\">Gremio de Tostadores de Caf\u00e9 de Catalu\u00f1a, diciembre de 2019.<\/p>\n\n\t\t<\/div>\n\t<\/div>\n<\/div><\/div><\/div><\/div><div class=\"vc_row-full-width vc_clearfix\"><\/div><\/section><div class=\"vc_row-full-width vc_clearfix\"><\/div>","protected":false},"excerpt":{"rendered":"#ut_header_69f45e05796e2 h2 span { color:#ffffff; }#ut_header_69f45e05796e2.pt-style-2 .page-title:after, #ut_header_69f45e05796e2.pt-style-2 .parallax-title:after, #ut_header_69f45e05796e2.pt-style-2 .section-title:after {background-color: #ffffff;height: ;width: ;}El caf\u00e8 preferit dels catalans#ut-section-69f45e0578dac{background: #402e20 url(https:\/\/gremicafe.cat\/wp-content\/uploads\/2019\/11\/ATMmontserrat-ret2-1024.jpg?id=4906) !important;background-position: center !important;background-repeat: no-repeat !important;background-size: cover !important;} Participa-hi! El caf\u00e8 a Catalunya Bases Premis #ut-section-69f45e0579c8a{padding-top: 0px !important;} #ut_header_69f45e057b819 h2 span { color:; }#ut_header_69f45e057b819.pt-style-2 .page-title:after, #ut_header_69f45e057b819.pt-style-2 .parallax-title:after, #ut_header_69f45e057b819.pt-style-2 .section-title:after {background-color: ;height: ;width: ;}El sorteig Aquest [...]","protected":false},"author":1,"featured_media":0,"parent":0,"menu_order":0,"comment_status":"closed","ping_status":"closed","template":"","meta":{"_acf_changed":false,"inline_featured_image":false,"footnotes":""},"class_list":["post-4757","page","type-page","status-publish","hentry"],"acf":[],"yoast_head":"<!-- This site is optimized with the Yoast SEO plugin v25.5 - https:\/\/yoast.com\/wordpress\/plugins\/seo\/ -->\n<title>Bases - Gremi del Caf\u00e8, torradors de Catalunya<\/title>\n<meta name=\"robots\" content=\"index, follow, max-snippet:-1, max-image-preview:large, max-video-preview:-1\" \/>\n<link rel=\"canonical\" href=\"https:\/\/gremicafe.cat\/es\/bases\/\" \/>\n<meta property=\"og:locale\" content=\"es_ES\" \/>\n<meta property=\"og:type\" content=\"article\" \/>\n<meta property=\"og:title\" content=\"Bases - Gremi del Caf\u00e8, torradors de Catalunya\" \/>\n<meta property=\"og:url\" content=\"https:\/\/gremicafe.cat\/es\/bases\/\" \/>\n<meta property=\"og:site_name\" content=\"Gremi del Caf\u00e8, torradors de Catalunya\" \/>\n<meta property=\"article:publisher\" content=\"https:\/\/www.facebook.com\/gremicafecat\" \/>\n<meta property=\"article:modified_time\" content=\"2019-12-05T09:25:07+00:00\" \/>\n<meta name=\"twitter:card\" content=\"summary_large_image\" \/>\n<meta name=\"twitter:site\" content=\"@gremicafecat\" \/>\n<meta name=\"twitter:label1\" content=\"Tiempo de lectura\" \/>\n\t<meta name=\"twitter:data1\" content=\"2 minutos\" \/>\n<script type=\"application\/ld+json\" class=\"yoast-schema-graph\">{\"@context\":\"https:\/\/schema.org\",\"@graph\":[{\"@type\":\"WebPage\",\"@id\":\"https:\/\/gremicafe.cat\/bases\/\",\"url\":\"https:\/\/gremicafe.cat\/bases\/\",\"name\":\"Bases - Gremi del Caf\u00e8, torradors de Catalunya\",\"isPartOf\":{\"@id\":\"https:\/\/gremicafe.cat\/#website\"},\"datePublished\":\"2019-07-05T12:36:41+00:00\",\"dateModified\":\"2019-12-05T09:25:07+00:00\",\"breadcrumb\":{\"@id\":\"https:\/\/gremicafe.cat\/bases\/#breadcrumb\"},\"inLanguage\":\"es\",\"potentialAction\":[{\"@type\":\"ReadAction\",\"target\":[\"https:\/\/gremicafe.cat\/bases\/\"]}]},{\"@type\":\"BreadcrumbList\",\"@id\":\"https:\/\/gremicafe.cat\/bases\/#breadcrumb\",\"itemListElement\":[{\"@type\":\"ListItem\",\"position\":1,\"name\":\"Inici\",\"item\":\"https:\/\/gremicafe.cat\/\"},{\"@type\":\"ListItem\",\"position\":2,\"name\":\"Bases\"}]},{\"@type\":\"WebSite\",\"@id\":\"https:\/\/gremicafe.cat\/#website\",\"url\":\"https:\/\/gremicafe.cat\/\",\"name\":\"Gremi del Caf\u00e8, torradors de Catalunya\",\"description\":\"Web oficial del gremi de torradors de caf\u00e8 de Catalunya\",\"publisher\":{\"@id\":\"https:\/\/gremicafe.cat\/#organization\"},\"potentialAction\":[{\"@type\":\"SearchAction\",\"target\":{\"@type\":\"EntryPoint\",\"urlTemplate\":\"https:\/\/gremicafe.cat\/?s={search_term_string}\"},\"query-input\":{\"@type\":\"PropertyValueSpecification\",\"valueRequired\":true,\"valueName\":\"search_term_string\"}}],\"inLanguage\":\"es\"},{\"@type\":\"Organization\",\"@id\":\"https:\/\/gremicafe.cat\/#organization\",\"name\":\"Gremi del Caf\u00e8, Torradors de Catalunya\",\"url\":\"https:\/\/gremicafe.cat\/\",\"logo\":{\"@type\":\"ImageObject\",\"inLanguage\":\"es\",\"@id\":\"https:\/\/gremicafe.cat\/#\/schema\/logo\/image\/\",\"url\":\"https:\/\/gremicafe.cat\/wp-content\/uploads\/2018\/03\/gremicafe-logo250.png\",\"contentUrl\":\"https:\/\/gremicafe.cat\/wp-content\/uploads\/2018\/03\/gremicafe-logo250.png\",\"width\":250,\"height\":49,\"caption\":\"Gremi del Caf\u00e8, Torradors de Catalunya\"},\"image\":{\"@id\":\"https:\/\/gremicafe.cat\/#\/schema\/logo\/image\/\"},\"sameAs\":[\"https:\/\/www.facebook.com\/gremicafecat\",\"https:\/\/x.com\/gremicafecat\",\"https:\/\/www.instagram.com\/gremicafecat\/\",\"https:\/\/www.pinterest.es\/gremicafecat\/\",\"https:\/\/www.youtube.com\/channel\/UCGLo5Y35vLwLvP4FrPZrCrw\/\"]}]}<\/script>\n<!-- \/ Yoast SEO plugin. -->","yoast_head_json":{"title":"Bases - Gremi del Caf\u00e8, torradors de Catalunya","robots":{"index":"index","follow":"follow","max-snippet":"max-snippet:-1","max-image-preview":"max-image-preview:large","max-video-preview":"max-video-preview:-1"},"canonical":"https:\/\/gremicafe.cat\/es\/bases\/","og_locale":"es_ES","og_type":"article","og_title":"Bases - Gremi del Caf\u00e8, torradors de Catalunya","og_url":"https:\/\/gremicafe.cat\/es\/bases\/","og_site_name":"Gremi del Caf\u00e8, torradors de Catalunya","article_publisher":"https:\/\/www.facebook.com\/gremicafecat","article_modified_time":"2019-12-05T09:25:07+00:00","twitter_card":"summary_large_image","twitter_site":"@gremicafecat","twitter_misc":{"Tiempo de lectura":"2 minutos"},"schema":{"@context":"https:\/\/schema.org","@graph":[{"@type":"WebPage","@id":"https:\/\/gremicafe.cat\/bases\/","url":"https:\/\/gremicafe.cat\/bases\/","name":"Bases - Gremi del Caf\u00e8, torradors de Catalunya","isPartOf":{"@id":"https:\/\/gremicafe.cat\/#website"},"datePublished":"2019-07-05T12:36:41+00:00","dateModified":"2019-12-05T09:25:07+00:00","breadcrumb":{"@id":"https:\/\/gremicafe.cat\/bases\/#breadcrumb"},"inLanguage":"es","potentialAction":[{"@type":"ReadAction","target":["https:\/\/gremicafe.cat\/bases\/"]}]},{"@type":"BreadcrumbList","@id":"https:\/\/gremicafe.cat\/bases\/#breadcrumb","itemListElement":[{"@type":"ListItem","position":1,"name":"Inici","item":"https:\/\/gremicafe.cat\/"},{"@type":"ListItem","position":2,"name":"Bases"}]},{"@type":"WebSite","@id":"https:\/\/gremicafe.cat\/#website","url":"https:\/\/gremicafe.cat\/","name":"Gremio del Caf\u00e9, tostadores de Catalu\u00f1a","description":"Web oficial del gremio de tostadores de caf\u00e9 de Catalunya","publisher":{"@id":"https:\/\/gremicafe.cat\/#organization"},"potentialAction":[{"@type":"SearchAction","target":{"@type":"EntryPoint","urlTemplate":"https:\/\/gremicafe.cat\/?s={search_term_string}"},"query-input":{"@type":"PropertyValueSpecification","valueRequired":true,"valueName":"search_term_string"}}],"inLanguage":"es"},{"@type":"Organization","@id":"https:\/\/gremicafe.cat\/#organization","name":"Gremio del Caf\u00e9, Tostadores de Catalu\u00f1a","url":"https:\/\/gremicafe.cat\/","logo":{"@type":"ImageObject","inLanguage":"es","@id":"https:\/\/gremicafe.cat\/#\/schema\/logo\/image\/","url":"https:\/\/gremicafe.cat\/wp-content\/uploads\/2018\/03\/gremicafe-logo250.png","contentUrl":"https:\/\/gremicafe.cat\/wp-content\/uploads\/2018\/03\/gremicafe-logo250.png","width":250,"height":49,"caption":"Gremi del Caf\u00e8, Torradors de Catalunya"},"image":{"@id":"https:\/\/gremicafe.cat\/#\/schema\/logo\/image\/"},"sameAs":["https:\/\/www.facebook.com\/gremicafecat","https:\/\/x.com\/gremicafecat","https:\/\/www.instagram.com\/gremicafecat\/","https:\/\/www.pinterest.es\/gremicafecat\/","https:\/\/www.youtube.com\/channel\/UCGLo5Y35vLwLvP4FrPZrCrw\/"]}]}},"_links":{"self":[{"href":"https:\/\/gremicafe.cat\/es\/wp-json\/wp\/v2\/pages\/4757"}],"collection":[{"href":"https:\/\/gremicafe.cat\/es\/wp-json\/wp\/v2\/pages"}],"about":[{"href":"https:\/\/gremicafe.cat\/es\/wp-json\/wp\/v2\/types\/page"}],"author":[{"embeddable":true,"href":"https:\/\/gremicafe.cat\/es\/wp-json\/wp\/v2\/users\/1"}],"replies":[{"embeddable":true,"href":"https:\/\/gremicafe.cat\/es\/wp-json\/wp\/v2\/comments?post=4757"}],"version-history":[{"count":0,"href":"https:\/\/gremicafe.cat\/es\/wp-json\/wp\/v2\/pages\/4757\/revisions"}],"wp:attachment":[{"href":"https:\/\/gremicafe.cat\/es\/wp-json\/wp\/v2\/media?parent=4757"}],"curies":[{"name":"wp","href":"https:\/\/api.w.org\/{rel}","templated":true}]}}