{"id":48,"date":"2016-07-20T17:32:01","date_gmt":"2016-07-20T15:32:01","guid":{"rendered":"http:\/\/beta.unitedthemes.com\/brooklyn\/?page_id=48"},"modified":"2026-04-15T12:20:02","modified_gmt":"2026-04-15T10:20:02","slug":"gremi","status":"publish","type":"page","link":"https:\/\/gremicafe.cat\/es\/gremi\/","title":{"rendered":"El Gremio"},"content":{"rendered":"<section id=\"ut-section-69f46e79ecfdf\" data-vc-full-width=\"true\" data-vc-full-width-init=\"false\" class=\"vc_section vc_section-has-no-fill ut-section-69f46e79ecff1\"><div id=\"ut-row-69f46e79ed565\" data-vc-full-width=\"true\" data-vc-full-width-init=\"false\" class=\"vc_row wpb_row vc_row-fluid vc_column-gap-0 ut-row-69f46e79ed575\" ><div class=\"wpb_column vc_column_container vc_col-sm-12\" ><div id=\"ut_inner_column_69f46e79edb86\" class=\"vc_column-inner\"><div class=\"wpb_wrapper\"><div class=\"wpb_content_element\"><style type=\"text\/css\" scoped>#ut_header_69f46e79eddd9 h2 span { color:; }#ut_header_69f46e79eddd9 h2.section-title { font-size: 50px; }#ut_header_69f46e79eddd9.pt-style-2 .page-title:after, #ut_header_69f46e79eddd9.pt-style-2 .parallax-title:after, #ut_header_69f46e79eddd9.pt-style-2 .section-title:after {background-color: ;height: ;width: ;}<\/style><header id=\"ut_header_69f46e79eddd9\" class=\"section-header pt-style-2 header-left\"><h2  class=\"section-title\"><span>El Gremio del Caf\u00e9, tostadores de Catalu\u00f1a<\/span><\/h2><\/header><\/div><\/div><\/div><\/div><\/div><div class=\"vc_row-full-width vc_clearfix\"><\/div><div id=\"ut-row-69f46e79ee139\" data-vc-full-width=\"true\" data-vc-full-width-init=\"false\" class=\"vc_row wpb_row vc_row-fluid vc_column-gap-0 ut-row-69f46e79ee143\" ><div class=\"wpb_column vc_column_container vc_col-sm-6\" ><div id=\"ut_inner_column_69f46e79ee4c7\" class=\"vc_column-inner\"><div class=\"wpb_wrapper\">\n\t<div class=\"wpb_text_column wpb_content_element\" >\n\t\t<div class=\"wpb_wrapper\">\n\t\t\t<p style=\"text-align: justify;\">Gremio del Caf\u00e9, Tostadores de Catalu\u00f1a, es la nueva denominaci\u00f3n del Gremio de Tostadores de Caf\u00e9 de Catalu\u00f1a, asociaci\u00f3n creada alrededor del a\u00f1o 1950. El Gremio proviene del antiguo Sindicato de Alimentaci\u00f3n por lo que se hace dif\u00edcil precisar la fecha de su constituci\u00f3n como entidad segregada. Su primera denominaci\u00f3n fue Grupo de Torrefactores de Caf\u00e9 de la provincia de Barcelona, posteriormente Asociaci\u00f3n de Industriales torrefactores e importadores de Caf\u00e9 de Catalunya, y actualmente el arriba mencionado. Su domicilio social cambi\u00f3 con los a\u00f1os. Del Paseo de Gracia, calle de Vergara, Gran Via y finalmente la calle de Mallorca. Actualmente est\u00e1 ubicado en el edificio PIMEC, en la calle Viladomat de Barcelona.<\/p>\n<p style=\"text-align: justify;\">Sus presidentes siempre han sido personas destacadas del sector cafetero provincial y estatal: Esteve Bassols, Juan Mir, Santiago Suri\u00f1ach, Javier Erausquin, Josep Cerd\u00e1, Juan Ros, Antonio Erausquin, Juli\u00e1n Marcilla, Ramon Novell, Antoni Gros, Toni Riera, Llu\u00eds Saula, Xavier de Erausquin, y actualmente Carlos G\u00f3tor.<\/p>\n<p style=\"text-align: justify;\">El n\u00famero de empresas asociadas, siempre industriales tostadores de caf\u00e9, oscila debido a las compra-ventas de empresas dentro del sector. Hoy por hoy son veinticinco las empresas que componen este Gremio, procedentes de toda Catalunya. Cabe destacar que entre algunos de sus miembros m\u00e1s activos, se puso la primera piedra del F\u00f3rum Cultural del Caf\u00e9, entidad de gran prestigio en el mundo cafetero.<\/p>\n\n\t\t<\/div>\n\t<\/div>\n<\/div><\/div><\/div><div class=\"wpb_column vc_column_container vc_col-sm-6\" ><div id=\"ut_inner_column_69f46e79ee827\" class=\"vc_column-inner\"><div class=\"wpb_wrapper\">\n\t<div class=\"wpb_text_column wpb_content_element\" >\n\t\t<div class=\"wpb_wrapper\">\n\t\t\t<p style=\"text-align: justify;\">El Gremio atiende a todas las consultas de los asociados, y el d\u00eda a d\u00eda del sector, en cuya junta est\u00e1n representadas grandes, medianas y peque\u00f1as empresas. El Gremio ofrece los servicios de mediaci\u00f3n necesarios ante los diversos organismos oficiales tanto estatales como auton\u00f3micos. Ejemplos son sanidad, comercio y consumo, trabajo, medio ambiente, junta de residuos, etc.<\/p>\n<p style=\"text-align: justify;\">Entre las actividades que m\u00e1s destacan del Gremio, se encuentra la negociaci\u00f3n del convenio colectivo del sector; la representatividad del sector ante los distintos organismos de la Generalidad de Catalu\u00f1a; la participaci\u00f3n en diferentes mesas de trabajo como las que organiza PIMEC; la promoci\u00f3n de las empresas asociadas a los medios de comunicaci\u00f3n; la participaci\u00f3n en los Campeonatos Barista de Catalu\u00f1a que organiza el F\u00f3rum del Caf\u00e9; la promoci\u00f3n, motivaci\u00f3n y organizaci\u00f3n de las Coffee Experience; la difusi\u00f3n de la campa\u00f1a El Caf\u00e9, un placer; y la promoci\u00f3n, entre otras actividades, el caf\u00e9 como producto Km0 en las redes sociales y en internet.<\/p>\n\n\t\t<\/div>\n\t<\/div>\n<\/div><\/div><\/div><\/div><div class=\"vc_row-full-width vc_clearfix\"><\/div><div id=\"ut-row-69f46e79eed05\" data-vc-full-width=\"true\" data-vc-full-width-init=\"false\" class=\"vc_row wpb_row vc_row-fluid vc_column-gap-0 ut-row-69f46e79eed0f\" ><div class=\"wpb_column vc_column_container vc_col-sm-12\" ><div id=\"ut_inner_column_69f46e79eefba\" class=\"vc_column-inner\"><div class=\"wpb_wrapper\"><div class=\"wpb_content_element\"><style type=\"text\/css\" scoped>#ut_header_69f46e79ef0d4 h2 span { color:; }#ut_header_69f46e79ef0d4 h2.section-title { font-size: 30px; }#ut_header_69f46e79ef0d4.pt-style-2 .page-title:after, #ut_header_69f46e79ef0d4.pt-style-2 .parallax-title:after, #ut_header_69f46e79ef0d4.pt-style-2 .section-title:after {background-color: ;height: ;width: ;}<\/style><header id=\"ut_header_69f46e79ef0d4\" class=\"section-header pt-style-2 header-center\"><h2  class=\"section-title\"><span>Junta Directiva<\/span><\/h2><\/header><\/div><div  class=\"wpb_content_element   clearfix\"><style type=\"text\/css\" scoped>#ut_am_69f46e79ef852 { opacity: 1; }<\/style><div id=\"ut_am_wrap_69f46e79ef853\" class=\"ut-image-gallery-image\" style=\"text-align:center;\"><div class=\"ut-animated-image-item ut-image-gallery-item ut-animation-done\"><a class=\"ut-deactivated-link\" href=\"#\"><img loading=\"lazy\" decoding=\"async\" title=\"1logo_gremi_cafe_600\" id=\"ut_am_69f46e79ef852\" style=\"\" src=\"https:\/\/gremicafe.cat\/wp-content\/uploads\/2026\/04\/1logo_gremi_cafe_600.png\" width=\"600\" height=\"315\" alt=\"\"\/><\/a><\/div><\/div><\/div><div class=\"wpb_content_element   clearfix\">            \n            <script type=\"text\/javascript\">\n                \n                (function($){\n                    \n                    $(document).ready(function(){\n                        \n                                                                        \n                        function get_animated_objects( $all_appeared_elements, effect ) {\n                            \n                            var counter = 0;\n                            \n                            $all_appeared_elements.each(function(){\n                                        \n                                if( $(this).hasClass(effect) ) {\n\n                                    counter++;\n\n                                }\n\n                            });\n                            \n                            return counter;\n                            \n                        }\n                        \n                          \n                    });\n                        \n                })(jQuery);\n            \n            <\/script>\n            \n            <style type=\"text\/css\" scoped>#ut_ig_69f46e79ef8b6 .ut-lazy:not(.ut-image-loaded) + .ut-video-module-loading { display:block; }#ut_ig_69f46e79ef8b6 .ut-lazy.ut-image-loaded + .ut-video-module-loading { display:none; }<\/style><div id=\"ut_ig_69f46e79ef8b6\" class=\"ut-image-gallery  clearfix\"><div  data-count=\"1\" class=\"ut-image-gallery-item ut-animation-done grid-100 tablet-grid-100 mobile-grid-100\"><div class=\"ut-image-gallery-image\"><img loading=\"lazy\" decoding=\"async\" alt=\"\" class=\"\" src=\"https:\/\/gremicafe.cat\/wp-content\/uploads\/2026\/01\/junta-gremi-2026_1500x917.png\" width=\"1500\" height=\"917\"><\/div><\/div><div class=\"clear\"><\/div><\/div><\/div><div  class=\"wpb_content_element   clearfix\"><style type=\"text\/css\" scoped>#ut_am_69f46e79f05f3 { opacity: 1; }<\/style><div id=\"ut_am_wrap_69f46e79f05f6\" class=\"ut-image-gallery-image\" style=\"text-align:center;\"><div class=\"ut-animated-image-item ut-image-gallery-item ut-animation-done\"><a class=\"ut-deactivated-link\" href=\"#\"><img loading=\"lazy\" decoding=\"async\" title=\"VINSEUM009\" id=\"ut_am_69f46e79f05f3\" style=\"\" src=\"https:\/\/gremicafe.cat\/wp-content\/uploads\/2025\/05\/VINSEUM009.jpg\" width=\"1200\" height=\"900\" alt=\"Assemblea del Gremi de Torradors de Caf\u00e8 2025. VINSEUM. Vilafranca del Pened\u00e8s\"\/><\/a><\/div><\/div><\/div><\/div><\/div><\/div><\/div><div class=\"vc_row-full-width vc_clearfix\"><\/div><div id=\"ut-row-69f46e79f0ab3\" data-vc-full-width=\"true\" data-vc-full-width-init=\"false\" class=\"vc_row wpb_row vc_row-fluid vc_column-gap-0 ut-row-69f46e79f0ac0\" ><div class=\"wpb_column vc_column_container vc_col-sm-12\" ><div id=\"ut_inner_column_69f46e79f0e8e\" class=\"vc_column-inner\"><div class=\"wpb_wrapper\"><div class=\"wpb_content_element\"><style type=\"text\/css\" scoped>#ut_header_69f46e79f0ff3 h2 span { color:; }#ut_header_69f46e79f0ff3 h2.section-title { font-size: 50px; }#ut_header_69f46e79f0ff3.pt-style-2 .page-title:after, #ut_header_69f46e79f0ff3.pt-style-2 .parallax-title:after, #ut_header_69f46e79f0ff3.pt-style-2 .section-title:after {background-color: ;height: ;width: ;}<\/style><header id=\"ut_header_69f46e79f0ff3\" class=\"section-header pt-style-2 header-center\"><h2  class=\"section-title\"><span>Servicios del Gremio<\/span><\/h2><\/header><\/div>\n\t<div class=\"wpb_text_column wpb_content_element\" >\n\t\t<div class=\"wpb_wrapper\">\n\t\t\t<p style=\"text-align: center;\">\u00bfQuieres saber por qu\u00e9 ser socio del Gremio del Caf\u00e9 Torradors de Catalunya?<\/p>\n<p style=\"text-align: center;\">Desc\u00e1rgate el documento haciendo clic en la imagen.<\/p>\n\n\t\t<\/div>\n\t<\/div>\n<div class=\"wpb_content_element ut-gallery-40  clearfix\">            \n            <script type=\"text\/javascript\">\n                \n                (function($){\n                    \n                    $(document).ready(function(){\n                        \n                                                                        \n                        function get_animated_objects( $all_appeared_elements, effect ) {\n                            \n                            var counter = 0;\n                            \n                            $all_appeared_elements.each(function(){\n                                        \n                                if( $(this).hasClass(effect) ) {\n\n                                    counter++;\n\n                                }\n\n                            });\n                            \n                            return counter;\n                            \n                        }\n                        \n                          \n                    });\n                        \n                })(jQuery);\n            \n            <\/script>\n            \n            <style type=\"text\/css\" scoped>#ut_ig_69f46e79f120e .ut-lazy:not(.ut-image-loaded) + .ut-video-module-loading { display:block; }#ut_ig_69f46e79f120e .ut-lazy.ut-image-loaded + .ut-video-module-loading { display:none; }<\/style><div id=\"ut_ig_69f46e79f120e\" class=\"ut-image-gallery  ut-image-gallery-40 clearfix\"><div  data-count=\"1\" class=\"ut-image-gallery-item ut-animation-done grid-100 tablet-grid-100 mobile-grid-100\"><a title=\"\" href=\"https:\/\/gremicafe.cat\/wp-content\/uploads\/2026\/01\/SERVEIS-GREMI-CAFE-CAT26.pdf\" target=\"_blank\"><div class=\"ut-image-gallery-image\"><img loading=\"lazy\" decoding=\"async\" alt=\"SERVEIS DEL GREMI DEL CAFE TORRADORS DE CATALUNYA\" class=\"\" src=\"https:\/\/gremicafe.cat\/wp-content\/uploads\/2022\/03\/SERVEIS-GREMI-CAFE-CAT3-1.jpg\" width=\"419\" height=\"420\"><\/div><\/a><\/div><div class=\"clear\"><\/div><\/div><\/div><\/div><\/div><\/div><\/div><div class=\"vc_row-full-width vc_clearfix\"><\/div><div id=\"ut-row-69f46e79f1c92\" data-vc-full-width=\"true\" data-vc-full-width-init=\"false\" class=\"vc_row wpb_row vc_row-fluid vc_custom_1524734771773 vc_column-gap-0 ut-row-69f46e79f1c9c\" ><div class=\"wpb_column vc_column_container vc_col-sm-12\" ><div id=\"ut_inner_column_69f46e79f222e\" class=\"vc_column-inner\"><div class=\"wpb_wrapper\"><div class=\"wpb_content_element\"><style type=\"text\/css\" scoped>#ut_header_69f46e79f25db h2 span { color:; }#ut_header_69f46e79f25db.pt-style-2 .page-title:after, #ut_header_69f46e79f25db.pt-style-2 .parallax-title:after, #ut_header_69f46e79f25db.pt-style-2 .section-title:after {background-color: ;height: ;width: ;}<\/style><header id=\"ut_header_69f46e79f25db\" class=\"section-header pt-style-2 header-center\"><h2  class=\"section-title\"><span>Usted tendr\u00e1 un buen caf\u00e9!<\/span><\/h2><div data-delay=\"0\" class=\"lead\"><p>Miembros del Gremio del Caf\u00e9<\/p>\n<\/div><\/header><\/div><div class=\"wpb_content_element ut-gallery-25  clearfix\">            \n            <script type=\"text\/javascript\">\n                \n                (function($){\n                    \n                    $(document).ready(function(){\n                        \n                                                                        \n                        function get_animated_objects( $all_appeared_elements, effect ) {\n                            \n                            var counter = 0;\n                            \n                            $all_appeared_elements.each(function(){\n                                        \n                                if( $(this).hasClass(effect) ) {\n\n                                    counter++;\n\n                                }\n\n                            });\n                            \n                            return counter;\n                            \n                        }\n                        \n                          \n                    });\n                        \n                })(jQuery);\n            \n            <\/script>\n            \n            <style type=\"text\/css\" scoped>#ut_ig_69f46e79f2659 .ut-lazy:not(.ut-image-loaded) + .ut-video-module-loading { display:block; }#ut_ig_69f46e79f2659 .ut-lazy.ut-image-loaded + .ut-video-module-loading { display:none; }<\/style><div id=\"ut_ig_69f46e79f2659\" class=\"ut-image-gallery  ut-image-gallery-25 clearfix\"><div  data-count=\"19\" class=\"ut-image-gallery-item ut-animation-done grid-20 tablet-grid-33 mobile-grid-100\"><a title=\"BRACAF\u00c9\" href=\"http:\/\/bracafe.com\/\" target=\"_blank\"><div class=\"ut-image-gallery-image\"><img loading=\"lazy\" decoding=\"async\" alt=\"BRACAF\u00c9\" class=\"\" src=\"https:\/\/gremicafe.cat\/wp-content\/uploads\/2018\/04\/gremicafe-logos-clients-bracafe.png\" width=\"226\" height=\"150\"><\/div><div id=\"ut-image-caption-3902\" class=\"ut-vc-images-lightbox-caption\">BRACAF\u00c9<\/div><\/a><\/div><div  data-count=\"19\" class=\"ut-image-gallery-item ut-animation-done ut-animation-done grid-20 tablet-grid-33 mobile-grid-100\"><a title=\"CAF\u00c9S ROMA,SCP\" href=\"http:\/\/www.cafesroma.com\/\" target=\"_blank\"><div class=\"ut-image-gallery-image\"><img loading=\"lazy\" decoding=\"async\" alt=\"CAF\u00c9S ROMA,S.C.P.\" class=\"\" src=\"https:\/\/gremicafe.cat\/wp-content\/uploads\/2018\/04\/roma.png\" width=\"226\" height=\"150\"><\/div><div id=\"ut-image-caption-3957\" class=\"ut-vc-images-lightbox-caption\">CAF\u00c9S ROMA,SCP<\/div><\/a><\/div><div  data-count=\"19\" class=\"ut-image-gallery-item ut-animation-done ut-animation-done ut-animation-done grid-20 tablet-grid-33 mobile-grid-100 ut-tablet-last\"><a title=\"CAF\u00c9S TUPINAMBA,SA\" href=\"http:\/\/www.tupinamba.com\/?lang=ca\" target=\"_blank\"><div class=\"ut-image-gallery-image\"><img loading=\"lazy\" decoding=\"async\" alt=\"CAF\u00c9S TUPINAMBA,S.A.\" class=\"ut-tablet-last\" src=\"https:\/\/gremicafe.cat\/wp-content\/uploads\/2018\/04\/gremicafe-logos-clients-tupinamba.png\" width=\"226\" height=\"150\"><\/div><div id=\"ut-image-caption-4035\" class=\"ut-vc-images-lightbox-caption\">CAF\u00c9S TUPINAMBA,SA<\/div><\/a><\/div><div class=\"clear hide-on-desktop hide-on-tablet\"><\/div><div  data-count=\"19\" class=\"ut-image-gallery-item ut-animation-done ut-animation-done ut-animation-done ut-animation-done grid-20 tablet-grid-33 mobile-grid-100\"><a title=\"\" href=\"https:\/\/cafescornella.coffee\/\" target=\"_blank\"><div class=\"ut-image-gallery-image\"><img loading=\"lazy\" decoding=\"async\" alt=\"\" class=\"\" src=\"https:\/\/gremicafe.cat\/wp-content\/uploads\/2020\/05\/gremicafe-logos-clients-cornella-2.png\" width=\"228\" height=\"150\"><\/div><\/a><\/div><div  data-count=\"14\" class=\"ut-image-gallery-item ut-animation-done ut-animation-done ut-animation-done ut-animation-done ut-animation-done grid-20 tablet-grid-33 mobile-grid-100 ut-desktop-last\"><a title=\"INCAFHISA\/CAF\u00c9S BUEY\" href=\"http:\/\/www.cafesbou.com\" target=\"_blank\"><div class=\"ut-image-gallery-image\"><img loading=\"lazy\" decoding=\"async\" alt=\"INCAFHISA\/CAF\u00c9S BOU\" class=\"ut-desktop-last\" src=\"https:\/\/gremicafe.cat\/wp-content\/uploads\/2018\/04\/gremicafe-logos-clients-bou.png\" width=\"226\" height=\"150\"><\/div><div id=\"ut-image-caption-3901\" class=\"ut-vc-images-lightbox-caption\">INCAFHISA\/CAF\u00c9S BUEY<\/div><\/a><\/div><div class=\"clear hide-on-tablet\"><\/div><div  data-count=\"14\" class=\"ut-image-gallery-item ut-animation-done ut-animation-done ut-animation-done ut-animation-done ut-animation-done ut-animation-done grid-20 tablet-grid-33 mobile-grid-100 ut-tablet-last\"><a title=\"CAF\u00c9 SAM.SAL\" href=\"https:\/\/www.cafesmamasame.com\/\" target=\"_blank\"><div class=\"ut-image-gallery-image\"><img loading=\"lazy\" decoding=\"async\" alt=\"CAF\u00c9 SAM.S.A.L.\" class=\"ut-tablet-last\" src=\"https:\/\/gremicafe.cat\/wp-content\/uploads\/2018\/04\/gremicafe-logos-clients-sam.png\" width=\"226\" height=\"150\"><\/div><div id=\"ut-image-caption-4076\" class=\"ut-vc-images-lightbox-caption\">CAF\u00c9 SAM.SAL<\/div><\/a><\/div><div class=\"clear hide-on-desktop hide-on-tablet\"><\/div><div  data-count=\"14\" class=\"ut-image-gallery-item ut-animation-done ut-animation-done ut-animation-done ut-animation-done ut-animation-done ut-animation-done ut-animation-done grid-20 tablet-grid-33 mobile-grid-100\"><a title=\"CAF\u00c9S SAULA,SA\" href=\"https:\/\/www.cafesaula.com\/\" target=\"_blank\"><div class=\"ut-image-gallery-image\"><img loading=\"lazy\" decoding=\"async\" alt=\"CAF\u00c9S SAULA,S.A.\" class=\"\" src=\"https:\/\/gremicafe.cat\/wp-content\/uploads\/2018\/04\/gremicafe-logos-clients-saula.png\" width=\"226\" height=\"150\"><\/div><div id=\"ut-image-caption-3961\" class=\"ut-vc-images-lightbox-caption\">CAF\u00c9S SAULA,SA<\/div><\/a><\/div><div  data-count=\"14\" class=\"ut-image-gallery-item ut-animation-done ut-animation-done ut-animation-done ut-animation-done ut-animation-done ut-animation-done ut-animation-done ut-animation-done grid-20 tablet-grid-33 mobile-grid-100\"><a title=\"TORREFACCI\u00d3N ARTESANA DE CAF\u00c9S,SL\" href=\"http:\/\/www.delsamscafes.com\/\" target=\"_blank\"><div class=\"ut-image-gallery-image\"><img loading=\"lazy\" decoding=\"async\" alt=\"TORREFACCI\u00d3 ARTESANA DE CAF\u00c8S,S.L.\" class=\"\" src=\"https:\/\/gremicafe.cat\/wp-content\/uploads\/2018\/04\/gremicafe-logos-clients-delsams.png\" width=\"226\" height=\"150\"><\/div><div id=\"ut-image-caption-4073\" class=\"ut-vc-images-lightbox-caption\">TORREFACCI\u00d3N ARTESANA DE CAF\u00c9S,SL<\/div><\/a><\/div><div  data-count=\"14\" class=\"ut-image-gallery-item ut-animation-done ut-animation-done ut-animation-done ut-animation-done ut-animation-done ut-animation-done ut-animation-done ut-animation-done ut-animation-done grid-20 tablet-grid-33 mobile-grid-100 ut-tablet-last\"><a title=\"CAF\u00c9S NOVEL,SA\" href=\"http:\/\/cafesnovell.com\/ca\/\" target=\"_blank\"><div class=\"ut-image-gallery-image\"><img loading=\"lazy\" decoding=\"async\" alt=\"CAF\u00c9S NOVELL,S.A.\" class=\"ut-tablet-last\" src=\"https:\/\/gremicafe.cat\/wp-content\/uploads\/2018\/04\/gremicafe-logos-clients-novell.png\" width=\"226\" height=\"150\"><\/div><div id=\"ut-image-caption-3960\" class=\"ut-vc-images-lightbox-caption\">CAF\u00c9S NOVEL,SA<\/div><\/a><\/div><div class=\"clear hide-on-desktop hide-on-tablet\"><\/div><div  data-count=\"9\" class=\"ut-image-gallery-item ut-animation-done ut-animation-done ut-animation-done ut-animation-done ut-animation-done ut-animation-done ut-animation-done ut-animation-done ut-animation-done ut-animation-done grid-20 tablet-grid-33 mobile-grid-100 ut-desktop-last\"><a title=\"CAF\u00c9S L\u00cdDER\" href=\"http:\/\/www.cafeslider.com\/\" target=\"_blank\"><div class=\"ut-image-gallery-image\"><img loading=\"lazy\" decoding=\"async\" alt=\"CAF\u00c9S L\u00cdDER\" class=\"ut-desktop-last\" src=\"https:\/\/gremicafe.cat\/wp-content\/uploads\/2018\/04\/gremicafe-logos-clients-lider_.png\" width=\"226\" height=\"150\"><\/div><div id=\"ut-image-caption-4070\" class=\"ut-vc-images-lightbox-caption\">CAF\u00c9S L\u00cdDER<\/div><\/a><\/div><div class=\"clear hide-on-tablet\"><\/div><div  data-count=\"9\" class=\"ut-image-gallery-item ut-animation-done ut-animation-done ut-animation-done ut-animation-done ut-animation-done ut-animation-done ut-animation-done ut-animation-done ut-animation-done ut-animation-done ut-animation-done grid-20 tablet-grid-33 mobile-grid-100\"><a title=\"\" href=\"https:\/\/tienda.cafesbatalla.com\/es\/43-port-moka-specialty-coffee\" target=\"_blank\"><div class=\"ut-image-gallery-image\"><img loading=\"lazy\" decoding=\"async\" alt=\"\" class=\"\" src=\"https:\/\/gremicafe.cat\/wp-content\/uploads\/2020\/05\/gremicafe-logos-clients-batalla-2.png\" width=\"226\" height=\"150\"><\/div><\/a><\/div><div  data-count=\"9\" class=\"ut-image-gallery-item ut-animation-done ut-animation-done ut-animation-done ut-animation-done ut-animation-done ut-animation-done ut-animation-done ut-animation-done ut-animation-done ut-animation-done ut-animation-done ut-animation-done grid-20 tablet-grid-33 mobile-grid-100 ut-tablet-last\"><a title=\"\" href=\"http:\/\/www.cafesros.com\/\" target=\"_blank\"><div class=\"ut-image-gallery-image\"><img loading=\"lazy\" decoding=\"async\" alt=\"Logo Cafes Ros\" class=\"ut-tablet-last\" src=\"https:\/\/gremicafe.cat\/wp-content\/uploads\/2020\/06\/gremicafe-logos-clients-ros-B.png\" width=\"226\" height=\"150\"><\/div><\/a><\/div><div class=\"clear hide-on-desktop hide-on-tablet\"><\/div><div  data-count=\"9\" class=\"ut-image-gallery-item ut-animation-done ut-animation-done ut-animation-done ut-animation-done ut-animation-done ut-animation-done ut-animation-done ut-animation-done ut-animation-done ut-animation-done ut-animation-done ut-animation-done ut-animation-done grid-20 tablet-grid-33 mobile-grid-100\"><a title=\"CAF\u00c9S ENERO,SL\" href=\"http:\/\/www.cafesgener.com\/\" target=\"_blank\"><div class=\"ut-image-gallery-image\"><img loading=\"lazy\" decoding=\"async\" alt=\"CAF\u00c9S GENER,S.L.\" class=\"\" src=\"https:\/\/gremicafe.cat\/wp-content\/uploads\/2018\/04\/gremicafe-logos-clients-gener.png\" width=\"226\" height=\"150\"><\/div><div id=\"ut-image-caption-4075\" class=\"ut-vc-images-lightbox-caption\">CAF\u00c9S ENERO,SL<\/div><\/a><\/div><div  data-count=\"9\" class=\"ut-image-gallery-item ut-animation-done ut-animation-done ut-animation-done ut-animation-done ut-animation-done ut-animation-done ut-animation-done ut-animation-done ut-animation-done ut-animation-done ut-animation-done ut-animation-done ut-animation-done ut-animation-done grid-20 tablet-grid-33 mobile-grid-100\"><a title=\"CAFAS PONT SL\" href=\"http:\/\/cafespont.com\/\" target=\"_blank\"><div class=\"ut-image-gallery-image\"><img loading=\"lazy\" decoding=\"async\" alt=\"CAFES PONT  SL\" class=\"\" src=\"https:\/\/gremicafe.cat\/wp-content\/uploads\/2018\/04\/gremicafe-logos-clients-pont.png\" width=\"226\" height=\"150\"><\/div><div id=\"ut-image-caption-3904\" class=\"ut-vc-images-lightbox-caption\">CAFAS PONT SL<\/div><\/a><\/div><div  data-count=\"4\" class=\"ut-image-gallery-item ut-animation-done ut-animation-done ut-animation-done ut-animation-done ut-animation-done ut-animation-done ut-animation-done ut-animation-done ut-animation-done ut-animation-done ut-animation-done ut-animation-done ut-animation-done ut-animation-done ut-animation-done grid-20 tablet-grid-33 mobile-grid-100 ut-tablet-last ut-desktop-last\"><a title=\"\" href=\"https:\/\/www.dibarcafe.com\/\" target=\"_blank\"><div class=\"ut-image-gallery-image\"><img loading=\"lazy\" decoding=\"async\" alt=\"\" class=\"ut-tablet-last ut-desktop-last\" src=\"https:\/\/gremicafe.cat\/wp-content\/uploads\/2023\/02\/gremicafe-logos-clients-dibarcafe-nou.png\" width=\"226\" height=\"150\"><\/div><\/a><\/div><div class=\"clear hide-on-tablet\"><\/div><div  data-count=\"4\" class=\"ut-image-gallery-item ut-animation-done ut-animation-done ut-animation-done ut-animation-done ut-animation-done ut-animation-done ut-animation-done ut-animation-done ut-animation-done ut-animation-done ut-animation-done ut-animation-done ut-animation-done ut-animation-done ut-animation-done ut-animation-done grid-20 tablet-grid-33 mobile-grid-100\"><a title=\"\" href=\"http:\/\/www.coffee-center.es\/\" target=\"_blank\"><div class=\"ut-image-gallery-image\"><img loading=\"lazy\" decoding=\"async\" alt=\"\" class=\"\" src=\"https:\/\/gremicafe.cat\/wp-content\/uploads\/2020\/05\/gremicafe-logos-clients-coffecenter-2.jpg\" width=\"226\" height=\"150\"><\/div><\/a><\/div><div  data-count=\"4\" class=\"ut-image-gallery-item ut-animation-done ut-animation-done ut-animation-done ut-animation-done ut-animation-done ut-animation-done ut-animation-done ut-animation-done ut-animation-done ut-animation-done ut-animation-done ut-animation-done ut-animation-done ut-animation-done ut-animation-done ut-animation-done ut-animation-done grid-20 tablet-grid-33 mobile-grid-100\"><a title=\"CIANO COFFEE\" href=\"https:\/\/www.ciano.coffee\/\" target=\"_blank\"><div class=\"ut-image-gallery-image\"><img loading=\"lazy\" decoding=\"async\" alt=\"CIANO COFFEE\" class=\"\" src=\"https:\/\/gremicafe.cat\/wp-content\/uploads\/2025\/02\/CIANO226X150.png\" width=\"226\" height=\"150\"><\/div><div id=\"ut-image-caption-7756\" class=\"ut-vc-images-lightbox-caption\">CIANO COFFEE<\/div><\/a><\/div><div  data-count=\"4\" class=\"ut-image-gallery-item ut-animation-done ut-animation-done ut-animation-done ut-animation-done ut-animation-done ut-animation-done ut-animation-done ut-animation-done ut-animation-done ut-animation-done ut-animation-done ut-animation-done ut-animation-done ut-animation-done ut-animation-done ut-animation-done ut-animation-done ut-animation-done grid-20 tablet-grid-33 mobile-grid-100 ut-tablet-last\"><a title=\"\" href=\"http:\/\/www.cafescallis.com\/\" target=\"_blank\"><div class=\"ut-image-gallery-image\"><img loading=\"lazy\" decoding=\"async\" alt=\"Logo Cafes Ros\" class=\"ut-tablet-last\" src=\"https:\/\/gremicafe.cat\/wp-content\/uploads\/2021\/02\/gremicafe-logos-clients-callis.png\" width=\"226\" height=\"150\"><\/div><\/a><\/div><div class=\"clear hide-on-desktop hide-on-tablet\"><\/div><div  data-count=\"4\" class=\"ut-image-gallery-item ut-animation-done ut-animation-done ut-animation-done ut-animation-done ut-animation-done ut-animation-done ut-animation-done ut-animation-done ut-animation-done ut-animation-done ut-animation-done ut-animation-done ut-animation-done ut-animation-done ut-animation-done ut-animation-done ut-animation-done ut-animation-done ut-animation-done grid-20 tablet-grid-33 mobile-grid-100\"><a title=\"\" href=\"https:\/\/www.qualityblends.coffee\/\" target=\"_blank\"><div class=\"ut-image-gallery-image\"><img loading=\"lazy\" decoding=\"async\" alt=\"Logo Quality Blends\" class=\"\" src=\"https:\/\/gremicafe.cat\/wp-content\/uploads\/2023\/04\/gremicafe-logos-clients-qualityblends_2.jpg\" width=\"226\" height=\"150\"><\/div><\/a><\/div><div class=\"clear\"><\/div><\/div><\/div><\/div><style type=\"text\/css\" scoped>#ut_inner_column_69f46e79f222e{margin-bottom: 50px !important;}<\/style><\/div><\/div><style type=\"text\/css\" scoped>#ut-row-69f46e79f1c92{margin-top: 100px !important;} <\/style><\/div><div class=\"vc_row-full-width vc_clearfix\"><\/div><div id=\"ut-row-69f46e7a05b9a\" data-vc-full-width=\"true\" data-vc-full-width-init=\"false\" class=\"vc_row wpb_row vc_row-fluid vc_column-gap-0 ut-row-69f46e7a05bbc\" ><div class=\"wpb_column vc_column_container vc_col-sm-12\" ><div id=\"ut_inner_column_69f46e7a06085\" class=\"vc_column-inner\"><div class=\"wpb_wrapper\"><div class=\"wpb_content_element\"><style type=\"text\/css\" scoped>#ut_header_69f46e7a0627e h2 span { color:; }#ut_header_69f46e7a0627e h2.section-title { font-size: 30px; }#ut_header_69f46e7a0627e.pt-style-2 .page-title:after, #ut_header_69f46e7a0627e.pt-style-2 .parallax-title:after, #ut_header_69f46e7a0627e.pt-style-2 .section-title:after {background-color: ;height: ;width: ;}<\/style><header id=\"ut_header_69f46e7a0627e\" class=\"section-header pt-style-2 header-center\"><h2  class=\"section-title\"><span>Empresas miembros del Gremio del Caf\u00e9<\/span><\/h2><\/header><\/div><div id=\"ut-row-inner-69f46e7a06528\" class=\"vc_row wpb_row vc_inner vc_row-fluid ut-row-inner-69f46e7a06538\" ><div  class=\"wpb_column vc_column_container vc_col-sm-6\"><div id=\"ut-column-inner-69f46e7a067d2\" class=\"vc_column-inner\"><div class=\"wpb_wrapper\">\n\t<div class=\"wpb_text_column wpb_content_element\" >\n\t\t<div class=\"wpb_wrapper\">\n\t\t\t<p style=\"text-align: center;\">AGR\u00cdCOLA MARCILLA, SL -DIBARCAF\u00c9-<br \/>\nCAF\u00c9 SAM. SAL<br \/>\nCAF\u00c9S BATALLA 2000, SL<br \/>\nCAF\u00c9S CALL\u00cdS<br \/>\nCAF\u00c9 CIANO<br \/>\nCAF\u00c9S CORNELL\u00c1, SA<br \/>\nCAF\u00c9S ENERO, SL<br \/>\nCAF\u00c9S L\u00cdDER<br \/>\nCAF\u00c9S NOVEL, SA<br \/>\nCAFAS PONT, SL<\/p>\n\n\t\t<\/div>\n\t<\/div>\n<\/div><\/div><\/div><div  class=\"wpb_column vc_column_container vc_col-sm-6\"><div id=\"ut-column-inner-69f46e7a06b1f\" class=\"vc_column-inner\"><div class=\"wpb_wrapper\">\n\t<div class=\"wpb_text_column wpb_content_element\" >\n\t\t<div class=\"wpb_wrapper\">\n\t\t\t<p style=\"text-align: center;\">CAF\u00c9S ROMA, SCP<br \/>\nCAF\u00c9S RUBIO, SA<br \/>\nCAF\u00c9S SAULA, SA<br \/>\nCAF\u00c9S TUPINAMBA, SA<br \/>\nHERMANO DE ERAUSQUIN, SA<br \/>\nINCAFHISA\/CAF\u00c9S BUEY<br \/>\nITAL CAF\u00c9<br \/>\nQUALITY BLENDS<br \/>\nTORREFACCI\u00d3N ARTESANA DE CAF\u00c9S, SL<\/p>\n\n\t\t<\/div>\n\t<\/div>\n<\/div><\/div><\/div><\/div><\/div><\/div><\/div><\/div><div class=\"vc_row-full-width vc_clearfix\"><\/div><div id=\"ut-row-69f46e7a07189\" data-vc-full-width=\"true\" data-vc-full-width-init=\"false\" class=\"vc_row wpb_row vc_row-fluid vc_column-gap-0 ut-row-69f46e7a07197\" ><div class=\"wpb_column vc_column_container vc_col-sm-12\" ><div id=\"ut_inner_column_69f46e7a075d0\" class=\"vc_column-inner\"><div class=\"wpb_wrapper\"><div class=\"wpb_content_element\"><style type=\"text\/css\" scoped>#ut_header_69f46e7a077a7 h2 span { color:; }#ut_header_69f46e7a077a7 h2.section-title { font-size: 30px; }#ut_header_69f46e7a077a7.pt-style-2 .page-title:after, #ut_header_69f46e7a077a7.pt-style-2 .parallax-title:after, #ut_header_69f46e7a077a7.pt-style-2 .section-title:after {background-color: ;height: ;width: ;}<\/style><header id=\"ut_header_69f46e7a077a7\" class=\"section-header pt-style-2 header-center\"><h2  class=\"section-title\"><span>Convenio Colectivo<\/span><\/h2><\/header><\/div><div id=\"ut-row-inner-69f46e7a07910\" class=\"vc_row wpb_row vc_inner vc_row-fluid ut-row-inner-69f46e7a0791f\" ><div  class=\"wpb_column vc_column_container vc_col-sm-12\"><div id=\"ut-column-inner-69f46e7a07a92\" class=\"vc_column-inner\"><div class=\"wpb_wrapper\">\n\t<div class=\"wpb_text_column wpb_content_element\" >\n\t\t<div class=\"wpb_wrapper\">\n\t\t\t<p>Hoy, 17 de diciembre de 2024, se ha publicado en el Diario Oficial de la Generalidad de Catalu\u00f1a el Convenio colectivo de trabajo de torrefactores de caf\u00e9 y suced\u00e1neos de Catalu\u00f1a (c\u00f3digo n\u00fam. 79001945012002) para los a\u00f1os 2024-2026.<\/p>\n<p>Se puede consultar a trav\u00e9s del siguiente enlace:<\/p>\n<p><a href=\"https:\/\/dogc.gencat.cat\/ca\/document-del-dogc\/?documentId=1001806\">https:\/\/dogc.gencat.cat\/ca\/document-del-dogc\/?documentId=1001806<\/a><\/p>\n<p>Si lo prefiere, puede descargarlo en PDF, aqu\u00ed:\u00a0 <a href=\"https:\/\/gremicafe.cat\/wp-content\/uploads\/2024\/12\/Conveni-2062013_compressed.pdf\" target=\"_blank\" rel=\"noopener\">ENLACE al PDF<\/a>.<\/p>\n\n\t\t<\/div>\n\t<\/div>\n<\/div><\/div><\/div><\/div><\/div><\/div><\/div><\/div><div class=\"vc_row-full-width vc_clearfix\"><\/div><\/section><div class=\"vc_row-full-width vc_clearfix\"><\/div>","protected":false},"excerpt":{"rendered":"#ut_header_69f46e7a09c5b h2 span { color:; }#ut_header_69f46e7a09c5b h2.section-title { font-size: 50px; }#ut_header_69f46e7a09c5b.pt-style-2 .page-title:after, #ut_header_69f46e7a09c5b.pt-style-2 .parallax-title:after, #ut_header_69f46e7a09c5b.pt-style-2 .section-title:after {background-color: ;height: ;width: ;}El Gremi del Caf\u00e8, torradors de Catalunya Gremi del Caf\u00e8, Torradors de Catalunya, \u00e9s la nova denominaci\u00f3 del Gremi de Torradors de Caf\u00e8 de Catalunya, associaci\u00f3 creada al voltant de l'any 1950. El Gremi prov\u00e9 de [...]","protected":false},"author":1,"featured_media":0,"parent":0,"menu_order":0,"comment_status":"closed","ping_status":"closed","template":"","meta":{"_acf_changed":false,"inline_featured_image":false,"footnotes":""},"class_list":["post-48","page","type-page","status-publish","hentry"],"acf":[],"yoast_head":"<!-- This site is optimized with the Yoast SEO plugin v25.5 - https:\/\/yoast.com\/wordpress\/plugins\/seo\/ -->\n<title>El Gremi | Gremi del Caf\u00e8, torradors de Catalunya<\/title>\n<meta name=\"description\" content=\"Gremi del Caf\u00e8, Torradors de Catalunya, \u00e9s la nova denominaci\u00f3 del Gremi de Torradors de Caf\u00e8 de Catalunya, associaci\u00f3 creada l\u2019any 1950.\" \/>\n<meta name=\"robots\" content=\"index, follow, max-snippet:-1, max-image-preview:large, max-video-preview:-1\" \/>\n<link rel=\"canonical\" href=\"https:\/\/gremicafe.cat\/es\/gremi\/\" \/>\n<meta property=\"og:locale\" content=\"es_ES\" \/>\n<meta property=\"og:type\" content=\"article\" \/>\n<meta property=\"og:title\" content=\"El Gremi | Gremi del Caf\u00e8, torradors de Catalunya\" \/>\n<meta property=\"og:description\" content=\"Gremi del Caf\u00e8, Torradors de Catalunya, \u00e9s la nova denominaci\u00f3 del Gremi de Torradors de Caf\u00e8 de Catalunya, associaci\u00f3 creada l\u2019any 1950.\" \/>\n<meta property=\"og:url\" content=\"https:\/\/gremicafe.cat\/es\/gremi\/\" \/>\n<meta property=\"og:site_name\" content=\"Gremi del Caf\u00e8, torradors de Catalunya\" \/>\n<meta property=\"article:publisher\" content=\"https:\/\/www.facebook.com\/gremicafecat\" \/>\n<meta property=\"article:modified_time\" content=\"2026-04-15T10:20:02+00:00\" \/>\n<meta name=\"twitter:card\" content=\"summary_large_image\" \/>\n<meta name=\"twitter:site\" content=\"@gremicafecat\" \/>\n<meta name=\"twitter:label1\" content=\"Tiempo de lectura\" \/>\n\t<meta name=\"twitter:data1\" content=\"4 minutos\" \/>\n<script type=\"application\/ld+json\" class=\"yoast-schema-graph\">{\"@context\":\"https:\/\/schema.org\",\"@graph\":[{\"@type\":\"WebPage\",\"@id\":\"https:\/\/gremicafe.cat\/gremi\/\",\"url\":\"https:\/\/gremicafe.cat\/gremi\/\",\"name\":\"El Gremi | Gremi del Caf\u00e8, torradors de Catalunya\",\"isPartOf\":{\"@id\":\"https:\/\/gremicafe.cat\/#website\"},\"datePublished\":\"2016-07-20T15:32:01+00:00\",\"dateModified\":\"2026-04-15T10:20:02+00:00\",\"description\":\"Gremi del Caf\u00e8, Torradors de Catalunya, \u00e9s la nova denominaci\u00f3 del Gremi de Torradors de Caf\u00e8 de Catalunya, associaci\u00f3 creada l\u2019any 1950.\",\"breadcrumb\":{\"@id\":\"https:\/\/gremicafe.cat\/gremi\/#breadcrumb\"},\"inLanguage\":\"es\",\"potentialAction\":[{\"@type\":\"ReadAction\",\"target\":[\"https:\/\/gremicafe.cat\/gremi\/\"]}]},{\"@type\":\"BreadcrumbList\",\"@id\":\"https:\/\/gremicafe.cat\/gremi\/#breadcrumb\",\"itemListElement\":[{\"@type\":\"ListItem\",\"position\":1,\"name\":\"Inici\",\"item\":\"https:\/\/gremicafe.cat\/\"},{\"@type\":\"ListItem\",\"position\":2,\"name\":\"El Gremi\"}]},{\"@type\":\"WebSite\",\"@id\":\"https:\/\/gremicafe.cat\/#website\",\"url\":\"https:\/\/gremicafe.cat\/\",\"name\":\"Gremi del Caf\u00e8, torradors de Catalunya\",\"description\":\"Web oficial del gremi de torradors de caf\u00e8 de Catalunya\",\"publisher\":{\"@id\":\"https:\/\/gremicafe.cat\/#organization\"},\"potentialAction\":[{\"@type\":\"SearchAction\",\"target\":{\"@type\":\"EntryPoint\",\"urlTemplate\":\"https:\/\/gremicafe.cat\/?s={search_term_string}\"},\"query-input\":{\"@type\":\"PropertyValueSpecification\",\"valueRequired\":true,\"valueName\":\"search_term_string\"}}],\"inLanguage\":\"es\"},{\"@type\":\"Organization\",\"@id\":\"https:\/\/gremicafe.cat\/#organization\",\"name\":\"Gremi del Caf\u00e8, Torradors de Catalunya\",\"url\":\"https:\/\/gremicafe.cat\/\",\"logo\":{\"@type\":\"ImageObject\",\"inLanguage\":\"es\",\"@id\":\"https:\/\/gremicafe.cat\/#\/schema\/logo\/image\/\",\"url\":\"https:\/\/gremicafe.cat\/wp-content\/uploads\/2018\/03\/gremicafe-logo250.png\",\"contentUrl\":\"https:\/\/gremicafe.cat\/wp-content\/uploads\/2018\/03\/gremicafe-logo250.png\",\"width\":250,\"height\":49,\"caption\":\"Gremi del Caf\u00e8, Torradors de Catalunya\"},\"image\":{\"@id\":\"https:\/\/gremicafe.cat\/#\/schema\/logo\/image\/\"},\"sameAs\":[\"https:\/\/www.facebook.com\/gremicafecat\",\"https:\/\/x.com\/gremicafecat\",\"https:\/\/www.instagram.com\/gremicafecat\/\",\"https:\/\/www.pinterest.es\/gremicafecat\/\",\"https:\/\/www.youtube.com\/channel\/UCGLo5Y35vLwLvP4FrPZrCrw\/\"]}]}<\/script>\n<!-- \/ Yoast SEO plugin. -->","yoast_head_json":{"title":"El Gremi | Gremi del Caf\u00e8, torradors de Catalunya","description":"Gremi del Caf\u00e8, Torradors de Catalunya, \u00e9s la nova denominaci\u00f3 del Gremi de Torradors de Caf\u00e8 de Catalunya, associaci\u00f3 creada l\u2019any 1950.","robots":{"index":"index","follow":"follow","max-snippet":"max-snippet:-1","max-image-preview":"max-image-preview:large","max-video-preview":"max-video-preview:-1"},"canonical":"https:\/\/gremicafe.cat\/es\/gremi\/","og_locale":"es_ES","og_type":"article","og_title":"El Gremi | Gremi del Caf\u00e8, torradors de Catalunya","og_description":"Gremi del Caf\u00e8, Torradors de Catalunya, \u00e9s la nova denominaci\u00f3 del Gremi de Torradors de Caf\u00e8 de Catalunya, associaci\u00f3 creada l\u2019any 1950.","og_url":"https:\/\/gremicafe.cat\/es\/gremi\/","og_site_name":"Gremi del Caf\u00e8, torradors de Catalunya","article_publisher":"https:\/\/www.facebook.com\/gremicafecat","article_modified_time":"2026-04-15T10:20:02+00:00","twitter_card":"summary_large_image","twitter_site":"@gremicafecat","twitter_misc":{"Tiempo de lectura":"4 minutos"},"schema":{"@context":"https:\/\/schema.org","@graph":[{"@type":"WebPage","@id":"https:\/\/gremicafe.cat\/gremi\/","url":"https:\/\/gremicafe.cat\/gremi\/","name":"El Gremi | Gremi del Caf\u00e8, torradors de Catalunya","isPartOf":{"@id":"https:\/\/gremicafe.cat\/#website"},"datePublished":"2016-07-20T15:32:01+00:00","dateModified":"2026-04-15T10:20:02+00:00","description":"Gremi del Caf\u00e8, Torradors de Catalunya, \u00e9s la nova denominaci\u00f3 del Gremi de Torradors de Caf\u00e8 de Catalunya, associaci\u00f3 creada l\u2019any 1950.","breadcrumb":{"@id":"https:\/\/gremicafe.cat\/gremi\/#breadcrumb"},"inLanguage":"es","potentialAction":[{"@type":"ReadAction","target":["https:\/\/gremicafe.cat\/gremi\/"]}]},{"@type":"BreadcrumbList","@id":"https:\/\/gremicafe.cat\/gremi\/#breadcrumb","itemListElement":[{"@type":"ListItem","position":1,"name":"Inici","item":"https:\/\/gremicafe.cat\/"},{"@type":"ListItem","position":2,"name":"El Gremi"}]},{"@type":"WebSite","@id":"https:\/\/gremicafe.cat\/#website","url":"https:\/\/gremicafe.cat\/","name":"Gremio del Caf\u00e9, tostadores de Catalu\u00f1a","description":"Web oficial del gremio de tostadores de caf\u00e9 de Catalunya","publisher":{"@id":"https:\/\/gremicafe.cat\/#organization"},"potentialAction":[{"@type":"SearchAction","target":{"@type":"EntryPoint","urlTemplate":"https:\/\/gremicafe.cat\/?s={search_term_string}"},"query-input":{"@type":"PropertyValueSpecification","valueRequired":true,"valueName":"search_term_string"}}],"inLanguage":"es"},{"@type":"Organization","@id":"https:\/\/gremicafe.cat\/#organization","name":"Gremio del Caf\u00e9, Tostadores de Catalu\u00f1a","url":"https:\/\/gremicafe.cat\/","logo":{"@type":"ImageObject","inLanguage":"es","@id":"https:\/\/gremicafe.cat\/#\/schema\/logo\/image\/","url":"https:\/\/gremicafe.cat\/wp-content\/uploads\/2018\/03\/gremicafe-logo250.png","contentUrl":"https:\/\/gremicafe.cat\/wp-content\/uploads\/2018\/03\/gremicafe-logo250.png","width":250,"height":49,"caption":"Gremi del Caf\u00e8, Torradors de Catalunya"},"image":{"@id":"https:\/\/gremicafe.cat\/#\/schema\/logo\/image\/"},"sameAs":["https:\/\/www.facebook.com\/gremicafecat","https:\/\/x.com\/gremicafecat","https:\/\/www.instagram.com\/gremicafecat\/","https:\/\/www.pinterest.es\/gremicafecat\/","https:\/\/www.youtube.com\/channel\/UCGLo5Y35vLwLvP4FrPZrCrw\/"]}]}},"_links":{"self":[{"href":"https:\/\/gremicafe.cat\/es\/wp-json\/wp\/v2\/pages\/48"}],"collection":[{"href":"https:\/\/gremicafe.cat\/es\/wp-json\/wp\/v2\/pages"}],"about":[{"href":"https:\/\/gremicafe.cat\/es\/wp-json\/wp\/v2\/types\/page"}],"author":[{"embeddable":true,"href":"https:\/\/gremicafe.cat\/es\/wp-json\/wp\/v2\/users\/1"}],"replies":[{"embeddable":true,"href":"https:\/\/gremicafe.cat\/es\/wp-json\/wp\/v2\/comments?post=48"}],"version-history":[{"count":0,"href":"https:\/\/gremicafe.cat\/es\/wp-json\/wp\/v2\/pages\/48\/revisions"}],"wp:attachment":[{"href":"https:\/\/gremicafe.cat\/es\/wp-json\/wp\/v2\/media?parent=48"}],"curies":[{"name":"wp","href":"https:\/\/api.w.org\/{rel}","templated":true}]}}