{"id":5788,"date":"2021-03-04T16:58:24","date_gmt":"2021-03-04T14:58:24","guid":{"rendered":"https:\/\/gremicafe.cat\/?page_id=5788"},"modified":"2026-04-15T12:28:56","modified_gmt":"2026-04-15T10:28:56","slug":"cafe-catalunya-proximitat","status":"publish","type":"page","link":"https:\/\/gremicafe.cat\/es\/cafe-catalunya-proximitat\/","title":{"rendered":"Caf\u00e9 tostado en Catalu\u00f1a, Caf\u00e9 de Proximidad"},"content":{"rendered":"<section id=\"ut-section-69f46ea34df0e\" data-vc-full-width=\"true\" data-vc-full-width-init=\"false\" class=\"vc_section vc_section-has-no-fill ut-section-69f46ea34df1c\"><div id=\"ut-row-69f46ea34e353\" data-vc-full-width=\"true\" data-vc-full-width-init=\"false\" class=\"vc_row wpb_row vc_row-fluid vc_column-gap-0 ut-row-69f46ea34e35e\" ><div class=\"wpb_column vc_column_container vc_col-sm-12\" ><div id=\"ut_inner_column_69f46ea34e92a\" class=\"vc_column-inner\"><div class=\"wpb_wrapper\"><div class=\"wpb_content_element ut-gallery-15  clearfix\">            \n            <script type=\"text\/javascript\">\n                \n                (function($){\n                    \n                    $(document).ready(function(){\n                        \n                                                                        \n                        function get_animated_objects( $all_appeared_elements, effect ) {\n                            \n                            var counter = 0;\n                            \n                            $all_appeared_elements.each(function(){\n                                        \n                                if( $(this).hasClass(effect) ) {\n\n                                    counter++;\n\n                                }\n\n                            });\n                            \n                            return counter;\n                            \n                        }\n                        \n                          \n                    });\n                        \n                })(jQuery);\n            \n            <\/script>\n            \n            <style type=\"text\/css\" scoped>#ut_ig_69f46ea34e99b .ut-lazy:not(.ut-image-loaded) + .ut-video-module-loading { display:block; }#ut_ig_69f46ea34e99b .ut-lazy.ut-image-loaded + .ut-video-module-loading { display:none; }<\/style><div id=\"ut_ig_69f46ea34e99b\" class=\"ut-image-gallery  ut-image-gallery-15 clearfix\"><div  data-count=\"3\" class=\"ut-image-gallery-item ut-animation-done grid-33 tablet-grid-33 mobile-grid-100\"><a  class=\"ut-vc-images-lightbox\"  data-exthumbimage=\"https:\/\/gremicafe.cat\/wp-content\/uploads\/2020\/06\/GC-post3.1-2IG1080-150x150.jpg\" href=\"https:\/\/gremicafe.cat\/wp-content\/uploads\/2020\/06\/GC-post3.1-2IG1080-720x720.jpg\"><div class=\"ut-image-gallery-image\"><img loading=\"lazy\" decoding=\"async\"  class=\"\" src=\"https:\/\/gremicafe.cat\/wp-content\/uploads\/2020\/06\/GC-post3.1-2IG1080.jpg\" width=\"1200\" height=\"1200\"><\/div><\/a><\/div><div  data-count=\"3\" class=\"ut-image-gallery-item ut-animation-done ut-animation-done grid-33 tablet-grid-33 mobile-grid-100\"><a  class=\"ut-vc-images-lightbox\"  data-exthumbimage=\"https:\/\/gremicafe.cat\/wp-content\/uploads\/2020\/06\/GC-post4.1IG1080-150x150.jpg\" href=\"https:\/\/gremicafe.cat\/wp-content\/uploads\/2020\/06\/GC-post4.1IG1080-720x720.jpg\"><div class=\"ut-image-gallery-image\"><img loading=\"lazy\" decoding=\"async\"  class=\"\" src=\"https:\/\/gremicafe.cat\/wp-content\/uploads\/2020\/06\/GC-post4.1IG1080.jpg\" width=\"1200\" height=\"1200\"><\/div><\/a><\/div><div  data-count=\"3\" class=\"ut-image-gallery-item ut-animation-done ut-animation-done ut-animation-done grid-33 tablet-grid-33 mobile-grid-100\"><a  class=\"ut-vc-images-lightbox\"  data-exthumbimage=\"https:\/\/gremicafe.cat\/wp-content\/uploads\/2020\/06\/GC-POST2.1-IG1080-150x150.jpg\" href=\"https:\/\/gremicafe.cat\/wp-content\/uploads\/2020\/06\/GC-POST2.1-IG1080-720x720.jpg\"><div class=\"ut-image-gallery-image\"><img loading=\"lazy\" decoding=\"async\"  class=\"\" src=\"https:\/\/gremicafe.cat\/wp-content\/uploads\/2020\/06\/GC-POST2.1-IG1080.jpg\" width=\"1080\" height=\"1080\"><\/div><\/a><\/div><div class=\"clear\"><\/div><\/div><\/div><\/div><\/div><\/div><\/div><div class=\"vc_row-full-width vc_clearfix\"><\/div><div id=\"ut-row-69f46ea34fcb4\" data-vc-full-width=\"true\" data-vc-full-width-init=\"false\" class=\"vc_row wpb_row vc_row-fluid vc_column-gap-0 ut-row-69f46ea34fcbd\" ><div class=\"wpb_column vc_column_container vc_col-sm-2\" ><div id=\"ut_inner_column_69f46ea34ff9d\" class=\"vc_column-inner\"><div class=\"wpb_wrapper\"><\/div><\/div><\/div><div class=\"wpb_column vc_column_container vc_col-sm-8\" ><div id=\"ut_inner_column_69f46ea350082\" class=\"vc_column-inner\"><div class=\"wpb_wrapper\"><div class=\"wpb_content_element\"><style type=\"text\/css\" scoped>#ut_header_69f46ea3501ae h2 span { color:; }#ut_header_69f46ea3501ae h2.section-title { font-size: 36px; }#ut_header_69f46ea3501ae.pt-style-2 .page-title:after, #ut_header_69f46ea3501ae.pt-style-2 .parallax-title:after, #ut_header_69f46ea3501ae.pt-style-2 .section-title:after {background-color: ;height: ;width: ;}<\/style><header id=\"ut_header_69f46ea3501ae\" class=\"section-header pt-style-2 header-center\"><h2  class=\"section-title\"><span>Beneficios del Caf\u00e9 de Proximidad:<\/span><\/h2><div data-delay=\"0\" class=\"lead\"><p>Como buen cafetero seguro que sabr\u00e1s apreciar el sabor y aroma que desprende un caf\u00e9 bien tostado. Pero, \u00bfconoces todos los beneficios de comprar el caf\u00e9 reci\u00e9n tostado?<\/p>\n<ul id=\"cafe-points\">\n<li>El caf\u00e9 tostado en Catalu\u00f1a es un <b>producto de proximidad<\/b> porque est\u00e1 reci\u00e9n tostado. El caf\u00e9 reci\u00e9n tostado <b>conserva todos los aromas y sabores<\/b>.<\/li>\n<li>Comprando caf\u00e9 tostado en Catalu\u00f1a, disfrutamos del mejor caf\u00e9 y <b>protegemos<\/b> nuestra industria y nuestros trabajadores.<\/li>\n<li>Del huerto a la olla: El Caf\u00e9 tostado en Catalu\u00f1a <b>ahorra<\/b> transporte, almacenamiento log\u00edstico y por tanto energ\u00eda. Por este motivo es m\u00e1s <b>ecol\u00f3gico<\/b>.<\/li>\n<li>El caf\u00e9 tostado en Catalu\u00f1a, es un <b>producto de Km 0<\/b>.<\/li>\n<li>Consumir caf\u00e9 tostado de proximidad, es consumir con <b>seguridad<\/b>.<\/li>\n<\/ul>\n<p>\n<\/div><\/header><\/div><\/div><\/div><\/div><div class=\"wpb_column vc_column_container vc_col-sm-2\" ><div id=\"ut_inner_column_69f46ea350340\" class=\"vc_column-inner\"><div class=\"wpb_wrapper\"><\/div><\/div><\/div><\/div><div class=\"vc_row-full-width vc_clearfix\"><\/div><div id=\"ut-row-69f46ea3505a2\" data-vc-full-width=\"true\" data-vc-full-width-init=\"false\" class=\"vc_row wpb_row vc_row-fluid vc_column-gap-0 ut-row-69f46ea3505ad\" ><div class=\"wpb_column vc_column_container vc_col-sm-2\" ><div id=\"ut_inner_column_69f46ea35081b\" class=\"vc_column-inner\"><div class=\"wpb_wrapper\"><\/div><\/div><\/div><div class=\"wpb_column vc_column_container vc_col-sm-8\" ><div id=\"ut_inner_column_69f46ea3508ef\" class=\"vc_column-inner\"><div class=\"wpb_wrapper\"><div class=\"wpb_content_element\"><style type=\"text\/css\" scoped>#ut_header_69f46ea350a1c h2 span { color:; }#ut_header_69f46ea350a1c h2.section-title { font-size: 36px; }#ut_header_69f46ea350a1c.pt-style-2 .page-title:after, #ut_header_69f46ea350a1c.pt-style-2 .parallax-title:after, #ut_header_69f46ea350a1c.pt-style-2 .section-title:after {background-color: ;height: ;width: ;}<\/style><header id=\"ut_header_69f46ea350a1c\" class=\"section-header pt-style-2 header-center\"><h2  class=\"section-title\"><span>El viaje del grano de caf\u00e9<\/span><\/h2><div data-delay=\"0\" class=\"lead\"><p>El caf\u00e9 es un producto que en origen proviene de los tr\u00f3picos. Por el Puerto de Barcelona, llegan a Catalu\u00f1a sacos o big-bags llenos de granos de <b>caf\u00e9 verde<\/b>, a\u00fan no aptos para el consumo, salvo algunas infusiones.<\/p>\n<p>Para tomar un caf\u00e9, como el que nos gusta, es necesario <b>tostarlo a la temperatura justa<\/b> y durante el tiempo adecuado. Esto es lo que hacen los <b>maestros cafeteros<\/b> de los torrefactores de Catalu\u00f1a.<\/p>\n<p>Una vez tostado, se envasa al vac\u00edo y se distribuye a los establecimientos de hosteler\u00eda y tiendas. Se recomienda consumirlo lo antes posible.<\/p>\n<\/div><\/header><\/div><\/div><\/div><\/div><div class=\"wpb_column vc_column_container vc_col-sm-2\" ><div id=\"ut_inner_column_69f46ea350b64\" class=\"vc_column-inner\"><div class=\"wpb_wrapper\"><\/div><\/div><\/div><\/div><div class=\"vc_row-full-width vc_clearfix\"><\/div><div id=\"ut-row-69f46ea350dbe\" data-vc-full-width=\"true\" data-vc-full-width-init=\"false\" class=\"vc_row wpb_row vc_row-fluid vc_column-gap-0 ut-row-69f46ea350dc8\" ><div class=\"wpb_column vc_column_container vc_col-sm-2\" ><div id=\"ut_inner_column_69f46ea351010\" class=\"vc_column-inner\"><div class=\"wpb_wrapper\"><\/div><\/div><\/div><div class=\"wpb_column vc_column_container vc_col-sm-8\" ><div id=\"ut_inner_column_69f46ea3510ee\" class=\"vc_column-inner\"><div class=\"wpb_wrapper\"><div class=\"wpb_content_element\"><style type=\"text\/css\" scoped>#ut_header_69f46ea3511f0 h2 span { color:; }#ut_header_69f46ea3511f0 h2.section-title { font-size: 36px; }#ut_header_69f46ea3511f0.pt-style-2 .page-title:after, #ut_header_69f46ea3511f0.pt-style-2 .parallax-title:after, #ut_header_69f46ea3511f0.pt-style-2 .section-title:after {background-color: ;height: ;width: ;}<\/style><header id=\"ut_header_69f46ea3511f0\" class=\"section-header pt-style-2 header-center\"><h2  class=\"section-title\"><span>\u00bfD\u00f3nde puedes encontrar el caf\u00e9 tostado en Catalu\u00f1a?<\/span><\/h2><div data-delay=\"0\" class=\"lead\"><p>El Gremio del Caf\u00e9, Tostadores de Catalu\u00f1a est\u00e1 formado por <b>25 empresas<\/b> que sirven habitualmente sus productos a los profesionales de los sectores de hosteler\u00eda, restauraci\u00f3n, vending y mayoristas de alimentaci\u00f3n. Desde hace unos a\u00f1os, han innovado en los productos ofreciendo caf\u00e9 con <b>c\u00e1psulas, monodosis y otros formatos<\/b>.<\/p>\n<p>Puede comprar directamente en los tostadores de caf\u00e9 de Catalu\u00f1a. Para ello, entre en las p\u00e1ginas web de cada tostador: encontrar\u00e1 una amplia gama de formatos que seguro que se adaptan a sus necesidades.<\/p>\n<\/div><\/header><\/div><\/div><\/div><\/div><div class=\"wpb_column vc_column_container vc_col-sm-2\" ><div id=\"ut_inner_column_69f46ea351328\" class=\"vc_column-inner\"><div class=\"wpb_wrapper\"><\/div><\/div><\/div><\/div><div class=\"vc_row-full-width vc_clearfix\"><\/div><div id=\"ut-row-69f46ea351585\" data-vc-full-width=\"true\" data-vc-full-width-init=\"false\" class=\"vc_row wpb_row vc_row-fluid vc_column-gap-0 ut-row-69f46ea35158f\" ><div class=\"wpb_column vc_column_container vc_col-sm-2\" ><div id=\"ut_inner_column_69f46ea3517e3\" class=\"vc_column-inner\"><div class=\"wpb_wrapper\"><\/div><\/div><\/div><div class=\"wpb_column vc_column_container vc_col-sm-8\" ><div id=\"ut_inner_column_69f46ea3518c0\" class=\"vc_column-inner\"><div class=\"wpb_wrapper\"><div class=\"wpb_content_element\"><style type=\"text\/css\" scoped>#ut_header_69f46ea3519c7 h2 span { color:; }#ut_header_69f46ea3519c7 h2.section-title { font-size: 36px; }#ut_header_69f46ea3519c7.pt-style-2 .page-title:after, #ut_header_69f46ea3519c7.pt-style-2 .parallax-title:after, #ut_header_69f46ea3519c7.pt-style-2 .section-title:after {background-color: ;height: ;width: ;}<\/style><header id=\"ut_header_69f46ea3519c7\" class=\"section-header pt-style-2 header-center\"><h2  class=\"section-title\"><span>El caf\u00e9 catal\u00e1n en otros establecimientos comerciales<\/span><\/h2><div data-delay=\"0\" class=\"lead\"><p>Puede encontrar caf\u00e9 tostado en Catalu\u00f1a, por las empresas del Gremio del Caf\u00e9, Tostadores de Catalu\u00f1a, en un amplio abanico de establecimientos de Catalu\u00f1a: <b>Hipermercados, Supermercados, Cash &amp; Carry, tiendas de alimentaci\u00f3n<\/b>, y tiendas especializadas en productos de proximidad.<\/p>\n<\/div><\/header><\/div><\/div><\/div><\/div><div class=\"wpb_column vc_column_container vc_col-sm-2\" ><div id=\"ut_inner_column_69f46ea351aee\" class=\"vc_column-inner\"><div class=\"wpb_wrapper\"><\/div><\/div><\/div><\/div><div class=\"vc_row-full-width vc_clearfix\"><\/div><\/section><div class=\"vc_row-full-width vc_clearfix\"><\/div>","protected":false},"excerpt":{"rendered":"(function($){ $(document).ready(function(){ function get_animated_objects( $all_appeared_elements, effect ) { var counter = 0; $all_appeared_elements.each(function(){ if( $(this).hasClass(effect) ) { counter++; } }); return counter; } }); })(jQuery); #ut_ig_69f46ea352bdc .ut-lazy:not(.ut-image-loaded) + .ut-video-module-loading { display:block; }#ut_ig_69f46ea352bdc .ut-lazy.ut-image-loaded + .ut-video-module-loading { display:none; }#ut_header_69f46ea353946 h2 span { color:; }#ut_header_69f46ea353946 h2.section-title { font-size: 36px; }#ut_header_69f46ea353946.pt-style-2 .page-title:after, #ut_header_69f46ea353946.pt-style-2 .parallax-title:after, #ut_header_69f46ea353946.pt-style-2 .section-title:after {background-color: ;height: [...]","protected":false},"author":1,"featured_media":0,"parent":0,"menu_order":0,"comment_status":"closed","ping_status":"closed","template":"","meta":{"_acf_changed":false,"inline_featured_image":false,"footnotes":""},"class_list":["post-5788","page","type-page","status-publish","hentry"],"acf":[],"yoast_head":"<!-- This site is optimized with the Yoast SEO plugin v25.5 - https:\/\/yoast.com\/wordpress\/plugins\/seo\/ -->\n<title>Caf\u00e8 torrat a Catalunya, Caf\u00e8 de Proximitat - Gremi del Caf\u00e8, torradors de Catalunya<\/title>\n<meta name=\"robots\" content=\"noindex, nofollow\" \/>\n<meta property=\"og:locale\" content=\"es_ES\" \/>\n<meta property=\"og:type\" content=\"article\" \/>\n<meta property=\"og:title\" content=\"Caf\u00e8 torrat a Catalunya, Caf\u00e8 de Proximitat - Gremi del Caf\u00e8, torradors de Catalunya\" \/>\n<meta property=\"og:url\" content=\"https:\/\/gremicafe.cat\/es\/cafe-catalunya-proximitat\/\" \/>\n<meta property=\"og:site_name\" content=\"Gremi del Caf\u00e8, torradors de Catalunya\" \/>\n<meta property=\"article:publisher\" content=\"https:\/\/www.facebook.com\/gremicafecat\" \/>\n<meta property=\"article:modified_time\" content=\"2026-04-15T10:28:56+00:00\" \/>\n<meta name=\"twitter:card\" content=\"summary_large_image\" \/>\n<meta name=\"twitter:site\" content=\"@gremicafecat\" \/>\n<meta name=\"twitter:label1\" content=\"Tiempo de lectura\" \/>\n\t<meta name=\"twitter:data1\" content=\"3 minutos\" \/>\n<script type=\"application\/ld+json\" class=\"yoast-schema-graph\">{\"@context\":\"https:\/\/schema.org\",\"@graph\":[{\"@type\":\"WebPage\",\"@id\":\"https:\/\/gremicafe.cat\/cafe-catalunya-proximitat\/\",\"url\":\"https:\/\/gremicafe.cat\/cafe-catalunya-proximitat\/\",\"name\":\"Caf\u00e8 torrat a Catalunya, Caf\u00e8 de Proximitat - Gremi del Caf\u00e8, torradors de Catalunya\",\"isPartOf\":{\"@id\":\"https:\/\/gremicafe.cat\/#website\"},\"datePublished\":\"2021-03-04T14:58:24+00:00\",\"dateModified\":\"2026-04-15T10:28:56+00:00\",\"breadcrumb\":{\"@id\":\"https:\/\/gremicafe.cat\/cafe-catalunya-proximitat\/#breadcrumb\"},\"inLanguage\":\"es\",\"potentialAction\":[{\"@type\":\"ReadAction\",\"target\":[\"https:\/\/gremicafe.cat\/cafe-catalunya-proximitat\/\"]}]},{\"@type\":\"BreadcrumbList\",\"@id\":\"https:\/\/gremicafe.cat\/cafe-catalunya-proximitat\/#breadcrumb\",\"itemListElement\":[{\"@type\":\"ListItem\",\"position\":1,\"name\":\"Inici\",\"item\":\"https:\/\/gremicafe.cat\/\"},{\"@type\":\"ListItem\",\"position\":2,\"name\":\"Caf\u00e8 torrat a Catalunya, Caf\u00e8 de Proximitat\"}]},{\"@type\":\"WebSite\",\"@id\":\"https:\/\/gremicafe.cat\/#website\",\"url\":\"https:\/\/gremicafe.cat\/\",\"name\":\"Gremi del Caf\u00e8, torradors de Catalunya\",\"description\":\"Web oficial del gremi de torradors de caf\u00e8 de Catalunya\",\"publisher\":{\"@id\":\"https:\/\/gremicafe.cat\/#organization\"},\"potentialAction\":[{\"@type\":\"SearchAction\",\"target\":{\"@type\":\"EntryPoint\",\"urlTemplate\":\"https:\/\/gremicafe.cat\/?s={search_term_string}\"},\"query-input\":{\"@type\":\"PropertyValueSpecification\",\"valueRequired\":true,\"valueName\":\"search_term_string\"}}],\"inLanguage\":\"es\"},{\"@type\":\"Organization\",\"@id\":\"https:\/\/gremicafe.cat\/#organization\",\"name\":\"Gremi del Caf\u00e8, Torradors de Catalunya\",\"url\":\"https:\/\/gremicafe.cat\/\",\"logo\":{\"@type\":\"ImageObject\",\"inLanguage\":\"es\",\"@id\":\"https:\/\/gremicafe.cat\/#\/schema\/logo\/image\/\",\"url\":\"https:\/\/gremicafe.cat\/wp-content\/uploads\/2018\/03\/gremicafe-logo250.png\",\"contentUrl\":\"https:\/\/gremicafe.cat\/wp-content\/uploads\/2018\/03\/gremicafe-logo250.png\",\"width\":250,\"height\":49,\"caption\":\"Gremi del Caf\u00e8, Torradors de Catalunya\"},\"image\":{\"@id\":\"https:\/\/gremicafe.cat\/#\/schema\/logo\/image\/\"},\"sameAs\":[\"https:\/\/www.facebook.com\/gremicafecat\",\"https:\/\/x.com\/gremicafecat\",\"https:\/\/www.instagram.com\/gremicafecat\/\",\"https:\/\/www.pinterest.es\/gremicafecat\/\",\"https:\/\/www.youtube.com\/channel\/UCGLo5Y35vLwLvP4FrPZrCrw\/\"]}]}<\/script>\n<!-- \/ Yoast SEO plugin. -->","yoast_head_json":{"title":"Caf\u00e8 torrat a Catalunya, Caf\u00e8 de Proximitat - Gremi del Caf\u00e8, torradors de Catalunya","robots":{"index":"noindex","follow":"nofollow"},"og_locale":"es_ES","og_type":"article","og_title":"Caf\u00e8 torrat a Catalunya, Caf\u00e8 de Proximitat - Gremi del Caf\u00e8, torradors de Catalunya","og_url":"https:\/\/gremicafe.cat\/es\/cafe-catalunya-proximitat\/","og_site_name":"Gremi del Caf\u00e8, torradors de Catalunya","article_publisher":"https:\/\/www.facebook.com\/gremicafecat","article_modified_time":"2026-04-15T10:28:56+00:00","twitter_card":"summary_large_image","twitter_site":"@gremicafecat","twitter_misc":{"Tiempo de lectura":"3 minutos"},"schema":{"@context":"https:\/\/schema.org","@graph":[{"@type":"WebPage","@id":"https:\/\/gremicafe.cat\/cafe-catalunya-proximitat\/","url":"https:\/\/gremicafe.cat\/cafe-catalunya-proximitat\/","name":"Caf\u00e8 torrat a Catalunya, Caf\u00e8 de Proximitat - Gremi del Caf\u00e8, torradors de Catalunya","isPartOf":{"@id":"https:\/\/gremicafe.cat\/#website"},"datePublished":"2021-03-04T14:58:24+00:00","dateModified":"2026-04-15T10:28:56+00:00","breadcrumb":{"@id":"https:\/\/gremicafe.cat\/cafe-catalunya-proximitat\/#breadcrumb"},"inLanguage":"es","potentialAction":[{"@type":"ReadAction","target":["https:\/\/gremicafe.cat\/cafe-catalunya-proximitat\/"]}]},{"@type":"BreadcrumbList","@id":"https:\/\/gremicafe.cat\/cafe-catalunya-proximitat\/#breadcrumb","itemListElement":[{"@type":"ListItem","position":1,"name":"Inici","item":"https:\/\/gremicafe.cat\/"},{"@type":"ListItem","position":2,"name":"Caf\u00e8 torrat a Catalunya, Caf\u00e8 de Proximitat"}]},{"@type":"WebSite","@id":"https:\/\/gremicafe.cat\/#website","url":"https:\/\/gremicafe.cat\/","name":"Gremio del Caf\u00e9, tostadores de Catalu\u00f1a","description":"Web oficial del gremio de tostadores de caf\u00e9 de Catalunya","publisher":{"@id":"https:\/\/gremicafe.cat\/#organization"},"potentialAction":[{"@type":"SearchAction","target":{"@type":"EntryPoint","urlTemplate":"https:\/\/gremicafe.cat\/?s={search_term_string}"},"query-input":{"@type":"PropertyValueSpecification","valueRequired":true,"valueName":"search_term_string"}}],"inLanguage":"es"},{"@type":"Organization","@id":"https:\/\/gremicafe.cat\/#organization","name":"Gremio del Caf\u00e9, Tostadores de Catalu\u00f1a","url":"https:\/\/gremicafe.cat\/","logo":{"@type":"ImageObject","inLanguage":"es","@id":"https:\/\/gremicafe.cat\/#\/schema\/logo\/image\/","url":"https:\/\/gremicafe.cat\/wp-content\/uploads\/2018\/03\/gremicafe-logo250.png","contentUrl":"https:\/\/gremicafe.cat\/wp-content\/uploads\/2018\/03\/gremicafe-logo250.png","width":250,"height":49,"caption":"Gremi del Caf\u00e8, Torradors de Catalunya"},"image":{"@id":"https:\/\/gremicafe.cat\/#\/schema\/logo\/image\/"},"sameAs":["https:\/\/www.facebook.com\/gremicafecat","https:\/\/x.com\/gremicafecat","https:\/\/www.instagram.com\/gremicafecat\/","https:\/\/www.pinterest.es\/gremicafecat\/","https:\/\/www.youtube.com\/channel\/UCGLo5Y35vLwLvP4FrPZrCrw\/"]}]}},"_links":{"self":[{"href":"https:\/\/gremicafe.cat\/es\/wp-json\/wp\/v2\/pages\/5788"}],"collection":[{"href":"https:\/\/gremicafe.cat\/es\/wp-json\/wp\/v2\/pages"}],"about":[{"href":"https:\/\/gremicafe.cat\/es\/wp-json\/wp\/v2\/types\/page"}],"author":[{"embeddable":true,"href":"https:\/\/gremicafe.cat\/es\/wp-json\/wp\/v2\/users\/1"}],"replies":[{"embeddable":true,"href":"https:\/\/gremicafe.cat\/es\/wp-json\/wp\/v2\/comments?post=5788"}],"version-history":[{"count":0,"href":"https:\/\/gremicafe.cat\/es\/wp-json\/wp\/v2\/pages\/5788\/revisions"}],"wp:attachment":[{"href":"https:\/\/gremicafe.cat\/es\/wp-json\/wp\/v2\/media?parent=5788"}],"curies":[{"name":"wp","href":"https:\/\/api.w.org\/{rel}","templated":true}]}}