{"id":5863,"date":"2021-03-18T18:22:57","date_gmt":"2021-03-18T16:22:57","guid":{"rendered":"https:\/\/gremicafe.cat\/?page_id=5863"},"modified":"2026-04-15T13:07:08","modified_gmt":"2026-04-15T11:07:08","slug":"campanya-el-cafe-un-plaer","status":"publish","type":"page","link":"https:\/\/gremicafe.cat\/es\/campanya-el-cafe-un-plaer\/","title":{"rendered":"Campa\u00f1a \u201cEl Caf\u00e9, un placer\u201d"},"content":{"rendered":"<section id=\"elcafeunplaer\" data-vc-full-width=\"true\" data-vc-full-width-init=\"false\" class=\"vc_section vc_section-has-no-fill ut-section-69f46e8574e68\"><div id=\"ut-row-69f46e8575411\" data-vc-full-width=\"true\" data-vc-full-width-init=\"false\" class=\"vc_row wpb_row vc_row-fluid vc_column-gap-0 ut-row-69f46e8575426\" ><div class=\"wpb_column vc_column_container vc_col-sm-12\" ><div id=\"ut_inner_column_69f46e8575bb4\" class=\"vc_column-inner\"><div class=\"wpb_wrapper\"><div id=\"ut-row-inner-69f46e8575f61\" class=\"vc_row wpb_row vc_inner vc_row-fluid ut-row-inner-69f46e8575f79\" ><div  class=\"wpb_column vc_column_container vc_col-sm-8\"><div id=\"ut-column-inner-69f46e8576248\" class=\"vc_column-inner\"><div class=\"wpb_wrapper\"><div class=\"wpb_content_element\"><style type=\"text\/css\" scoped>#ut_header_69f46e8576597 h2 span { color:; }#ut_header_69f46e8576597.pt-style-2 .page-title:after, #ut_header_69f46e8576597.pt-style-2 .parallax-title:after, #ut_header_69f46e8576597.pt-style-2 .section-title:after {background-color: ;height: ;width: ;}<\/style><header id=\"ut_header_69f46e8576597\" class=\"section-header pt-style-2 header-left\"><h2  class=\"section-title\"><span>Campa\u00f1a &quot;El caf\u00e9, un placer&quot;<\/span><\/h2><\/header><\/div>\n\t<div class=\"wpb_text_column wpb_content_element\" >\n\t\t<div class=\"wpb_wrapper\">\n\t\t\t<p style=\"text-align: justify;\">El Gremi del Caf\u00e9, tostadores de Catalu\u00f1a impulsa desde 2016 la campa\u00f1a \u201cEl caf\u00e9, un placer\u201d con el \u00fanico objetivo de garantizar la calidad del caf\u00e9 en las cafeter\u00edas de Catalu\u00f1a. Todos los establecimientos que compran caf\u00e9 100% natural, tostado por un tostador asociado al Gremio, gozan de un distintivo caracter\u00edstico que acredita su calidad.<\/p>\n<p style=\"text-align: justify;\">Es en estos establecimientos donde podr\u00e1s saborear el caf\u00e9 que m\u00e1s desees en cada momento. \u00bfQuieres conocer m\u00e1s cosas del caf\u00e9? Preg\u00fantalo en tu establecimiento. Te ense\u00f1ar\u00e1n, al menos, las veinte formas m\u00e1s habituales de tomar un buen caf\u00e9 en Catalunya. Seguro que encuentras lo que m\u00e1s te gusta.<\/p>\n\n\t\t<\/div>\n\t<\/div>\n<div class=\"wpb_content_element\"><style type=\"text\/css\" scoped>#ut_header_69f46e8576ad9 h2 span { color:; }#ut_header_69f46e8576ad9 h2.section-title { font-size: 24px; }#ut_header_69f46e8576ad9.pt-style-2 .page-title:after, #ut_header_69f46e8576ad9.pt-style-2 .parallax-title:after, #ut_header_69f46e8576ad9.pt-style-2 .section-title:after {background-color: ;height: ;width: ;}<\/style><header id=\"ut_header_69f46e8576ad9\" class=\"section-header pt-style-2 header-left\"><h2  class=\"section-title\"><span>Material de la campa\u00f1a<\/span><\/h2><\/header><\/div>\n\t<div class=\"wpb_text_column wpb_content_element\" >\n\t\t<div class=\"wpb_wrapper\">\n\t\t\t<p style=\"text-align: left;\"><a title=\"Gremi Cafe Nota de Prensa\" href=\"https:\/\/gremicafe.cat\/wp-content\/uploads\/2019\/02\/El-cafe-un-plaer-Nota-premsa-2019.pdf\" target=\"_blank\" rel=\"noopener noreferrer\">Nota de prensa en PDF: Gremi Cafe Nota de Prensa<\/a><\/p>\n<p style=\"text-align: left;\"><a title=\"10072 - TRIPTICO TOSTADORES CAFE\" href=\"https:\/\/gremicafe.cat\/wp-content\/uploads\/2018\/12\/10727-FOLLETO-GTC.pdf\" target=\"_blank\" rel=\"noopener noreferrer\">TRIPTICO TOSTADORES CAFE<\/a><\/p>\n<p style=\"text-align: left;\"><a title=\"10072 - PLACA TOSTADORES\" href=\"https:\/\/gremicafe.cat\/wp-content\/uploads\/2018\/12\/10727-PLACA-TORRADORS-2019-GTC.pdf\" target=\"_blank\" rel=\"noopener noreferrer\"> PLACA TOSTADORES (muestra 2019)<\/a><\/p>\n<p style=\"text-align: left;\"><a title=\"10072 - CARTEL H TOSTADORES CAFE\" href=\"https:\/\/gremicafe.cat\/wp-content\/uploads\/2018\/12\/10727-CARTELL-HORIZ-GTC.pdf\" target=\"_blank\" rel=\"noopener noreferrer\"> CARTEL H TOSTADORES CAFE<\/a><\/p>\n<p style=\"text-align: left;\"><a title=\"10072 - BANNERS TOSTADORES CAFE\" href=\"https:\/\/gremicafe.cat\/wp-content\/uploads\/2018\/12\/10727-BANNERS-TORRADORS-CAFE.pdf\" target=\"_blank\" rel=\"noopener noreferrer\">BANNEROS TOSTADORES CAFE<\/a><\/p>\n\n\t\t<\/div>\n\t<\/div>\n<\/div><\/div><\/div><div  class=\"wpb_column vc_column_container vc_col-sm-4\"><div id=\"ut-column-inner-69f46e8576df2\" class=\"vc_column-inner\"><div class=\"wpb_wrapper\"><div class=\"wpb_content_element   clearfix\">            \n            <script type=\"text\/javascript\">\n                \n                (function($){\n                    \n                    $(document).ready(function(){\n                        \n                                                                        \n                        function get_animated_objects( $all_appeared_elements, effect ) {\n                            \n                            var counter = 0;\n                            \n                            $all_appeared_elements.each(function(){\n                                        \n                                if( $(this).hasClass(effect) ) {\n\n                                    counter++;\n\n                                }\n\n                            });\n                            \n                            return counter;\n                            \n                        }\n                        \n                          \n                    });\n                        \n                })(jQuery);\n            \n            <\/script>\n            \n            <style type=\"text\/css\" scoped>#ut_ig_69f46e8576ec2 .ut-lazy:not(.ut-image-loaded) + .ut-video-module-loading { display:block; }#ut_ig_69f46e8576ec2 .ut-lazy.ut-image-loaded + .ut-video-module-loading { display:none; }<\/style><div id=\"ut_ig_69f46e8576ec2\" class=\"ut-image-gallery  clearfix\"><div  data-count=\"1\" class=\"ut-image-gallery-item ut-animation-done grid-100 tablet-grid-100 mobile-grid-100\"><div class=\"ut-image-gallery-image\"><img loading=\"lazy\" decoding=\"async\"  class=\"\" src=\"https:\/\/gremicafe.cat\/wp-content\/uploads\/2026\/04\/placa2026_botigues_gremi_cafe_800.jpg\" width=\"800\" height=\"1193\"><\/div><\/div><div class=\"clear\"><\/div><\/div><\/div>\n\t<div class=\"wpb_text_column wpb_content_element\" >\n\t\t<div class=\"wpb_wrapper\">\n\t\t\t<p style=\"font-size: 0.75em; color: #666666; margin: 0px !important; text-align: center;\">Distintivo de establecimiento certificado por el Gremio del Caf\u00e9<\/p>\n\n\t\t<\/div>\n\t<\/div>\n<style type=\"text\/css\" scoped>#bklyn_btn_69f46e857792b .bklyn-btn { color:#ffffff; background-color:#ffc000; }#bklyn_btn_69f46e857792b .bklyn-btn:hover{ color:#000000; background-color:#ffc000; }#bklyn_btn_69f46e857792b .bklyn-btn:focus{ color:#000000; background-color:#ffc000; }#bklyn_btn_69f46e857792b .bklyn-btn:active { color:#000000; background-color:#ffc000; }<\/style><div id=\"bklyn_btn_69f46e857792b\" class=\"bklyn-btn-holder  bklyn-btn-center\"><a title=\"Establecimientos certificados\"   href=\"http:\/\/gremicafe.cat\/es\/establiments-certificats\/\" target=\"_self\" class=\"bklyn-btn  bklyn-btn-normal\" >Establecimientos certificados<\/a><\/div><\/div><\/div><\/div><\/div><\/div><\/div><\/div><\/div><div class=\"vc_row-full-width vc_clearfix\"><\/div><div id=\"ut-row-69f46e8577ed6\" data-vc-full-width=\"true\" data-vc-full-width-init=\"false\" class=\"vc_row wpb_row vc_row-fluid vc_column-gap-0 ut-row-69f46e8577ee4 hide-on-tablet hide-on-mobile\" ><div class=\"wpb_column vc_column_container vc_col-sm-12\" ><div id=\"ut_inner_column_69f46e857834a\" class=\"vc_column-inner\"><div class=\"wpb_wrapper\"><div class=\"wpb_content_element\"><style type=\"text\/css\" scoped>#ut_header_69f46e8578545 h2 span { color:; }#ut_header_69f46e8578545 h2.section-title { font-size: 30px; }#ut_header_69f46e8578545.pt-style-2 .page-title:after, #ut_header_69f46e8578545.pt-style-2 .parallax-title:after, #ut_header_69f46e8578545.pt-style-2 .section-title:after {background-color: ;height: ;width: ;}<\/style><header id=\"ut_header_69f46e8578545\" class=\"section-header pt-style-2 header-center\"><h2  class=\"section-title\"><span>Tipo de caf\u00e9 en Catalu\u00f1a<\/span><\/h2><div data-delay=\"0\" class=\"lead\"><p>Recomendaciones para solicitar un buen caf\u00e9<\/p>\n<\/div><\/header><\/div><div  class=\"wpb_content_element   clearfix\"><style type=\"text\/css\" scoped>#ut_am_69f46e8578c5e { opacity: 1; }<\/style><div id=\"ut_am_wrap_69f46e8578c60\" class=\"ut-image-gallery-image\" style=\"text-align:left;\"><div class=\"ut-animated-image-item ut-image-gallery-item ut-animation-done\"><a target=\"_self\" href=\"http:\/\/gremicafe.cat\/es\/el-cafe-a-catalunya\/\" ><img loading=\"lazy\" decoding=\"async\" title=\"10072 \u2013 CARTEL H TOSTADORES CAFE-01\" id=\"ut_am_69f46e8578c5e\" style=\"\" src=\"https:\/\/gremicafe.cat\/wp-content\/uploads\/2018\/04\/10072-CARTELL-H-TORRADORS-CAFE-01.png\" width=\"5740\" height=\"3347\" alt=\"Cartell recopilatori dels caf\u00e8s m\u00e9s populars a Catalunya\"\/><\/a><\/div><\/div><\/div><\/div><\/div><\/div><\/div><div class=\"vc_row-full-width vc_clearfix\"><\/div><div id=\"ut-row-69f46e8579201\" data-vc-full-width=\"true\" data-vc-full-width-init=\"false\" data-vc-stretch-content=\"true\" class=\"vc_row wpb_row vc_row-fluid vc_column-gap-0 vc_row-no-padding ut-row-69f46e8579212 hide-on-desktop\" ><div class=\"wpb_column vc_column_container vc_col-sm-12\" ><div id=\"ut_inner_column_69f46e8579640\" class=\"vc_column-inner\"><div class=\"wpb_wrapper\"><div class=\"wpb_content_element\"><style type=\"text\/css\" scoped>#ut_header_69f46e85797f7 h2 span { color:; }#ut_header_69f46e85797f7 h2.section-title { font-size: 30px; }#ut_header_69f46e85797f7.pt-style-2 .page-title:after, #ut_header_69f46e85797f7.pt-style-2 .parallax-title:after, #ut_header_69f46e85797f7.pt-style-2 .section-title:after {background-color: ;height: ;width: ;}<\/style><header id=\"ut_header_69f46e85797f7\" class=\"section-header pt-style-2 header-center\"><h2  class=\"section-title\"><span>Tipo de caf\u00e9 en Catalu\u00f1a<\/span><\/h2><div data-delay=\"0\" class=\"lead\"><p>Recomendaciones para solicitar un buen caf\u00e9<\/p>\n<\/div><\/header><\/div><div  class=\"wpb_content_element   clearfix\"><style type=\"text\/css\" scoped>#ut_am_69f46e857a0b3 { opacity: 1; }<\/style><div id=\"ut_am_wrap_69f46e857a0b5\" class=\"ut-image-gallery-image\" style=\"text-align:center;\"><div class=\"ut-animated-image-item ut-image-gallery-item ut-animation-done\"><a target=\"_self\" href=\"http:\/\/gremicafe.cat\/es\/el-cafe-a-catalunya\/\" ><img loading=\"lazy\" decoding=\"async\" title=\"gremio-cartel-vertical\" id=\"ut_am_69f46e857a0b3\" style=\"\" src=\"https:\/\/gremicafe.cat\/wp-content\/uploads\/2018\/04\/gremi-cartell-vertical.png\" width=\"964\" height=\"1223\" alt=\"Cartell vertical, resum dels caf\u00e8s m\u00e9s populars de Catalunya\"\/><\/a><\/div><\/div><\/div><\/div><\/div><\/div><\/div><div class=\"vc_row-full-width vc_clearfix\"><\/div><\/section><div class=\"vc_row-full-width vc_clearfix\"><\/div>","protected":false},"excerpt":{"rendered":"#ut_header_69f46e857c2c1 h2 span { color:; }#ut_header_69f46e857c2c1.pt-style-2 .page-title:after, #ut_header_69f46e857c2c1.pt-style-2 .parallax-title:after, #ut_header_69f46e857c2c1.pt-style-2 .section-title:after {background-color: ;height: ;width: ;}Campanya ``El caf\u00e8, un plaer`` El Gremi del Caf\u00e8, torradors de Catalunya impulsa des del 2016 la campanya \"El caf\u00e8, un plaer\" amb l'\u00fanic objectiu de garantir la qualitat del caf\u00e8 a les cafeteries de Catalunya. Tots els establiments que compren [...]","protected":false},"author":1,"featured_media":0,"parent":0,"menu_order":0,"comment_status":"closed","ping_status":"closed","template":"","meta":{"_acf_changed":false,"inline_featured_image":false,"footnotes":""},"class_list":["post-5863","page","type-page","status-publish","hentry"],"acf":[],"yoast_head":"<!-- This site is optimized with the Yoast SEO plugin v25.5 - https:\/\/yoast.com\/wordpress\/plugins\/seo\/ -->\n<title>Campanya &quot;El Caf\u00e8, un plaer&quot; - Gremi del Caf\u00e8, torradors de Catalunya<\/title>\n<meta name=\"robots\" content=\"noindex, nofollow\" \/>\n<meta property=\"og:locale\" content=\"es_ES\" \/>\n<meta property=\"og:type\" content=\"article\" \/>\n<meta property=\"og:title\" content=\"Campanya &quot;El Caf\u00e8, un plaer&quot; - Gremi del Caf\u00e8, torradors de Catalunya\" \/>\n<meta property=\"og:url\" content=\"https:\/\/gremicafe.cat\/es\/campanya-el-cafe-un-plaer\/\" \/>\n<meta property=\"og:site_name\" content=\"Gremi del Caf\u00e8, torradors de Catalunya\" \/>\n<meta property=\"article:publisher\" content=\"https:\/\/www.facebook.com\/gremicafecat\" \/>\n<meta property=\"article:modified_time\" content=\"2026-04-15T11:07:08+00:00\" \/>\n<meta name=\"twitter:card\" content=\"summary_large_image\" \/>\n<meta name=\"twitter:site\" content=\"@gremicafecat\" \/>\n<meta name=\"twitter:label1\" content=\"Tiempo de lectura\" \/>\n\t<meta name=\"twitter:data1\" content=\"2 minutos\" \/>\n<script type=\"application\/ld+json\" class=\"yoast-schema-graph\">{\"@context\":\"https:\/\/schema.org\",\"@graph\":[{\"@type\":\"WebPage\",\"@id\":\"https:\/\/gremicafe.cat\/campanya-el-cafe-un-plaer\/\",\"url\":\"https:\/\/gremicafe.cat\/campanya-el-cafe-un-plaer\/\",\"name\":\"Campanya \\\"El Caf\u00e8, un plaer\\\" - Gremi del Caf\u00e8, torradors de Catalunya\",\"isPartOf\":{\"@id\":\"https:\/\/gremicafe.cat\/#website\"},\"datePublished\":\"2021-03-18T16:22:57+00:00\",\"dateModified\":\"2026-04-15T11:07:08+00:00\",\"breadcrumb\":{\"@id\":\"https:\/\/gremicafe.cat\/campanya-el-cafe-un-plaer\/#breadcrumb\"},\"inLanguage\":\"es\",\"potentialAction\":[{\"@type\":\"ReadAction\",\"target\":[\"https:\/\/gremicafe.cat\/campanya-el-cafe-un-plaer\/\"]}]},{\"@type\":\"BreadcrumbList\",\"@id\":\"https:\/\/gremicafe.cat\/campanya-el-cafe-un-plaer\/#breadcrumb\",\"itemListElement\":[{\"@type\":\"ListItem\",\"position\":1,\"name\":\"Inici\",\"item\":\"https:\/\/gremicafe.cat\/\"},{\"@type\":\"ListItem\",\"position\":2,\"name\":\"Campanya &#8220;El Caf\u00e8, un plaer&#8221;\"}]},{\"@type\":\"WebSite\",\"@id\":\"https:\/\/gremicafe.cat\/#website\",\"url\":\"https:\/\/gremicafe.cat\/\",\"name\":\"Gremi del Caf\u00e8, torradors de Catalunya\",\"description\":\"Web oficial del gremi de torradors de caf\u00e8 de Catalunya\",\"publisher\":{\"@id\":\"https:\/\/gremicafe.cat\/#organization\"},\"potentialAction\":[{\"@type\":\"SearchAction\",\"target\":{\"@type\":\"EntryPoint\",\"urlTemplate\":\"https:\/\/gremicafe.cat\/?s={search_term_string}\"},\"query-input\":{\"@type\":\"PropertyValueSpecification\",\"valueRequired\":true,\"valueName\":\"search_term_string\"}}],\"inLanguage\":\"es\"},{\"@type\":\"Organization\",\"@id\":\"https:\/\/gremicafe.cat\/#organization\",\"name\":\"Gremi del Caf\u00e8, Torradors de Catalunya\",\"url\":\"https:\/\/gremicafe.cat\/\",\"logo\":{\"@type\":\"ImageObject\",\"inLanguage\":\"es\",\"@id\":\"https:\/\/gremicafe.cat\/#\/schema\/logo\/image\/\",\"url\":\"https:\/\/gremicafe.cat\/wp-content\/uploads\/2018\/03\/gremicafe-logo250.png\",\"contentUrl\":\"https:\/\/gremicafe.cat\/wp-content\/uploads\/2018\/03\/gremicafe-logo250.png\",\"width\":250,\"height\":49,\"caption\":\"Gremi del Caf\u00e8, Torradors de Catalunya\"},\"image\":{\"@id\":\"https:\/\/gremicafe.cat\/#\/schema\/logo\/image\/\"},\"sameAs\":[\"https:\/\/www.facebook.com\/gremicafecat\",\"https:\/\/x.com\/gremicafecat\",\"https:\/\/www.instagram.com\/gremicafecat\/\",\"https:\/\/www.pinterest.es\/gremicafecat\/\",\"https:\/\/www.youtube.com\/channel\/UCGLo5Y35vLwLvP4FrPZrCrw\/\"]}]}<\/script>\n<!-- \/ Yoast SEO plugin. -->","yoast_head_json":{"title":"Campanya \"El Caf\u00e8, un plaer\" - Gremi del Caf\u00e8, torradors de Catalunya","robots":{"index":"noindex","follow":"nofollow"},"og_locale":"es_ES","og_type":"article","og_title":"Campanya \"El Caf\u00e8, un plaer\" - Gremi del Caf\u00e8, torradors de Catalunya","og_url":"https:\/\/gremicafe.cat\/es\/campanya-el-cafe-un-plaer\/","og_site_name":"Gremi del Caf\u00e8, torradors de Catalunya","article_publisher":"https:\/\/www.facebook.com\/gremicafecat","article_modified_time":"2026-04-15T11:07:08+00:00","twitter_card":"summary_large_image","twitter_site":"@gremicafecat","twitter_misc":{"Tiempo de lectura":"2 minutos"},"schema":{"@context":"https:\/\/schema.org","@graph":[{"@type":"WebPage","@id":"https:\/\/gremicafe.cat\/campanya-el-cafe-un-plaer\/","url":"https:\/\/gremicafe.cat\/campanya-el-cafe-un-plaer\/","name":"Campanya \"El Caf\u00e8, un plaer\" - Gremi del Caf\u00e8, torradors de Catalunya","isPartOf":{"@id":"https:\/\/gremicafe.cat\/#website"},"datePublished":"2021-03-18T16:22:57+00:00","dateModified":"2026-04-15T11:07:08+00:00","breadcrumb":{"@id":"https:\/\/gremicafe.cat\/campanya-el-cafe-un-plaer\/#breadcrumb"},"inLanguage":"es","potentialAction":[{"@type":"ReadAction","target":["https:\/\/gremicafe.cat\/campanya-el-cafe-un-plaer\/"]}]},{"@type":"BreadcrumbList","@id":"https:\/\/gremicafe.cat\/campanya-el-cafe-un-plaer\/#breadcrumb","itemListElement":[{"@type":"ListItem","position":1,"name":"Inici","item":"https:\/\/gremicafe.cat\/"},{"@type":"ListItem","position":2,"name":"Campanya &#8220;El Caf\u00e8, un plaer&#8221;"}]},{"@type":"WebSite","@id":"https:\/\/gremicafe.cat\/#website","url":"https:\/\/gremicafe.cat\/","name":"Gremio del Caf\u00e9, tostadores de Catalu\u00f1a","description":"Web oficial del gremio de tostadores de caf\u00e9 de Catalunya","publisher":{"@id":"https:\/\/gremicafe.cat\/#organization"},"potentialAction":[{"@type":"SearchAction","target":{"@type":"EntryPoint","urlTemplate":"https:\/\/gremicafe.cat\/?s={search_term_string}"},"query-input":{"@type":"PropertyValueSpecification","valueRequired":true,"valueName":"search_term_string"}}],"inLanguage":"es"},{"@type":"Organization","@id":"https:\/\/gremicafe.cat\/#organization","name":"Gremio del Caf\u00e9, Tostadores de Catalu\u00f1a","url":"https:\/\/gremicafe.cat\/","logo":{"@type":"ImageObject","inLanguage":"es","@id":"https:\/\/gremicafe.cat\/#\/schema\/logo\/image\/","url":"https:\/\/gremicafe.cat\/wp-content\/uploads\/2018\/03\/gremicafe-logo250.png","contentUrl":"https:\/\/gremicafe.cat\/wp-content\/uploads\/2018\/03\/gremicafe-logo250.png","width":250,"height":49,"caption":"Gremi del Caf\u00e8, Torradors de Catalunya"},"image":{"@id":"https:\/\/gremicafe.cat\/#\/schema\/logo\/image\/"},"sameAs":["https:\/\/www.facebook.com\/gremicafecat","https:\/\/x.com\/gremicafecat","https:\/\/www.instagram.com\/gremicafecat\/","https:\/\/www.pinterest.es\/gremicafecat\/","https:\/\/www.youtube.com\/channel\/UCGLo5Y35vLwLvP4FrPZrCrw\/"]}]}},"_links":{"self":[{"href":"https:\/\/gremicafe.cat\/es\/wp-json\/wp\/v2\/pages\/5863"}],"collection":[{"href":"https:\/\/gremicafe.cat\/es\/wp-json\/wp\/v2\/pages"}],"about":[{"href":"https:\/\/gremicafe.cat\/es\/wp-json\/wp\/v2\/types\/page"}],"author":[{"embeddable":true,"href":"https:\/\/gremicafe.cat\/es\/wp-json\/wp\/v2\/users\/1"}],"replies":[{"embeddable":true,"href":"https:\/\/gremicafe.cat\/es\/wp-json\/wp\/v2\/comments?post=5863"}],"version-history":[{"count":0,"href":"https:\/\/gremicafe.cat\/es\/wp-json\/wp\/v2\/pages\/5863\/revisions"}],"wp:attachment":[{"href":"https:\/\/gremicafe.cat\/es\/wp-json\/wp\/v2\/media?parent=5863"}],"curies":[{"name":"wp","href":"https:\/\/api.w.org\/{rel}","templated":true}]}}