{"id":7030,"date":"2023-09-15T12:05:33","date_gmt":"2023-09-15T10:05:33","guid":{"rendered":"https:\/\/gremicafe.cat\/?page_id=7030"},"modified":"2026-04-15T12:23:53","modified_gmt":"2026-04-15T10:23:53","slug":"inici-2","status":"publish","type":"page","link":"https:\/\/gremicafe.cat\/es\/","title":{"rendered":"Inicio"},"content":{"rendered":"<section id=\"ut-section-69f46d557ec00\" data-vc-full-width=\"true\" data-vc-full-width-init=\"false\" class=\"vc_section vc_section-has-no-fill ut-section-69f46d557ec16\"><div id=\"ut-row-69f46d557f2ce\" data-vc-full-width=\"true\" data-vc-full-width-init=\"false\" class=\"vc_row wpb_row vc_row-fluid vc_column-gap-0 ut-row-69f46d557f2e4\" ><div class=\"wpb_column vc_column_container vc_col-sm-12\" ><div id=\"ut_inner_column_69f46d557fb81\" class=\"vc_column-inner\"><div class=\"wpb_wrapper\"><div class=\"wpb_content_element\"><style type=\"text\/css\" scoped>#ut_header_69f46d557fe4d h2 span { color:; }#ut_header_69f46d557fe4d h2.section-title { font-size: 50px; }#ut_header_69f46d557fe4d .lead { color:#000000; }#ut_header_69f46d557fe4d .lead p { color:#000000; }#ut_header_69f46d557fe4d.pt-style-2 .page-title:after, #ut_header_69f46d557fe4d.pt-style-2 .parallax-title:after, #ut_header_69f46d557fe4d.pt-style-2 .section-title:after {background-color: ;height: ;width: ;}<\/style><header id=\"ut_header_69f46d557fe4d\" class=\"section-header pt-style-2 header-center\"><h2  class=\"section-title\"><span>Bienvenidos y bienvenidas al Gremio del Caf\u00e9, tostadores de Catalu\u00f1a<\/span><\/h2><\/header><\/div>\n\t<div class=\"wpb_text_column wpb_content_element\" >\n\t\t<div class=\"wpb_wrapper\">\n\t\t\t<p class=\"p1\" style=\"text-align: left;\">\u00c9sta es la p\u00e1gina web oficial del <b>Gremio del Caf\u00e9 de Catalu\u00f1a<\/b>. Encontrar\u00e1 toda la informaci\u00f3n relativa a los tostadores asociados al Gremio del Caf\u00e9 y que, por tanto, torren caf\u00e9 en Catalu\u00f1a -condici\u00f3n indispensable para formar parte del gremio- los caf\u00e9s y las marcas que comercializan.<\/p>\n<p class=\"p1\" style=\"text-align: left;\">Tambi\u00e9n encontrar\u00e1 la actualidad cafetera, los servicios y las actividades que promueve el Gremio para promocionar el mundo del caf\u00e9 y las empresas agremiadas, y algunas singularidades como el <b>Museo del Caf\u00e9 de Catalu\u00f1a<\/b>, el <b>Test Cafetero<\/b> y <b>El caf\u00e9 referido de los catalanes<\/b>.<\/p>\n\n\t\t<\/div>\n\t<\/div>\n<\/div><\/div><\/div><\/div><div class=\"vc_row-full-width vc_clearfix\"><\/div><div id=\"logosTotsTorradors\" data-vc-full-width=\"true\" data-vc-full-width-init=\"false\" class=\"vc_row wpb_row vc_row-fluid vc_custom_1611912155327 vc_column-gap-0 ut-row-69f46d5580617\" ><div class=\"wpb_column vc_column_container vc_col-sm-12\" ><div id=\"ut_inner_column_69f46d5580e55\" class=\"vc_column-inner\"><div class=\"wpb_wrapper\"><div class=\"vc_empty_space\"   style=\"height: 20px\" ><span class=\"vc_empty_space_inner\"><\/span><\/div>\n<div class=\"wpb_content_element\"><style type=\"text\/css\" scoped>#ut_header_69f46d55815fe h2 span { color:; }#ut_header_69f46d55815fe h2.section-title { font-size: 36px; }#ut_header_69f46d55815fe.pt-style-2 .page-title:after, #ut_header_69f46d55815fe.pt-style-2 .parallax-title:after, #ut_header_69f46d55815fe.pt-style-2 .section-title:after {background-color: ;height: ;width: ;}<\/style><header id=\"ut_header_69f46d55815fe\" class=\"section-header pt-style-2 header-center\"><h2  class=\"section-title\"><span>Miembros del Gremio del Caf\u00e9<\/span><\/h2><\/header><\/div><div class=\"wpb_content_element ut-gallery-25  clearfix\">            \n            <script type=\"text\/javascript\">\n                \n                (function($){\n                    \n                    $(document).ready(function(){\n                        \n                                                                        \n                        function get_animated_objects( $all_appeared_elements, effect ) {\n                            \n                            var counter = 0;\n                            \n                            $all_appeared_elements.each(function(){\n                                        \n                                if( $(this).hasClass(effect) ) {\n\n                                    counter++;\n\n                                }\n\n                            });\n                            \n                            return counter;\n                            \n                        }\n                        \n                          \n                    });\n                        \n                })(jQuery);\n            \n            <\/script>\n            \n            <style type=\"text\/css\" scoped>#ut_ig_69f46d558167b .ut-lazy:not(.ut-image-loaded) + .ut-video-module-loading { display:block; }#ut_ig_69f46d558167b .ut-lazy.ut-image-loaded + .ut-video-module-loading { display:none; }<\/style><div id=\"ut_ig_69f46d558167b\" class=\"ut-image-gallery  ut-image-gallery-25 clearfix\"><div  data-count=\"19\" class=\"ut-image-gallery-item ut-animation-done grid-20 tablet-grid-33 mobile-grid-100\"><a title=\"BRACAF\u00c9\" href=\"http:\/\/bracafe.com\/\" target=\"_blank\"><div class=\"ut-image-gallery-image\"><img loading=\"lazy\" decoding=\"async\" alt=\"BRACAF\u00c9\" class=\"\" src=\"https:\/\/gremicafe.cat\/wp-content\/uploads\/2018\/04\/gremicafe-logos-clients-bracafe.png\" width=\"226\" height=\"150\"><\/div><div id=\"ut-image-caption-3902\" class=\"ut-vc-images-lightbox-caption\">BRACAF\u00c9<\/div><\/a><\/div><div  data-count=\"19\" class=\"ut-image-gallery-item ut-animation-done ut-animation-done grid-20 tablet-grid-33 mobile-grid-100\"><a title=\"CAF\u00c9S ROMA,SCP\" href=\"http:\/\/www.cafesroma.com\/\" target=\"_blank\"><div class=\"ut-image-gallery-image\"><img loading=\"lazy\" decoding=\"async\" alt=\"CAF\u00c9S ROMA,S.C.P.\" class=\"\" src=\"https:\/\/gremicafe.cat\/wp-content\/uploads\/2018\/04\/roma.png\" width=\"226\" height=\"150\"><\/div><div id=\"ut-image-caption-3957\" class=\"ut-vc-images-lightbox-caption\">CAF\u00c9S ROMA,SCP<\/div><\/a><\/div><div  data-count=\"19\" class=\"ut-image-gallery-item ut-animation-done ut-animation-done ut-animation-done grid-20 tablet-grid-33 mobile-grid-100 ut-tablet-last\"><a title=\"CAF\u00c9S TUPINAMBA,SA\" href=\"http:\/\/www.tupinamba.com\/?lang=ca\" target=\"_blank\"><div class=\"ut-image-gallery-image\"><img loading=\"lazy\" decoding=\"async\" alt=\"CAF\u00c9S TUPINAMBA,S.A.\" class=\"ut-tablet-last\" src=\"https:\/\/gremicafe.cat\/wp-content\/uploads\/2018\/04\/gremicafe-logos-clients-tupinamba.png\" width=\"226\" height=\"150\"><\/div><div id=\"ut-image-caption-4035\" class=\"ut-vc-images-lightbox-caption\">CAF\u00c9S TUPINAMBA,SA<\/div><\/a><\/div><div class=\"clear hide-on-desktop hide-on-tablet\"><\/div><div  data-count=\"19\" class=\"ut-image-gallery-item ut-animation-done ut-animation-done ut-animation-done ut-animation-done grid-20 tablet-grid-33 mobile-grid-100\"><a title=\"\" href=\"https:\/\/cafescornella.coffee\/\" target=\"_blank\"><div class=\"ut-image-gallery-image\"><img loading=\"lazy\" decoding=\"async\" alt=\"\" class=\"\" src=\"https:\/\/gremicafe.cat\/wp-content\/uploads\/2020\/05\/gremicafe-logos-clients-cornella-2.png\" width=\"228\" height=\"150\"><\/div><\/a><\/div><div  data-count=\"14\" class=\"ut-image-gallery-item ut-animation-done ut-animation-done ut-animation-done ut-animation-done ut-animation-done grid-20 tablet-grid-33 mobile-grid-100 ut-desktop-last\"><a title=\"INCAFHISA\/CAF\u00c9S BUEY\" href=\"http:\/\/www.cafesbou.com\" target=\"_blank\"><div class=\"ut-image-gallery-image\"><img loading=\"lazy\" decoding=\"async\" alt=\"INCAFHISA\/CAF\u00c9S BOU\" class=\"ut-desktop-last\" src=\"https:\/\/gremicafe.cat\/wp-content\/uploads\/2018\/04\/gremicafe-logos-clients-bou.png\" width=\"226\" height=\"150\"><\/div><div id=\"ut-image-caption-3901\" class=\"ut-vc-images-lightbox-caption\">INCAFHISA\/CAF\u00c9S BUEY<\/div><\/a><\/div><div class=\"clear hide-on-tablet\"><\/div><div  data-count=\"14\" class=\"ut-image-gallery-item ut-animation-done ut-animation-done ut-animation-done ut-animation-done ut-animation-done ut-animation-done grid-20 tablet-grid-33 mobile-grid-100 ut-tablet-last\"><a title=\"CAF\u00c9 SAM.SAL\" href=\"https:\/\/www.cafesmamasame.com\/\" target=\"_blank\"><div class=\"ut-image-gallery-image\"><img loading=\"lazy\" decoding=\"async\" alt=\"CAF\u00c9 SAM.S.A.L.\" class=\"ut-tablet-last\" src=\"https:\/\/gremicafe.cat\/wp-content\/uploads\/2018\/04\/gremicafe-logos-clients-sam.png\" width=\"226\" height=\"150\"><\/div><div id=\"ut-image-caption-4076\" class=\"ut-vc-images-lightbox-caption\">CAF\u00c9 SAM.SAL<\/div><\/a><\/div><div class=\"clear hide-on-desktop hide-on-tablet\"><\/div><div  data-count=\"14\" class=\"ut-image-gallery-item ut-animation-done ut-animation-done ut-animation-done ut-animation-done ut-animation-done ut-animation-done ut-animation-done grid-20 tablet-grid-33 mobile-grid-100\"><a title=\"CAF\u00c9S SAULA,SA\" href=\"https:\/\/www.cafesaula.com\/\" target=\"_blank\"><div class=\"ut-image-gallery-image\"><img loading=\"lazy\" decoding=\"async\" alt=\"CAF\u00c9S SAULA,S.A.\" class=\"\" src=\"https:\/\/gremicafe.cat\/wp-content\/uploads\/2018\/04\/gremicafe-logos-clients-saula.png\" width=\"226\" height=\"150\"><\/div><div id=\"ut-image-caption-3961\" class=\"ut-vc-images-lightbox-caption\">CAF\u00c9S SAULA,SA<\/div><\/a><\/div><div  data-count=\"14\" class=\"ut-image-gallery-item ut-animation-done ut-animation-done ut-animation-done ut-animation-done ut-animation-done ut-animation-done ut-animation-done ut-animation-done grid-20 tablet-grid-33 mobile-grid-100\"><a title=\"TORREFACCI\u00d3N ARTESANA DE CAF\u00c9S,SL\" href=\"http:\/\/www.delsamscafes.com\/\" target=\"_blank\"><div class=\"ut-image-gallery-image\"><img loading=\"lazy\" decoding=\"async\" alt=\"TORREFACCI\u00d3 ARTESANA DE CAF\u00c8S,S.L.\" class=\"\" src=\"https:\/\/gremicafe.cat\/wp-content\/uploads\/2018\/04\/gremicafe-logos-clients-delsams.png\" width=\"226\" height=\"150\"><\/div><div id=\"ut-image-caption-4073\" class=\"ut-vc-images-lightbox-caption\">TORREFACCI\u00d3N ARTESANA DE CAF\u00c9S,SL<\/div><\/a><\/div><div  data-count=\"14\" class=\"ut-image-gallery-item ut-animation-done ut-animation-done ut-animation-done ut-animation-done ut-animation-done ut-animation-done ut-animation-done ut-animation-done ut-animation-done grid-20 tablet-grid-33 mobile-grid-100 ut-tablet-last\"><a title=\"CAF\u00c9S NOVEL,SA\" href=\"http:\/\/cafesnovell.com\/ca\/\" target=\"_blank\"><div class=\"ut-image-gallery-image\"><img loading=\"lazy\" decoding=\"async\" alt=\"CAF\u00c9S NOVELL,S.A.\" class=\"ut-tablet-last\" src=\"https:\/\/gremicafe.cat\/wp-content\/uploads\/2018\/04\/gremicafe-logos-clients-novell.png\" width=\"226\" height=\"150\"><\/div><div id=\"ut-image-caption-3960\" class=\"ut-vc-images-lightbox-caption\">CAF\u00c9S NOVEL,SA<\/div><\/a><\/div><div class=\"clear hide-on-desktop hide-on-tablet\"><\/div><div  data-count=\"9\" class=\"ut-image-gallery-item ut-animation-done ut-animation-done ut-animation-done ut-animation-done ut-animation-done ut-animation-done ut-animation-done ut-animation-done ut-animation-done ut-animation-done grid-20 tablet-grid-33 mobile-grid-100 ut-desktop-last\"><a title=\"CAF\u00c9S L\u00cdDER\" href=\"http:\/\/www.cafeslider.com\/\" target=\"_blank\"><div class=\"ut-image-gallery-image\"><img loading=\"lazy\" decoding=\"async\" alt=\"CAF\u00c9S L\u00cdDER\" class=\"ut-desktop-last\" src=\"https:\/\/gremicafe.cat\/wp-content\/uploads\/2018\/04\/gremicafe-logos-clients-lider_.png\" width=\"226\" height=\"150\"><\/div><div id=\"ut-image-caption-4070\" class=\"ut-vc-images-lightbox-caption\">CAF\u00c9S L\u00cdDER<\/div><\/a><\/div><div class=\"clear hide-on-tablet\"><\/div><div  data-count=\"9\" class=\"ut-image-gallery-item ut-animation-done ut-animation-done ut-animation-done ut-animation-done ut-animation-done ut-animation-done ut-animation-done ut-animation-done ut-animation-done ut-animation-done ut-animation-done grid-20 tablet-grid-33 mobile-grid-100\"><a title=\"\" href=\"https:\/\/tienda.cafesbatalla.com\/es\/43-port-moka-specialty-coffee\" target=\"_blank\"><div class=\"ut-image-gallery-image\"><img loading=\"lazy\" decoding=\"async\" alt=\"\" class=\"\" src=\"https:\/\/gremicafe.cat\/wp-content\/uploads\/2020\/05\/gremicafe-logos-clients-batalla-2.png\" width=\"226\" height=\"150\"><\/div><\/a><\/div><div  data-count=\"9\" class=\"ut-image-gallery-item ut-animation-done ut-animation-done ut-animation-done ut-animation-done ut-animation-done ut-animation-done ut-animation-done ut-animation-done ut-animation-done ut-animation-done ut-animation-done ut-animation-done grid-20 tablet-grid-33 mobile-grid-100 ut-tablet-last\"><a title=\"\" href=\"http:\/\/www.cafesros.com\/\" target=\"_blank\"><div class=\"ut-image-gallery-image\"><img loading=\"lazy\" decoding=\"async\" alt=\"Logo Cafes Ros\" class=\"ut-tablet-last\" src=\"https:\/\/gremicafe.cat\/wp-content\/uploads\/2020\/06\/gremicafe-logos-clients-ros-B.png\" width=\"226\" height=\"150\"><\/div><\/a><\/div><div class=\"clear hide-on-desktop hide-on-tablet\"><\/div><div  data-count=\"9\" class=\"ut-image-gallery-item ut-animation-done ut-animation-done ut-animation-done ut-animation-done ut-animation-done ut-animation-done ut-animation-done ut-animation-done ut-animation-done ut-animation-done ut-animation-done ut-animation-done ut-animation-done grid-20 tablet-grid-33 mobile-grid-100\"><a title=\"CAF\u00c9S ENERO,SL\" href=\"http:\/\/www.cafesgener.com\/\" target=\"_blank\"><div class=\"ut-image-gallery-image\"><img loading=\"lazy\" decoding=\"async\" alt=\"CAF\u00c9S GENER,S.L.\" class=\"\" src=\"https:\/\/gremicafe.cat\/wp-content\/uploads\/2018\/04\/gremicafe-logos-clients-gener.png\" width=\"226\" height=\"150\"><\/div><div id=\"ut-image-caption-4075\" class=\"ut-vc-images-lightbox-caption\">CAF\u00c9S ENERO,SL<\/div><\/a><\/div><div  data-count=\"9\" class=\"ut-image-gallery-item ut-animation-done ut-animation-done ut-animation-done ut-animation-done ut-animation-done ut-animation-done ut-animation-done ut-animation-done ut-animation-done ut-animation-done ut-animation-done ut-animation-done ut-animation-done ut-animation-done grid-20 tablet-grid-33 mobile-grid-100\"><a title=\"CAFAS PONT SL\" href=\"http:\/\/cafespont.com\/\" target=\"_blank\"><div class=\"ut-image-gallery-image\"><img loading=\"lazy\" decoding=\"async\" alt=\"CAFES PONT  SL\" class=\"\" src=\"https:\/\/gremicafe.cat\/wp-content\/uploads\/2018\/04\/gremicafe-logos-clients-pont.png\" width=\"226\" height=\"150\"><\/div><div id=\"ut-image-caption-3904\" class=\"ut-vc-images-lightbox-caption\">CAFAS PONT SL<\/div><\/a><\/div><div  data-count=\"4\" class=\"ut-image-gallery-item ut-animation-done ut-animation-done ut-animation-done ut-animation-done ut-animation-done ut-animation-done ut-animation-done ut-animation-done ut-animation-done ut-animation-done ut-animation-done ut-animation-done ut-animation-done ut-animation-done ut-animation-done grid-20 tablet-grid-33 mobile-grid-100 ut-tablet-last ut-desktop-last\"><a title=\"\" href=\"https:\/\/www.dibarcafe.com\/\" target=\"_blank\"><div class=\"ut-image-gallery-image\"><img loading=\"lazy\" decoding=\"async\" alt=\"\" class=\"ut-tablet-last ut-desktop-last\" src=\"https:\/\/gremicafe.cat\/wp-content\/uploads\/2023\/02\/gremicafe-logos-clients-dibarcafe-nou.png\" width=\"226\" height=\"150\"><\/div><\/a><\/div><div class=\"clear hide-on-tablet\"><\/div><div  data-count=\"4\" class=\"ut-image-gallery-item ut-animation-done ut-animation-done ut-animation-done ut-animation-done ut-animation-done ut-animation-done ut-animation-done ut-animation-done ut-animation-done ut-animation-done ut-animation-done ut-animation-done ut-animation-done ut-animation-done ut-animation-done ut-animation-done grid-20 tablet-grid-33 mobile-grid-100\"><a title=\"\" href=\"http:\/\/www.coffee-center.es\/\" target=\"_blank\"><div class=\"ut-image-gallery-image\"><img loading=\"lazy\" decoding=\"async\" alt=\"\" class=\"\" src=\"https:\/\/gremicafe.cat\/wp-content\/uploads\/2020\/05\/gremicafe-logos-clients-coffecenter-2.jpg\" width=\"226\" height=\"150\"><\/div><\/a><\/div><div  data-count=\"4\" class=\"ut-image-gallery-item ut-animation-done ut-animation-done ut-animation-done ut-animation-done ut-animation-done ut-animation-done ut-animation-done ut-animation-done ut-animation-done ut-animation-done ut-animation-done ut-animation-done ut-animation-done ut-animation-done ut-animation-done ut-animation-done ut-animation-done grid-20 tablet-grid-33 mobile-grid-100\"><a title=\"CIANO COFFEE\" href=\"https:\/\/www.ciano.coffee\/\" target=\"_blank\"><div class=\"ut-image-gallery-image\"><img loading=\"lazy\" decoding=\"async\" alt=\"CIANO COFFEE\" class=\"\" src=\"https:\/\/gremicafe.cat\/wp-content\/uploads\/2025\/02\/CIANO226X150.png\" width=\"226\" height=\"150\"><\/div><div id=\"ut-image-caption-7756\" class=\"ut-vc-images-lightbox-caption\">CIANO COFFEE<\/div><\/a><\/div><div  data-count=\"4\" class=\"ut-image-gallery-item ut-animation-done ut-animation-done ut-animation-done ut-animation-done ut-animation-done ut-animation-done ut-animation-done ut-animation-done ut-animation-done ut-animation-done ut-animation-done ut-animation-done ut-animation-done ut-animation-done ut-animation-done ut-animation-done ut-animation-done ut-animation-done grid-20 tablet-grid-33 mobile-grid-100 ut-tablet-last\"><a title=\"\" href=\"http:\/\/www.cafescallis.com\/\" target=\"_blank\"><div class=\"ut-image-gallery-image\"><img loading=\"lazy\" decoding=\"async\" alt=\"Logo Cafes Ros\" class=\"ut-tablet-last\" src=\"https:\/\/gremicafe.cat\/wp-content\/uploads\/2021\/02\/gremicafe-logos-clients-callis.png\" width=\"226\" height=\"150\"><\/div><\/a><\/div><div class=\"clear hide-on-desktop hide-on-tablet\"><\/div><div  data-count=\"4\" class=\"ut-image-gallery-item ut-animation-done ut-animation-done ut-animation-done ut-animation-done ut-animation-done ut-animation-done ut-animation-done ut-animation-done ut-animation-done ut-animation-done ut-animation-done ut-animation-done ut-animation-done ut-animation-done ut-animation-done ut-animation-done ut-animation-done ut-animation-done ut-animation-done grid-20 tablet-grid-33 mobile-grid-100\"><a title=\"\" href=\"https:\/\/www.qualityblends.coffee\/\" target=\"_blank\"><div class=\"ut-image-gallery-image\"><img loading=\"lazy\" decoding=\"async\" alt=\"Logo Quality Blends\" class=\"\" src=\"https:\/\/gremicafe.cat\/wp-content\/uploads\/2023\/04\/gremicafe-logos-clients-qualityblends_2.jpg\" width=\"226\" height=\"150\"><\/div><\/a><\/div><div class=\"clear\"><\/div><\/div><\/div><\/div><style type=\"text\/css\" scoped>#ut_inner_column_69f46d5580e55{margin-bottom: 50px !important;}<\/style><\/div><\/div><style type=\"text\/css\" scoped>#logosTotsTorradors{margin-top: 100px !important;} <\/style><\/div><div class=\"vc_row-full-width vc_clearfix\"><\/div><div id=\"novetats\" data-vc-full-width=\"true\" data-vc-full-width-init=\"false\" class=\"vc_row wpb_row vc_row-fluid vc_column-gap-0 ut-row-69f46d558db5b\" ><div class=\"wpb_column vc_column_container vc_col-sm-12\" ><div id=\"ut_inner_column_69f46d558e03c\" class=\"vc_column-inner\"><div class=\"wpb_wrapper\"><div class=\"vc_empty_space\"   style=\"height: 20px\" ><span class=\"vc_empty_space_inner\"><\/span><\/div>\n<div class=\"wpb_content_element\"><style type=\"text\/css\" scoped>#ut_header_69f46d558e3f4 h2 span { color:; }#ut_header_69f46d558e3f4 h2.section-title { font-size: 36px; }#ut_header_69f46d558e3f4.pt-style-2 .page-title:after, #ut_header_69f46d558e3f4.pt-style-2 .parallax-title:after, #ut_header_69f46d558e3f4.pt-style-2 .section-title:after {background-color: ;height: ;width: ;}<\/style><header id=\"ut_header_69f46d558e3f4\" class=\"section-header pt-style-2 header-center\"><h2  class=\"section-title\"><span>Actualidad<\/span><\/h2><\/header><\/div><div class=\"ut-bs-wrap\"><div class=\"grid-33 tablet-grid-33 mobile-grid-100\"><article id=\"post-8338\" class=\"clearfix post-8338 post type-post status-publish format-standard has-post-thumbnail hentry category-noticies tag-cafe-despecialitat tag-cafetera-expres tag-delonghi tag-marzocco\"><!-- entry-header --><header class=\"entry-header\"><h3 class=\"entry-title\"><a href=\"https:\/\/gremicafe.cat\/es\/2026\/04\/27\/la-marzocco-trasllada-la-seva-seu-espanyola-al-centre-de-barcelona\/\" rel=\"bookmark\" title=\"Permanent Link to La Marzocco trasllada la seva seu espanyola al centre de Barcelona\">Marzocco traslada su sede espa\u00f1ola al centro de Barcelona<\/a><\/h3><\/header><div class=\"entry-meta\"><span class=\"ut-sticky\"><i class=\"fa fa-thumb-tack\"><\/i>Sticky Post<\/span><span class=\"date-format\"><i class=\"fa fa-clock-o\"><\/i>D\u00f3nde <span>27 de abril de 2026<\/span><\/span><\/div><div class=\"entry-thumbnail\"><a title=\"Permanent Link to La Marzocco trasllada la seva seu espanyola al centre de Barcelona\" href=\"https:\/\/gremicafe.cat\/es\/2026\/04\/27\/la-marzocco-trasllada-la-seva-seu-espanyola-al-centre-de-barcelona\/\"><img loading=\"lazy\" decoding=\"async\" width=\"300\" height=\"300\" src=\"https:\/\/gremicafe.cat\/wp-content\/uploads\/2026\/04\/Marzoco-Gremi-300x300.jpg\" class=\"attachment-medium size-medium wp-post-image\" alt=\"Fotografia \u00a9 La Marzocco\" srcset=\"https:\/\/gremicafe.cat\/wp-content\/uploads\/2026\/04\/Marzoco-Gremi-300x300.jpg 300w, https:\/\/gremicafe.cat\/wp-content\/uploads\/2026\/04\/Marzoco-Gremi-150x150.jpg 150w\" sizes=\"(max-width: 300px) 100vw, 300px\" \/><\/a><\/div><!-- entry-content --><div class=\"entry-content clearfix\"><p>El boom del caf\u00e9 de especialidad sigue creciendo en Barcelona. Una de las marcas m\u00e1s ic\u00f3nicas, la italiana La Marzocco, est\u00e1 a punto de mudarse a<\/p><p><a class=\"more-link\" href=\"https:\/\/gremicafe.cat\/es\/2026\/04\/27\/la-marzocco-trasllada-la-seva-seu-espanyola-al-centre-de-barcelona\/\"><span class=\"more-link\">Read More<i class=\"fa fa-chevron-circle-right\"><\/i><\/span><\/a><\/p><\/div><!-- close entry-content --><\/article><\/div><!-- close post --><div class=\"grid-33 tablet-grid-33 mobile-grid-100\"><article id=\"post-8342\" class=\"clearfix post-8342 post type-post status-publish format-standard has-post-thumbnail hentry category-noticies tag-assemblea-gremi tag-lleida\"><!-- entry-header --><header class=\"entry-header\"><h3 class=\"entry-title\"><a href=\"https:\/\/gremicafe.cat\/es\/2026\/04\/20\/lassemblea-del-gremi-de-torradors-de-cafe-se-celebrara-a-lleida\/\" rel=\"bookmark\" title=\"Permanent Link to L&#8217;Assemblea del Gremi de Torradors de Caf\u00e8 se celebrar\u00e0 a Lleida\">La Asamblea del Gremio de Tostadores de Caf\u00e9 se celebrar\u00e1 en Lleida<\/a><\/h3><\/header><div class=\"entry-meta\"><span class=\"ut-sticky\"><i class=\"fa fa-thumb-tack\"><\/i>Sticky Post<\/span><span class=\"date-format\"><i class=\"fa fa-clock-o\"><\/i>D\u00f3nde <span>20 de abril de 2026<\/span><\/span><\/div><div class=\"entry-thumbnail\"><a title=\"Permanent Link to L&#8217;Assemblea del Gremi de Torradors de Caf\u00e8 se celebrar\u00e0 a Lleida\" href=\"https:\/\/gremicafe.cat\/es\/2026\/04\/20\/lassemblea-del-gremi-de-torradors-de-cafe-se-celebrara-a-lleida\/\"><img loading=\"lazy\" decoding=\"async\" width=\"300\" height=\"300\" src=\"https:\/\/gremicafe.cat\/wp-content\/uploads\/2026\/04\/AssembleaLleida-300x300.jpg\" class=\"attachment-medium size-medium wp-post-image\" alt=\"\" srcset=\"https:\/\/gremicafe.cat\/wp-content\/uploads\/2026\/04\/AssembleaLleida-300x300.jpg 300w, https:\/\/gremicafe.cat\/wp-content\/uploads\/2026\/04\/AssembleaLleida-150x150.jpg 150w\" sizes=\"(max-width: 300px) 100vw, 300px\" \/><\/a><\/div><!-- entry-content --><div class=\"entry-content clearfix\"><p>El Gremio de Tostadores de Caf\u00e9 de Catalu\u00f1a convoca a todos sus socios en la Asamblea General, correspondiente al a\u00f1o 2026, que tendr\u00e1 lugar el pr\u00f3ximo mi\u00e9rcoles<\/p><p><a class=\"more-link\" href=\"https:\/\/gremicafe.cat\/es\/2026\/04\/20\/lassemblea-del-gremi-de-torradors-de-cafe-se-celebrara-a-lleida\/\"><span class=\"more-link\">Read More<i class=\"fa fa-chevron-circle-right\"><\/i><\/span><\/a><\/p><\/div><!-- close entry-content --><\/article><\/div><!-- close post --><div class=\"grid-33 tablet-grid-33 mobile-grid-100\"><article id=\"post-8187\" class=\"clearfix post-8187 post type-post status-publish format-standard has-post-thumbnail hentry category-noticies tag-alimentaria-2026 tag-cafe-despecialitat tag-cafes-cornella tag-delectatech\"><!-- entry-header --><header class=\"entry-header\"><h3 class=\"entry-title\"><a href=\"https:\/\/gremicafe.cat\/es\/2026\/03\/27\/la-popularitat-del-cafe-despecialitat-es-dispara-un-83-en-els-darrers-dos-anys\/\" rel=\"bookmark\" title=\"Permanent Link to La popularitat del caf\u00e8 d\u2019especialitat es dispara un 83% en els darrers dos anys\">La popularidad del caf\u00e9 de especialidad se dispara un 83% en los \u00faltimos dos a\u00f1os<\/a><\/h3><\/header><div class=\"entry-meta\"><span class=\"ut-sticky\"><i class=\"fa fa-thumb-tack\"><\/i>Sticky Post<\/span><span class=\"date-format\"><i class=\"fa fa-clock-o\"><\/i>D\u00f3nde <span>27 de marzo de 2026<\/span><\/span><\/div><div class=\"entry-thumbnail\"><a title=\"Permanent Link to La popularitat del caf\u00e8 d\u2019especialitat es dispara un 83% en els darrers dos anys\" href=\"https:\/\/gremicafe.cat\/es\/2026\/03\/27\/la-popularitat-del-cafe-despecialitat-es-dispara-un-83-en-els-darrers-dos-anys\/\"><img loading=\"lazy\" decoding=\"async\" width=\"300\" height=\"300\" src=\"https:\/\/gremicafe.cat\/wp-content\/uploads\/2026\/03\/Ponencia-DelectatechCornella-4-300x300.jpeg\" class=\"attachment-medium size-medium wp-post-image\" alt=\"Delectatech i Caf\u00e8s Cornell\u00e0 a Aliment\u00e0ria 2026\" srcset=\"https:\/\/gremicafe.cat\/wp-content\/uploads\/2026\/03\/Ponencia-DelectatechCornella-4-300x300.jpeg 300w, https:\/\/gremicafe.cat\/wp-content\/uploads\/2026\/03\/Ponencia-DelectatechCornella-4-150x150.jpeg 150w\" sizes=\"(max-width: 300px) 100vw, 300px\" \/><\/a><\/div><!-- entry-content --><div class=\"entry-content clearfix\"><p><a class=\"more-link\" href=\"https:\/\/gremicafe.cat\/es\/2026\/03\/27\/la-popularitat-del-cafe-despecialitat-es-dispara-un-83-en-els-darrers-dos-anys\/\"><span class=\"more-link\">Read More<i class=\"fa fa-chevron-circle-right\"><\/i><\/span><\/a><\/p><\/div><!-- close entry-content --><\/article><\/div><!-- close post --><div class=\"clear\"><\/div><div class=\"ut-bs-holder\"><a class=\"ut-bs-btn\" href=\"https:\/\/gremicafe.cat\/es\/noticies\/\">Read More<\/a><\/div><\/div>\n\t<div class=\"wpb_raw_code wpb_raw_js\" >\n\t\t<div class=\"wpb_wrapper\">\n\t\t\t<script type=\"text\/javascript\">\njQuery(document).ready(function($){\n\n    $('.ut-bs-wrap article').each(function(){\n\n        var $article = $(this);\n\n        \/\/ Canvi de text del more-link original, si existeix\n        $article.find('.more-link').text('Llegir-ne m\u00e9s');\n\n        \/\/ Neteja la data\n        var $date = $article.find('.date-format');\n        if ($date.length) {\n            $date.html($date.html().replace('On', ''));\n        }\n\n        \/\/ Evita duplicats\n        $article.find('.llegir-mes-fixat').remove();\n\n        \/\/ Agafa l'enlla\u00e7 principal de l'article\n        var url = $article.find('.entry-title a').attr('href');\n\n        \/\/ Si no el troba al t\u00edtol, prova amb la imatge\n        if (!url) {\n            url = $article.find('.entry-thumbnail a').attr('href');\n        }\n\n        \/\/ Afegeix el nou enlla\u00e7 fix\n        if (url) {\n            $article.append('<a class=\"llegir-mes-fixat\" href=\"' + url + '\">Llegir-ne m\u00e9s<\/a>');\n        }\n\n    });\n\n});\n<\/script>\n\t\t<\/div>\n\t<\/div>\n<style type=\"text\/css\" scoped>#bklyn_btn_69f46d5595abe .bklyn-btn { border-radius:50px; }#bklyn_btn_69f46d5595abe .bklyn-btn:hover{ color:#ffffff; background-color:#8bb8f3; }#bklyn_btn_69f46d5595abe .bklyn-btn:focus{ color:#ffffff; background-color:#8bb8f3; }#bklyn_btn_69f46d5595abe .bklyn-btn:active { color:#ffffff; background-color:#8bb8f3; }#bklyn_btn_69f46d5595abe a { margin-top:10px;padding-right:40px;padding-left:40px }<\/style><div id=\"bklyn_btn_69f46d5595abe\" class=\"bklyn-btn-holder  bklyn-btn-center\"><a title=\"\"   href=\"https:\/\/gremicafe.cat\/es\/noticies\/\" target=\"_self\" class=\"bklyn-btn  bklyn-btn-normal\" >Toda la actualidad AQU\u00cd<\/a><\/div><\/div><\/div><\/div><\/div><div class=\"vc_row-full-width vc_clearfix\"><\/div><div id=\"ut-row-69f46d559610b\" data-vc-full-width=\"true\" data-vc-full-width-init=\"false\" class=\"vc_row wpb_row vc_row-fluid vc_column-gap-0 ut-row-69f46d559611c\" ><div class=\"wpb_column vc_column_container vc_col-sm-12\" ><div id=\"ut_inner_column_69f46d5596601\" class=\"vc_column-inner\"><div class=\"wpb_wrapper\"><div class=\"vc_empty_space\"   style=\"height: 60px\" ><span class=\"vc_empty_space_inner\"><\/span><\/div>\n<div class=\"wpb_content_element\"><style type=\"text\/css\" scoped>#ut_header_69f46d559698c h2 span { color:; }#ut_header_69f46d559698c h2.section-title { font-size: 50px; }#ut_header_69f46d559698c .lead { color:#000000; }#ut_header_69f46d559698c .lead p { color:#000000; }#ut_header_69f46d559698c.pt-style-2 .page-title:after, #ut_header_69f46d559698c.pt-style-2 .parallax-title:after, #ut_header_69f46d559698c.pt-style-2 .section-title:after {background-color: ;height: ;width: ;}<\/style><header id=\"ut_header_69f46d559698c\" class=\"section-header pt-style-2 header-center\"><h2  class=\"section-title\"><span>Elige el tipo de caf\u00e9 para tu cafetera<\/span><\/h2><div data-delay=\"0\" class=\"lead\"><p>En las tiendas de las empresas y marcas del Gremio del Caf\u00e9 de Catalunya encontrar\u00e1s el caf\u00e9 m\u00e1s adecuado para cualquier cafetera. Desde el caf\u00e9 molido para la cl\u00e1sica cafetera italiana; los mejores caf\u00e9s de especialidad en grano; las c\u00e1psulas compatibles; e incluso el caf\u00e9 para las modernas cafeteras de filtro. <\/p>\n<\/div><\/header><\/div>\n\t<div class=\"wpb_text_column wpb_content_element\" >\n\t\t<div class=\"wpb_wrapper\">\n\t\t\t<div id=\"tipusTipusCafe\">\r\n\t<div id=\"selectorsTipusCafe\">\r\n<button class=\"selectorTipusCafe bklyn-btn\" data-info=\"compostables\" onclick=\"selCafe('compostables')\">\r\n\t<img decoding=\"async\" src=\"\/wp-content\/uploads\/2020\/10\/11028-BOTONCOMPOSTABLE01.svg\" class=\"iconTipusCafe\">\r\n\tC\u00e1psulas compostables<br> compatibles Nespresso \u00ae<\/button>\r\n\t<button class=\"selectorTipusCafe bklyn-btn\" data-info=\"nespresso\" onclick=\"selCafe('nespresso')\">\r\n\t<img decoding=\"async\" src=\"\/wp-content\/uploads\/2020\/09\/11028-BOTONNESPRESSO01.svg\" class=\"iconTipusCafe\">\r\n\tC\u00e1psulas compatibles<br> Nespresso \u00ae<\/button>\r\n\t<button class=\"selectorTipusCafe bklyn-btn\" data-info=\"dolcegusto\" onclick=\"selCafe('dolcegusto')\">\r\n\t<img decoding=\"async\" src=\"\/wp-content\/uploads\/2020\/09\/11028-BOTONDOLCEGUSTO01.svg\" class=\"iconTipusCafe\">\r\n\tC\u00e1psulas compatibles<br> Dolce Gusto \u00ae<\/button>\r\n\t<button class=\"selectorTipusCafe  bklyn-btn\" data-info=\"capsules\" onclick=\"selCafe('capsules')\">\r\n\t<img decoding=\"async\" src=\"\/wp-content\/uploads\/2021\/02\/11028-BOTONS-GREMI-CAFE-ORI2-01a01.svg\" class=\"iconTipusCafe\">\r\n\tOtras c\u00e1psulas\r\n\t<\/button>\r\n\t\t\r\n\t<button class=\"selectorTipusCafe  bklyn-btn\" data-info=\"monodosis\" onclick=\"selCafe('monodosis')\">\r\n\t<img decoding=\"async\" src=\"\/wp-content\/uploads\/2021\/02\/11028-BOTONS-GREMI-CAFE-ORI2-2a01.svg\" class=\"iconTipusCafe\">\r\n\tMonodosis\r\n\t<\/button>\r\n\t\t\r\n<button class=\"selectorTipusCafe  bklyn-btn\" data-info=\"gra\" onclick=\"selCafe('gra')\">\r\n\t<img decoding=\"async\" src=\"\/wp-content\/uploads\/2020\/09\/11028-BOTONGRA01.svg\" class=\"iconTipusCafe\">\r\n\tCaf\u00e9<br> en grano<\/button>\r\n<button class=\"selectorTipusCafe  bklyn-btn\" data-info=\"molt\" onclick=\"selCafe('molt')\">\r\n\t<img decoding=\"async\" src=\"\/wp-content\/uploads\/2020\/09\/11028-BOTONMOLT01.svg\" class=\"iconTipusCafe\">\r\n\tCaf\u00e9<br> molido<\/button>\r\n\r\n<\/div>\r\n\r\n<div class=\"torrador-listCafe  mostra-tl-cafe-nespresso  mostra-tl-cafe-gra  mostra-tl-cafe-molt  mostra-tl-cafe-compostables\"><img decoding=\"async\" src=\"https:\/\/gremicafe.cat\/wp-content\/uploads\/2018\/04\/gremicafe-logos-clients-lider_.png\" class=\"torrador-listCafe-logo\" alt=\"Lider Coffee\" title=\"Lider Coffee\"><div class=\"torrador-listCafe-dades\">\r\n\t<div class=\"meta-info-cafe tl-cafe-nom\">Lider Coffee<\/div><div class=\"meta-info-cafe tl-cafe-nespresso\"><a href=\"https:\/\/www.cafeslider.com\/capsulas\/\" target=\"_blank\" onclick=\"gtag('event', 'click', {'event_category' : 'Landing-2020-Tipus-Cafe', 'event_label' : 'Lider Coffee (nespresso) - https:\/\/www.cafeslider.com\/capsulas\/'});dataLayer.push({'event': 'Click-Compra-Tipus-Cafe-Nespresso'});fbq('track', 'Contact');\"><i class=\"fa fa-shopping-basket\" aria-hidden=\"true\"><\/i> Comprar<\/a><\/div><div class=\"meta-info-cafe tl-cafe-gra\"><a href=\"https:\/\/www.cafeslider.com\/origen-en-gra\/\" target=\"_blank\" onclick=\"gtag('event', 'click', {'event_category' : 'Landing-2020-Tipus-Cafe', 'event_label' : 'Lider Coffee (gra) - https:\/\/www.cafeslider.com\/origen-en-gra\/'});dataLayer.push({'event': 'Click-Compra-Tipus-Cafe-Gra'});fbq('track', 'Contact');\"><i class=\"fa fa-shopping-basket\" aria-hidden=\"true\"><\/i> Comprar<\/a><\/div><div class=\"meta-info-cafe tl-cafe-molt\"><a href=\"https:\/\/www.cafeslider.com\/origen-molt\/\" target=\"_blank\" onclick=\"gtag('event', 'click', {'event_category' : 'Landing-2020-Tipus-Cafe', 'event_label' : 'Lider Coffee (m\u00f2lt) - https:\/\/www.cafeslider.com\/origen-molt\/'});dataLayer.push({'event': 'Click-Compra-Tipus-Cafe-Molt'});fbq('track', 'Contact');\"><i class=\"fa fa-shopping-basket\" aria-hidden=\"true\"><\/i> Comprar<\/a><\/div><div class=\"meta-info-cafe tl-cafe-compostables\"><a href=\"https:\/\/www.cafeslider.com\/compostable\/\" target=\"_blank\" onclick=\"gtag('event', 'click', {'event_category' : 'Landing-2020-Tipus-Cafe', 'event_label' : 'Lider Coffee (compostables) - https:\/\/www.cafeslider.com\/compostable\/'});dataLayer.push({'event': 'Click-Compra-Tipus-Cafe-Compostables'});fbq('track', 'Contact');\"><i class=\"fa fa-shopping-basket\" aria-hidden=\"true\"><\/i> Comprar<\/a><\/div><\/div><\/div><div class=\"torrador-listCafe  mostra-tl-cafe-nespresso  mostra-tl-cafe-gra  mostra-tl-cafe-molt\"><img decoding=\"async\" src=\"https:\/\/gremicafe.cat\/wp-content\/uploads\/2020\/05\/gremicafe-logos-clients-cornella-2.png\" class=\"torrador-listCafe-logo\" alt=\"Caf\u00e8s Cornell\u00e0\" title=\"Caf\u00e9s Cornell\u00e0\"><div class=\"torrador-listCafe-dades\">\r\n\t<div class=\"meta-info-cafe tl-cafe-nom\">Caf\u00e9s Cornell\u00e0<\/div><div class=\"meta-info-cafe tl-cafe-nespresso\"><a href=\"https:\/\/shop.cafescornella.coffee\/ca\/10-capsules-de-cafe\" target=\"_blank\" onclick=\"gtag('event', 'click', {'event_category' : 'Landing-2020-Tipus-Cafe', 'event_label' : 'Caf\u00e8s Cornell\u00e0 (nespresso) - https:\/\/shop.cafescornella.coffee\/ca\/10-capsules-de-cafe'});dataLayer.push({'event': 'Click-Compra-Tipus-Cafe-Nespresso'});fbq('track', 'Contact');\"><i class=\"fa fa-shopping-basket\" aria-hidden=\"true\"><\/i> Comprar<\/a><\/div><div class=\"meta-info-cafe tl-cafe-gra\"><a href=\"https:\/\/shop.cafescornella.coffee\/ca\/11-cafe-gra-i-molt\" target=\"_blank\" onclick=\"gtag('event', 'click', {'event_category' : 'Landing-2020-Tipus-Cafe', 'event_label' : 'Caf\u00e8s Cornell\u00e0 (gra) - https:\/\/shop.cafescornella.coffee\/ca\/11-cafe-gra-i-molt'});dataLayer.push({'event': 'Click-Compra-Tipus-Cafe-Gra'});fbq('track', 'Contact');\"><i class=\"fa fa-shopping-basket\" aria-hidden=\"true\"><\/i> Comprar<\/a><\/div><div class=\"meta-info-cafe tl-cafe-molt\"><a href=\"https:\/\/shop.cafescornella.coffee\/ca\/11-cafe-gra-i-molt\" target=\"_blank\" onclick=\"gtag('event', 'click', {'event_category' : 'Landing-2020-Tipus-Cafe', 'event_label' : 'Caf\u00e8s Cornell\u00e0 (m\u00f2lt) - https:\/\/shop.cafescornella.coffee\/ca\/11-cafe-gra-i-molt'});dataLayer.push({'event': 'Click-Compra-Tipus-Cafe-Molt'});fbq('track', 'Contact');\"><i class=\"fa fa-shopping-basket\" aria-hidden=\"true\"><\/i> Comprar<\/a><\/div><\/div><\/div><div class=\"torrador-listCafe  mostra-tl-cafe-nespresso  mostra-tl-cafe-gra  mostra-tl-cafe-molt  mostra-tl-cafe-capsules  mostra-tl-cafe-compostables  mostra-tl-cafe-dolcegusto\"><img decoding=\"async\" src=\"https:\/\/gremicafe.cat\/wp-content\/uploads\/2018\/04\/gremicafe-logos-clients-batalla.png\" class=\"torrador-listCafe-logo\" alt=\"Batalla Caf\u00e9s\" title=\"Batalla Caf\u00e9s\"><div class=\"torrador-listCafe-dades\">\r\n\t<div class=\"meta-info-cafe tl-cafe-nom\">Batalla Caf\u00e9s<\/div><div class=\"meta-info-cafe tl-cafe-nespresso\"><a href=\"https:\/\/tienda.cafesbatalla.com\/es\/41-compatibles-nespresso\" target=\"_blank\" onclick=\"gtag('event', 'click', {'event_category' : 'Landing-2020-Tipus-Cafe', 'event_label' : 'Batalla Caf\u00e9s (nespresso) - https:\/\/tienda.cafesbatalla.com\/es\/41-compatibles-nespresso'});dataLayer.push({'event': 'Click-Compra-Tipus-Cafe-Nespresso'});fbq('track', 'Contact');\"><i class=\"fa fa-shopping-basket\" aria-hidden=\"true\"><\/i> Comprar<\/a><\/div><div class=\"meta-info-cafe tl-cafe-gra\"><a href=\"https:\/\/tienda.cafesbatalla.com\/es\/16-cafes-en-grano\" target=\"_blank\" onclick=\"gtag('event', 'click', {'event_category' : 'Landing-2020-Tipus-Cafe', 'event_label' : 'Batalla Caf\u00e9s (gra) - https:\/\/tienda.cafesbatalla.com\/es\/16-cafes-en-grano'});dataLayer.push({'event': 'Click-Compra-Tipus-Cafe-Gra'});fbq('track', 'Contact');\"><i class=\"fa fa-shopping-basket\" aria-hidden=\"true\"><\/i> Comprar<\/a><\/div><div class=\"meta-info-cafe tl-cafe-molt\"><a href=\"https:\/\/tienda.cafesbatalla.com\/es\/20-cafe-molido\" target=\"_blank\" onclick=\"gtag('event', 'click', {'event_category' : 'Landing-2020-Tipus-Cafe', 'event_label' : 'Batalla Caf\u00e9s (m\u00f2lt) - https:\/\/tienda.cafesbatalla.com\/es\/20-cafe-molido'});dataLayer.push({'event': 'Click-Compra-Tipus-Cafe-Molt'});fbq('track', 'Contact');\"><i class=\"fa fa-shopping-basket\" aria-hidden=\"true\"><\/i> Comprar<\/a><\/div><div class=\"meta-info-cafe tl-cafe-capsules\"><a href=\"https:\/\/tienda.cafesbatalla.com\/es\/22-profesionales\" target=\"_blank\" onclick=\"gtag('event', 'click', {'event_category' : 'Landing-2020-Tipus-Cafe', 'event_label' : 'Batalla Caf\u00e9s (capsules) - https:\/\/tienda.cafesbatalla.com\/es\/22-profesionales'});dataLayer.push({'event': 'Click-Compra-Tipus-Cafe-Capsules'});fbq('track', 'Contact');\"><i class=\"fa fa-shopping-basket\" aria-hidden=\"true\"><\/i> Comprar<\/a><\/div><div class=\"meta-info-cafe tl-cafe-compostables\"><a href=\"https:\/\/tienda.cafesbatalla.com\/es\/41-compatibles-nespresso\" target=\"_blank\" onclick=\"gtag('event', 'click', {'event_category' : 'Landing-2020-Tipus-Cafe', 'event_label' : 'Batalla Caf\u00e9s (compostables) - https:\/\/tienda.cafesbatalla.com\/es\/41-compatibles-nespresso'});dataLayer.push({'event': 'Click-Compra-Tipus-Cafe-Compostables'});fbq('track', 'Contact');\"><i class=\"fa fa-shopping-basket\" aria-hidden=\"true\"><\/i> Comprar<\/a><\/div><div class=\"meta-info-cafe tl-cafe-dolcegusto\"><a href=\"https:\/\/tienda.cafesbatalla.com\/es\/42-compatibles-dolce-gusto\" target=\"_blank\" onclick=\"gtag('event', 'click', {'event_category' : 'Landing-2020-Tipus-Cafe', 'event_label' : 'Batalla Caf\u00e9s (dolcegusto) - https:\/\/tienda.cafesbatalla.com\/es\/42-compatibles-dolce-gusto'});dataLayer.push({'event': 'Click-Compra-Tipus-Cafe-DolceGusto'});fbq('track', 'Contact');\"><i class=\"fa fa-shopping-basket\" aria-hidden=\"true\"><\/i> Comprar<\/a><\/div><\/div><\/div><div class=\"torrador-listCafe  mostra-tl-cafe-nespresso  mostra-tl-cafe-gra  mostra-tl-cafe-molt\"><img decoding=\"async\" src=\"https:\/\/gremicafe.cat\/wp-content\/uploads\/2018\/04\/gremicafe-logos-clients-bracafe.png\" class=\"torrador-listCafe-logo\" alt=\"Bracaf\u00e9\" title=\"Bracaf\u00e9\"><div class=\"torrador-listCafe-dades\">\r\n\t<div class=\"meta-info-cafe tl-cafe-nom\">Bracaf\u00e9<\/div><div class=\"meta-info-cafe tl-cafe-nespresso\"><a href=\"https:\/\/bracafe.com\/tiendaonline\/\" target=\"_blank\" onclick=\"gtag('event', 'click', {'event_category' : 'Landing-2020-Tipus-Cafe', 'event_label' : 'Bracaf\u00e9 (nespresso) - https:\/\/bracafe.com\/tiendaonline\/'});dataLayer.push({'event': 'Click-Compra-Tipus-Cafe-Nespresso'});fbq('track', 'Contact');\"><i class=\"fa fa-shopping-basket\" aria-hidden=\"true\"><\/i> Comprar<\/a><\/div><div class=\"meta-info-cafe tl-cafe-gra\"><a href=\"https:\/\/bracafe.com\/tiendaonline\/\" target=\"_blank\" onclick=\"gtag('event', 'click', {'event_category' : 'Landing-2020-Tipus-Cafe', 'event_label' : 'Bracaf\u00e9 (gra) - https:\/\/bracafe.com\/tiendaonline\/'});dataLayer.push({'event': 'Click-Compra-Tipus-Cafe-Gra'});fbq('track', 'Contact');\"><i class=\"fa fa-shopping-basket\" aria-hidden=\"true\"><\/i> Comprar<\/a><\/div><div class=\"meta-info-cafe tl-cafe-molt\"><a href=\"https:\/\/bracafe.com\/tiendaonline\/\" target=\"_blank\" onclick=\"gtag('event', 'click', {'event_category' : 'Landing-2020-Tipus-Cafe', 'event_label' : 'Bracaf\u00e9 (m\u00f2lt) - https:\/\/bracafe.com\/tiendaonline\/'});dataLayer.push({'event': 'Click-Compra-Tipus-Cafe-Molt'});fbq('track', 'Contact');\"><i class=\"fa fa-shopping-basket\" aria-hidden=\"true\"><\/i> Comprar<\/a><\/div><\/div><\/div><div class=\"torrador-listCafe  mostra-tl-cafe-nespresso  mostra-tl-cafe-gra  mostra-tl-cafe-molt  mostra-tl-cafe-capsules  mostra-tl-cafe-monodosis  mostra-tl-cafe-compostables\"><img decoding=\"async\" src=\"https:\/\/gremicafe.cat\/wp-content\/uploads\/2021\/02\/gremicafe-logos-clients-callis.png\" class=\"torrador-listCafe-logo\" alt=\"Caf\u00e8s Call\u00eds\" title=\"Caf\u00e9s Call\u00eds\"><div class=\"torrador-listCafe-dades\">\r\n\t<div class=\"meta-info-cafe tl-cafe-nom\">Caf\u00e9s Call\u00eds<\/div><div class=\"meta-info-cafe tl-cafe-nespresso\"><a href=\"https:\/\/cafescallis.com\/ca\/capsules-de-cafe-eco\/\" target=\"_blank\" onclick=\"gtag('event', 'click', {'event_category' : 'Landing-2020-Tipus-Cafe', 'event_label' : 'Caf\u00e8s Call\u00eds (nespresso) - https:\/\/cafescallis.com\/ca\/capsules-de-cafe-eco\/'});dataLayer.push({'event': 'Click-Compra-Tipus-Cafe-Nespresso'});fbq('track', 'Contact');\"><i class=\"fa fa-shopping-basket\" aria-hidden=\"true\"><\/i> Comprar<\/a><\/div><div class=\"meta-info-cafe tl-cafe-gra\"><a href=\"https:\/\/cafescallis.com\/ca\/botiga\/cafe-en-grok\/\" target=\"_blank\" onclick=\"gtag('event', 'click', {'event_category' : 'Landing-2020-Tipus-Cafe', 'event_label' : 'Caf\u00e8s Call\u00eds (gra) - https:\/\/cafescallis.com\/ca\/botiga\/cafe-en-grok\/'});dataLayer.push({'event': 'Click-Compra-Tipus-Cafe-Gra'});fbq('track', 'Contact');\"><i class=\"fa fa-shopping-basket\" aria-hidden=\"true\"><\/i> Comprar<\/a><\/div><div class=\"meta-info-cafe tl-cafe-molt\"><a href=\"https:\/\/cafescallis.com\/ca\/botiga\/cafe-molt-soluble\/\" target=\"_blank\" onclick=\"gtag('event', 'click', {'event_category' : 'Landing-2020-Tipus-Cafe', 'event_label' : 'Caf\u00e8s Call\u00eds (m\u00f2lt) - https:\/\/cafescallis.com\/ca\/botiga\/cafe-molt-soluble\/'});dataLayer.push({'event': 'Click-Compra-Tipus-Cafe-Molt'});fbq('track', 'Contact');\"><i class=\"fa fa-shopping-basket\" aria-hidden=\"true\"><\/i> Comprar<\/a><\/div><div class=\"meta-info-cafe tl-cafe-capsules\"><a href=\"https:\/\/cafescallis.com\/ca\/botiga\/capsules-cafe\/#cat\" target=\"_blank\" onclick=\"gtag('event', 'click', {'event_category' : 'Landing-2020-Tipus-Cafe', 'event_label' : 'Caf\u00e8s Call\u00eds (capsules) - https:\/\/cafescallis.com\/ca\/botiga\/capsules-cafe\/#cat'});dataLayer.push({'event': 'Click-Compra-Tipus-Cafe-Capsules'});fbq('track', 'Contact');\"><i class=\"fa fa-shopping-basket\" aria-hidden=\"true\"><\/i> Comprar<\/a><\/div><div class=\"meta-info-cafe tl-cafe-monodosis\"><a href=\"https:\/\/cafescallis.com\/ca\/botiga\/capsules-cafe\/monodosi-cialda\/#cat\" target=\"_blank\" onclick=\"gtag('event', 'click', {'event_category' : 'Landing-2020-Tipus-Cafe', 'event_label' : 'Caf\u00e8s Call\u00eds (monodosis) - https:\/\/cafescallis.com\/ca\/botiga\/capsules-cafe\/monodosi-cialda\/#cat'});dataLayer.push({'event': 'Click-Compra-Tipus-Cafe-Monodosis'});fbq('track', 'Contact');\"><i class=\"fa fa-shopping-basket\" aria-hidden=\"true\"><\/i> Comprar<\/a><\/div><div class=\"meta-info-cafe tl-cafe-compostables\"><a href=\"https:\/\/cafescallis.com\/ca\/capsules-de-cafe-eco\/\" target=\"_blank\" onclick=\"gtag('event', 'click', {'event_category' : 'Landing-2020-Tipus-Cafe', 'event_label' : 'Caf\u00e8s Call\u00eds (compostables) - https:\/\/cafescallis.com\/ca\/capsules-de-cafe-eco\/'});dataLayer.push({'event': 'Click-Compra-Tipus-Cafe-Compostables'});fbq('track', 'Contact');\"><i class=\"fa fa-shopping-basket\" aria-hidden=\"true\"><\/i> Comprar<\/a><\/div><\/div><\/div><div class=\"torrador-listCafe  mostra-tl-cafe-nespresso  mostra-tl-cafe-gra  mostra-tl-cafe-molt  mostra-tl-cafe-capsules  mostra-tl-cafe-monodosis  mostra-tl-cafe-compostables\"><img decoding=\"async\" src=\"https:\/\/gremicafe.cat\/wp-content\/uploads\/2018\/04\/gremicafe-logos-clients-novell.png\" class=\"torrador-listCafe-logo\" alt=\"Caf\u00e8s Novell\" title=\"Caf\u00e9s Novell\"><div class=\"torrador-listCafe-dades\">\r\n\t<div class=\"meta-info-cafe tl-cafe-nom\">Caf\u00e9s Novell<\/div><div class=\"meta-info-cafe tl-cafe-nespresso\"><a href=\"https:\/\/cafesnovell.com\/ca\/categoria-producte\/cafes-ca\/capsules-compatibles\/\" target=\"_blank\" onclick=\"gtag('event', 'click', {'event_category' : 'Landing-2020-Tipus-Cafe', 'event_label' : 'Caf\u00e8s Novell (nespresso) - https:\/\/cafesnovell.com\/ca\/categoria-producte\/cafes-ca\/capsules-compatibles\/'});dataLayer.push({'event': 'Click-Compra-Tipus-Cafe-Nespresso'});fbq('track', 'Contact');\"><i class=\"fa fa-shopping-basket\" aria-hidden=\"true\"><\/i> Comprar<\/a><\/div><div class=\"meta-info-cafe tl-cafe-gra\"><a href=\"https:\/\/cafesnovell.com\/ca\/categoria-producte\/cafes-ca\/gra\/\" target=\"_blank\" onclick=\"gtag('event', 'click', {'event_category' : 'Landing-2020-Tipus-Cafe', 'event_label' : 'Caf\u00e8s Novell (gra) - https:\/\/cafesnovell.com\/ca\/categoria-producte\/cafes-ca\/gra\/'});dataLayer.push({'event': 'Click-Compra-Tipus-Cafe-Gra'});fbq('track', 'Contact');\"><i class=\"fa fa-shopping-basket\" aria-hidden=\"true\"><\/i> Comprar<\/a><\/div><div class=\"meta-info-cafe tl-cafe-molt\"><a href=\"https:\/\/cafesnovell.com\/ca\/categoria-producte\/cafes-ca\/molt\/\" target=\"_blank\" onclick=\"gtag('event', 'click', {'event_category' : 'Landing-2020-Tipus-Cafe', 'event_label' : 'Caf\u00e8s Novell (m\u00f2lt) - https:\/\/cafesnovell.com\/ca\/categoria-producte\/cafes-ca\/molt\/'});dataLayer.push({'event': 'Click-Compra-Tipus-Cafe-Molt'});fbq('track', 'Contact');\"><i class=\"fa fa-shopping-basket\" aria-hidden=\"true\"><\/i> Comprar<\/a><\/div><div class=\"meta-info-cafe tl-cafe-capsules\"><a href=\"https:\/\/cafesnovell.com\/ca\/categoria-producte\/cafes-ca\/capsules-pro\/\" target=\"_blank\" onclick=\"gtag('event', 'click', {'event_category' : 'Landing-2020-Tipus-Cafe', 'event_label' : 'Caf\u00e8s Novell (capsules) - https:\/\/cafesnovell.com\/ca\/categoria-producte\/cafes-ca\/capsules-pro\/'});dataLayer.push({'event': 'Click-Compra-Tipus-Cafe-Capsules'});fbq('track', 'Contact');\"><i class=\"fa fa-shopping-basket\" aria-hidden=\"true\"><\/i> Comprar<\/a><\/div><div class=\"meta-info-cafe tl-cafe-monodosis\"><a href=\"https:\/\/cafesnovell.com\/ca\/categoria-producte\/cafes-ca\/monodosis-i-soluble\/\" target=\"_blank\" onclick=\"gtag('event', 'click', {'event_category' : 'Landing-2020-Tipus-Cafe', 'event_label' : 'Caf\u00e8s Novell (monodosis) - https:\/\/cafesnovell.com\/ca\/categoria-producte\/cafes-ca\/monodosis-i-soluble\/'});dataLayer.push({'event': 'Click-Compra-Tipus-Cafe-Monodosis'});fbq('track', 'Contact');\"><i class=\"fa fa-shopping-basket\" aria-hidden=\"true\"><\/i> Comprar<\/a><\/div><div class=\"meta-info-cafe tl-cafe-compostables\"><a href=\"https:\/\/cafesnovell.com\/ca\/categoria-producte\/cafes-ca\/capsules-compatibles\/\" target=\"_blank\" onclick=\"gtag('event', 'click', {'event_category' : 'Landing-2020-Tipus-Cafe', 'event_label' : 'Caf\u00e8s Novell (compostables) - https:\/\/cafesnovell.com\/ca\/categoria-producte\/cafes-ca\/capsules-compatibles\/'});dataLayer.push({'event': 'Click-Compra-Tipus-Cafe-Compostables'});fbq('track', 'Contact');\"><i class=\"fa fa-shopping-basket\" aria-hidden=\"true\"><\/i> Comprar<\/a><\/div><\/div><\/div><div class=\"torrador-listCafe  mostra-tl-cafe-nespresso  mostra-tl-cafe-gra  mostra-tl-cafe-compostables\"><img decoding=\"async\" src=\"https:\/\/gremicafe.cat\/wp-content\/uploads\/2020\/05\/gremicafe-logos-clients-coffecenter-fincafe-2.jpg\" class=\"torrador-listCafe-logo\" alt=\"Coffee Center\" title=\"Coffee Center\"><div class=\"torrador-listCafe-dades\">\r\n\t<div class=\"meta-info-cafe tl-cafe-nom\">Coffee Center<\/div><div class=\"meta-info-cafe tl-cafe-nespresso\"><a href=\"https:\/\/www.fincafe.es\/es\/27\/tienda-online.html\" target=\"_blank\" onclick=\"gtag('event', 'click', {'event_category' : 'Landing-2020-Tipus-Cafe', 'event_label' : 'Coffee Center (nespresso) - https:\/\/www.fincafe.es\/es\/27\/tienda-online.html'});dataLayer.push({'event': 'Click-Compra-Tipus-Cafe-Nespresso'});fbq('track', 'Contact');\"><i class=\"fa fa-shopping-basket\" aria-hidden=\"true\"><\/i> Comprar<\/a><\/div><div class=\"meta-info-cafe tl-cafe-gra\"><a href=\"https:\/\/www.fincafe.es\/index.php?id=27&carac%5B19%5D=166\" target=\"_blank\" onclick=\"gtag('event', 'click', {'event_category' : 'Landing-2020-Tipus-Cafe', 'event_label' : 'Coffee Center (gra) - https:\/\/www.fincafe.es\/index.php?id=27&carac%5B19%5D=166'});dataLayer.push({'event': 'Click-Compra-Tipus-Cafe-Gra'});fbq('track', 'Contact');\"><i class=\"fa fa-shopping-basket\" aria-hidden=\"true\"><\/i> Comprar<\/a><\/div><div class=\"meta-info-cafe tl-cafe-compostables\"><a href=\"https:\/\/www.fincafe.es\/es\/27\/tienda-online.html\" target=\"_blank\" onclick=\"gtag('event', 'click', {'event_category' : 'Landing-2020-Tipus-Cafe', 'event_label' : 'Coffee Center (compostables) - https:\/\/www.fincafe.es\/es\/27\/tienda-online.html'});dataLayer.push({'event': 'Click-Compra-Tipus-Cafe-Compostables'});fbq('track', 'Contact');\"><i class=\"fa fa-shopping-basket\" aria-hidden=\"true\"><\/i> Comprar<\/a><\/div><\/div><\/div><div class=\"torrador-listCafe  mostra-tl-cafe-nespresso  mostra-tl-cafe-gra  mostra-tl-cafe-molt  mostra-tl-cafe-compostables\"><img decoding=\"async\" src=\"https:\/\/gremicafe.cat\/wp-content\/uploads\/2018\/04\/gremicafe-logos-clients-tupinamba.png\" class=\"torrador-listCafe-logo\" alt=\"Tupinamba\" title=\"Tupinamba\"><div class=\"torrador-listCafe-dades\">\r\n\t<div class=\"meta-info-cafe tl-cafe-nom\">Tupinamba<\/div><div class=\"meta-info-cafe tl-cafe-nespresso\"><a href=\"https:\/\/capsulastupinamba.com\/ca\/collections\/capsulas-compostables\" target=\"_blank\" onclick=\"gtag('event', 'click', {'event_category' : 'Landing-2020-Tipus-Cafe', 'event_label' : 'Tupinamba (nespresso) - https:\/\/capsulastupinamba.com\/ca\/collections\/capsulas-compostables'});dataLayer.push({'event': 'Click-Compra-Tipus-Cafe-Nespresso'});fbq('track', 'Contact');\"><i class=\"fa fa-shopping-basket\" aria-hidden=\"true\"><\/i> Comprar<\/a><\/div><div class=\"meta-info-cafe tl-cafe-gra\"><a href=\"https:\/\/capsulastupinamba.com\/ca\/collections\/cafe-en-grano\" target=\"_blank\" onclick=\"gtag('event', 'click', {'event_category' : 'Landing-2020-Tipus-Cafe', 'event_label' : 'Tupinamba (gra) - https:\/\/capsulastupinamba.com\/ca\/collections\/cafe-en-grano'});dataLayer.push({'event': 'Click-Compra-Tipus-Cafe-Gra'});fbq('track', 'Contact');\"><i class=\"fa fa-shopping-basket\" aria-hidden=\"true\"><\/i> Comprar<\/a><\/div><div class=\"meta-info-cafe tl-cafe-molt\"><a href=\"https:\/\/capsulastupinamba.com\/ca\/collections\/cafe-molido\" target=\"_blank\" onclick=\"gtag('event', 'click', {'event_category' : 'Landing-2020-Tipus-Cafe', 'event_label' : 'Tupinamba (m\u00f2lt) - https:\/\/capsulastupinamba.com\/ca\/collections\/cafe-molido'});dataLayer.push({'event': 'Click-Compra-Tipus-Cafe-Molt'});fbq('track', 'Contact');\"><i class=\"fa fa-shopping-basket\" aria-hidden=\"true\"><\/i> Comprar<\/a><\/div><div class=\"meta-info-cafe tl-cafe-compostables\"><a href=\"https:\/\/capsulastupinamba.com\/ca\/collections\/capsulas-compostables\" target=\"_blank\" onclick=\"gtag('event', 'click', {'event_category' : 'Landing-2020-Tipus-Cafe', 'event_label' : 'Tupinamba (compostables) - https:\/\/capsulastupinamba.com\/ca\/collections\/capsulas-compostables'});dataLayer.push({'event': 'Click-Compra-Tipus-Cafe-Compostables'});fbq('track', 'Contact');\"><i class=\"fa fa-shopping-basket\" aria-hidden=\"true\"><\/i> Comprar<\/a><\/div><\/div><\/div><div class=\"torrador-listCafe  mostra-tl-cafe-nespresso  mostra-tl-cafe-gra  mostra-tl-cafe-molt\"><img decoding=\"async\" src=\"https:\/\/gremicafe.cat\/wp-content\/uploads\/2018\/04\/roma.png\" class=\"torrador-listCafe-logo\" alt=\"Caf\u00e8s Roma\" title=\"Caf\u00e9s Roma\"><div class=\"torrador-listCafe-dades\">\r\n\t<div class=\"meta-info-cafe tl-cafe-nom\">Caf\u00e9s Roma<\/div><div class=\"meta-info-cafe tl-cafe-nespresso\"><a href=\"https:\/\/cafesroma.com\/categoria-producto\/cafe-capsulas\/\" target=\"_blank\" onclick=\"gtag('event', 'click', {'event_category' : 'Landing-2020-Tipus-Cafe', 'event_label' : 'Caf\u00e8s Roma (nespresso) - https:\/\/cafesroma.com\/categoria-producto\/cafe-capsulas\/'});dataLayer.push({'event': 'Click-Compra-Tipus-Cafe-Nespresso'});fbq('track', 'Contact');\"><i class=\"fa fa-shopping-basket\" aria-hidden=\"true\"><\/i> Comprar<\/a><\/div><div class=\"meta-info-cafe tl-cafe-gra\"><a href=\"https:\/\/cafesroma.com\/categoria-producto\/cafe\/\" target=\"_blank\" onclick=\"gtag('event', 'click', {'event_category' : 'Landing-2020-Tipus-Cafe', 'event_label' : 'Caf\u00e8s Roma (gra) - https:\/\/cafesroma.com\/categoria-producto\/cafe\/'});dataLayer.push({'event': 'Click-Compra-Tipus-Cafe-Gra'});fbq('track', 'Contact');\"><i class=\"fa fa-shopping-basket\" aria-hidden=\"true\"><\/i> Comprar<\/a><\/div><div class=\"meta-info-cafe tl-cafe-molt\"><a href=\"https:\/\/cafesroma.com\/categoria-producto\/cafe\/\" target=\"_blank\" onclick=\"gtag('event', 'click', {'event_category' : 'Landing-2020-Tipus-Cafe', 'event_label' : 'Caf\u00e8s Roma (m\u00f2lt) - https:\/\/cafesroma.com\/categoria-producto\/cafe\/'});dataLayer.push({'event': 'Click-Compra-Tipus-Cafe-Molt'});fbq('track', 'Contact');\"><i class=\"fa fa-shopping-basket\" aria-hidden=\"true\"><\/i> Comprar<\/a><\/div><\/div><\/div><div class=\"torrador-listCafe  mostra-tl-cafe-nespresso  mostra-tl-cafe-gra  mostra-tl-cafe-molt  mostra-tl-cafe-compostables\"><img decoding=\"async\" src=\"https:\/\/gremicafe.cat\/wp-content\/uploads\/2023\/04\/gremicafe-logos-clients-qualityblends_2.jpg\" class=\"torrador-listCafe-logo\" alt=\"Quality Blends\" title=\"Quality Blends\"><div class=\"torrador-listCafe-dades\">\r\n\t<div class=\"meta-info-cafe tl-cafe-nom\">Quality Blends<\/div><div class=\"meta-info-cafe tl-cafe-nespresso\"><a href=\"https:\/\/qualityblends.coffee\/collections\/capsulas\" target=\"_blank\" onclick=\"gtag('event', 'click', {'event_category' : 'Landing-2020-Tipus-Cafe', 'event_label' : 'Quality Blends (nespresso) - https:\/\/qualityblends.coffee\/collections\/capsulas'});dataLayer.push({'event': 'Click-Compra-Tipus-Cafe-Nespresso'});fbq('track', 'Contact');\"><i class=\"fa fa-shopping-basket\" aria-hidden=\"true\"><\/i> Comprar<\/a><\/div><div class=\"meta-info-cafe tl-cafe-gra\"><a href=\"https:\/\/qualityblends.coffee\/collections\/cafe-de-especialidad-1\" target=\"_blank\" onclick=\"gtag('event', 'click', {'event_category' : 'Landing-2020-Tipus-Cafe', 'event_label' : 'Quality Blends (gra) - https:\/\/qualityblends.coffee\/collections\/cafe-de-especialidad-1'});dataLayer.push({'event': 'Click-Compra-Tipus-Cafe-Gra'});fbq('track', 'Contact');\"><i class=\"fa fa-shopping-basket\" aria-hidden=\"true\"><\/i> Comprar<\/a><\/div><div class=\"meta-info-cafe tl-cafe-molt\"><a href=\"https:\/\/qualityblends.coffee\/collections\/cafe-de-especialidad-1\" target=\"_blank\" onclick=\"gtag('event', 'click', {'event_category' : 'Landing-2020-Tipus-Cafe', 'event_label' : 'Quality Blends (m\u00f2lt) - https:\/\/qualityblends.coffee\/collections\/cafe-de-especialidad-1'});dataLayer.push({'event': 'Click-Compra-Tipus-Cafe-Molt'});fbq('track', 'Contact');\"><i class=\"fa fa-shopping-basket\" aria-hidden=\"true\"><\/i> Comprar<\/a><\/div><div class=\"meta-info-cafe tl-cafe-compostables\"><a href=\"https:\/\/qualityblends.coffee\/collections\/capsulas\" target=\"_blank\" onclick=\"gtag('event', 'click', {'event_category' : 'Landing-2020-Tipus-Cafe', 'event_label' : 'Quality Blends (compostables) - https:\/\/qualityblends.coffee\/collections\/capsulas'});dataLayer.push({'event': 'Click-Compra-Tipus-Cafe-Compostables'});fbq('track', 'Contact');\"><i class=\"fa fa-shopping-basket\" aria-hidden=\"true\"><\/i> Comprar<\/a><\/div><\/div><\/div><div class=\"torrador-listCafe  mostra-tl-cafe-nespresso  mostra-tl-cafe-gra  mostra-tl-cafe-molt  mostra-tl-cafe-capsules\"><img decoding=\"async\" src=\"https:\/\/gremicafe.cat\/wp-content\/uploads\/2018\/04\/gremicafe-logos-clients-bou.png\" class=\"torrador-listCafe-logo\" alt=\"BOU caf\u00e9\" title=\"BUEY caf\u00e9\"><div class=\"torrador-listCafe-dades\">\r\n\t<div class=\"meta-info-cafe tl-cafe-nom\">BUEY caf\u00e9<\/div><div class=\"meta-info-cafe tl-cafe-nespresso\"><a href=\"https:\/\/shop.cafesbou.com\/collections\/capsulas-compatibles-cafes-bou\" target=\"_blank\" onclick=\"gtag('event', 'click', {'event_category' : 'Landing-2020-Tipus-Cafe', 'event_label' : 'BOU caf\u00e9 (nespresso) - https:\/\/shop.cafesbou.com\/collections\/capsulas-compatibles-cafes-bou'});dataLayer.push({'event': 'Click-Compra-Tipus-Cafe-Nespresso'});fbq('track', 'Contact');\"><i class=\"fa fa-shopping-basket\" aria-hidden=\"true\"><\/i> Comprar<\/a><\/div><div class=\"meta-info-cafe tl-cafe-gra\"><a href=\"https:\/\/shop.cafesbou.com\/collections\/cafe-en-grano-bou\" target=\"_blank\" onclick=\"gtag('event', 'click', {'event_category' : 'Landing-2020-Tipus-Cafe', 'event_label' : 'BOU caf\u00e9 (gra) - https:\/\/shop.cafesbou.com\/collections\/cafe-en-grano-bou'});dataLayer.push({'event': 'Click-Compra-Tipus-Cafe-Gra'});fbq('track', 'Contact');\"><i class=\"fa fa-shopping-basket\" aria-hidden=\"true\"><\/i> Comprar<\/a><\/div><div class=\"meta-info-cafe tl-cafe-molt\"><a href=\"https:\/\/shop.cafesbou.com\/collections\/cafe-molido-bou\" target=\"_blank\" onclick=\"gtag('event', 'click', {'event_category' : 'Landing-2020-Tipus-Cafe', 'event_label' : 'BOU caf\u00e9 (m\u00f2lt) - https:\/\/shop.cafesbou.com\/collections\/cafe-molido-bou'});dataLayer.push({'event': 'Click-Compra-Tipus-Cafe-Molt'});fbq('track', 'Contact');\"><i class=\"fa fa-shopping-basket\" aria-hidden=\"true\"><\/i> Comprar<\/a><\/div><div class=\"meta-info-cafe tl-cafe-capsules\"><a href=\"https:\/\/shop.cafesbou.com\/collections\/capsulas-life-compatible-a-modo-mio\" target=\"_blank\" onclick=\"gtag('event', 'click', {'event_category' : 'Landing-2020-Tipus-Cafe', 'event_label' : 'BOU caf\u00e9 (capsules) - https:\/\/shop.cafesbou.com\/collections\/capsulas-life-compatible-a-modo-mio'});dataLayer.push({'event': 'Click-Compra-Tipus-Cafe-Capsules'});fbq('track', 'Contact');\"><i class=\"fa fa-shopping-basket\" aria-hidden=\"true\"><\/i> Comprar<\/a><\/div><\/div><\/div><div class=\"torrador-listCafe  mostra-tl-cafe-nespresso  mostra-tl-cafe-gra  mostra-tl-cafe-molt  mostra-tl-cafe-monodosis  mostra-tl-cafe-compostables\"><img decoding=\"async\" src=\"https:\/\/gremicafe.cat\/wp-content\/uploads\/2018\/04\/gremicafe-logos-clients-delsams.png\" class=\"torrador-listCafe-logo\" alt=\"Caf\u00e8s Delsams\" title=\"Caf\u00e9s Delsams\"><div class=\"torrador-listCafe-dades\">\r\n\t<div class=\"meta-info-cafe tl-cafe-nom\">Caf\u00e9s Delsams<\/div><div class=\"meta-info-cafe tl-cafe-nespresso\"><a href=\"https:\/\/shopcafes.com\/ca\/36-capsules-de-cafe-eco-compostables\" target=\"_blank\" onclick=\"gtag('event', 'click', {'event_category' : 'Landing-2020-Tipus-Cafe', 'event_label' : 'Caf\u00e8s Delsams (nespresso) - https:\/\/shopcafes.com\/ca\/36-capsules-de-cafe-eco-compostables'});dataLayer.push({'event': 'Click-Compra-Tipus-Cafe-Nespresso'});fbq('track', 'Contact');\"><i class=\"fa fa-shopping-basket\" aria-hidden=\"true\"><\/i> Comprar<\/a><\/div><div class=\"meta-info-cafe tl-cafe-gra\"><a href=\"https:\/\/shopcafes.com\/ca\/37-cafe-en-gra-o-molt\" target=\"_blank\" onclick=\"gtag('event', 'click', {'event_category' : 'Landing-2020-Tipus-Cafe', 'event_label' : 'Caf\u00e8s Delsams (gra) - https:\/\/shopcafes.com\/ca\/37-cafe-en-gra-o-molt'});dataLayer.push({'event': 'Click-Compra-Tipus-Cafe-Gra'});fbq('track', 'Contact');\"><i class=\"fa fa-shopping-basket\" aria-hidden=\"true\"><\/i> Comprar<\/a><\/div><div class=\"meta-info-cafe tl-cafe-molt\"><a href=\"https:\/\/shopcafes.com\/ca\/37-cafe-en-gra-o-molt\" target=\"_blank\" onclick=\"gtag('event', 'click', {'event_category' : 'Landing-2020-Tipus-Cafe', 'event_label' : 'Caf\u00e8s Delsams (m\u00f2lt) - https:\/\/shopcafes.com\/ca\/37-cafe-en-gra-o-molt'});dataLayer.push({'event': 'Click-Compra-Tipus-Cafe-Molt'});fbq('track', 'Contact');\"><i class=\"fa fa-shopping-basket\" aria-hidden=\"true\"><\/i> Comprar<\/a><\/div><div class=\"meta-info-cafe tl-cafe-monodosis\"><a href=\"https:\/\/shopcafes.com\/ca\/25-cafe-monodosis\" target=\"_blank\" onclick=\"gtag('event', 'click', {'event_category' : 'Landing-2020-Tipus-Cafe', 'event_label' : 'Caf\u00e8s Delsams (monodosis) - https:\/\/shopcafes.com\/ca\/25-cafe-monodosis'});dataLayer.push({'event': 'Click-Compra-Tipus-Cafe-Monodosis'});fbq('track', 'Contact');\"><i class=\"fa fa-shopping-basket\" aria-hidden=\"true\"><\/i> Comprar<\/a><\/div><div class=\"meta-info-cafe tl-cafe-compostables\"><a href=\"https:\/\/shopcafes.com\/ca\/36-capsules-eco\" target=\"_blank\" onclick=\"gtag('event', 'click', {'event_category' : 'Landing-2020-Tipus-Cafe', 'event_label' : 'Caf\u00e8s Delsams (compostables) - https:\/\/shopcafes.com\/ca\/36-capsules-eco'});dataLayer.push({'event': 'Click-Compra-Tipus-Cafe-Compostables'});fbq('track', 'Contact');\"><i class=\"fa fa-shopping-basket\" aria-hidden=\"true\"><\/i> Comprar<\/a><\/div><\/div><\/div><div class=\"torrador-listCafe  mostra-tl-cafe-nespresso  mostra-tl-cafe-gra  mostra-tl-cafe-molt  mostra-tl-cafe-monodosis  mostra-tl-cafe-compostables\"><img decoding=\"async\" src=\"https:\/\/gremicafe.cat\/wp-content\/uploads\/2023\/02\/gremicafe-logos-clients-dibarcafe-nou.png\" class=\"torrador-listCafe-logo\" alt=\"Dibarcafe\" title=\"Dibarcafe\"><div class=\"torrador-listCafe-dades\">\r\n\t<div class=\"meta-info-cafe tl-cafe-nom\">Dibarcafe<\/div><div class=\"meta-info-cafe tl-cafe-nespresso\"><a href=\"https:\/\/www.dibarcafe.com\/categoria-producto\/cafe\/\" target=\"_blank\" onclick=\"gtag('event', 'click', {'event_category' : 'Landing-2020-Tipus-Cafe', 'event_label' : 'Dibarcafe (nespresso) - https:\/\/www.dibarcafe.com\/categoria-producto\/cafe\/'});dataLayer.push({'event': 'Click-Compra-Tipus-Cafe-Nespresso'});fbq('track', 'Contact');\"><i class=\"fa fa-shopping-basket\" aria-hidden=\"true\"><\/i> Comprar<\/a><\/div><div class=\"meta-info-cafe tl-cafe-gra\"><a href=\"https:\/\/www.dibarcafe.com\/categoria-producto\/cafe\/\" target=\"_blank\" onclick=\"gtag('event', 'click', {'event_category' : 'Landing-2020-Tipus-Cafe', 'event_label' : 'Dibarcafe (gra) - https:\/\/www.dibarcafe.com\/categoria-producto\/cafe\/'});dataLayer.push({'event': 'Click-Compra-Tipus-Cafe-Gra'});fbq('track', 'Contact');\"><i class=\"fa fa-shopping-basket\" aria-hidden=\"true\"><\/i> Comprar<\/a><\/div><div class=\"meta-info-cafe tl-cafe-molt\"><a href=\"https:\/\/www.dibarcafe.com\/categoria-producto\/cafe\/\" target=\"_blank\" onclick=\"gtag('event', 'click', {'event_category' : 'Landing-2020-Tipus-Cafe', 'event_label' : 'Dibarcafe (m\u00f2lt) - https:\/\/www.dibarcafe.com\/categoria-producto\/cafe\/'});dataLayer.push({'event': 'Click-Compra-Tipus-Cafe-Molt'});fbq('track', 'Contact');\"><i class=\"fa fa-shopping-basket\" aria-hidden=\"true\"><\/i> Comprar<\/a><\/div><div class=\"meta-info-cafe tl-cafe-monodosis\"><a href=\"https:\/\/www.dibarcafe.com\/categoria-producto\/cafe\/\" target=\"_blank\" onclick=\"gtag('event', 'click', {'event_category' : 'Landing-2020-Tipus-Cafe', 'event_label' : 'Dibarcafe (monodosis) - https:\/\/www.dibarcafe.com\/categoria-producto\/cafe\/'});dataLayer.push({'event': 'Click-Compra-Tipus-Cafe-Monodosis'});fbq('track', 'Contact');\"><i class=\"fa fa-shopping-basket\" aria-hidden=\"true\"><\/i> Comprar<\/a><\/div><div class=\"meta-info-cafe tl-cafe-compostables\"><a href=\"https:\/\/www.dibarcafe.com\/categoria-producto\/cafe\/\" target=\"_blank\" onclick=\"gtag('event', 'click', {'event_category' : 'Landing-2020-Tipus-Cafe', 'event_label' : 'Dibarcafe (compostables) - https:\/\/www.dibarcafe.com\/categoria-producto\/cafe\/'});dataLayer.push({'event': 'Click-Compra-Tipus-Cafe-Compostables'});fbq('track', 'Contact');\"><i class=\"fa fa-shopping-basket\" aria-hidden=\"true\"><\/i> Comprar<\/a><\/div><\/div><\/div><div class=\"torrador-listCafe  mostra-tl-cafe-gra  mostra-tl-cafe-molt\"><img decoding=\"async\" src=\"https:\/\/gremicafe.cat\/wp-content\/uploads\/2018\/04\/gremicafe-logos-clients-pont.png\" class=\"torrador-listCafe-logo\" alt=\"Pont Coffee Experts\" title=\"Puente Coffee Experts\"><div class=\"torrador-listCafe-dades\">\r\n\t<div class=\"meta-info-cafe tl-cafe-nom\">Puente Coffee Experts<\/div><div class=\"meta-info-cafe tl-cafe-gra\"><a href=\"https:\/\/cafespont.com\/tienda\/?_sft_product_cat=cafe-en-grano\" target=\"_blank\" onclick=\"gtag('event', 'click', {'event_category' : 'Landing-2020-Tipus-Cafe', 'event_label' : 'Pont Coffee Experts (gra) - https:\/\/cafespont.com\/tienda\/?_sft_product_cat=cafe-en-grano'});dataLayer.push({'event': 'Click-Compra-Tipus-Cafe-Gra'});fbq('track', 'Contact');\"><i class=\"fa fa-shopping-basket\" aria-hidden=\"true\"><\/i> Comprar<\/a><\/div><div class=\"meta-info-cafe tl-cafe-molt\"><a href=\"https:\/\/cafespont.com\/tienda\/?_sft_product_cat=cafe-molido\" target=\"_blank\" onclick=\"gtag('event', 'click', {'event_category' : 'Landing-2020-Tipus-Cafe', 'event_label' : 'Pont Coffee Experts (m\u00f2lt) - https:\/\/cafespont.com\/tienda\/?_sft_product_cat=cafe-molido'});dataLayer.push({'event': 'Click-Compra-Tipus-Cafe-Molt'});fbq('track', 'Contact');\"><i class=\"fa fa-shopping-basket\" aria-hidden=\"true\"><\/i> Comprar<\/a><\/div><\/div><\/div><div class=\"torrador-listCafe  mostra-tl-cafe-nespresso  mostra-tl-cafe-gra  mostra-tl-cafe-capsules  mostra-tl-cafe-monodosis\"><img decoding=\"async\" src=\"https:\/\/gremicafe.cat\/wp-content\/uploads\/2018\/04\/gremicafe-logos-clients-sam.png\" class=\"torrador-listCafe-logo\" alt=\"Caf\u00e9s Mama Same\" title=\"Caf\u00e9s Mama Same\"><div class=\"torrador-listCafe-dades\">\r\n\t<div class=\"meta-info-cafe tl-cafe-nom\">Caf\u00e9s Mama Same<\/div><div class=\"meta-info-cafe tl-cafe-nespresso\"><a href=\"https:\/\/shop.cafesmamasame.com\/collections\/cafe-en-capsula\/capsula-compatible-nespresso\" target=\"_blank\" onclick=\"gtag('event', 'click', {'event_category' : 'Landing-2020-Tipus-Cafe', 'event_label' : 'Caf\u00e9s Mama Same (nespresso) - https:\/\/shop.cafesmamasame.com\/collections\/cafe-en-capsula\/capsula-compatible-nespresso'});dataLayer.push({'event': 'Click-Compra-Tipus-Cafe-Nespresso'});fbq('track', 'Contact');\"><i class=\"fa fa-shopping-basket\" aria-hidden=\"true\"><\/i> Comprar<\/a><\/div><div class=\"meta-info-cafe tl-cafe-gra\"><a href=\"https:\/\/shop.cafesmamasame.com\/collections\/cafe-en-grano\" target=\"_blank\" onclick=\"gtag('event', 'click', {'event_category' : 'Landing-2020-Tipus-Cafe', 'event_label' : 'Caf\u00e9s Mama Same (gra) - https:\/\/shop.cafesmamasame.com\/collections\/cafe-en-grano'});dataLayer.push({'event': 'Click-Compra-Tipus-Cafe-Gra'});fbq('track', 'Contact');\"><i class=\"fa fa-shopping-basket\" aria-hidden=\"true\"><\/i> Comprar<\/a><\/div><div class=\"meta-info-cafe tl-cafe-capsules\"><a href=\"https:\/\/www.cafesmamasame.com\/capsulas-espresso-point\" target=\"_blank\" onclick=\"gtag('event', 'click', {'event_category' : 'Landing-2020-Tipus-Cafe', 'event_label' : 'Caf\u00e9s Mama Same (capsules) - https:\/\/www.cafesmamasame.com\/capsulas-espresso-point'});dataLayer.push({'event': 'Click-Compra-Tipus-Cafe-Capsules'});fbq('track', 'Contact');\"><i class=\"fa fa-shopping-basket\" aria-hidden=\"true\"><\/i> Comprar<\/a><\/div><div class=\"meta-info-cafe tl-cafe-monodosis\"><a href=\"https:\/\/shop.cafesmamasame.com\/collections\/cafe-en-capsula\/capsula-monodosis\" target=\"_blank\" onclick=\"gtag('event', 'click', {'event_category' : 'Landing-2020-Tipus-Cafe', 'event_label' : 'Caf\u00e9s Mama Same (monodosis) - https:\/\/shop.cafesmamasame.com\/collections\/cafe-en-capsula\/capsula-monodosis'});dataLayer.push({'event': 'Click-Compra-Tipus-Cafe-Monodosis'});fbq('track', 'Contact');\"><i class=\"fa fa-shopping-basket\" aria-hidden=\"true\"><\/i> Comprar<\/a><\/div><\/div><\/div><div class=\"torrador-listCafe  mostra-tl-cafe-nespresso  mostra-tl-cafe-gra  mostra-tl-cafe-molt  mostra-tl-cafe-compostables\"><img decoding=\"async\" src=\"https:\/\/gremicafe.cat\/wp-content\/uploads\/2020\/06\/gremicafe-logos-clients-ros-B.png\" class=\"torrador-listCafe-logo\" alt=\"Caf\u00e8s Ros\" title=\"Caf\u00e9s Ros\"><div class=\"torrador-listCafe-dades\">\r\n\t<div class=\"meta-info-cafe tl-cafe-nom\">Caf\u00e9s Ros<\/div><div class=\"meta-info-cafe tl-cafe-nespresso\"><a href=\"https:\/\/cafesros.com\/capsulas\/\" target=\"_blank\" onclick=\"gtag('event', 'click', {'event_category' : 'Landing-2020-Tipus-Cafe', 'event_label' : 'Caf\u00e8s Ros (nespresso) - https:\/\/cafesros.com\/capsulas\/'});dataLayer.push({'event': 'Click-Compra-Tipus-Cafe-Nespresso'});fbq('track', 'Contact');\"><i class=\"fa fa-shopping-basket\" aria-hidden=\"true\"><\/i> Comprar<\/a><\/div><div class=\"meta-info-cafe tl-cafe-gra\"><a href=\"https:\/\/cafesros.com\/cafe\/\" target=\"_blank\" onclick=\"gtag('event', 'click', {'event_category' : 'Landing-2020-Tipus-Cafe', 'event_label' : 'Caf\u00e8s Ros (gra) - https:\/\/cafesros.com\/cafe\/'});dataLayer.push({'event': 'Click-Compra-Tipus-Cafe-Gra'});fbq('track', 'Contact');\"><i class=\"fa fa-shopping-basket\" aria-hidden=\"true\"><\/i> Comprar<\/a><\/div><div class=\"meta-info-cafe tl-cafe-molt\"><a href=\"https:\/\/cafesros.com\/cafe\/\" target=\"_blank\" onclick=\"gtag('event', 'click', {'event_category' : 'Landing-2020-Tipus-Cafe', 'event_label' : 'Caf\u00e8s Ros (m\u00f2lt) - https:\/\/cafesros.com\/cafe\/'});dataLayer.push({'event': 'Click-Compra-Tipus-Cafe-Molt'});fbq('track', 'Contact');\"><i class=\"fa fa-shopping-basket\" aria-hidden=\"true\"><\/i> Comprar<\/a><\/div><div class=\"meta-info-cafe tl-cafe-compostables\"><a href=\"https:\/\/cafesros.com\/capsulas\/\" target=\"_blank\" onclick=\"gtag('event', 'click', {'event_category' : 'Landing-2020-Tipus-Cafe', 'event_label' : 'Caf\u00e8s Ros (compostables) - https:\/\/cafesros.com\/capsulas\/'});dataLayer.push({'event': 'Click-Compra-Tipus-Cafe-Compostables'});fbq('track', 'Contact');\"><i class=\"fa fa-shopping-basket\" aria-hidden=\"true\"><\/i> Comprar<\/a><\/div><\/div><\/div><div class=\"torrador-listCafe  mostra-tl-cafe-nespresso  mostra-tl-cafe-gra  mostra-tl-cafe-molt  mostra-tl-cafe-capsules  mostra-tl-cafe-compostables\"><img decoding=\"async\" src=\"https:\/\/gremicafe.cat\/wp-content\/uploads\/2018\/04\/gremicafe-logos-clients-saula.png\" class=\"torrador-listCafe-logo\" alt=\"Caf\u00e9 SAULA\" title=\"Caf\u00e9 SAULA\"><div class=\"torrador-listCafe-dades\">\r\n\t<div class=\"meta-info-cafe tl-cafe-nom\">Caf\u00e9 SAULA<\/div><div class=\"meta-info-cafe tl-cafe-nespresso\"><a href=\"https:\/\/www.cafesaula.com\/store\/es\/8-cafe-en-capsulas\" target=\"_blank\" onclick=\"gtag('event', 'click', {'event_category' : 'Landing-2020-Tipus-Cafe', 'event_label' : 'Caf\u00e9 SAULA (nespresso) - https:\/\/www.cafesaula.com\/store\/es\/8-cafe-en-capsulas'});dataLayer.push({'event': 'Click-Compra-Tipus-Cafe-Nespresso'});fbq('track', 'Contact');\"><i class=\"fa fa-shopping-basket\" aria-hidden=\"true\"><\/i> Comprar<\/a><\/div><div class=\"meta-info-cafe tl-cafe-gra\"><a href=\"https:\/\/www.cafesaula.com\/store\/es\/7-cafe-en-grano\" target=\"_blank\" onclick=\"gtag('event', 'click', {'event_category' : 'Landing-2020-Tipus-Cafe', 'event_label' : 'Caf\u00e9 SAULA (gra) - https:\/\/www.cafesaula.com\/store\/es\/7-cafe-en-grano'});dataLayer.push({'event': 'Click-Compra-Tipus-Cafe-Gra'});fbq('track', 'Contact');\"><i class=\"fa fa-shopping-basket\" aria-hidden=\"true\"><\/i> Comprar<\/a><\/div><div class=\"meta-info-cafe tl-cafe-molt\"><a href=\"https:\/\/www.cafesaula.com\/store\/es\/6-cafe-molido\" target=\"_blank\" onclick=\"gtag('event', 'click', {'event_category' : 'Landing-2020-Tipus-Cafe', 'event_label' : 'Caf\u00e9 SAULA (m\u00f2lt) - https:\/\/www.cafesaula.com\/store\/es\/6-cafe-molido'});dataLayer.push({'event': 'Click-Compra-Tipus-Cafe-Molt'});fbq('track', 'Contact');\"><i class=\"fa fa-shopping-basket\" aria-hidden=\"true\"><\/i> Comprar<\/a><\/div><div class=\"meta-info-cafe tl-cafe-capsules\"><a href=\"https:\/\/www.cafesaula.com\/store\/es\/8-cafe-en-capsulas\" target=\"_blank\" onclick=\"gtag('event', 'click', {'event_category' : 'Landing-2020-Tipus-Cafe', 'event_label' : 'Caf\u00e9 SAULA (capsules) - https:\/\/www.cafesaula.com\/store\/es\/8-cafe-en-capsulas'});dataLayer.push({'event': 'Click-Compra-Tipus-Cafe-Capsules'});fbq('track', 'Contact');\"><i class=\"fa fa-shopping-basket\" aria-hidden=\"true\"><\/i> Comprar<\/a><\/div><div class=\"meta-info-cafe tl-cafe-compostables\"><a href=\"https:\/\/www.cafesaula.com\/store\/es\/8-cafe-en-capsulas\" target=\"_blank\" onclick=\"gtag('event', 'click', {'event_category' : 'Landing-2020-Tipus-Cafe', 'event_label' : 'Caf\u00e9 SAULA (compostables) - https:\/\/www.cafesaula.com\/store\/es\/8-cafe-en-capsulas'});dataLayer.push({'event': 'Click-Compra-Tipus-Cafe-Compostables'});fbq('track', 'Contact');\"><i class=\"fa fa-shopping-basket\" aria-hidden=\"true\"><\/i> Comprar<\/a><\/div><\/div><\/div><div class=\"torrador-listCafe  mostra-tl-cafe-gra  mostra-tl-cafe-molt\"><img decoding=\"async\" src=\"https:\/\/gremicafe.cat\/wp-content\/uploads\/2024\/04\/gremicafe-logos-clients-ciano-nou.png\" class=\"torrador-listCafe-logo\" alt=\"Ciano Coffee Roasters\" title=\"Ciano Coffee Roasters\"><div class=\"torrador-listCafe-dades\">\r\n\t<div class=\"meta-info-cafe tl-cafe-nom\">Ciano Coffee Roasters<\/div><div class=\"meta-info-cafe tl-cafe-gra\"><a href=\"https:\/\/www.ciano.coffee\/collections\/cafe\" target=\"_blank\" onclick=\"gtag('event', 'click', {'event_category' : 'Landing-2020-Tipus-Cafe', 'event_label' : 'Ciano Coffee Roasters (gra) - https:\/\/www.ciano.coffee\/collections\/cafe'});dataLayer.push({'event': 'Click-Compra-Tipus-Cafe-Gra'});fbq('track', 'Contact');\"><i class=\"fa fa-shopping-basket\" aria-hidden=\"true\"><\/i> Comprar<\/a><\/div><div class=\"meta-info-cafe tl-cafe-molt\"><a href=\"https:\/\/www.ciano.coffee\/collections\/cafe\" target=\"_blank\" onclick=\"gtag('event', 'click', {'event_category' : 'Landing-2020-Tipus-Cafe', 'event_label' : 'Ciano Coffee Roasters (m\u00f2lt) - https:\/\/www.ciano.coffee\/collections\/cafe'});dataLayer.push({'event': 'Click-Compra-Tipus-Cafe-Molt'});fbq('track', 'Contact');\"><i class=\"fa fa-shopping-basket\" aria-hidden=\"true\"><\/i> Comprar<\/a><\/div><\/div><\/div><div class=\"torrador-listCafe  mostra-tl-cafe-nespresso  mostra-tl-cafe-gra  mostra-tl-cafe-molt  mostra-tl-cafe-monodosis  mostra-tl-cafe-compostables\"><img decoding=\"async\" src=\"https:\/\/gremicafe.cat\/wp-content\/uploads\/2018\/04\/gremicafe-logos-clients-gener.png\" class=\"torrador-listCafe-logo\" alt=\"Caf\u00e8s Gener\" title=\"Caf\u00e9s Enero\"><div class=\"torrador-listCafe-dades\">\r\n\t<div class=\"meta-info-cafe tl-cafe-nom\">Caf\u00e9s Enero<\/div><div class=\"meta-info-cafe tl-cafe-nespresso\"><a href=\"http:\/\/www.cafesgener.com\/\" target=\"_blank\" onclick=\"gtag('event', 'click', {'event_category' : 'Landing-2020-Tipus-Cafe', 'event_label' : 'Caf\u00e8s Gener (nespresso) - http:\/\/www.cafesgener.com\/'});dataLayer.push({'event': 'Click-Compra-Tipus-Cafe-Nespresso'});fbq('track', 'Contact');\"><i class=\"fa fa-shopping-basket\" aria-hidden=\"true\"><\/i> Comprar<\/a><\/div><div class=\"meta-info-cafe tl-cafe-gra\"><a href=\"http:\/\/www.cafesgener.com\/\" target=\"_blank\" onclick=\"gtag('event', 'click', {'event_category' : 'Landing-2020-Tipus-Cafe', 'event_label' : 'Caf\u00e8s Gener (gra) - http:\/\/www.cafesgener.com\/'});dataLayer.push({'event': 'Click-Compra-Tipus-Cafe-Gra'});fbq('track', 'Contact');\"><i class=\"fa fa-shopping-basket\" aria-hidden=\"true\"><\/i> Comprar<\/a><\/div><div class=\"meta-info-cafe tl-cafe-molt\"><a href=\"http:\/\/www.cafesgener.com\/\" target=\"_blank\" onclick=\"gtag('event', 'click', {'event_category' : 'Landing-2020-Tipus-Cafe', 'event_label' : 'Caf\u00e8s Gener (m\u00f2lt) - http:\/\/www.cafesgener.com\/'});dataLayer.push({'event': 'Click-Compra-Tipus-Cafe-Molt'});fbq('track', 'Contact');\"><i class=\"fa fa-shopping-basket\" aria-hidden=\"true\"><\/i> Comprar<\/a><\/div><div class=\"meta-info-cafe tl-cafe-monodosis\"><a href=\"http:\/\/www.cafesgener.com\/\" target=\"_blank\" onclick=\"gtag('event', 'click', {'event_category' : 'Landing-2020-Tipus-Cafe', 'event_label' : 'Caf\u00e8s Gener (monodosis) - http:\/\/www.cafesgener.com\/'});dataLayer.push({'event': 'Click-Compra-Tipus-Cafe-Monodosis'});fbq('track', 'Contact');\"><i class=\"fa fa-shopping-basket\" aria-hidden=\"true\"><\/i> Comprar<\/a><\/div><div class=\"meta-info-cafe tl-cafe-compostables\"><a href=\"http:\/\/www.cafesgener.com\/\" target=\"_blank\" onclick=\"gtag('event', 'click', {'event_category' : 'Landing-2020-Tipus-Cafe', 'event_label' : 'Caf\u00e8s Gener (compostables) - http:\/\/www.cafesgener.com\/'});dataLayer.push({'event': 'Click-Compra-Tipus-Cafe-Compostables'});fbq('track', 'Contact');\"><i class=\"fa fa-shopping-basket\" aria-hidden=\"true\"><\/i> Comprar<\/a><\/div><\/div><\/div>\r\n\t\r\n\r\n<p>*Marcas no relacionadas con las empresas del Gremio del Caf\u00e9 Torradors de Catalunya.<\/p>\r\n\r\n<script>\r\n\/\/ Fa que el logo de cada torrador sigui clicable i redirigeixi al mateix enlla\u00e7\r\n\/\/ que el bot\u00f3 \"Comprar\" visible segons el tipus de caf\u00e8 seleccionat.\r\n\r\njQuery(document).ready(function($){\r\n\r\n\t$('.torrador-listCafe-logo').on('click', function(){\r\n\t\tvar $card = $(this).closest('.torrador-listCafe');\r\n\t\tvar $linkVisible = $card.find('.meta-info-cafe.mostra a').first();\r\n\r\n\t\tif ($linkVisible.length) {\r\n\t\t\twindow.open($linkVisible.attr('href'), '_blank');\r\n\t\t}\r\n\t});\r\n\r\n});\r\n<\/script>\r\n\r\n<style>\r\n\r\n\t@font-face {\r\n  font-family: SignPainter;\r\n  src: url('\/wp-fonts\/SignPainter.ttc');\r\n}\r\n\r\n@font-face {\r\n    font-family: Bartender;\r\n    src: url('\/wp-fonts\/Bartender-SemiCondensedSans.otf');\r\n}\r\n\r\nspan.num_flotant {\r\n\r\n    font-size: 3em;\r\n    opacity: 0.25;\r\n    font-family:Bartender!important;\r\n}\r\n\r\n\r\n#cafe-points li {\r\n    list-style: url(https:\/\/gremicafe.cat\/wp-content\/uploads\/2020\/05\/cafe-gra-simple-2.png);\r\n\r\n}\r\n#cafe-points, #cafe-points li {\r\n    text-align: left;\r\n}\r\n\r\n\r\n\r\n#tres_en_fila h2 {\r\n    font-size: 1.35em!important;\r\n    color: black!important;\r\n    min-height:4em!important;\r\n\r\n}\r\n\r\n.torrador-frase {\r\n    margin-top: 80px!important;\r\n    font-size: 20px;\r\n    color: #666666;\r\n}\r\n\/*\r\n.meta-info-cafe.tl-cafe-gra.mostra a:hover {\r\n    background: #f5ab35;\r\n}\r\n.meta-info-cafe.tl-cafe-gra.mostra a {\r\n    color: #402e20;\r\n    border: 2px solid #ffffff;\r\n    background: none;\r\n    padding: 2px;\r\n    font-size: 14px;\r\n}\r\n*\/\r\n.meta-info-cafe a:hover, .meta-info-cafe a:active, .meta-info-cafe a:visited {\r\n     color: white;\r\n    background-color: rgba(105, 161, 238, 0.74);\r\n}\r\n.meta-info-cafe a {\r\n    background-color: #69A1EE;\r\n    padding: 5px;\r\n    color: white!important;\r\n    border-radius: 3em;\r\n    margin: auto;\r\n    margin-top: 10px;\r\n    display: block;\r\n    width: 220px;\r\n    transition: all 0.5s;\r\n    max-width: 90%;\r\n}\r\n\r\n#selectorsTipusCafe{ width:100%; margin:auto; text-align:center; margin-bottom: 50px; }\r\n#selectorsTipusCafe button{margin:0px 5px;}\r\n.torrador-listCafe-dades {\r\n    margin-top: 15px;\r\n}\r\n.torrador-frase{display:none;}\r\n.torrador-listCafe {\r\n    cursor:pointer;\r\n    display: inline-block;\r\n    width: 23%;\r\n    text-align: center;\r\n    margin: 10px 1%;\r\n    box-shadow: 0px 0px 10px #00000025;\r\n    padding: 15px 0;\r\n    display:none;\r\n}\r\n\r\n.tl-cafe-nom, .tl-cafe-nespresso, .tl-cafe-gra, .tl-cafe-molt, .tl-cafe-capsules, .tl-cafe-compostables, .tl-cafe-dolcegusto, .tl-cafe-monodosis{\r\n    display:none;\r\n    font-weight: bold;\r\n    color: #f5ab35;\r\n    \r\n}\r\n.mostra{ display:block!important; }\r\n.torrador-listCafe.mostra{display:inline-block!important; vertical-align: top;}\r\n\r\n.tl-cafe-botiga{color:black!important; font-weight: normal;}\r\n\r\n.actiu{\r\n    \/*border:1px solid brown!important;*\/\r\n    color:#ffbf00!important;\r\n}\r\n\r\nbutton.selectorTipusCafe.bklyn-btn img {\r\n    max-width: 100%;\r\n}\r\nbutton.selectorTipusCafe.bklyn-btn {\r\n    background: none!important;\r\n    display: inline-block;\r\n    width: 23%;\r\n}\r\n\r\nimg.torrador-listCafe-logo:hover {\r\n    transform: scale(1.05);\r\n}\r\nimg.torrador-listCafe-logo {\r\n    max-width: 90%;\r\n    transition: all 0.25s;\r\n}\r\nh2.section-title  {\r\n    font-family: Helvetica!important;\r\n}\r\n\r\n#capcalera h2, #capcalera h2span, .caligrafia h2, .caligrafia h2 span{\r\n    font-family:Bartender!important;\r\n    font-size: 60px;\r\n    line-height: normal;\r\n}\r\n\r\n\r\n\r\n\r\n\r\n#cafe-points, #cafe-points li{\r\n    text-align:left;\r\n}\r\n\r\n#cafe-points li{\r\n    list-style:ulr('https:\/\/gremicafe.cat\/wp-content\/uploads\/2018\/04\/gremi-icona-2_torradors.png');\r\n}\r\n\r\n\r\n@media screen and (max-width:767px){\r\n    .torrador-listCafe {\r\n        width:100%!important;\r\n        margin:10px 0px!important;\r\n    }\r\n    button.selectorTipusCafe.bklyn-btn {\r\n        width:32%;\r\n        margin:0px!important;\r\n    }\r\n    #tres_en_fila h2 span {\r\n        display: block;\r\n        width: 100%;\r\n        height:1em!important;\r\n    }\r\n    #selectorsTipusCafe button {\r\n    width: 30%;\r\n    padding: 2px;\r\n    display: inline-block;\r\n}\r\n    \r\n    h2.section-title span {\r\n        font-size: 10vw!important;\r\n        line-height:normal;\r\n    }\r\n    \r\n.wpb_content_element, .wpb_raw_code.wpb_content_element.wpb_raw_html {\r\n    margin: 10px 0px!important;\r\n}\r\n}\r\n\r\n@media screen and (min-width:992px){\r\n    span.num_flotant {\r\n        position: absolute;\r\n        bottom: 0px;\r\n        left: 3%;\r\n        z-index: 100;\r\n        width:20%;\r\n    }\r\n    #tres_en_fila h2 span:last-of-type {\r\n        width: 80%;\r\n        right: 0;\r\n        bottom: 0;\r\n        position: absolute;\r\n    }   \r\n    \r\n    .section-header>.lead {\r\n        font-size: 18px;\r\n    }\r\n    \r\n    #ut-hero .ut-hero-custom-logo-holder img {\r\n    max-width: 55vh;\r\n    width: 55vh;\r\n}\r\n\r\n}\r\n\r\n\r\n@media screen and (min-width: 1025px){\r\n.has-no-hero .vc_section.ut-first-section{\r\n    padding-top:140px!important;\r\n}\r\n    \r\n}\r\n\r\n@media screen and (max-width: 1024px) and (min-width: 768px){\r\n.has-no-hero .vc_section.ut-first-section {\r\n    padding-top: 30px!important;\r\n}\r\n}\r\n\r\n\/*\r\n@media screen and (max-width: 767px){\r\n.has-no-hero .vc_section.ut-first-section {\r\n    padding-top: 40px!important;\r\n}\r\n\r\n}\r\n*\/\r\n#capcalera-mobil{\r\n    background-size:auto 100%!important;\r\n}\r\n\r\n\/*\r\n#selectorsTipusCafe button {\r\n    margin: 0px 5px;\r\n    border: 2px solid #b7b7b7!important;\r\n    color: #b7b7b7;\r\n}\r\n\r\n#selectorsTipusCafe button.actiu, .actiu {\r\n    border: 2px solid #000000!important;\r\n    color: white!important;\r\n    background-color: #000000!important;\r\n}\r\n*\/\r\n\/*\r\n#selectorsTipusCafe button:hover {\r\n    background-color: #b7b7b7!important;\r\n    color: white!important;\r\n}\r\n*\/\r\n#ut-sitebody .ut-primary-custom-skin #navigation ul li a:not(.bklyn-btn) {\r\n    color: black;\r\n    text-shadow: 0px 0px 20px white;\r\n}\r\n.hero-description {\r\n    color: black;\r\n    font-size: 28px!important;\r\n    text-transform: lowercase;\r\n    margin-top: 30px;\r\n}\r\n\r\n\r\n\r\n.torrador-listCafe-logo.especial{display:none;margin:auto;}\r\n\r\n.torrador-listCafe-logo.especial.mostra{display:block;}\r\n\r\n\r\n\t.ut-vc-disabled .entry-content a{ color:black!important; }\r\n\r\n\t.ut-vc-disabled .entry-content a:hover{ color:white!important; }\r\n\tbutton.selectorTipusCafe.bklyn-btn {\r\n    color: #000000;\r\n}\r\n.especial {\r\n    display: none;\r\n    text-align: center;\r\n    margin: auto;\r\n}\r\n\r\nbutton.selectorTipusCafe.bklyn-btn {\r\n\tfont-size: 12px;\r\n}\r\nbutton.selectorTipusCafe.bklyn-btn{\r\n\t\/* width: 15%!important; *\/\r\n\t    width: calc((100% \/ 7) - 16px);\r\n}\r\n@media screen and (max-width:767px){\r\n\tbutton.selectorTipusCafe.bklyn-btn{\r\n\twidth: 100%!important;\r\n}\r\nbutton.selectorTipusCafe.bklyn-btn br{ display: none!important; }\r\n\r\n\r\n\r\n}\r\n\r\n\r\n@media screen and (min-width: 768px) and (max-width: 991px){\r\n\r\n\r\n\tbutton.selectorTipusCafe.bklyn-btn img {\r\n\t    \/* float: left; *\/\r\n\t    width: 70px;\r\n\t    vertical-align: middle;\r\n\t    \/* margin-top: -10px; *\/\r\n\t    \/* margin-right: 10px; *\/\r\n\t    display: block;\r\n\t    margin: auto;\r\n\t}\r\n\tbutton.selectorTipusCafe.bklyn-btn {\r\n\t    \/* width: 14%!important; *\/\r\n\t    vertical-align: middle;\r\n\t    \/* text-align: left; *\/\r\n\t    clear: both;\r\n\t    float: none!important;\r\n\t    padding: 20px 0px 0px 0px;\r\n\t    width: calc((100% \/ 7) - 20px)!important;\r\n\t}\r\n\r\n\r\n}\r\n\r\n@media screen and (min-width: 441px) and (max-width: 767px){\r\n\r\n\tbutton.selectorTipusCafe.bklyn-btn {\r\n    \/* width: 32%!important; *\/\r\n    vertical-align: middle;\r\n    \/*text-align: left;*\/\r\n    text-align: center;\r\n    clear: both;\r\n    float: none!important;\r\n    padding: 20px 0px 0px 0px!important;\r\n\t\twidth: calc((100% \/ 4) - 20px)!important;\r\n}\r\n\/*\r\nbutton.selectorTipusCafe.bklyn-btn img {\r\n    float: left;\r\n    width: 50px;\r\n    vertical-align: middle;\r\n    margin-top: -10px;\r\n    margin-right: 10px;\r\n\r\n}\r\n*\/\r\n.torrador-listCafe {\r\n    width: 30%!important;\r\n    margin: 10px 1.5%!important;\r\n\r\n} \r\n\r\nbutton.selectorTipusCafe.bklyn-btn {\r\n    \/*font-size: 1.6vw!important;*\/\r\n    line-height: 15px!important;\r\n}\r\n\r\nbutton.selectorTipusCafe.bklyn-btn img {\r\n    display: block;\r\n    float: none;\r\n    margin: auto;\r\n    width: 60px;\r\n}\r\n\r\n}\r\n\r\n@media screen and (min-width: 441px) and (max-width: 665px){\r\n\r\n\r\n}\r\n\r\n@media screen  and (min-width: 400px) and (max-width: 440px){\r\n.torrador-listCafe {\r\n    width: 48%!important;\r\n    margin: 10px 1%!important;\r\n\r\n} \r\n\r\nbutton.selectorTipusCafe.bklyn-btn {\r\n    width: 48%!important;\r\n    display: inline-block!important;\r\n    line-height: 1.5em!important;\r\n    text-align: left;\r\n    padding-top: 15px!important;\r\n    margin-bottom: 5px!important;\r\n}\r\nbutton.selectorTipusCafe.bklyn-btn img {\r\n    float: left;\r\n    width: 35%;\r\n    margin-top: -15px;\r\n}\r\n}\r\n\r\n@media screen and  (max-width: 399px){\r\n\r\n.torrador-listCafe {\r\n    width: 48%!important;\r\n    margin: 10px 1%!important;\r\n\r\n} \r\n\tbutton.selectorTipusCafe.bklyn-btn img {\r\n\t    \/* float: left; *\/\r\n\t    width: 70px;\r\n\t    vertical-align: middle;\r\n\t    \/* margin-top: -10px; *\/\r\n\t    \/* margin-right: 10px; *\/\r\n\t    display: block;\r\n\t    margin: auto;\r\n\t}\r\n\tbutton.selectorTipusCafe.bklyn-btn {\r\n\t    width: 30%!important;\r\n\t    vertical-align: middle;\r\n\t    \/* text-align: left; *\/\r\n\t    clear: both;\r\n\t    float: none!important;\r\n\t    padding: 20px 0px 0px 0px;\r\n\t    line-height: normal!important;\r\n\t    \r\n\t}\r\n\tbutton.selectorTipusCafe.bklyn-btn {\r\n    font-size: 2.75vw!important;\r\n}\r\n\r\n\r\n}\r\n<\/style>\r\n<\/div>\n\n\t\t<\/div>\n\t<\/div>\n\n\t<div class=\"wpb_raw_code wpb_raw_js\" >\n\t\t<div class=\"wpb_wrapper\">\n\t\t\t<script type=\"text\/javascript\">\njQuery('document').ready(function(){\n  setTimeout(function(){\n    selCafe('gra');\n  },500);\n});\n<\/script>\n\t\t<\/div>\n\t<\/div>\n<div class=\"vc_empty_space\"   style=\"height: 60px\" ><span class=\"vc_empty_space_inner\"><\/span><\/div>\n<\/div><\/div><\/div><\/div><div class=\"vc_row-full-width vc_clearfix\"><\/div><\/section><div class=\"vc_row-full-width vc_clearfix\"><\/div><section id=\"ut-section-69f46d5597fdd\" data-vc-full-width=\"true\" data-vc-full-width-init=\"false\" class=\"vc_section caligrafia vc_section-has-fill ut-section-69f46d5597fee bklyn-section-with-overlay ut-parallax-section\"><div id=\"ut-parallax-69f46d5597ff8\" data-parallax-bottom data-parallax-factor=\"8\" class=\"parallax-scroll-container parallax-scroll-container-hide\"><\/div><div id=\"ut-row-69f46d5598499\" data-vc-full-width=\"true\" data-vc-full-width-init=\"false\" class=\"vc_row wpb_row vc_row-fluid vc_column-gap-0 ut-row-69f46d55984a8\" ><div class=\"wpb_column vc_column_container vc_col-sm-12\" ><div id=\"ut_inner_column_69f46d559889d\" class=\"vc_column-inner\"><div class=\"wpb_wrapper\"><div class=\"vc_empty_space\"   style=\"height: 60px\" ><span class=\"vc_empty_space_inner\"><\/span><\/div>\n<div class=\"wpb_content_element\"><style type=\"text\/css\" scoped>#ut_header_69f46d5598c2e h2 span { color:#ffffff; }#ut_header_69f46d5598c2e.pt-style-2 .page-title:after, #ut_header_69f46d5598c2e.pt-style-2 .parallax-title:after, #ut_header_69f46d5598c2e.pt-style-2 .section-title:after {background-color: #ffffff;height: ;width: ;}<\/style><header id=\"ut_header_69f46d5598c2e\" class=\"section-header pt-style-2 header-center\"><h2  class=\"section-title\"><span>Disfrutamos del caf\u00e9 reci\u00e9n tostado, caf\u00e9 tostado en Catalu\u00f1a, caf\u00e9 de proximidad.<\/span><\/h2><\/header><\/div><div class=\"vc_empty_space\"   style=\"height: 60px\" ><span class=\"vc_empty_space_inner\"><\/span><\/div>\n<\/div><\/div><\/div><\/div><div class=\"vc_row-full-width vc_clearfix\"><\/div><style type=\"text\/css\" scoped>#ut-section-overlay-69f46d5597fef{ background-color: rgba(0, 0, 0, 0.1);} #ut-parallax-69f46d5597ff8{ background-image: url( https:\/\/gremicafe.cat\/wp-content\/uploads\/2026\/04\/2026-ROS_1849.jpg?id=8289 ); }<\/style><div id=\"ut-section-overlay-69f46d5597fef\" class=\"bklyn-overlay\"><\/div><\/section><div class=\"vc_row-full-width vc_clearfix\"><\/div><section id=\"ut-section-69f46d5599474\" data-vc-full-width=\"true\" data-vc-full-width-init=\"false\" class=\"vc_section vc_section-has-no-fill ut-section-69f46d5599481\"><div id=\"ut-row-69f46d5599878\" data-vc-full-width=\"true\" data-vc-full-width-init=\"false\" class=\"vc_row wpb_row vc_row-fluid vc_column-gap-0 ut-row-69f46d5599885\" ><div class=\"wpb_column vc_column_container vc_col-sm-12\" ><div id=\"ut_inner_column_69f46d5599dfa\" class=\"vc_column-inner\"><div class=\"wpb_wrapper\"><div class=\"vc_empty_space\"   style=\"height: 60px\" ><span class=\"vc_empty_space_inner\"><\/span><\/div>\n<div class=\"wpb_content_element\"><style type=\"text\/css\" scoped>#ut_header_69f46d559a110 h2 span { color:; }#ut_header_69f46d559a110 h2.section-title { font-size: 50px; }#ut_header_69f46d559a110 .lead { color:#000000; }#ut_header_69f46d559a110 .lead p { color:#000000; }#ut_header_69f46d559a110.pt-style-2 .page-title:after, #ut_header_69f46d559a110.pt-style-2 .parallax-title:after, #ut_header_69f46d559a110.pt-style-2 .section-title:after {background-color: ;height: ;width: ;}<\/style><header id=\"ut_header_69f46d559a110\" class=\"section-header pt-style-2 header-center\"><h2  class=\"section-title\"><span>El libro del Caf\u00e9 en Catalu\u00f1a<\/span><\/h2><div data-delay=\"0\" class=\"lead\"><p>El Gremio del Caf\u00e9-Torradors de Catalunya presenta la edici\u00f3n el libro <strong>EL CAF\u00c9 EN CATALU\u00d1A<\/strong>. Se trata de una edici\u00f3n con tapa dura y sobrecubiertas que incluye 240 p\u00e1ginas de fotograf\u00edas y textos que describen la historia del caf\u00e9 en Catalu\u00f1a de la mano de los tostadores de caf\u00e9 que lo han hecho posible. <a href=\"https:\/\/gremicafe.cat\/es\/llibre-el-cafe-a-catalunya\/\"><strong>Consulta el \u00edndice, aqu\u00ed<\/strong><\/a><\/p>\n<\/div><\/header><\/div><div  class=\"wpb_content_element   clearfix\"><style type=\"text\/css\" scoped>#ut_am_69f46d559c410 { opacity: 1; }<\/style><div id=\"ut_am_wrap_69f46d559c414\" class=\"ut-image-gallery-image\" style=\"text-align:center;\"><div class=\"ut-animated-image-item ut-image-gallery-item ut-animation-done\"><a target=\" _blank\" href=\"https:\/\/cisterbooks.cat\/botiga\/1431-el-cafe-a-catalunya.html\" ><img loading=\"lazy\" decoding=\"async\" title=\"11621_baner_boto_promo_libre_cafe-3\" id=\"ut_am_69f46d559c410\" style=\"\" src=\"https:\/\/gremicafe.cat\/wp-content\/uploads\/2023\/09\/11621_baner_boto_promo_llibre_cafe-3.jpg\" width=\"1400\" height=\"500\" alt=\"\"\/><\/a><\/div><\/div><\/div><\/div><\/div><\/div><\/div><div class=\"vc_row-full-width vc_clearfix\"><\/div><\/section><div class=\"vc_row-full-width vc_clearfix\"><\/div><section id=\"ut-section-69f46d559cd61\" data-vc-full-width=\"true\" data-vc-full-width-init=\"false\" class=\"vc_section vc_section-has-no-fill ut-section-69f46d559cd70\"><div id=\"ut-row-69f46d559d233\" data-vc-full-width=\"true\" data-vc-full-width-init=\"false\" class=\"vc_row wpb_row vc_row-fluid vc_column-gap-0 ut-row-69f46d559d244\" ><div class=\"wpb_column vc_column_container vc_col-sm-12\" ><div id=\"ut_inner_column_69f46d559d5fc\" class=\"vc_column-inner\"><div class=\"wpb_wrapper\"><div class=\"vc_empty_space\"   style=\"height: 60px\" ><span class=\"vc_empty_space_inner\"><\/span><\/div>\n<div class=\"wpb_content_element\"><style type=\"text\/css\" scoped>#ut_header_69f46d559d7e4 h2 span { color:; }#ut_header_69f46d559d7e4 h2.section-title { font-size: 50px; }<\/style><header id=\"ut_header_69f46d559d7e4\" class=\"section-header pt-style-7 header-center\"><h2  class=\"section-title\"><span>S\u00edguenos en @gremicafecat<\/span><\/h2><\/header><\/div>\n\t<div class=\"wpb_raw_code wpb_content_element wpb_raw_html\" >\n\t\t<div class=\"wpb_wrapper\">\n\t\t\t\n\n\t\t<\/div>\n\t<\/div>\n\n\t<div class=\"wpb_text_column wpb_content_element\" >\n\t\t<div class=\"wpb_wrapper\">\n\t\t\t\n<div id=\"sb_instagram\"  class=\"sbi sbi_mob_col_1 sbi_tab_col_2 sbi_col_4 sbi_width_resp\" style=\"padding-bottom: 10px;\"\t data-feedid=\"*2\"  data-res=\"auto\" data-cols=\"4\" data-colsmobile=\"1\" data-colstablet=\"2\" data-num=\"8\" data-nummobile=\"4\" data-item-padding=\"5\"\t data-shortcode-atts=\"{&quot;feed&quot;:&quot;2&quot;}\"  data-postid=\"8187\" data-locatornonce=\"7f30f3aacf\" data-imageaspectratio=\"1:1\" data-sbi-flags=\"favorLocal,gdpr\">\n\t<div class=\"sb_instagram_header  sbi_medium\"   >\n\t<a class=\"sbi_header_link\" target=\"_blank\"\n\t   rel=\"nofollow noopener\" href=\"https:\/\/www.instagram.com\/gremicafecat\/\" title=\"@gremicafecat\">\n\t\t<div class=\"sbi_header_text\">\n\t\t\t<div class=\"sbi_header_img\"  data-avatar-url=\"https:\/\/scontent-mad2-1.cdninstagram.com\/v\/t51.2885-19\/100891235_248584816429836_2640508003379314688_n.jpg?stp=dst-jpg_s206x206_tt6&amp;_nc_cat=100&amp;cb=8438d1d6-89aba764&amp;ccb=7-5&amp;_nc_sid=bf7eb4&amp;efg=eyJ2ZW5jb2RlX3RhZyI6InByb2ZpbGVfcGljLnd3dy40MDAuQzMifQ%3D%3D&amp;_nc_ohc=dOd5T8__e6YQ7kNvwFM048_&amp;_nc_oc=Ado79KDBGlMElcbtcmSx3g1j3wYDvh74NO3-UKvJuiNRdL88X3nOrZXqW8BVC7kiIiw&amp;_nc_zt=24&amp;_nc_ht=scontent-mad2-1.cdninstagram.com&amp;edm=AP4hL3IEAAAA&amp;_nc_tpa=Q5bMBQE-BJkpkNs3Kaszog5jan5ZZyvtdV1sgmMaoSxbc-H3Andd4MDc0gMpk6MufblCCPzT4rlicZ5Klg&amp;oh=00_Af4hWoT-6_EyYDSp396tDYJ2Ys-JcqDQIghs07FuH_mUQw&amp;oe=69FA2A24\">\n\t\t\t\t\t\t\t\t\t<div class=\"sbi_header_img_hover\"  ><svg class=\"sbi_new_logo fa-instagram fa-w-14\" aria-hidden=\"true\" data-fa-processed=\"\" aria-label=\"Instagram\" data-prefix=\"fab\" data-icon=\"instagram\" role=\"img\" viewbox=\"0 0 448 512\">\n                    <path fill=\"currentColor\" d=\"M224.1 141c-63.6 0-114.9 51.3-114.9 114.9s51.3 114.9 114.9 114.9S339 319.5 339 255.9 287.7 141 224.1 141zm0 189.6c-41.1 0-74.7-33.5-74.7-74.7s33.5-74.7 74.7-74.7 74.7 33.5 74.7 74.7-33.6 74.7-74.7 74.7zm146.4-194.3c0 14.9-12 26.8-26.8 26.8-14.9 0-26.8-12-26.8-26.8s12-26.8 26.8-26.8 26.8 12 26.8 26.8zm76.1 27.2c-1.7-35.9-9.9-67.7-36.2-93.9-26.2-26.2-58-34.4-93.9-36.2-37-2.1-147.9-2.1-184.9 0-35.8 1.7-67.6 9.9-93.9 36.1s-34.4 58-36.2 93.9c-2.1 37-2.1 147.9 0 184.9 1.7 35.9 9.9 67.7 36.2 93.9s58 34.4 93.9 36.2c37 2.1 147.9 2.1 184.9 0 35.9-1.7 67.7-9.9 93.9-36.2 26.2-26.2 34.4-58 36.2-93.9 2.1-37 2.1-147.8 0-184.8zM398.8 388c-7.8 19.6-22.9 34.7-42.6 42.6-29.5 11.7-99.5 9-132.1 9s-102.7 2.6-132.1-9c-19.6-7.8-34.7-22.9-42.6-42.6-11.7-29.5-9-99.5-9-132.1s-2.6-102.7 9-132.1c7.8-19.6 22.9-34.7 42.6-42.6 29.5-11.7 99.5-9 132.1-9s102.7-2.6 132.1 9c19.6 7.8 34.7 22.9 42.6 42.6 11.7 29.5 9 99.5 9 132.1s2.7 102.7-9 132.1z\"><\/path>\n                <\/svg><\/div>\n\t\t\t\t\t<img loading=\"lazy\" decoding=\"async\"  src=\"https:\/\/gremicafe.cat\/wp-content\/plugins\/instagram-feed\/img\/thumb-placeholder.png\" alt=\"\" width=\"50\" height=\"50\">\n\t\t\t\t\n\t\t\t\t\t\t\t<\/div>\n\n\t\t\t<div class=\"sbi_feedtheme_header_text\">\n\t\t\t\t<h3>gremicafecato<\/h3>\n\t\t\t\t\t\t\t\t\t<p class=\"sbi_bio\">Cuenta oficial del Gremio de Tostadores de Caf\u00e9 de #Catalunya. Compra #Caf\u00e9 Tostado en Catalu\u00f1a, Caf\u00e9 de Proximidad<br>\n#cafedeproximidad<br>\nwww.gremicafe.cat<\/p>\n\t\t\t\t\t\t\t<\/div>\n\t\t<\/div>\n\t<\/a>\n<\/div>\n\n\t<div id=\"sbi_images\"  style=\"gap: 10px;\">\n\t\t<div class=\"sbi_item sbi_type_image sbi_new sbi_transition\"\n\tid=\"sbi_17855149902637411\" data-date=\"1776924011\">\n\t<div class=\"sbi_photo_wrap\">\n\t\t<a class=\"sbi_photo\" href=\"https:\/\/www.instagram.com\/p\/DXdp0jSAdmV\/\" target=\"_blank\" rel=\"noopener nofollow\"\n\t\t\tdata-full-res=\"https:\/\/scontent-mad2-1.cdninstagram.com\/v\/t39.30808-6\/672667762_1447859870716642_21344613858641637_n.jpg?stp=dst-jpg_e35_tt6&#038;_nc_cat=104&#038;cb=8438d1d6-89aba764&#038;ccb=7-5&#038;_nc_sid=18de74&#038;efg=eyJlZmdfdGFnIjoiRkVFRC5iZXN0X2ltYWdlX3VybGdlbi5DMyJ9&#038;_nc_ohc=k04T8oAl4MoQ7kNvwEJKdy5&#038;_nc_oc=AdqSm6z1NajQFq5_CQV0eMAwNzpkyecUoRynKjVL_CeL2p-3-BhE4np04-bK-x7Ydyg&#038;_nc_zt=23&#038;_nc_ht=scontent-mad2-1.cdninstagram.com&#038;edm=ANo9K5cEAAAA&#038;_nc_gid=SwY1YhloF0hhHvhTxVCcPQ&#038;_nc_tpa=Q5bMBQELR6PNvkmkm6KsgPdy2raG7ct12YaOE2jGGplPFHgAsQQyzjCgzbO7140kE_N8hUWyCmm-K-chCg&#038;oh=00_Af7ZojT_VN20zbH0LXOeMhHIIhacSQTlhDVTbJh6pa3ZOg&#038;oe=69FA2E1C\"\n\t\t\tdata-img-src-set=\"{&quot;d&quot;:&quot;https:\\\/\\\/scontent-mad2-1.cdninstagram.com\\\/v\\\/t39.30808-6\\\/672667762_1447859870716642_21344613858641637_n.jpg?stp=dst-jpg_e35_tt6&amp;_nc_cat=104&amp;cb=8438d1d6-89aba764&amp;ccb=7-5&amp;_nc_sid=18de74&amp;efg=eyJlZmdfdGFnIjoiRkVFRC5iZXN0X2ltYWdlX3VybGdlbi5DMyJ9&amp;_nc_ohc=k04T8oAl4MoQ7kNvwEJKdy5&amp;_nc_oc=AdqSm6z1NajQFq5_CQV0eMAwNzpkyecUoRynKjVL_CeL2p-3-BhE4np04-bK-x7Ydyg&amp;_nc_zt=23&amp;_nc_ht=scontent-mad2-1.cdninstagram.com&amp;edm=ANo9K5cEAAAA&amp;_nc_gid=SwY1YhloF0hhHvhTxVCcPQ&amp;_nc_tpa=Q5bMBQELR6PNvkmkm6KsgPdy2raG7ct12YaOE2jGGplPFHgAsQQyzjCgzbO7140kE_N8hUWyCmm-K-chCg&amp;oh=00_Af7ZojT_VN20zbH0LXOeMhHIIhacSQTlhDVTbJh6pa3ZOg&amp;oe=69FA2E1C&quot;,&quot;150&quot;:&quot;https:\\\/\\\/scontent-mad2-1.cdninstagram.com\\\/v\\\/t39.30808-6\\\/672667762_1447859870716642_21344613858641637_n.jpg?stp=dst-jpg_e35_tt6&amp;_nc_cat=104&amp;cb=8438d1d6-89aba764&amp;ccb=7-5&amp;_nc_sid=18de74&amp;efg=eyJlZmdfdGFnIjoiRkVFRC5iZXN0X2ltYWdlX3VybGdlbi5DMyJ9&amp;_nc_ohc=k04T8oAl4MoQ7kNvwEJKdy5&amp;_nc_oc=AdqSm6z1NajQFq5_CQV0eMAwNzpkyecUoRynKjVL_CeL2p-3-BhE4np04-bK-x7Ydyg&amp;_nc_zt=23&amp;_nc_ht=scontent-mad2-1.cdninstagram.com&amp;edm=ANo9K5cEAAAA&amp;_nc_gid=SwY1YhloF0hhHvhTxVCcPQ&amp;_nc_tpa=Q5bMBQELR6PNvkmkm6KsgPdy2raG7ct12YaOE2jGGplPFHgAsQQyzjCgzbO7140kE_N8hUWyCmm-K-chCg&amp;oh=00_Af7ZojT_VN20zbH0LXOeMhHIIhacSQTlhDVTbJh6pa3ZOg&amp;oe=69FA2E1C&quot;,&quot;320&quot;:&quot;https:\\\/\\\/scontent-mad2-1.cdninstagram.com\\\/v\\\/t39.30808-6\\\/672667762_1447859870716642_21344613858641637_n.jpg?stp=dst-jpg_e35_tt6&amp;_nc_cat=104&amp;cb=8438d1d6-89aba764&amp;ccb=7-5&amp;_nc_sid=18de74&amp;efg=eyJlZmdfdGFnIjoiRkVFRC5iZXN0X2ltYWdlX3VybGdlbi5DMyJ9&amp;_nc_ohc=k04T8oAl4MoQ7kNvwEJKdy5&amp;_nc_oc=AdqSm6z1NajQFq5_CQV0eMAwNzpkyecUoRynKjVL_CeL2p-3-BhE4np04-bK-x7Ydyg&amp;_nc_zt=23&amp;_nc_ht=scontent-mad2-1.cdninstagram.com&amp;edm=ANo9K5cEAAAA&amp;_nc_gid=SwY1YhloF0hhHvhTxVCcPQ&amp;_nc_tpa=Q5bMBQELR6PNvkmkm6KsgPdy2raG7ct12YaOE2jGGplPFHgAsQQyzjCgzbO7140kE_N8hUWyCmm-K-chCg&amp;oh=00_Af7ZojT_VN20zbH0LXOeMhHIIhacSQTlhDVTbJh6pa3ZOg&amp;oe=69FA2E1C&quot;,&quot;640&quot;:&quot;https:\\\/\\\/scontent-mad2-1.cdninstagram.com\\\/v\\\/t39.30808-6\\\/672667762_1447859870716642_21344613858641637_n.jpg?stp=dst-jpg_e35_tt6&amp;_nc_cat=104&amp;cb=8438d1d6-89aba764&amp;ccb=7-5&amp;_nc_sid=18de74&amp;efg=eyJlZmdfdGFnIjoiRkVFRC5iZXN0X2ltYWdlX3VybGdlbi5DMyJ9&amp;_nc_ohc=k04T8oAl4MoQ7kNvwEJKdy5&amp;_nc_oc=AdqSm6z1NajQFq5_CQV0eMAwNzpkyecUoRynKjVL_CeL2p-3-BhE4np04-bK-x7Ydyg&amp;_nc_zt=23&amp;_nc_ht=scontent-mad2-1.cdninstagram.com&amp;edm=ANo9K5cEAAAA&amp;_nc_gid=SwY1YhloF0hhHvhTxVCcPQ&amp;_nc_tpa=Q5bMBQELR6PNvkmkm6KsgPdy2raG7ct12YaOE2jGGplPFHgAsQQyzjCgzbO7140kE_N8hUWyCmm-K-chCg&amp;oh=00_Af7ZojT_VN20zbH0LXOeMhHIIhacSQTlhDVTbJh6pa3ZOg&amp;oe=69FA2E1C&quot;}\">\n\t\t\t<span class=\"sbi-screenreader\">El Gremio de Tostadores de Caf\u00e9 de Catalu\u00f1a, os desde<\/span>\n\t\t\t\t\t\t\t\t\t<img decoding=\"async\" src=\"https:\/\/gremicafe.cat\/wp-content\/plugins\/instagram-feed\/img\/placeholder.png\" alt=\"El Gremi de Torradors de Caf\u00e8 de Catalunya, us desitja una Feli\u00e7 Diada de #SantJordi \ud83d\udc09\ud83c\udf39Gaudiu d&#039;un dia ple de llibres, roses i, per descomptat, de caf\u00e8 de qualitat, torrat a Catalunya \ud83d\udcda\u2615\ufe0f\ud83d\uded2 El llibre \u201c\ud835\uddd8\ud835\uddf9 \ud835\uddf0\ud835\uddee\ud835\uddf3\u00e8 \ud835\uddee \ud835\uddd6\ud835\uddee\ud835\ude01\ud835\uddee\ud835\uddf9\ud835\ude02\ud835\uddfb\ud835\ude06\ud835\uddee \ud83d\udcd6 \u201d disponible a la pagina web del Gremi: www.gremicafe.cat (link a la bio)#SantJordi2024 #DiadaDeSantJordi #llibresicaf\u00e8 #llibresiroses #gremicafecatalunya #caf\u00e8deproximitat #torradorsdepropteu #caf\u00e8torratkm0 #caf\u00e8torratacatalunya #acabatdetorrar #100x100natural #sostenible #botigadelcaf\u00e8 #caf\u00e8 #cafeters #catalunya\" aria-hidden=\"true\">\n\t\t<\/a>\n\t<\/div>\n<\/div><div class=\"sbi_item sbi_type_image sbi_new sbi_transition\"\n\tid=\"sbi_18125050717587737\" data-date=\"1775648118\">\n\t<div class=\"sbi_photo_wrap\">\n\t\t<a class=\"sbi_photo\" href=\"https:\/\/www.instagram.com\/p\/DW3oP1-Ekdx\/\" target=\"_blank\" rel=\"noopener nofollow\"\n\t\t\tdata-full-res=\"https:\/\/scontent-mad2-1.cdninstagram.com\/v\/t39.30808-6\/668145716_1440979948071301_1755135070746348190_n.jpg?stp=dst-jpg_e35_tt6&#038;_nc_cat=108&#038;cb=8438d1d6-89aba764&#038;ccb=7-5&#038;_nc_sid=18de74&#038;efg=eyJlZmdfdGFnIjoiRkVFRC5iZXN0X2ltYWdlX3VybGdlbi5DMyJ9&#038;_nc_ohc=FDvAg5JM7tsQ7kNvwE8MziL&#038;_nc_oc=AdrrvaIbDPXncpPAJsUIecuJv55nN8RajBi4_QG9kRSxCuICEbyHzXFprd6uEQqEPTk&#038;_nc_zt=23&#038;_nc_ht=scontent-mad2-1.cdninstagram.com&#038;edm=ANo9K5cEAAAA&#038;_nc_gid=SwY1YhloF0hhHvhTxVCcPQ&#038;_nc_tpa=Q5bMBQGs4OPRLuVFgBexxKbPKlejBFQnjQlzzBvGCtM1yB5Ih-Yd8UoADp8Afmg9_QYgm9-7voE1ht2_NA&#038;oh=00_Af7xXP19D7l_TMSpwORaMg-XbeQroLnwqqDkGjmvObCL9Q&#038;oe=69FA3652\"\n\t\t\tdata-img-src-set=\"{&quot;d&quot;:&quot;https:\\\/\\\/scontent-mad2-1.cdninstagram.com\\\/v\\\/t39.30808-6\\\/668145716_1440979948071301_1755135070746348190_n.jpg?stp=dst-jpg_e35_tt6&amp;_nc_cat=108&amp;cb=8438d1d6-89aba764&amp;ccb=7-5&amp;_nc_sid=18de74&amp;efg=eyJlZmdfdGFnIjoiRkVFRC5iZXN0X2ltYWdlX3VybGdlbi5DMyJ9&amp;_nc_ohc=FDvAg5JM7tsQ7kNvwE8MziL&amp;_nc_oc=AdrrvaIbDPXncpPAJsUIecuJv55nN8RajBi4_QG9kRSxCuICEbyHzXFprd6uEQqEPTk&amp;_nc_zt=23&amp;_nc_ht=scontent-mad2-1.cdninstagram.com&amp;edm=ANo9K5cEAAAA&amp;_nc_gid=SwY1YhloF0hhHvhTxVCcPQ&amp;_nc_tpa=Q5bMBQGs4OPRLuVFgBexxKbPKlejBFQnjQlzzBvGCtM1yB5Ih-Yd8UoADp8Afmg9_QYgm9-7voE1ht2_NA&amp;oh=00_Af7xXP19D7l_TMSpwORaMg-XbeQroLnwqqDkGjmvObCL9Q&amp;oe=69FA3652&quot;,&quot;150&quot;:&quot;https:\\\/\\\/scontent-mad2-1.cdninstagram.com\\\/v\\\/t39.30808-6\\\/668145716_1440979948071301_1755135070746348190_n.jpg?stp=dst-jpg_e35_tt6&amp;_nc_cat=108&amp;cb=8438d1d6-89aba764&amp;ccb=7-5&amp;_nc_sid=18de74&amp;efg=eyJlZmdfdGFnIjoiRkVFRC5iZXN0X2ltYWdlX3VybGdlbi5DMyJ9&amp;_nc_ohc=FDvAg5JM7tsQ7kNvwE8MziL&amp;_nc_oc=AdrrvaIbDPXncpPAJsUIecuJv55nN8RajBi4_QG9kRSxCuICEbyHzXFprd6uEQqEPTk&amp;_nc_zt=23&amp;_nc_ht=scontent-mad2-1.cdninstagram.com&amp;edm=ANo9K5cEAAAA&amp;_nc_gid=SwY1YhloF0hhHvhTxVCcPQ&amp;_nc_tpa=Q5bMBQGs4OPRLuVFgBexxKbPKlejBFQnjQlzzBvGCtM1yB5Ih-Yd8UoADp8Afmg9_QYgm9-7voE1ht2_NA&amp;oh=00_Af7xXP19D7l_TMSpwORaMg-XbeQroLnwqqDkGjmvObCL9Q&amp;oe=69FA3652&quot;,&quot;320&quot;:&quot;https:\\\/\\\/scontent-mad2-1.cdninstagram.com\\\/v\\\/t39.30808-6\\\/668145716_1440979948071301_1755135070746348190_n.jpg?stp=dst-jpg_e35_tt6&amp;_nc_cat=108&amp;cb=8438d1d6-89aba764&amp;ccb=7-5&amp;_nc_sid=18de74&amp;efg=eyJlZmdfdGFnIjoiRkVFRC5iZXN0X2ltYWdlX3VybGdlbi5DMyJ9&amp;_nc_ohc=FDvAg5JM7tsQ7kNvwE8MziL&amp;_nc_oc=AdrrvaIbDPXncpPAJsUIecuJv55nN8RajBi4_QG9kRSxCuICEbyHzXFprd6uEQqEPTk&amp;_nc_zt=23&amp;_nc_ht=scontent-mad2-1.cdninstagram.com&amp;edm=ANo9K5cEAAAA&amp;_nc_gid=SwY1YhloF0hhHvhTxVCcPQ&amp;_nc_tpa=Q5bMBQGs4OPRLuVFgBexxKbPKlejBFQnjQlzzBvGCtM1yB5Ih-Yd8UoADp8Afmg9_QYgm9-7voE1ht2_NA&amp;oh=00_Af7xXP19D7l_TMSpwORaMg-XbeQroLnwqqDkGjmvObCL9Q&amp;oe=69FA3652&quot;,&quot;640&quot;:&quot;https:\\\/\\\/scontent-mad2-1.cdninstagram.com\\\/v\\\/t39.30808-6\\\/668145716_1440979948071301_1755135070746348190_n.jpg?stp=dst-jpg_e35_tt6&amp;_nc_cat=108&amp;cb=8438d1d6-89aba764&amp;ccb=7-5&amp;_nc_sid=18de74&amp;efg=eyJlZmdfdGFnIjoiRkVFRC5iZXN0X2ltYWdlX3VybGdlbi5DMyJ9&amp;_nc_ohc=FDvAg5JM7tsQ7kNvwE8MziL&amp;_nc_oc=AdrrvaIbDPXncpPAJsUIecuJv55nN8RajBi4_QG9kRSxCuICEbyHzXFprd6uEQqEPTk&amp;_nc_zt=23&amp;_nc_ht=scontent-mad2-1.cdninstagram.com&amp;edm=ANo9K5cEAAAA&amp;_nc_gid=SwY1YhloF0hhHvhTxVCcPQ&amp;_nc_tpa=Q5bMBQGs4OPRLuVFgBexxKbPKlejBFQnjQlzzBvGCtM1yB5Ih-Yd8UoADp8Afmg9_QYgm9-7voE1ht2_NA&amp;oh=00_Af7xXP19D7l_TMSpwORaMg-XbeQroLnwqqDkGjmvObCL9Q&amp;oe=69FA3652&quot;}\">\n\t\t\t<span class=\"sbi-screenreader\">Mejor Barista del primer Campeonato Escuelas de &#039;Host<\/span>\n\t\t\t\t\t\t\t\t\t<img decoding=\"async\" src=\"https:\/\/gremicafe.cat\/wp-content\/plugins\/instagram-feed\/img\/placeholder.png\" alt=\"Millor Barista del primer Campionat Escoles d&#039;Hostaleria F\u00f3rum Caf\u00e9La formaci\u00f3 del barista, element clau pel sector del caf\u00e8, ha estat present a la darrera edici\u00f3  d&#039;Aliment\u00e0ria + Hostelco, a Fira de Barcelona, on s&#039;ha dut a terme la final de l&#039;I Campionat d&#039;Escoles d&#039;Hostaleria de F\u00f3rum Caf\u00e9. La competici\u00f3 va reunir 10 estudiants de diferents escoles de l&#039;estat. El jurat va triar com a guanyador a Mohamed Anouar Chairi Mandour, de l&#039;Escuela de Foz amb la col\u00b7laboraci\u00f3 de Caf\u00e9s Candelas. Li van acompanyar en el podi A\u00efda Fahmi Portes, de l&#039;Escola d&#039;Hostaleria i Turisme de Barcelona (Quality Espresso), i Mario Samuel Gonz\u00e1lez Garc\u00eda, de Quo3 Consultors (Origen Colombia).Des del Gremi del Caf\u00e8 de Catalunya, felicitem al F\u00f2rum Caf\u00e8 per la iniciativa i per l&#039;excelent organitzaci\u00f3.Enhorabona!\ud83d\udcf2 Llegiu la not\u00edcia sencera a: www.gremicafe.cat (enlla\u00e7 a la bio) https:\/\/gremicafe.cat\/2026\/03\/26\/millor-barista-del-primer-campionat-escoles-dhostaleria-forum-cafe\/EL CAF\u00c8, UN PLAER implica: caf\u00e8 100% natural, acabat de torrar a Catalunya, per un torrador associat al \ud835\uddda\ud835\udde5\ud835\uddd8\ud835\udde0\ud835\udddc \ud835\uddd7\ud835\uddd8\ud835\udddf \ud835\uddd6\ud835\uddd4\ud835\uddd9\u00c8: proximitat, sostenibilitat i la m\u00e0xima qualitat \u2615a prop teu.@hostelcobcn @alimentariabcn #gremidelcaf\u00e8 #caf\u00e8isalut #gremicafecatalunya #caf\u00e8deproximitat #torradorsdepropteu #caf\u00e8torratkm0 #caf\u00e8torratacatalunya #acabatdetorrar #100x100natural #sostenible #caf\u00e8 #cafeters #cafeespecialitat #coffeelover\" aria-hidden=\"true\">\n\t\t<\/a>\n\t<\/div>\n<\/div><div class=\"sbi_item sbi_type_image sbi_new sbi_transition\"\n\tid=\"sbi_18072228425302542\" data-date=\"1774957214\">\n\t<div class=\"sbi_photo_wrap\">\n\t\t<a class=\"sbi_photo\" href=\"https:\/\/www.instagram.com\/p\/DWjCc4oCH_F\/\" target=\"_blank\" rel=\"noopener nofollow\"\n\t\t\tdata-full-res=\"https:\/\/scontent-mad1-1.cdninstagram.com\/v\/t39.30808-6\/660584730_1433211978848098_5105736584734540649_n.jpg?stp=dst-jpg_e35_tt6&#038;_nc_cat=106&#038;cb=8438d1d6-89aba764&#038;ccb=7-5&#038;_nc_sid=18de74&#038;efg=eyJlZmdfdGFnIjoiRkVFRC5iZXN0X2ltYWdlX3VybGdlbi5DMyJ9&#038;_nc_ohc=j5dxsO8NwUgQ7kNvwG_6iUc&#038;_nc_oc=Adq7CpXFKSJdJk6v-VSziamSYojSwSS8mMpp6RWILQqpwbYE0M289HF5wNnSdR2tAMw&#038;_nc_zt=23&#038;_nc_ht=scontent-mad1-1.cdninstagram.com&#038;edm=ANo9K5cEAAAA&#038;_nc_gid=SwY1YhloF0hhHvhTxVCcPQ&#038;_nc_tpa=Q5bMBQFzzQsGmaDzR7MLly73_TpgiizD1z52U-49ltkX0gv0-0sJuYShe_tLxL1vn-rjxWzYLpWsNLWBaQ&#038;oh=00_Af571yjTwQvFo_5kmWPwy1me8dg7qIzEMaYgrwvmd-EjHQ&#038;oe=69FA39C7\"\n\t\t\tdata-img-src-set=\"{&quot;d&quot;:&quot;https:\\\/\\\/scontent-mad1-1.cdninstagram.com\\\/v\\\/t39.30808-6\\\/660584730_1433211978848098_5105736584734540649_n.jpg?stp=dst-jpg_e35_tt6&amp;_nc_cat=106&amp;cb=8438d1d6-89aba764&amp;ccb=7-5&amp;_nc_sid=18de74&amp;efg=eyJlZmdfdGFnIjoiRkVFRC5iZXN0X2ltYWdlX3VybGdlbi5DMyJ9&amp;_nc_ohc=j5dxsO8NwUgQ7kNvwG_6iUc&amp;_nc_oc=Adq7CpXFKSJdJk6v-VSziamSYojSwSS8mMpp6RWILQqpwbYE0M289HF5wNnSdR2tAMw&amp;_nc_zt=23&amp;_nc_ht=scontent-mad1-1.cdninstagram.com&amp;edm=ANo9K5cEAAAA&amp;_nc_gid=SwY1YhloF0hhHvhTxVCcPQ&amp;_nc_tpa=Q5bMBQFzzQsGmaDzR7MLly73_TpgiizD1z52U-49ltkX0gv0-0sJuYShe_tLxL1vn-rjxWzYLpWsNLWBaQ&amp;oh=00_Af571yjTwQvFo_5kmWPwy1me8dg7qIzEMaYgrwvmd-EjHQ&amp;oe=69FA39C7&quot;,&quot;150&quot;:&quot;https:\\\/\\\/scontent-mad1-1.cdninstagram.com\\\/v\\\/t39.30808-6\\\/660584730_1433211978848098_5105736584734540649_n.jpg?stp=dst-jpg_e35_tt6&amp;_nc_cat=106&amp;cb=8438d1d6-89aba764&amp;ccb=7-5&amp;_nc_sid=18de74&amp;efg=eyJlZmdfdGFnIjoiRkVFRC5iZXN0X2ltYWdlX3VybGdlbi5DMyJ9&amp;_nc_ohc=j5dxsO8NwUgQ7kNvwG_6iUc&amp;_nc_oc=Adq7CpXFKSJdJk6v-VSziamSYojSwSS8mMpp6RWILQqpwbYE0M289HF5wNnSdR2tAMw&amp;_nc_zt=23&amp;_nc_ht=scontent-mad1-1.cdninstagram.com&amp;edm=ANo9K5cEAAAA&amp;_nc_gid=SwY1YhloF0hhHvhTxVCcPQ&amp;_nc_tpa=Q5bMBQFzzQsGmaDzR7MLly73_TpgiizD1z52U-49ltkX0gv0-0sJuYShe_tLxL1vn-rjxWzYLpWsNLWBaQ&amp;oh=00_Af571yjTwQvFo_5kmWPwy1me8dg7qIzEMaYgrwvmd-EjHQ&amp;oe=69FA39C7&quot;,&quot;320&quot;:&quot;https:\\\/\\\/scontent-mad1-1.cdninstagram.com\\\/v\\\/t39.30808-6\\\/660584730_1433211978848098_5105736584734540649_n.jpg?stp=dst-jpg_e35_tt6&amp;_nc_cat=106&amp;cb=8438d1d6-89aba764&amp;ccb=7-5&amp;_nc_sid=18de74&amp;efg=eyJlZmdfdGFnIjoiRkVFRC5iZXN0X2ltYWdlX3VybGdlbi5DMyJ9&amp;_nc_ohc=j5dxsO8NwUgQ7kNvwG_6iUc&amp;_nc_oc=Adq7CpXFKSJdJk6v-VSziamSYojSwSS8mMpp6RWILQqpwbYE0M289HF5wNnSdR2tAMw&amp;_nc_zt=23&amp;_nc_ht=scontent-mad1-1.cdninstagram.com&amp;edm=ANo9K5cEAAAA&amp;_nc_gid=SwY1YhloF0hhHvhTxVCcPQ&amp;_nc_tpa=Q5bMBQFzzQsGmaDzR7MLly73_TpgiizD1z52U-49ltkX0gv0-0sJuYShe_tLxL1vn-rjxWzYLpWsNLWBaQ&amp;oh=00_Af571yjTwQvFo_5kmWPwy1me8dg7qIzEMaYgrwvmd-EjHQ&amp;oe=69FA39C7&quot;,&quot;640&quot;:&quot;https:\\\/\\\/scontent-mad1-1.cdninstagram.com\\\/v\\\/t39.30808-6\\\/660584730_1433211978848098_5105736584734540649_n.jpg?stp=dst-jpg_e35_tt6&amp;_nc_cat=106&amp;cb=8438d1d6-89aba764&amp;ccb=7-5&amp;_nc_sid=18de74&amp;efg=eyJlZmdfdGFnIjoiRkVFRC5iZXN0X2ltYWdlX3VybGdlbi5DMyJ9&amp;_nc_ohc=j5dxsO8NwUgQ7kNvwG_6iUc&amp;_nc_oc=Adq7CpXFKSJdJk6v-VSziamSYojSwSS8mMpp6RWILQqpwbYE0M289HF5wNnSdR2tAMw&amp;_nc_zt=23&amp;_nc_ht=scontent-mad1-1.cdninstagram.com&amp;edm=ANo9K5cEAAAA&amp;_nc_gid=SwY1YhloF0hhHvhTxVCcPQ&amp;_nc_tpa=Q5bMBQFzzQsGmaDzR7MLly73_TpgiizD1z52U-49ltkX0gv0-0sJuYShe_tLxL1vn-rjxWzYLpWsNLWBaQ&amp;oh=00_Af571yjTwQvFo_5kmWPwy1me8dg7qIzEMaYgrwvmd-EjHQ&amp;oe=69FA39C7&quot;}\">\n\t\t\t<span class=\"sbi-screenreader\">La popularidad del caf\u00e9 de especialidad se dispara <\/span>\n\t\t\t\t\t\t\t\t\t<img decoding=\"async\" src=\"https:\/\/gremicafe.cat\/wp-content\/plugins\/instagram-feed\/img\/placeholder.png\" alt=\"La popularitat del caf\u00e8 d\u2019especialitat es dispara un 83% en els darrers dos anysAix\u00ed ho revela l\u2019an\u00e0lisi presentada per Delectatech , companyia especialitzada en intel\u00b7lig\u00e8ncia artificial aplicada al foodservice, juntament amb @cafescornella  a Aliment\u00e0ria 2026, on es van compartir dades agregades del sector i un cas real d\u2019aplicaci\u00f3 de la IA en negoci.\ud83d\udcf2 Llegiu la not\u00edcia sencera a: www.gremicafe.cat (enlla\u00e7 a la bio) https:\/\/gremicafe.cat\/2026\/03\/27\/la-popularitat-del-cafe-despecialitat-es-dispara-un-83-en-els-darrers-dos-anys\/EL CAF\u00c8, UN PLAER implica: caf\u00e8 100% natural, acabat de torrar a Catalunya, per un torrador associat al \ud835\uddda\ud835\udde5\ud835\uddd8\ud835\udde0\ud835\udddc \ud835\uddd7\ud835\uddd8\ud835\udddf \ud835\uddd6\ud835\uddd4\ud835\uddd9\u00c8: proximitat, sostenibilitat i la m\u00e0xima qualitat \u2615a prop teu.@hostelcobcn @alimentariabcn Caf\u00e8s Cornell\u00e0 #gremidelcaf\u00e8 #caf\u00e8isalut #gremicafecatalunya #caf\u00e8deproximitat #torradorsdepropteu #caf\u00e8torratkm0 #caf\u00e8torratacatalunya #acabatdetorrar #100x100natural #sostenible #caf\u00e8 #cafeters #cafeespecialitat #coffeelover\" aria-hidden=\"true\">\n\t\t<\/a>\n\t<\/div>\n<\/div><div class=\"sbi_item sbi_type_carousel sbi_new sbi_transition\"\n\tid=\"sbi_18088165936950358\" data-date=\"1774452611\">\n\t<div class=\"sbi_photo_wrap\">\n\t\t<a class=\"sbi_photo\" href=\"https:\/\/www.instagram.com\/p\/DWUAABeFr8M\/\" target=\"_blank\" rel=\"noopener nofollow\"\n\t\t\tdata-full-res=\"https:\/\/scontent-mad2-1.cdninstagram.com\/v\/t39.30808-6\/657055372_1428822669287029_6332246370675900266_n.jpg?stp=dst-jpg_e35_tt6&#038;_nc_cat=104&#038;cb=8438d1d6-89aba764&#038;ccb=7-5&#038;_nc_sid=18de74&#038;efg=eyJlZmdfdGFnIjoiQ0FST1VTRUxfSVRFTS5iZXN0X2ltYWdlX3VybGdlbi5DMyJ9&#038;_nc_ohc=6bkdOzINPqoQ7kNvwGK-Su9&#038;_nc_oc=Adrr_EliZkzoD9pKhZBjpodY2ud8Lv-0cZJo3ifgaheq1wIcNlc8VXiY-D5zuuGC2qY&#038;_nc_zt=23&#038;_nc_ht=scontent-mad2-1.cdninstagram.com&#038;edm=ANo9K5cEAAAA&#038;_nc_gid=SwY1YhloF0hhHvhTxVCcPQ&#038;_nc_tpa=Q5bMBQH0DW7k4yjw3DcX8vX9dgHlwlbYY0HVyc3K9SBvjpm-1mR699M6B39kyfd5IweRS8iTLTY8-DGiMw&#038;oh=00_Af6wBV0Ew8KDWhThfZhMjLjP2qkVB5S0Z9L6D7v3HlYrHQ&#038;oe=69FA5480\"\n\t\t\tdata-img-src-set=\"{&quot;d&quot;:&quot;https:\\\/\\\/scontent-mad2-1.cdninstagram.com\\\/v\\\/t39.30808-6\\\/657055372_1428822669287029_6332246370675900266_n.jpg?stp=dst-jpg_e35_tt6&amp;_nc_cat=104&amp;cb=8438d1d6-89aba764&amp;ccb=7-5&amp;_nc_sid=18de74&amp;efg=eyJlZmdfdGFnIjoiQ0FST1VTRUxfSVRFTS5iZXN0X2ltYWdlX3VybGdlbi5DMyJ9&amp;_nc_ohc=6bkdOzINPqoQ7kNvwGK-Su9&amp;_nc_oc=Adrr_EliZkzoD9pKhZBjpodY2ud8Lv-0cZJo3ifgaheq1wIcNlc8VXiY-D5zuuGC2qY&amp;_nc_zt=23&amp;_nc_ht=scontent-mad2-1.cdninstagram.com&amp;edm=ANo9K5cEAAAA&amp;_nc_gid=SwY1YhloF0hhHvhTxVCcPQ&amp;_nc_tpa=Q5bMBQH0DW7k4yjw3DcX8vX9dgHlwlbYY0HVyc3K9SBvjpm-1mR699M6B39kyfd5IweRS8iTLTY8-DGiMw&amp;oh=00_Af6wBV0Ew8KDWhThfZhMjLjP2qkVB5S0Z9L6D7v3HlYrHQ&amp;oe=69FA5480&quot;,&quot;150&quot;:&quot;https:\\\/\\\/scontent-mad2-1.cdninstagram.com\\\/v\\\/t39.30808-6\\\/657055372_1428822669287029_6332246370675900266_n.jpg?stp=dst-jpg_e35_tt6&amp;_nc_cat=104&amp;cb=8438d1d6-89aba764&amp;ccb=7-5&amp;_nc_sid=18de74&amp;efg=eyJlZmdfdGFnIjoiQ0FST1VTRUxfSVRFTS5iZXN0X2ltYWdlX3VybGdlbi5DMyJ9&amp;_nc_ohc=6bkdOzINPqoQ7kNvwGK-Su9&amp;_nc_oc=Adrr_EliZkzoD9pKhZBjpodY2ud8Lv-0cZJo3ifgaheq1wIcNlc8VXiY-D5zuuGC2qY&amp;_nc_zt=23&amp;_nc_ht=scontent-mad2-1.cdninstagram.com&amp;edm=ANo9K5cEAAAA&amp;_nc_gid=SwY1YhloF0hhHvhTxVCcPQ&amp;_nc_tpa=Q5bMBQH0DW7k4yjw3DcX8vX9dgHlwlbYY0HVyc3K9SBvjpm-1mR699M6B39kyfd5IweRS8iTLTY8-DGiMw&amp;oh=00_Af6wBV0Ew8KDWhThfZhMjLjP2qkVB5S0Z9L6D7v3HlYrHQ&amp;oe=69FA5480&quot;,&quot;320&quot;:&quot;https:\\\/\\\/scontent-mad2-1.cdninstagram.com\\\/v\\\/t39.30808-6\\\/657055372_1428822669287029_6332246370675900266_n.jpg?stp=dst-jpg_e35_tt6&amp;_nc_cat=104&amp;cb=8438d1d6-89aba764&amp;ccb=7-5&amp;_nc_sid=18de74&amp;efg=eyJlZmdfdGFnIjoiQ0FST1VTRUxfSVRFTS5iZXN0X2ltYWdlX3VybGdlbi5DMyJ9&amp;_nc_ohc=6bkdOzINPqoQ7kNvwGK-Su9&amp;_nc_oc=Adrr_EliZkzoD9pKhZBjpodY2ud8Lv-0cZJo3ifgaheq1wIcNlc8VXiY-D5zuuGC2qY&amp;_nc_zt=23&amp;_nc_ht=scontent-mad2-1.cdninstagram.com&amp;edm=ANo9K5cEAAAA&amp;_nc_gid=SwY1YhloF0hhHvhTxVCcPQ&amp;_nc_tpa=Q5bMBQH0DW7k4yjw3DcX8vX9dgHlwlbYY0HVyc3K9SBvjpm-1mR699M6B39kyfd5IweRS8iTLTY8-DGiMw&amp;oh=00_Af6wBV0Ew8KDWhThfZhMjLjP2qkVB5S0Z9L6D7v3HlYrHQ&amp;oe=69FA5480&quot;,&quot;640&quot;:&quot;https:\\\/\\\/scontent-mad2-1.cdninstagram.com\\\/v\\\/t39.30808-6\\\/657055372_1428822669287029_6332246370675900266_n.jpg?stp=dst-jpg_e35_tt6&amp;_nc_cat=104&amp;cb=8438d1d6-89aba764&amp;ccb=7-5&amp;_nc_sid=18de74&amp;efg=eyJlZmdfdGFnIjoiQ0FST1VTRUxfSVRFTS5iZXN0X2ltYWdlX3VybGdlbi5DMyJ9&amp;_nc_ohc=6bkdOzINPqoQ7kNvwGK-Su9&amp;_nc_oc=Adrr_EliZkzoD9pKhZBjpodY2ud8Lv-0cZJo3ifgaheq1wIcNlc8VXiY-D5zuuGC2qY&amp;_nc_zt=23&amp;_nc_ht=scontent-mad2-1.cdninstagram.com&amp;edm=ANo9K5cEAAAA&amp;_nc_gid=SwY1YhloF0hhHvhTxVCcPQ&amp;_nc_tpa=Q5bMBQH0DW7k4yjw3DcX8vX9dgHlwlbYY0HVyc3K9SBvjpm-1mR699M6B39kyfd5IweRS8iTLTY8-DGiMw&amp;oh=00_Af6wBV0Ew8KDWhThfZhMjLjP2qkVB5S0Z9L6D7v3HlYrHQ&amp;oe=69FA5480&quot;}\">\n\t\t\t<span class=\"sbi-screenreader\">Cuatro empresas del Gremio del Caf\u00e9 de Catalunya pa<\/span>\n\t\t\t<svg class=\"svg-inline--fa fa-clone fa-w-16 sbi_lightbox_carousel_icon\" aria-hidden=\"true\" aria-label=\"Clone\" data-fa-pro\u0192cessed=\"\" data-prefix=\"far\" data-icon=\"clone\" role=\"img\" xmlns=\"http:\/\/www.w3.org\/2000\/svg\" viewbox=\"0 0 512 512\">\n                    <path fill=\"currentColor\" d=\"M464 0H144c-26.51 0-48 21.49-48 48v48H48c-26.51 0-48 21.49-48 48v320c0 26.51 21.49 48 48 48h320c26.51 0 48-21.49 48-48v-48h48c26.51 0 48-21.49 48-48V48c0-26.51-21.49-48-48-48zM362 464H54a6 6 0 0 1-6-6V150a6 6 0 0 1 6-6h42v224c0 26.51 21.49 48 48 48h224v42a6 6 0 0 1-6 6zm96-96H150a6 6 0 0 1-6-6V54a6 6 0 0 1 6-6h308a6 6 0 0 1 6 6v308a6 6 0 0 1-6 6z\"><\/path>\n                <\/svg>\t\t\t\t\t\t<img decoding=\"async\" src=\"https:\/\/gremicafe.cat\/wp-content\/plugins\/instagram-feed\/img\/placeholder.png\" alt=\"Quatre empreses del Gremi del Caf\u00e8 de Catalunya participen a Aliment\u00e0ria 2026El Gremi del Caf\u00e8 de Catalunya torna a tenir veu pr\u00f2pia a Aliment\u00e0ria 2026.  Batalla Caf\u00e8s @batalla_cafes , Caf\u00e8s Cornell\u00e0 @cafescornella , Caf\u00e8s Novell @cafesnovell  i Caf\u00e8s Pont @cafespont, participen en aquesta edici\u00f3 de la fira amb estand propi, des d\u2019on presenten producte, reforcen la seva marca i busquen noves oportunitats comercials en un dels grans aparadors del sector alimentari.Us recomamen que visiteu el seu estand, al pavell\u00f3 7, Coffee, Bakery &amp; Pastry.\ud83d\udcf2 M\u00e9s informaci\u00f3 a: www.gremicafe.cat (enlla\u00e7 a la bio) EL CAF\u00c8, UN PLAER implica: caf\u00e8 100% natural, acabat de torrar a Catalunya, per un torrador associat al \ud835\uddda\ud835\udde5\ud835\uddd8\ud835\udde0\ud835\udddc \ud835\uddd7\ud835\uddd8\ud835\udddf \ud835\uddd6\ud835\uddd4\ud835\uddd9\u00c8: proximitat, sostenibilitat i la m\u00e0xima qualitat \u2615a prop teu.@hostelcobcn @alimentariabcn #gremidelcaf\u00e8 #caf\u00e8isalut #gremicafecatalunya #caf\u00e8deproximitat #torradorsdepropteu #caf\u00e8torratkm0 #caf\u00e8torratacatalunya #acabatdetorrar #100x100natural #sostenible #caf\u00e8 #cafeters #cafeespecialitat #coffeelover\" aria-hidden=\"true\">\n\t\t<\/a>\n\t<\/div>\n<\/div><div class=\"sbi_item sbi_type_image sbi_new sbi_transition\"\n\tid=\"sbi_18075630350428749\" data-date=\"1773947712\">\n\t<div class=\"sbi_photo_wrap\">\n\t\t<a class=\"sbi_photo\" href=\"https:\/\/www.instagram.com\/p\/DWE8-wOgVtU\/\" target=\"_blank\" rel=\"noopener nofollow\"\n\t\t\tdata-full-res=\"https:\/\/scontent-mad1-1.cdninstagram.com\/v\/t39.30808-6\/654298306_1422353216600641_1314859649171257449_n.jpg?stp=dst-jpg_e35_tt6&#038;_nc_cat=102&#038;cb=8438d1d6-89aba764&#038;ccb=7-5&#038;_nc_sid=18de74&#038;efg=eyJlZmdfdGFnIjoiRkVFRC5iZXN0X2ltYWdlX3VybGdlbi5DMyJ9&#038;_nc_ohc=esXi-PbjBHsQ7kNvwE-HE86&#038;_nc_oc=AdqaCIjaf5WQ3m7vr1Sm7_K2hg0KqFBb68felmFryYEl8gHaKSxUe4tDRLjGmoHcowc&#038;_nc_zt=23&#038;_nc_ht=scontent-mad1-1.cdninstagram.com&#038;edm=ANo9K5cEAAAA&#038;_nc_gid=SwY1YhloF0hhHvhTxVCcPQ&#038;_nc_tpa=Q5bMBQGOf0WLSvpdM6LNxMNKZlJvHhM1N9nzIpJefJ3nOS8kx-Ieb__lXH748LjYBxtQ3LRCbSK6DEOUZw&#038;oh=00_Af7YYytWmeJhS4vdkiSHzW1I7nqzmDTzlhYGcHKBK55SNw&#038;oe=69FA3033\"\n\t\t\tdata-img-src-set=\"{&quot;d&quot;:&quot;https:\\\/\\\/scontent-mad1-1.cdninstagram.com\\\/v\\\/t39.30808-6\\\/654298306_1422353216600641_1314859649171257449_n.jpg?stp=dst-jpg_e35_tt6&amp;_nc_cat=102&amp;cb=8438d1d6-89aba764&amp;ccb=7-5&amp;_nc_sid=18de74&amp;efg=eyJlZmdfdGFnIjoiRkVFRC5iZXN0X2ltYWdlX3VybGdlbi5DMyJ9&amp;_nc_ohc=esXi-PbjBHsQ7kNvwE-HE86&amp;_nc_oc=AdqaCIjaf5WQ3m7vr1Sm7_K2hg0KqFBb68felmFryYEl8gHaKSxUe4tDRLjGmoHcowc&amp;_nc_zt=23&amp;_nc_ht=scontent-mad1-1.cdninstagram.com&amp;edm=ANo9K5cEAAAA&amp;_nc_gid=SwY1YhloF0hhHvhTxVCcPQ&amp;_nc_tpa=Q5bMBQGOf0WLSvpdM6LNxMNKZlJvHhM1N9nzIpJefJ3nOS8kx-Ieb__lXH748LjYBxtQ3LRCbSK6DEOUZw&amp;oh=00_Af7YYytWmeJhS4vdkiSHzW1I7nqzmDTzlhYGcHKBK55SNw&amp;oe=69FA3033&quot;,&quot;150&quot;:&quot;https:\\\/\\\/scontent-mad1-1.cdninstagram.com\\\/v\\\/t39.30808-6\\\/654298306_1422353216600641_1314859649171257449_n.jpg?stp=dst-jpg_e35_tt6&amp;_nc_cat=102&amp;cb=8438d1d6-89aba764&amp;ccb=7-5&amp;_nc_sid=18de74&amp;efg=eyJlZmdfdGFnIjoiRkVFRC5iZXN0X2ltYWdlX3VybGdlbi5DMyJ9&amp;_nc_ohc=esXi-PbjBHsQ7kNvwE-HE86&amp;_nc_oc=AdqaCIjaf5WQ3m7vr1Sm7_K2hg0KqFBb68felmFryYEl8gHaKSxUe4tDRLjGmoHcowc&amp;_nc_zt=23&amp;_nc_ht=scontent-mad1-1.cdninstagram.com&amp;edm=ANo9K5cEAAAA&amp;_nc_gid=SwY1YhloF0hhHvhTxVCcPQ&amp;_nc_tpa=Q5bMBQGOf0WLSvpdM6LNxMNKZlJvHhM1N9nzIpJefJ3nOS8kx-Ieb__lXH748LjYBxtQ3LRCbSK6DEOUZw&amp;oh=00_Af7YYytWmeJhS4vdkiSHzW1I7nqzmDTzlhYGcHKBK55SNw&amp;oe=69FA3033&quot;,&quot;320&quot;:&quot;https:\\\/\\\/scontent-mad1-1.cdninstagram.com\\\/v\\\/t39.30808-6\\\/654298306_1422353216600641_1314859649171257449_n.jpg?stp=dst-jpg_e35_tt6&amp;_nc_cat=102&amp;cb=8438d1d6-89aba764&amp;ccb=7-5&amp;_nc_sid=18de74&amp;efg=eyJlZmdfdGFnIjoiRkVFRC5iZXN0X2ltYWdlX3VybGdlbi5DMyJ9&amp;_nc_ohc=esXi-PbjBHsQ7kNvwE-HE86&amp;_nc_oc=AdqaCIjaf5WQ3m7vr1Sm7_K2hg0KqFBb68felmFryYEl8gHaKSxUe4tDRLjGmoHcowc&amp;_nc_zt=23&amp;_nc_ht=scontent-mad1-1.cdninstagram.com&amp;edm=ANo9K5cEAAAA&amp;_nc_gid=SwY1YhloF0hhHvhTxVCcPQ&amp;_nc_tpa=Q5bMBQGOf0WLSvpdM6LNxMNKZlJvHhM1N9nzIpJefJ3nOS8kx-Ieb__lXH748LjYBxtQ3LRCbSK6DEOUZw&amp;oh=00_Af7YYytWmeJhS4vdkiSHzW1I7nqzmDTzlhYGcHKBK55SNw&amp;oe=69FA3033&quot;,&quot;640&quot;:&quot;https:\\\/\\\/scontent-mad1-1.cdninstagram.com\\\/v\\\/t39.30808-6\\\/654298306_1422353216600641_1314859649171257449_n.jpg?stp=dst-jpg_e35_tt6&amp;_nc_cat=102&amp;cb=8438d1d6-89aba764&amp;ccb=7-5&amp;_nc_sid=18de74&amp;efg=eyJlZmdfdGFnIjoiRkVFRC5iZXN0X2ltYWdlX3VybGdlbi5DMyJ9&amp;_nc_ohc=esXi-PbjBHsQ7kNvwE-HE86&amp;_nc_oc=AdqaCIjaf5WQ3m7vr1Sm7_K2hg0KqFBb68felmFryYEl8gHaKSxUe4tDRLjGmoHcowc&amp;_nc_zt=23&amp;_nc_ht=scontent-mad1-1.cdninstagram.com&amp;edm=ANo9K5cEAAAA&amp;_nc_gid=SwY1YhloF0hhHvhTxVCcPQ&amp;_nc_tpa=Q5bMBQGOf0WLSvpdM6LNxMNKZlJvHhM1N9nzIpJefJ3nOS8kx-Ieb__lXH748LjYBxtQ3LRCbSK6DEOUZw&amp;oh=00_Af7YYytWmeJhS4vdkiSHzW1I7nqzmDTzlhYGcHKBK55SNw&amp;oe=69FA3033&quot;}\">\n\t\t\t<span class=\"sbi-screenreader\">\ud835\uddd4\ud835\uddf9\ud835\uddf6\ud835\uddfa\ud835\uddf2\ud835\uddfb\ud835\ude01\u00e0\ud835\uddff\ud835\uddf6\ud835\uddee \ud835\udfee\ud835\udfec\ud835\udfee\ud835\udff2: \ud835\uddf2\ud835\uddf9 \ud835\uddfa\u00f3\ud835\uddfb \ud835\uddf1\ud835\uddf2\ud835\uddf9 \ud835\udde3\ud835\uddee\ud835\ude03\ud835\uddf2\ud835\uddf9\ud835\uddf9\u00f3 \ud835\udff3 D<\/span>\n\t\t\t\t\t\t\t\t\t<img decoding=\"async\" src=\"https:\/\/gremicafe.cat\/wp-content\/plugins\/instagram-feed\/img\/placeholder.png\" alt=\"\ud835\uddd4\ud835\uddf9\ud835\uddf6\ud835\uddfa\ud835\uddf2\ud835\uddfb\ud835\ude01\u00e0\ud835\uddff\ud835\uddf6\ud835\uddee \ud835\udfee\ud835\udfec\ud835\udfee\ud835\udff2: \ud835\uddf2\ud835\uddf9 \ud835\uddfa\u00f3\ud835\uddfb \ud835\uddf1\ud835\uddf2\ud835\uddf9 \ud835\uddf0\ud835\uddee\ud835\uddf3\u00e8, \ud835\uddee\ud835\uddf9 \ud835\udde3\ud835\uddee\ud835\ude03\ud835\uddf2\ud835\uddf9\ud835\uddf9\u00f3 \ud835\udff3Del 23 al 26 de mar\u00e7 al recinte Gran Via de Fira de BarcelonaUn any m\u00e9s, el sector del caf\u00e8 ser\u00e0 present a Aliment\u00e0ria, al pavell\u00f3 7, Coffee, Bakery &amp; Pastry, en un espai anomenat La Ruta del Caf\u00e8 que promociona i dona visibilitat a tot l\u2019ecosistema del caf\u00e8 present al Pavell\u00f3 7.Entre els expositors cafeters, destaquem les empreses, Batalla Caf\u00e8s @batalla_cafes , Caf\u00e8s Cornell\u00e0 @cafescornella , Caf\u00e8s Novell @cafesnovell  i Caf\u00e8s Pont @cafespont , torradors del Gremi del Caf\u00e8 de Catalunya.Us recomamen que visiteu el seu estand.\ud83d\udcf2 M\u00e9s informaci\u00f3 a: www.gremicafe.cat (enlla\u00e7 a la bio) @hostelcobcn @alimentariabcn #gremidelcaf\u00e8 #caf\u00e8isalut #gremicafecatalunya #caf\u00e8deproximitat #torradorsdepropteu #caf\u00e8torratkm0 #caf\u00e8torratacatalunya #acabatdetorrar #100x100natural #sostenible #caf\u00e8 #cafeters #cafeespecialitat #coffeelover\" aria-hidden=\"true\">\n\t\t<\/a>\n\t<\/div>\n<\/div><div class=\"sbi_item sbi_type_image sbi_new sbi_transition\"\n\tid=\"sbi_18156920203430006\" data-date=\"1773213613\">\n\t<div class=\"sbi_photo_wrap\">\n\t\t<a class=\"sbi_photo\" href=\"https:\/\/www.instagram.com\/p\/DVvEzL7AMIW\/\" target=\"_blank\" rel=\"noopener nofollow\"\n\t\t\tdata-full-res=\"https:\/\/scontent-mad2-1.cdninstagram.com\/v\/t39.30808-6\/649930161_1415452393957390_9137525754447929905_n.jpg?stp=dst-jpg_e35_tt6&#038;_nc_cat=110&#038;cb=8438d1d6-89aba764&#038;ccb=7-5&#038;_nc_sid=18de74&#038;efg=eyJlZmdfdGFnIjoiRkVFRC5iZXN0X2ltYWdlX3VybGdlbi5DMyJ9&#038;_nc_ohc=K0x7QVAS424Q7kNvwFZ_Vxx&#038;_nc_oc=AdrDXYfU836UHAlRA7-WbFmWqetroMQbTz_b9Wd1vwnAekiw71vdG4S3TlMWSHnkBCA&#038;_nc_zt=23&#038;_nc_ht=scontent-mad2-1.cdninstagram.com&#038;edm=ANo9K5cEAAAA&#038;_nc_gid=SwY1YhloF0hhHvhTxVCcPQ&#038;_nc_tpa=Q5bMBQEC17UKm_50JWAcXKWm0Y-NH00qAJkwGWoa5tuSSLj1LQex8i40JXaj0PhCwXVRmGTSzZGCDI9VzA&#038;oh=00_Af4Zb6hvaebCp8UA73rCkc0u57a3lSaiy5VqWsYaezhxRw&#038;oe=69FA4D36\"\n\t\t\tdata-img-src-set=\"{&quot;d&quot;:&quot;https:\\\/\\\/scontent-mad2-1.cdninstagram.com\\\/v\\\/t39.30808-6\\\/649930161_1415452393957390_9137525754447929905_n.jpg?stp=dst-jpg_e35_tt6&amp;_nc_cat=110&amp;cb=8438d1d6-89aba764&amp;ccb=7-5&amp;_nc_sid=18de74&amp;efg=eyJlZmdfdGFnIjoiRkVFRC5iZXN0X2ltYWdlX3VybGdlbi5DMyJ9&amp;_nc_ohc=K0x7QVAS424Q7kNvwFZ_Vxx&amp;_nc_oc=AdrDXYfU836UHAlRA7-WbFmWqetroMQbTz_b9Wd1vwnAekiw71vdG4S3TlMWSHnkBCA&amp;_nc_zt=23&amp;_nc_ht=scontent-mad2-1.cdninstagram.com&amp;edm=ANo9K5cEAAAA&amp;_nc_gid=SwY1YhloF0hhHvhTxVCcPQ&amp;_nc_tpa=Q5bMBQEC17UKm_50JWAcXKWm0Y-NH00qAJkwGWoa5tuSSLj1LQex8i40JXaj0PhCwXVRmGTSzZGCDI9VzA&amp;oh=00_Af4Zb6hvaebCp8UA73rCkc0u57a3lSaiy5VqWsYaezhxRw&amp;oe=69FA4D36&quot;,&quot;150&quot;:&quot;https:\\\/\\\/scontent-mad2-1.cdninstagram.com\\\/v\\\/t39.30808-6\\\/649930161_1415452393957390_9137525754447929905_n.jpg?stp=dst-jpg_e35_tt6&amp;_nc_cat=110&amp;cb=8438d1d6-89aba764&amp;ccb=7-5&amp;_nc_sid=18de74&amp;efg=eyJlZmdfdGFnIjoiRkVFRC5iZXN0X2ltYWdlX3VybGdlbi5DMyJ9&amp;_nc_ohc=K0x7QVAS424Q7kNvwFZ_Vxx&amp;_nc_oc=AdrDXYfU836UHAlRA7-WbFmWqetroMQbTz_b9Wd1vwnAekiw71vdG4S3TlMWSHnkBCA&amp;_nc_zt=23&amp;_nc_ht=scontent-mad2-1.cdninstagram.com&amp;edm=ANo9K5cEAAAA&amp;_nc_gid=SwY1YhloF0hhHvhTxVCcPQ&amp;_nc_tpa=Q5bMBQEC17UKm_50JWAcXKWm0Y-NH00qAJkwGWoa5tuSSLj1LQex8i40JXaj0PhCwXVRmGTSzZGCDI9VzA&amp;oh=00_Af4Zb6hvaebCp8UA73rCkc0u57a3lSaiy5VqWsYaezhxRw&amp;oe=69FA4D36&quot;,&quot;320&quot;:&quot;https:\\\/\\\/scontent-mad2-1.cdninstagram.com\\\/v\\\/t39.30808-6\\\/649930161_1415452393957390_9137525754447929905_n.jpg?stp=dst-jpg_e35_tt6&amp;_nc_cat=110&amp;cb=8438d1d6-89aba764&amp;ccb=7-5&amp;_nc_sid=18de74&amp;efg=eyJlZmdfdGFnIjoiRkVFRC5iZXN0X2ltYWdlX3VybGdlbi5DMyJ9&amp;_nc_ohc=K0x7QVAS424Q7kNvwFZ_Vxx&amp;_nc_oc=AdrDXYfU836UHAlRA7-WbFmWqetroMQbTz_b9Wd1vwnAekiw71vdG4S3TlMWSHnkBCA&amp;_nc_zt=23&amp;_nc_ht=scontent-mad2-1.cdninstagram.com&amp;edm=ANo9K5cEAAAA&amp;_nc_gid=SwY1YhloF0hhHvhTxVCcPQ&amp;_nc_tpa=Q5bMBQEC17UKm_50JWAcXKWm0Y-NH00qAJkwGWoa5tuSSLj1LQex8i40JXaj0PhCwXVRmGTSzZGCDI9VzA&amp;oh=00_Af4Zb6hvaebCp8UA73rCkc0u57a3lSaiy5VqWsYaezhxRw&amp;oe=69FA4D36&quot;,&quot;640&quot;:&quot;https:\\\/\\\/scontent-mad2-1.cdninstagram.com\\\/v\\\/t39.30808-6\\\/649930161_1415452393957390_9137525754447929905_n.jpg?stp=dst-jpg_e35_tt6&amp;_nc_cat=110&amp;cb=8438d1d6-89aba764&amp;ccb=7-5&amp;_nc_sid=18de74&amp;efg=eyJlZmdfdGFnIjoiRkVFRC5iZXN0X2ltYWdlX3VybGdlbi5DMyJ9&amp;_nc_ohc=K0x7QVAS424Q7kNvwFZ_Vxx&amp;_nc_oc=AdrDXYfU836UHAlRA7-WbFmWqetroMQbTz_b9Wd1vwnAekiw71vdG4S3TlMWSHnkBCA&amp;_nc_zt=23&amp;_nc_ht=scontent-mad2-1.cdninstagram.com&amp;edm=ANo9K5cEAAAA&amp;_nc_gid=SwY1YhloF0hhHvhTxVCcPQ&amp;_nc_tpa=Q5bMBQEC17UKm_50JWAcXKWm0Y-NH00qAJkwGWoa5tuSSLj1LQex8i40JXaj0PhCwXVRmGTSzZGCDI9VzA&amp;oh=00_Af4Zb6hvaebCp8UA73rCkc0u57a3lSaiy5VqWsYaezhxRw&amp;oe=69FA4D36&quot;}\">\n\t\t\t<span class=\"sbi-screenreader\">\ud835\uddd4\ud835\uddf9\ud835\uddf6\ud835\uddfa\ud835\uddf2\ud835\uddfb\ud835\ude01\u00e0\ud835\uddff\ud835\uddf6\ud835\uddee \ud835\udfee\ud835\udfec\ud835\udfee\ud835\udff2: \ud835\uddf2\ud835\uddf9 \ud835\uddfa\u00f3\ud835\uddfb \ud835\uddf1\ud835\uddf2\ud835\uddf9 \ud835\udde3\ud835\uddee\ud835\ude03\ud835\uddf2\ud835\uddf9\ud835\uddf9\u00f3 \ud835\udff3 D<\/span>\n\t\t\t\t\t\t\t\t\t<img decoding=\"async\" src=\"https:\/\/gremicafe.cat\/wp-content\/plugins\/instagram-feed\/img\/placeholder.png\" alt=\"\ud835\uddd4\ud835\uddf9\ud835\uddf6\ud835\uddfa\ud835\uddf2\ud835\uddfb\ud835\ude01\u00e0\ud835\uddff\ud835\uddf6\ud835\uddee \ud835\udfee\ud835\udfec\ud835\udfee\ud835\udff2: \ud835\uddf2\ud835\uddf9 \ud835\uddfa\u00f3\ud835\uddfb \ud835\uddf1\ud835\uddf2\ud835\uddf9 \ud835\uddf0\ud835\uddee\ud835\uddf3\u00e8, \ud835\uddee\ud835\uddf9 \ud835\udde3\ud835\uddee\ud835\ude03\ud835\uddf2\ud835\uddf9\ud835\uddf9\u00f3 \ud835\udff3Del 23 al 26 de mar\u00e7 al recinte Gran Via de Fira de BarcelonaUn any m\u00e9s, el sector del caf\u00e8 ser\u00e0 present a Aliment\u00e0ria, al pavell\u00f3 7, Coffee, Bakery &amp; Pastry, en un espai anomenat La Ruta del Caf\u00e8 que promociona i dona visibilitat a tot l\u2019ecosistema del caf\u00e8 present al Pavell\u00f3 7.Entre els expositors cafeters, destaquem les empreses, Batalla Caf\u00e8s @batalla_cafes , Caf\u00e8s Cornell\u00e0 @cafescornella , Caf\u00e8s Novell @cafesnovell  i Caf\u00e8s Pont @cafespont , torradors del Gremi del Caf\u00e8 de Catalunya.Us recomamen que visiteu el seu estand.\ud83d\udcf2 M\u00e9s informaci\u00f3 a: www.gremicafe.cat (enlla\u00e7 a la bio) https:\/\/gremicafe.cat\/2026\/03\/09\/alimentaria-2026-el-mon-del-cafe-al-pavello-7\/EL CAF\u00c8, UN PLAER implica: caf\u00e8 100% natural, acabat de torrar a Catalunya, per un torrador associat al \ud835\uddda\ud835\udde5\ud835\uddd8\ud835\udde0\ud835\udddc \ud835\uddd7\ud835\uddd8\ud835\udddf \ud835\uddd6\ud835\uddd4\ud835\uddd9\u00c8: proximitat, sostenibilitat i la m\u00e0xima qualitat \u2615a prop teu.@hostelcobcn @alimentariabcn #gremidelcaf\u00e8 #caf\u00e8isalut #gremicafecatalunya #caf\u00e8deproximitat #torradorsdepropteu #caf\u00e8torratkm0 #caf\u00e8torratacatalunya #acabatdetorrar #100x100natural #sostenible #caf\u00e8 #cafeters #cafeespecialitat #coffeelover\" aria-hidden=\"true\">\n\t\t<\/a>\n\t<\/div>\n<\/div><div class=\"sbi_item sbi_type_carousel sbi_new sbi_transition\"\n\tid=\"sbi_17951476164099985\" data-date=\"1772957711\">\n\t<div class=\"sbi_photo_wrap\">\n\t\t<a class=\"sbi_photo\" href=\"https:\/\/www.instagram.com\/p\/DVnctJGjHDB\/\" target=\"_blank\" rel=\"noopener nofollow\"\n\t\t\tdata-full-res=\"https:\/\/scontent-mad2-1.cdninstagram.com\/v\/t39.30808-6\/647669624_1410434504459179_338119569591046254_n.jpg?stp=dst-jpg_e35_tt6&#038;_nc_cat=111&#038;cb=8438d1d6-89aba764&#038;ccb=7-5&#038;_nc_sid=18de74&#038;efg=eyJlZmdfdGFnIjoiQ0FST1VTRUxfSVRFTS5iZXN0X2ltYWdlX3VybGdlbi5DMyJ9&#038;_nc_ohc=pCJ4VG1UVmUQ7kNvwHsm1TH&#038;_nc_oc=AdqXiv-bVq6ifBQhiXQpomda9rRDCXy3A9lscHvND6kXnEJvz8SV8ax3nmN3iwnHNtc&#038;_nc_zt=23&#038;_nc_ht=scontent-mad2-1.cdninstagram.com&#038;edm=ANo9K5cEAAAA&#038;_nc_gid=SwY1YhloF0hhHvhTxVCcPQ&#038;_nc_tpa=Q5bMBQGabDwUNhhPUM3H7E3GqROpaFUHywaTQdwdF2_vI0Uen9xvfyFi88VItzNeHMxN1APXvljNcQB7-g&#038;oh=00_Af4mmKqBXMJY1Bz1lNa731AV8k1e2GZUzIZ9PWnLtDs6Kg&#038;oe=69FA4284\"\n\t\t\tdata-img-src-set=\"{&quot;d&quot;:&quot;https:\\\/\\\/scontent-mad2-1.cdninstagram.com\\\/v\\\/t39.30808-6\\\/647669624_1410434504459179_338119569591046254_n.jpg?stp=dst-jpg_e35_tt6&amp;_nc_cat=111&amp;cb=8438d1d6-89aba764&amp;ccb=7-5&amp;_nc_sid=18de74&amp;efg=eyJlZmdfdGFnIjoiQ0FST1VTRUxfSVRFTS5iZXN0X2ltYWdlX3VybGdlbi5DMyJ9&amp;_nc_ohc=pCJ4VG1UVmUQ7kNvwHsm1TH&amp;_nc_oc=AdqXiv-bVq6ifBQhiXQpomda9rRDCXy3A9lscHvND6kXnEJvz8SV8ax3nmN3iwnHNtc&amp;_nc_zt=23&amp;_nc_ht=scontent-mad2-1.cdninstagram.com&amp;edm=ANo9K5cEAAAA&amp;_nc_gid=SwY1YhloF0hhHvhTxVCcPQ&amp;_nc_tpa=Q5bMBQGabDwUNhhPUM3H7E3GqROpaFUHywaTQdwdF2_vI0Uen9xvfyFi88VItzNeHMxN1APXvljNcQB7-g&amp;oh=00_Af4mmKqBXMJY1Bz1lNa731AV8k1e2GZUzIZ9PWnLtDs6Kg&amp;oe=69FA4284&quot;,&quot;150&quot;:&quot;https:\\\/\\\/scontent-mad2-1.cdninstagram.com\\\/v\\\/t39.30808-6\\\/647669624_1410434504459179_338119569591046254_n.jpg?stp=dst-jpg_e35_tt6&amp;_nc_cat=111&amp;cb=8438d1d6-89aba764&amp;ccb=7-5&amp;_nc_sid=18de74&amp;efg=eyJlZmdfdGFnIjoiQ0FST1VTRUxfSVRFTS5iZXN0X2ltYWdlX3VybGdlbi5DMyJ9&amp;_nc_ohc=pCJ4VG1UVmUQ7kNvwHsm1TH&amp;_nc_oc=AdqXiv-bVq6ifBQhiXQpomda9rRDCXy3A9lscHvND6kXnEJvz8SV8ax3nmN3iwnHNtc&amp;_nc_zt=23&amp;_nc_ht=scontent-mad2-1.cdninstagram.com&amp;edm=ANo9K5cEAAAA&amp;_nc_gid=SwY1YhloF0hhHvhTxVCcPQ&amp;_nc_tpa=Q5bMBQGabDwUNhhPUM3H7E3GqROpaFUHywaTQdwdF2_vI0Uen9xvfyFi88VItzNeHMxN1APXvljNcQB7-g&amp;oh=00_Af4mmKqBXMJY1Bz1lNa731AV8k1e2GZUzIZ9PWnLtDs6Kg&amp;oe=69FA4284&quot;,&quot;320&quot;:&quot;https:\\\/\\\/scontent-mad2-1.cdninstagram.com\\\/v\\\/t39.30808-6\\\/647669624_1410434504459179_338119569591046254_n.jpg?stp=dst-jpg_e35_tt6&amp;_nc_cat=111&amp;cb=8438d1d6-89aba764&amp;ccb=7-5&amp;_nc_sid=18de74&amp;efg=eyJlZmdfdGFnIjoiQ0FST1VTRUxfSVRFTS5iZXN0X2ltYWdlX3VybGdlbi5DMyJ9&amp;_nc_ohc=pCJ4VG1UVmUQ7kNvwHsm1TH&amp;_nc_oc=AdqXiv-bVq6ifBQhiXQpomda9rRDCXy3A9lscHvND6kXnEJvz8SV8ax3nmN3iwnHNtc&amp;_nc_zt=23&amp;_nc_ht=scontent-mad2-1.cdninstagram.com&amp;edm=ANo9K5cEAAAA&amp;_nc_gid=SwY1YhloF0hhHvhTxVCcPQ&amp;_nc_tpa=Q5bMBQGabDwUNhhPUM3H7E3GqROpaFUHywaTQdwdF2_vI0Uen9xvfyFi88VItzNeHMxN1APXvljNcQB7-g&amp;oh=00_Af4mmKqBXMJY1Bz1lNa731AV8k1e2GZUzIZ9PWnLtDs6Kg&amp;oe=69FA4284&quot;,&quot;640&quot;:&quot;https:\\\/\\\/scontent-mad2-1.cdninstagram.com\\\/v\\\/t39.30808-6\\\/647669624_1410434504459179_338119569591046254_n.jpg?stp=dst-jpg_e35_tt6&amp;_nc_cat=111&amp;cb=8438d1d6-89aba764&amp;ccb=7-5&amp;_nc_sid=18de74&amp;efg=eyJlZmdfdGFnIjoiQ0FST1VTRUxfSVRFTS5iZXN0X2ltYWdlX3VybGdlbi5DMyJ9&amp;_nc_ohc=pCJ4VG1UVmUQ7kNvwHsm1TH&amp;_nc_oc=AdqXiv-bVq6ifBQhiXQpomda9rRDCXy3A9lscHvND6kXnEJvz8SV8ax3nmN3iwnHNtc&amp;_nc_zt=23&amp;_nc_ht=scontent-mad2-1.cdninstagram.com&amp;edm=ANo9K5cEAAAA&amp;_nc_gid=SwY1YhloF0hhHvhTxVCcPQ&amp;_nc_tpa=Q5bMBQGabDwUNhhPUM3H7E3GqROpaFUHywaTQdwdF2_vI0Uen9xvfyFi88VItzNeHMxN1APXvljNcQB7-g&amp;oh=00_Af4mmKqBXMJY1Bz1lNa731AV8k1e2GZUzIZ9PWnLtDs6Kg&amp;oe=69FA4284&quot;}\">\n\t\t\t<span class=\"sbi-screenreader\">Hoy y siempre, nos sumamos por la igualdad de condic<\/span>\n\t\t\t<svg class=\"svg-inline--fa fa-clone fa-w-16 sbi_lightbox_carousel_icon\" aria-hidden=\"true\" aria-label=\"Clone\" data-fa-pro\u0192cessed=\"\" data-prefix=\"far\" data-icon=\"clone\" role=\"img\" xmlns=\"http:\/\/www.w3.org\/2000\/svg\" viewbox=\"0 0 512 512\">\n                    <path fill=\"currentColor\" d=\"M464 0H144c-26.51 0-48 21.49-48 48v48H48c-26.51 0-48 21.49-48 48v320c0 26.51 21.49 48 48 48h320c26.51 0 48-21.49 48-48v-48h48c26.51 0 48-21.49 48-48V48c0-26.51-21.49-48-48-48zM362 464H54a6 6 0 0 1-6-6V150a6 6 0 0 1 6-6h42v224c0 26.51 21.49 48 48 48h224v42a6 6 0 0 1-6 6zm96-96H150a6 6 0 0 1-6-6V54a6 6 0 0 1 6-6h308a6 6 0 0 1 6 6v308a6 6 0 0 1-6 6z\"><\/path>\n                <\/svg>\t\t\t\t\t\t<img decoding=\"async\" src=\"https:\/\/gremicafe.cat\/wp-content\/plugins\/instagram-feed\/img\/placeholder.png\" alt=\"Avui i sempre, ens sumem per la igualtat de condicions i oportunitats. \ud83d\udc9c#8mar\u00e7 #diadeladona #diainternacionaldeladona #igualtatdeg\u00e8nere #igualtatoportunitats #gremicafecatalunya#gremidelcaf\u00e8 @cafesnovell @batalla_cafes @cafesaula @cafesbou @cafespont @delsams_de.cafe @tupinambagrup @qualityblends.coffee @dibarcoffee @bracafe @ciano.coffee @cafescornella @fincafeartisan @cafesgener @cafesroma @cafesmamasame @cafescallis @cafesros @cafeslidervalls\" aria-hidden=\"true\">\n\t\t<\/a>\n\t<\/div>\n<\/div><div class=\"sbi_item sbi_type_image sbi_new sbi_transition\"\n\tid=\"sbi_18086025586915200\" data-date=\"1770667212\">\n\t<div class=\"sbi_photo_wrap\">\n\t\t<a class=\"sbi_photo\" href=\"https:\/\/www.instagram.com\/p\/DUjL7LskTgf\/\" target=\"_blank\" rel=\"noopener nofollow\"\n\t\t\tdata-full-res=\"https:\/\/scontent-mad1-1.cdninstagram.com\/v\/t39.30808-6\/627674410_1386073366895293_4368973921334206466_n.jpg?stp=dst-jpg_e35_tt6&#038;_nc_cat=101&#038;cb=8438d1d6-89aba764&#038;ccb=7-5&#038;_nc_sid=18de74&#038;efg=eyJlZmdfdGFnIjoiRkVFRC5iZXN0X2ltYWdlX3VybGdlbi5DMyJ9&#038;_nc_ohc=55Yo6Pj5huYQ7kNvwEKKKC2&#038;_nc_oc=AdpPqK1bwzjseRiw85mDSjKCvjqEnhNZ3LEK2I3VelJkdKI2LXQTupXWsn4abasB9_I&#038;_nc_zt=23&#038;_nc_ht=scontent-mad1-1.cdninstagram.com&#038;edm=ANo9K5cEAAAA&#038;_nc_gid=SwY1YhloF0hhHvhTxVCcPQ&#038;_nc_tpa=Q5bMBQGzMd6ue2XWsXe-HmSITZWQhl5XtBu7cohhJmoxTVARj5SRm7ppov09-ZdoP460nIIt0qRW7gypRA&#038;oh=00_Af4rqbhKmwIYFnXzyAX3rF_gtvMUNkt3iIDibw3mHySvGw&#038;oe=69FA3334\"\n\t\t\tdata-img-src-set=\"{&quot;d&quot;:&quot;https:\\\/\\\/scontent-mad1-1.cdninstagram.com\\\/v\\\/t39.30808-6\\\/627674410_1386073366895293_4368973921334206466_n.jpg?stp=dst-jpg_e35_tt6&amp;_nc_cat=101&amp;cb=8438d1d6-89aba764&amp;ccb=7-5&amp;_nc_sid=18de74&amp;efg=eyJlZmdfdGFnIjoiRkVFRC5iZXN0X2ltYWdlX3VybGdlbi5DMyJ9&amp;_nc_ohc=55Yo6Pj5huYQ7kNvwEKKKC2&amp;_nc_oc=AdpPqK1bwzjseRiw85mDSjKCvjqEnhNZ3LEK2I3VelJkdKI2LXQTupXWsn4abasB9_I&amp;_nc_zt=23&amp;_nc_ht=scontent-mad1-1.cdninstagram.com&amp;edm=ANo9K5cEAAAA&amp;_nc_gid=SwY1YhloF0hhHvhTxVCcPQ&amp;_nc_tpa=Q5bMBQGzMd6ue2XWsXe-HmSITZWQhl5XtBu7cohhJmoxTVARj5SRm7ppov09-ZdoP460nIIt0qRW7gypRA&amp;oh=00_Af4rqbhKmwIYFnXzyAX3rF_gtvMUNkt3iIDibw3mHySvGw&amp;oe=69FA3334&quot;,&quot;150&quot;:&quot;https:\\\/\\\/scontent-mad1-1.cdninstagram.com\\\/v\\\/t39.30808-6\\\/627674410_1386073366895293_4368973921334206466_n.jpg?stp=dst-jpg_e35_tt6&amp;_nc_cat=101&amp;cb=8438d1d6-89aba764&amp;ccb=7-5&amp;_nc_sid=18de74&amp;efg=eyJlZmdfdGFnIjoiRkVFRC5iZXN0X2ltYWdlX3VybGdlbi5DMyJ9&amp;_nc_ohc=55Yo6Pj5huYQ7kNvwEKKKC2&amp;_nc_oc=AdpPqK1bwzjseRiw85mDSjKCvjqEnhNZ3LEK2I3VelJkdKI2LXQTupXWsn4abasB9_I&amp;_nc_zt=23&amp;_nc_ht=scontent-mad1-1.cdninstagram.com&amp;edm=ANo9K5cEAAAA&amp;_nc_gid=SwY1YhloF0hhHvhTxVCcPQ&amp;_nc_tpa=Q5bMBQGzMd6ue2XWsXe-HmSITZWQhl5XtBu7cohhJmoxTVARj5SRm7ppov09-ZdoP460nIIt0qRW7gypRA&amp;oh=00_Af4rqbhKmwIYFnXzyAX3rF_gtvMUNkt3iIDibw3mHySvGw&amp;oe=69FA3334&quot;,&quot;320&quot;:&quot;https:\\\/\\\/scontent-mad1-1.cdninstagram.com\\\/v\\\/t39.30808-6\\\/627674410_1386073366895293_4368973921334206466_n.jpg?stp=dst-jpg_e35_tt6&amp;_nc_cat=101&amp;cb=8438d1d6-89aba764&amp;ccb=7-5&amp;_nc_sid=18de74&amp;efg=eyJlZmdfdGFnIjoiRkVFRC5iZXN0X2ltYWdlX3VybGdlbi5DMyJ9&amp;_nc_ohc=55Yo6Pj5huYQ7kNvwEKKKC2&amp;_nc_oc=AdpPqK1bwzjseRiw85mDSjKCvjqEnhNZ3LEK2I3VelJkdKI2LXQTupXWsn4abasB9_I&amp;_nc_zt=23&amp;_nc_ht=scontent-mad1-1.cdninstagram.com&amp;edm=ANo9K5cEAAAA&amp;_nc_gid=SwY1YhloF0hhHvhTxVCcPQ&amp;_nc_tpa=Q5bMBQGzMd6ue2XWsXe-HmSITZWQhl5XtBu7cohhJmoxTVARj5SRm7ppov09-ZdoP460nIIt0qRW7gypRA&amp;oh=00_Af4rqbhKmwIYFnXzyAX3rF_gtvMUNkt3iIDibw3mHySvGw&amp;oe=69FA3334&quot;,&quot;640&quot;:&quot;https:\\\/\\\/scontent-mad1-1.cdninstagram.com\\\/v\\\/t39.30808-6\\\/627674410_1386073366895293_4368973921334206466_n.jpg?stp=dst-jpg_e35_tt6&amp;_nc_cat=101&amp;cb=8438d1d6-89aba764&amp;ccb=7-5&amp;_nc_sid=18de74&amp;efg=eyJlZmdfdGFnIjoiRkVFRC5iZXN0X2ltYWdlX3VybGdlbi5DMyJ9&amp;_nc_ohc=55Yo6Pj5huYQ7kNvwEKKKC2&amp;_nc_oc=AdpPqK1bwzjseRiw85mDSjKCvjqEnhNZ3LEK2I3VelJkdKI2LXQTupXWsn4abasB9_I&amp;_nc_zt=23&amp;_nc_ht=scontent-mad1-1.cdninstagram.com&amp;edm=ANo9K5cEAAAA&amp;_nc_gid=SwY1YhloF0hhHvhTxVCcPQ&amp;_nc_tpa=Q5bMBQGzMd6ue2XWsXe-HmSITZWQhl5XtBu7cohhJmoxTVARj5SRm7ppov09-ZdoP460nIIt0qRW7gypRA&amp;oh=00_Af4rqbhKmwIYFnXzyAX3rF_gtvMUNkt3iIDibw3mHySvGw&amp;oe=69FA3334&quot;}\">\n\t\t\t<span class=\"sbi-screenreader\">BATALLAS LATTE ART by F\u00f3rum Caf\u00e9 Desde F\u00f2rum Caf<\/span>\n\t\t\t\t\t\t\t\t\t<img decoding=\"async\" src=\"https:\/\/gremicafe.cat\/wp-content\/plugins\/instagram-feed\/img\/placeholder.png\" alt=\"BATALLAS LATTE ART by F\u00f3rum Caf\u00e9Des de F\u00f2rum Caf\u00e8, entenem el latte art com a part essencial de l&#039;ofici barista: t\u00e8cnica, criteri i execuci\u00f3. \u00c9s per aquest motiu que, en el marc del Coffee Fest Madrid, organitzem BATALLAS LATTE ART, una competici\u00f3 de latte art oberta al p\u00fablic, en col\u00b7laboraci\u00f3 amb LAGS Espa\u00f1a.Les competicions se celebraran el dissabte 14 i el diumenge 15 al mat\u00ed, en format de dols eliminatoris entre baristes, seguint el sistema Latte Art Grading System. Un espai pensat per a la pr\u00e0ctica real, l&#039;aprenentatge compartit i la visibilitat del treball barista en directe.\ud83d\udcf2Per a m\u00e9s informaci\u00f3 entra al web del Gremi del Caf\u00e8: (Link a la bio)EL CAF\u00c8, UN PLAER implica: caf\u00e8 100% natural, acabat de torrar a Catalunya, per un torrador associat al \ud835\uddda\ud835\udde5\ud835\uddd8\ud835\udde0\ud835\udddc \ud835\uddd7\ud835\uddd8\ud835\udddf \ud835\uddd6\ud835\uddd4\ud835\uddd9\u00c8: proximitat, sostenibilitat i la m\u00e0xima qualitat \u2615a prop teu. @coffeefestoficial #gremidelcaf\u00e8 #caf\u00e8isalut #gremicafecatalunya #caf\u00e8deproximitat #torradorsdepropteu #caf\u00e8torratkm0 #caf\u00e8torratacatalunya #acabatdetorrar #100x100natural #sostenible #caf\u00e8 #cafeters #cafeespecialitat #coffeelover @cafesnovell @batalla_cafes @cafesaula @cafesbou @cafespont @delsams_de.cafe @tupinambagrup @qualityblends.coffee @dibarcoffee @bracafe @ciano.coffee @cafescornella @fincafeartisan @cafesgener @cafesroma @cafesmamasame @cafescallis @cafesros @cafeslidervalls\" aria-hidden=\"true\">\n\t\t<\/a>\n\t<\/div>\n<\/div>\t<\/div>\n\n\t<div id=\"sbi_load\" >\n\n\t\t\t<button class=\"sbi_load_btn\"\n\t\t\ttype=\"button\" >\n\t\t\t<span class=\"sbi_btn_text\" >Cargar m\u00e1s<\/span>\n\t\t\t<span class=\"sbi_loader sbi_hidden\" style=\"background-color: rgb(255, 255, 255);\" aria-hidden=\"true\"><\/span>\n\t\t<\/button>\n\t\n\t\t\t<span class=\"sbi_follow_btn sbi_custom\" >\n\t\t\t<a target=\"_blank\"\n\t\t\t\trel=\"nofollow noopener\"  href=\"https:\/\/www.instagram.com\/gremicafecat\/\" style=\"background: rgb(64,139,209);\">\n\t\t\t\t<svg class=\"svg-inline--fa fa-instagram fa-w-14\" aria-hidden=\"true\" data-fa-processed=\"\" aria-label=\"Instagram\" data-prefix=\"fab\" data-icon=\"instagram\" role=\"img\" viewbox=\"0 0 448 512\">\n                    <path fill=\"currentColor\" d=\"M224.1 141c-63.6 0-114.9 51.3-114.9 114.9s51.3 114.9 114.9 114.9S339 319.5 339 255.9 287.7 141 224.1 141zm0 189.6c-41.1 0-74.7-33.5-74.7-74.7s33.5-74.7 74.7-74.7 74.7 33.5 74.7 74.7-33.6 74.7-74.7 74.7zm146.4-194.3c0 14.9-12 26.8-26.8 26.8-14.9 0-26.8-12-26.8-26.8s12-26.8 26.8-26.8 26.8 12 26.8 26.8zm76.1 27.2c-1.7-35.9-9.9-67.7-36.2-93.9-26.2-26.2-58-34.4-93.9-36.2-37-2.1-147.9-2.1-184.9 0-35.8 1.7-67.6 9.9-93.9 36.1s-34.4 58-36.2 93.9c-2.1 37-2.1 147.9 0 184.9 1.7 35.9 9.9 67.7 36.2 93.9s58 34.4 93.9 36.2c37 2.1 147.9 2.1 184.9 0 35.9-1.7 67.7-9.9 93.9-36.2 26.2-26.2 34.4-58 36.2-93.9 2.1-37 2.1-147.8 0-184.8zM398.8 388c-7.8 19.6-22.9 34.7-42.6 42.6-29.5 11.7-99.5 9-132.1 9s-102.7 2.6-132.1-9c-19.6-7.8-34.7-22.9-42.6-42.6-11.7-29.5-9-99.5-9-132.1s-2.6-102.7 9-132.1c7.8-19.6 22.9-34.7 42.6-42.6 29.5-11.7 99.5-9 132.1-9s102.7-2.6 132.1 9c19.6 7.8 34.7 22.9 42.6 42.6 11.7 29.5 9 99.5 9 132.1s2.7 102.7-9 132.1z\"><\/path>\n                <\/svg>\t\t\t\t<span>Seguir en Instagram<\/span>\n\t\t\t<\/a>\n\t\t<\/span>\n\t\n<\/div>\n\t\t<span class=\"sbi_resized_image_data\" data-feed-id=\"*2\"\n\t\t  data-resized=\"{&quot;18086025586915200&quot;:{&quot;id&quot;:&quot;627674410_1386073366895293_4368973921334206466_n&quot;,&quot;ratio&quot;:&quot;0.80&quot;,&quot;sizes&quot;:{&quot;full&quot;:640,&quot;low&quot;:320,&quot;thumb&quot;:150},&quot;extension&quot;:&quot;.webp&quot;},&quot;17951476164099985&quot;:{&quot;id&quot;:&quot;647669624_1410434504459179_338119569591046254_n&quot;,&quot;ratio&quot;:&quot;1.00&quot;,&quot;sizes&quot;:{&quot;full&quot;:640,&quot;low&quot;:320,&quot;thumb&quot;:150},&quot;extension&quot;:&quot;.webp&quot;},&quot;18156920203430006&quot;:{&quot;id&quot;:&quot;649930161_1415452393957390_9137525754447929905_n&quot;,&quot;ratio&quot;:&quot;1.09&quot;,&quot;sizes&quot;:{&quot;full&quot;:640,&quot;low&quot;:320,&quot;thumb&quot;:150},&quot;extension&quot;:&quot;.webp&quot;},&quot;18075630350428749&quot;:{&quot;id&quot;:&quot;654298306_1422353216600641_1314859649171257449_n&quot;,&quot;ratio&quot;:&quot;1.09&quot;,&quot;sizes&quot;:{&quot;full&quot;:640,&quot;low&quot;:320,&quot;thumb&quot;:150},&quot;extension&quot;:&quot;.webp&quot;},&quot;18088165936950358&quot;:{&quot;id&quot;:&quot;657055372_1428822669287029_6332246370675900266_n&quot;,&quot;ratio&quot;:&quot;1.00&quot;,&quot;sizes&quot;:{&quot;full&quot;:640,&quot;low&quot;:320,&quot;thumb&quot;:150},&quot;extension&quot;:&quot;.webp&quot;},&quot;18072228425302542&quot;:{&quot;id&quot;:&quot;660584730_1433211978848098_5105736584734540649_n&quot;,&quot;ratio&quot;:&quot;1.78&quot;,&quot;sizes&quot;:{&quot;full&quot;:640,&quot;low&quot;:320,&quot;thumb&quot;:150},&quot;extension&quot;:&quot;.webp&quot;},&quot;18125050717587737&quot;:{&quot;id&quot;:&quot;668145716_1440979948071301_1755135070746348190_n&quot;,&quot;ratio&quot;:&quot;1.37&quot;,&quot;sizes&quot;:{&quot;full&quot;:640,&quot;low&quot;:320,&quot;thumb&quot;:150},&quot;extension&quot;:&quot;.webp&quot;},&quot;17855149902637411&quot;:{&quot;id&quot;:&quot;672667762_1447859870716642_21344613858641637_n&quot;,&quot;ratio&quot;:&quot;0.80&quot;,&quot;sizes&quot;:{&quot;full&quot;:640,&quot;low&quot;:320,&quot;thumb&quot;:150},&quot;extension&quot;:&quot;.webp&quot;}}\">\n\t<\/span>\n\t<\/div>\n\n\n\n\t\t<\/div>\n\t<\/div>\n<div class=\"vc_empty_space\"   style=\"height: 60px\" ><span class=\"vc_empty_space_inner\"><\/span><\/div>\n<\/div><\/div><\/div><\/div><div class=\"vc_row-full-width vc_clearfix\"><\/div><\/section><div class=\"vc_row-full-width vc_clearfix\"><\/div>","protected":false},"excerpt":{"rendered":"L\u2019auge del caf\u00e8 redefineix l\u2019hostaleria: m\u00e9s valor, menys alcohol i nous h\u00e0bits i moments de consum. Delectatech i Caf\u00e8s Cornell\u00e0 presenten a Aliment\u00e0ria \u201cla cafeteria connectada 4.0\u201d, un cas real d\u2019aplicaci\u00f3 d\u2019intel\u00b7lig\u00e8ncia artificial en la distribuci\u00f3 de caf\u00e8 en restauraci\u00f3. Barcelona, 25 de mar\u00e7 de 2026 \u2014 El caf\u00e8 es consolida com una de les [...]","protected":false},"author":1,"featured_media":0,"parent":0,"menu_order":0,"comment_status":"closed","ping_status":"closed","template":"","meta":{"_acf_changed":false,"inline_featured_image":false,"footnotes":""},"class_list":["post-7030","page","type-page","status-publish","hentry"],"acf":[],"yoast_head":"<!-- This site is optimized with the Yoast SEO plugin v25.5 - https:\/\/yoast.com\/wordpress\/plugins\/seo\/ -->\n<title>Caf\u00e8 de proximitat | Gremi del Caf\u00e8, torradors de Catalunya<\/title>\n<meta name=\"description\" content=\"Tenim totes les varietats de Caf\u00e8 Torrat a Catalunya perqu\u00e8 el gaudeixis amb qualsevol cafetera. Entra, compra i gaudeix-lo amb intensitat.\" \/>\n<meta name=\"robots\" content=\"index, follow, max-snippet:-1, max-image-preview:large, max-video-preview:-1\" \/>\n<link rel=\"canonical\" href=\"https:\/\/gremicafe.cat\/es\/\" \/>\n<meta property=\"og:locale\" content=\"es_ES\" \/>\n<meta property=\"og:type\" content=\"article\" \/>\n<meta property=\"og:title\" content=\"Caf\u00e8 de proximitat | Gremi del Caf\u00e8, torradors de Catalunya\" \/>\n<meta property=\"og:description\" content=\"Tenim totes les varietats de Caf\u00e8 Torrat a Catalunya perqu\u00e8 el gaudeixis amb qualsevol cafetera. Entra, compra i gaudeix-lo amb intensitat.\" \/>\n<meta property=\"og:url\" content=\"https:\/\/gremicafe.cat\/es\/\" \/>\n<meta property=\"og:site_name\" content=\"Gremi del Caf\u00e8, torradors de Catalunya\" \/>\n<meta property=\"article:publisher\" content=\"https:\/\/www.facebook.com\/gremicafecat\" \/>\n<meta property=\"article:modified_time\" content=\"2026-04-15T10:23:53+00:00\" \/>\n<meta name=\"twitter:card\" content=\"summary_large_image\" \/>\n<meta name=\"twitter:site\" content=\"@gremicafecat\" \/>\n<meta name=\"twitter:label1\" content=\"Tiempo de lectura\" \/>\n\t<meta name=\"twitter:data1\" content=\"2 minutos\" \/>\n<script type=\"application\/ld+json\" class=\"yoast-schema-graph\">{\"@context\":\"https:\/\/schema.org\",\"@graph\":[{\"@type\":\"WebPage\",\"@id\":\"https:\/\/gremicafe.cat\/\",\"url\":\"https:\/\/gremicafe.cat\/\",\"name\":\"Caf\u00e8 de proximitat | Gremi del Caf\u00e8, torradors de Catalunya\",\"isPartOf\":{\"@id\":\"https:\/\/gremicafe.cat\/#website\"},\"datePublished\":\"2023-09-15T10:05:33+00:00\",\"dateModified\":\"2026-04-15T10:23:53+00:00\",\"description\":\"Tenim totes les varietats de Caf\u00e8 Torrat a Catalunya perqu\u00e8 el gaudeixis amb qualsevol cafetera. Entra, compra i gaudeix-lo amb intensitat.\",\"breadcrumb\":{\"@id\":\"https:\/\/gremicafe.cat\/#breadcrumb\"},\"inLanguage\":\"es\",\"potentialAction\":[{\"@type\":\"ReadAction\",\"target\":[\"https:\/\/gremicafe.cat\/\"]}]},{\"@type\":\"BreadcrumbList\",\"@id\":\"https:\/\/gremicafe.cat\/#breadcrumb\",\"itemListElement\":[{\"@type\":\"ListItem\",\"position\":1,\"name\":\"Inici\",\"item\":\"https:\/\/gremicafe.cat\/\"},{\"@type\":\"ListItem\",\"position\":2,\"name\":\"Inici\"}]},{\"@type\":\"WebSite\",\"@id\":\"https:\/\/gremicafe.cat\/#website\",\"url\":\"https:\/\/gremicafe.cat\/\",\"name\":\"Gremi del Caf\u00e8, torradors de Catalunya\",\"description\":\"Web oficial del gremi de torradors de caf\u00e8 de Catalunya\",\"publisher\":{\"@id\":\"https:\/\/gremicafe.cat\/#organization\"},\"potentialAction\":[{\"@type\":\"SearchAction\",\"target\":{\"@type\":\"EntryPoint\",\"urlTemplate\":\"https:\/\/gremicafe.cat\/?s={search_term_string}\"},\"query-input\":{\"@type\":\"PropertyValueSpecification\",\"valueRequired\":true,\"valueName\":\"search_term_string\"}}],\"inLanguage\":\"es\"},{\"@type\":\"Organization\",\"@id\":\"https:\/\/gremicafe.cat\/#organization\",\"name\":\"Gremi del Caf\u00e8, Torradors de Catalunya\",\"url\":\"https:\/\/gremicafe.cat\/\",\"logo\":{\"@type\":\"ImageObject\",\"inLanguage\":\"es\",\"@id\":\"https:\/\/gremicafe.cat\/#\/schema\/logo\/image\/\",\"url\":\"https:\/\/gremicafe.cat\/wp-content\/uploads\/2018\/03\/gremicafe-logo250.png\",\"contentUrl\":\"https:\/\/gremicafe.cat\/wp-content\/uploads\/2018\/03\/gremicafe-logo250.png\",\"width\":250,\"height\":49,\"caption\":\"Gremi del Caf\u00e8, Torradors de Catalunya\"},\"image\":{\"@id\":\"https:\/\/gremicafe.cat\/#\/schema\/logo\/image\/\"},\"sameAs\":[\"https:\/\/www.facebook.com\/gremicafecat\",\"https:\/\/x.com\/gremicafecat\",\"https:\/\/www.instagram.com\/gremicafecat\/\",\"https:\/\/www.pinterest.es\/gremicafecat\/\",\"https:\/\/www.youtube.com\/channel\/UCGLo5Y35vLwLvP4FrPZrCrw\/\"]}]}<\/script>\n<!-- \/ Yoast SEO plugin. -->","yoast_head_json":{"title":"Caf\u00e8 de proximitat | Gremi del Caf\u00e8, torradors de Catalunya","description":"Tenim totes les varietats de Caf\u00e8 Torrat a Catalunya perqu\u00e8 el gaudeixis amb qualsevol cafetera. Entra, compra i gaudeix-lo amb intensitat.","robots":{"index":"index","follow":"follow","max-snippet":"max-snippet:-1","max-image-preview":"max-image-preview:large","max-video-preview":"max-video-preview:-1"},"canonical":"https:\/\/gremicafe.cat\/es\/","og_locale":"es_ES","og_type":"article","og_title":"Caf\u00e8 de proximitat | Gremi del Caf\u00e8, torradors de Catalunya","og_description":"Tenim totes les varietats de Caf\u00e8 Torrat a Catalunya perqu\u00e8 el gaudeixis amb qualsevol cafetera. Entra, compra i gaudeix-lo amb intensitat.","og_url":"https:\/\/gremicafe.cat\/es\/","og_site_name":"Gremi del Caf\u00e8, torradors de Catalunya","article_publisher":"https:\/\/www.facebook.com\/gremicafecat","article_modified_time":"2026-04-15T10:23:53+00:00","twitter_card":"summary_large_image","twitter_site":"@gremicafecat","twitter_misc":{"Tiempo de lectura":"2 minutos"},"schema":{"@context":"https:\/\/schema.org","@graph":[{"@type":"WebPage","@id":"https:\/\/gremicafe.cat\/","url":"https:\/\/gremicafe.cat\/","name":"Caf\u00e8 de proximitat | Gremi del Caf\u00e8, torradors de Catalunya","isPartOf":{"@id":"https:\/\/gremicafe.cat\/#website"},"datePublished":"2023-09-15T10:05:33+00:00","dateModified":"2026-04-15T10:23:53+00:00","description":"Tenim totes les varietats de Caf\u00e8 Torrat a Catalunya perqu\u00e8 el gaudeixis amb qualsevol cafetera. Entra, compra i gaudeix-lo amb intensitat.","breadcrumb":{"@id":"https:\/\/gremicafe.cat\/#breadcrumb"},"inLanguage":"es","potentialAction":[{"@type":"ReadAction","target":["https:\/\/gremicafe.cat\/"]}]},{"@type":"BreadcrumbList","@id":"https:\/\/gremicafe.cat\/#breadcrumb","itemListElement":[{"@type":"ListItem","position":1,"name":"Inici","item":"https:\/\/gremicafe.cat\/"},{"@type":"ListItem","position":2,"name":"Inici"}]},{"@type":"WebSite","@id":"https:\/\/gremicafe.cat\/#website","url":"https:\/\/gremicafe.cat\/","name":"Gremio del Caf\u00e9, tostadores de Catalu\u00f1a","description":"Web oficial del gremio de tostadores de caf\u00e9 de Catalunya","publisher":{"@id":"https:\/\/gremicafe.cat\/#organization"},"potentialAction":[{"@type":"SearchAction","target":{"@type":"EntryPoint","urlTemplate":"https:\/\/gremicafe.cat\/?s={search_term_string}"},"query-input":{"@type":"PropertyValueSpecification","valueRequired":true,"valueName":"search_term_string"}}],"inLanguage":"es"},{"@type":"Organization","@id":"https:\/\/gremicafe.cat\/#organization","name":"Gremio del Caf\u00e9, Tostadores de Catalu\u00f1a","url":"https:\/\/gremicafe.cat\/","logo":{"@type":"ImageObject","inLanguage":"es","@id":"https:\/\/gremicafe.cat\/#\/schema\/logo\/image\/","url":"https:\/\/gremicafe.cat\/wp-content\/uploads\/2018\/03\/gremicafe-logo250.png","contentUrl":"https:\/\/gremicafe.cat\/wp-content\/uploads\/2018\/03\/gremicafe-logo250.png","width":250,"height":49,"caption":"Gremi del Caf\u00e8, Torradors de Catalunya"},"image":{"@id":"https:\/\/gremicafe.cat\/#\/schema\/logo\/image\/"},"sameAs":["https:\/\/www.facebook.com\/gremicafecat","https:\/\/x.com\/gremicafecat","https:\/\/www.instagram.com\/gremicafecat\/","https:\/\/www.pinterest.es\/gremicafecat\/","https:\/\/www.youtube.com\/channel\/UCGLo5Y35vLwLvP4FrPZrCrw\/"]}]}},"_links":{"self":[{"href":"https:\/\/gremicafe.cat\/es\/wp-json\/wp\/v2\/pages\/7030"}],"collection":[{"href":"https:\/\/gremicafe.cat\/es\/wp-json\/wp\/v2\/pages"}],"about":[{"href":"https:\/\/gremicafe.cat\/es\/wp-json\/wp\/v2\/types\/page"}],"author":[{"embeddable":true,"href":"https:\/\/gremicafe.cat\/es\/wp-json\/wp\/v2\/users\/1"}],"replies":[{"embeddable":true,"href":"https:\/\/gremicafe.cat\/es\/wp-json\/wp\/v2\/comments?post=7030"}],"version-history":[{"count":0,"href":"https:\/\/gremicafe.cat\/es\/wp-json\/wp\/v2\/pages\/7030\/revisions"}],"wp:attachment":[{"href":"https:\/\/gremicafe.cat\/es\/wp-json\/wp\/v2\/media?parent=7030"}],"curies":[{"name":"wp","href":"https:\/\/api.w.org\/{rel}","templated":true}]}}